{"id":10724,"date":"2024-03-13T15:24:23","date_gmt":"2024-03-13T15:24:23","guid":{"rendered":"https:\/\/080barcelonafashion.cat\/?page_id=10724"},"modified":"2025-09-26T07:10:40","modified_gmt":"2025-09-26T07:10:40","slug":"aesthetics-33","status":"publish","type":"page","link":"https:\/\/080barcelonafashion.cat\/es_ES\/aesthetics-33\/","title":{"rendered":"080Aesthetics"},"content":{"rendered":"\n<p>Misato es un estudio creativo impulsado por la base de la naturaleza humana: conectar a trav\u00e9s de la amabilidad.<\/p>\n\n\n\n<p>Misato lleva la singularidad de las relaciones humanas a un terreno com\u00fan, convirtiendo lo anecd\u00f3tico en grandes ideas. Misato aprende del pasado y evoluciona hacia el futuro, donde la naturaleza y la tecnolog\u00eda coexisten como una sola cosa y el 3D puede resolver las carencias de la humanidad. Misato aboga por la igualdad, el apoyo, el respeto y la amistad en general, con una mentalidad en la que cada uno se defiende a s\u00ed mismo mientras que el colectivo es el objetivo.<\/p>\n\n\n\n<p>Explorando los conceptos de realidad y los l\u00edmites del ecosistema, el estudio concibe historias innovadoras para transmitir emociones de formas nuevas.<\/p>\n\n\n\n<p>Es por ello que hemos brindado a Misato la oportunidad de crear un nuevo espacio para 080 Barcelona Fashion llamado 080Aesthetics, ubicado en el Pabell\u00f3n de la Pur\u00edsima del Recinte Modernista de Sant Pau el pr\u00f3ximo abril de 2024, durante la 33a edici\u00f3n del 080 Barcelona Fashion.<\/p>\n\n\n\n<p>Reuniremos a artistas de diferentes \u00e1mbitos creando peque\u00f1as historias donde cada artista mostrar\u00e1 su narrativa y su visi\u00f3n.<\/p>\n\n\n<div class=\"lazyblock-carrusel-general-ZdJY0B align  wp-block-lazyblock-carrusel-general\"><div class=\"uk-position-relative uk-visible-toggle uk-light\" tabindex=\"-1\" uk-slider=\"center: true\">\r\n\r\n    <div class=\"uk-slider-items uk-grid\">\r\n                <div class=\"uk-width-3-4\">\r\n            <div class=\"uk-panel\">\r\n              <img loading=\"lazy\" decoding=\"async\" width=\"640\" height=\"640\" src=\"https:\/\/080barcelonafashion.cat\/wp-content\/uploads\/2024\/04\/080_33_Aesthetics_Mesa-de-trabajo-6.png\" class=\"attachment-large size-large\" alt=\"\" srcset=\"https:\/\/080barcelonafashion.cat\/wp-content\/uploads\/2024\/04\/080_33_Aesthetics_Mesa-de-trabajo-6.png 1080w, https:\/\/080barcelonafashion.cat\/wp-content\/uploads\/2024\/04\/080_33_Aesthetics_Mesa-de-trabajo-6-600x600.png 600w, https:\/\/080barcelonafashion.cat\/wp-content\/uploads\/2024\/04\/080_33_Aesthetics_Mesa-de-trabajo-6-150x150.png 150w, https:\/\/080barcelonafashion.cat\/wp-content\/uploads\/2024\/04\/080_33_Aesthetics_Mesa-de-trabajo-6-768x768.png 768w\" sizes=\"auto, (max-width: 640px) 100vw, 640px\" \/>            <\/div>\r\n          <\/div>\r\n                <div class=\"uk-width-3-4\">\r\n            <div class=\"uk-panel\">\r\n              <img loading=\"lazy\" decoding=\"async\" width=\"640\" height=\"640\" src=\"https:\/\/080barcelonafashion.cat\/wp-content\/uploads\/2024\/04\/080_33_Aesthetics_Mesa-de-trabajo-2.png\" class=\"attachment-large size-large\" alt=\"\" srcset=\"https:\/\/080barcelonafashion.cat\/wp-content\/uploads\/2024\/04\/080_33_Aesthetics_Mesa-de-trabajo-2.png 1080w, https:\/\/080barcelonafashion.cat\/wp-content\/uploads\/2024\/04\/080_33_Aesthetics_Mesa-de-trabajo-2-600x600.png 600w, https:\/\/080barcelonafashion.cat\/wp-content\/uploads\/2024\/04\/080_33_Aesthetics_Mesa-de-trabajo-2-150x150.png 150w, https:\/\/080barcelonafashion.cat\/wp-content\/uploads\/2024\/04\/080_33_Aesthetics_Mesa-de-trabajo-2-768x768.png 768w\" sizes=\"auto, (max-width: 640px) 100vw, 640px\" \/>            <\/div>\r\n          <\/div>\r\n                <div class=\"uk-width-3-4\">\r\n            <div class=\"uk-panel\">\r\n              <img loading=\"lazy\" decoding=\"async\" width=\"640\" height=\"640\" src=\"https:\/\/080barcelonafashion.cat\/wp-content\/uploads\/2024\/04\/080_33_Aesthetics_Mesa-de-trabajo-5.png\" class=\"attachment-large size-large\" alt=\"\" srcset=\"https:\/\/080barcelonafashion.cat\/wp-content\/uploads\/2024\/04\/080_33_Aesthetics_Mesa-de-trabajo-5.png 1080w, https:\/\/080barcelonafashion.cat\/wp-content\/uploads\/2024\/04\/080_33_Aesthetics_Mesa-de-trabajo-5-600x600.png 600w, https:\/\/080barcelonafashion.cat\/wp-content\/uploads\/2024\/04\/080_33_Aesthetics_Mesa-de-trabajo-5-150x150.png 150w, https:\/\/080barcelonafashion.cat\/wp-content\/uploads\/2024\/04\/080_33_Aesthetics_Mesa-de-trabajo-5-768x768.png 768w\" sizes=\"auto, (max-width: 640px) 100vw, 640px\" \/>            <\/div>\r\n          <\/div>\r\n                <div class=\"uk-width-3-4\">\r\n            <div class=\"uk-panel\">\r\n              <img loading=\"lazy\" decoding=\"async\" width=\"640\" height=\"640\" src=\"https:\/\/080barcelonafashion.cat\/wp-content\/uploads\/2024\/04\/080_33_Aesthetics_Mesa-de-trabajo-3.png\" class=\"attachment-large size-large\" alt=\"\" srcset=\"https:\/\/080barcelonafashion.cat\/wp-content\/uploads\/2024\/04\/080_33_Aesthetics_Mesa-de-trabajo-3.png 1080w, https:\/\/080barcelonafashion.cat\/wp-content\/uploads\/2024\/04\/080_33_Aesthetics_Mesa-de-trabajo-3-600x600.png 600w, https:\/\/080barcelonafashion.cat\/wp-content\/uploads\/2024\/04\/080_33_Aesthetics_Mesa-de-trabajo-3-150x150.png 150w, https:\/\/080barcelonafashion.cat\/wp-content\/uploads\/2024\/04\/080_33_Aesthetics_Mesa-de-trabajo-3-768x768.png 768w\" sizes=\"auto, (max-width: 640px) 100vw, 640px\" \/>            <\/div>\r\n          <\/div>\r\n                <div class=\"uk-width-3-4\">\r\n            <div class=\"uk-panel\">\r\n              <img loading=\"lazy\" decoding=\"async\" width=\"640\" height=\"640\" src=\"https:\/\/080barcelonafashion.cat\/wp-content\/uploads\/2024\/04\/080_33_Aesthetics_Mesa-de-trabajo-4.png\" class=\"attachment-large size-large\" alt=\"\" srcset=\"https:\/\/080barcelonafashion.cat\/wp-content\/uploads\/2024\/04\/080_33_Aesthetics_Mesa-de-trabajo-4.png 1080w, https:\/\/080barcelonafashion.cat\/wp-content\/uploads\/2024\/04\/080_33_Aesthetics_Mesa-de-trabajo-4-600x600.png 600w, https:\/\/080barcelonafashion.cat\/wp-content\/uploads\/2024\/04\/080_33_Aesthetics_Mesa-de-trabajo-4-150x150.png 150w, https:\/\/080barcelonafashion.cat\/wp-content\/uploads\/2024\/04\/080_33_Aesthetics_Mesa-de-trabajo-4-768x768.png 768w\" sizes=\"auto, (max-width: 640px) 100vw, 640px\" \/>            <\/div>\r\n          <\/div>\r\n          <\/div>\r\n\r\n    <a class=\"uk-position-center-left uk-position-small uk-hidden-hover\" href uk-slidenav-previous uk-slider-item=\"previous\"><\/a>\r\n    <a class=\"uk-position-center-right uk-position-small uk-hidden-hover\" href uk-slidenav-next uk-slider-item=\"next\"><\/a>\r\n\r\n<\/div><\/div>\n\n\n<p>En este proyecto nos acompa\u00f1ar\u00e1n los siguientes artistas:<\/p>\n\n\n<div class=\"lazyblock-artists-list-Z2hx9HD align  wp-block-lazyblock-artists-list\"><section class=\"artistlist\">\r\n\r\n    <div class=\"uk-grid-small uk-child-width-expand@s\" uk-grid>\r\n\r\n        <div class=\"uk-width-1-4@m navlist-wrap uk-visible@l\" uk-scrollspy=\"target: li; cls: uk-animation-slide-left-medium; delay: 200\">\r\n            <div uk-sticky=\"end: !.navlist-wrap; offset: 80\" style=\"z-index: 1 !important;\">\r\n                <ul class=\"uk-nav uk-nav-default\" uk-scrollspy-nav=\"closest: li; scroll: true; offset: 100\">\r\n\r\n                    \r\n                    <li class=\"list-title\">\r\n                        THE ARTISTS                    <\/li>\r\n                    \r\n                                                                                                                    <li>\r\n                                <a href=\"#artist1\">\r\n                                    Andrei Warren                                <\/a>\r\n                            <\/li>\r\n                                                                                                                            <li>\r\n                                <a href=\"#artist2\">\r\n                                    Bryan Huynh                                <\/a>\r\n                            <\/li>\r\n                                                                                                                                                                                                                    <li>\r\n                                <a href=\"#artist3\">\r\n                                    Daniel Sannwald                                <\/a>\r\n                            <\/li>\r\n                                                                                                                                                                                                                    <li>\r\n                                <a href=\"#artist4\">\r\n                                    Hans Reyes                                <\/a>\r\n                            <\/li>\r\n                                                                                                                            <li>\r\n                                <a href=\"#artist5\">\r\n                                    Jon Emmony                                <\/a>\r\n                            <\/li>\r\n                                                                                                                            <li>\r\n                                <a href=\"#artist6\">\r\n                                    Miroslav Perkovic &#038;  Mili\u00e7a Lukic                                <\/a>\r\n                            <\/li>\r\n                                                                                                                            <li>\r\n                                <a href=\"#artist7\">\r\n                                    MISATO KINDNESS                                <\/a>\r\n                            <\/li>\r\n                                                                                                                                                                        <li>\r\n                                <a href=\"#artist8\">\r\n                                    Oscar Zabala                                <\/a>\r\n                            <\/li>\r\n                                                                                                                            <li>\r\n                                <a href=\"#artist9\">\r\n                                    Sucuk und Bratwurst                                <\/a>\r\n                            <\/li>\r\n                                                                                                                                                                        <li>\r\n                                <a href=\"#artist10\">\r\n                                    Unax LaFuente                                <\/a>\r\n                            <\/li>\r\n                                                                                                                                                                        <li>\r\n                                <a href=\"#artist11\">\r\n                                    Yuen Hsieh                                <\/a>\r\n                            <\/li>\r\n                                                                                                                            <li>\r\n                                <a href=\"#artist12\">\r\n                                    Rodolfo Hernandez                                <\/a>\r\n                            <\/li>\r\n                                                                        \r\n                    <hr\/>\r\n\r\n                    \r\n                        <li class=\"list-title\">\r\n                            THE DJS                        <\/li>\r\n                                                                                    <li>\r\n                                    <a href=\"#artist13\">\r\n                                        Engalanan                                    <\/a>\r\n                                <\/li>\r\n                                                                                                                                                <li>\r\n                                    <a href=\"#artist14\">\r\n                                        DJ Florentino                                    <\/a>\r\n                                <\/li>\r\n                                                                                                                                                <li>\r\n                                    <a href=\"#artist15\">\r\n                                        Gianmarco Limenta                                    <\/a>\r\n                                <\/li>\r\n                                                                                                                                                <li>\r\n                                    <a href=\"#artist16\">\r\n                                        Loli Zazou                                    <\/a>\r\n                                <\/li>\r\n                                                                                                                                                <li>\r\n                                    <a href=\"#artist17\">\r\n                                        Leo Garriga                                    <\/a>\r\n                                <\/li>\r\n                                                                                                                                                <li>\r\n                                    <a href=\"#artist18\">\r\n                                        Mind Sylenth                                    <\/a>\r\n                                <\/li>\r\n                                                                                                                                                <li>\r\n                                    <a href=\"#artist19\">\r\n                                        Nancy Surinder                                    <\/a>\r\n                                <\/li>\r\n                                                                                                                                                <li>\r\n                                    <a href=\"#artist20\">\r\n                                        Nesi                                    <\/a>\r\n                                <\/li>\r\n                                                                                                                                                <li>\r\n                                    <a href=\"#artist21\">\r\n                                        Oscar Zabala                                    <\/a>\r\n                                <\/li>\r\n                                                                                                                                                <li>\r\n                                    <a href=\"#artist22\">\r\n                                        Victor Ramirez                                    <\/a>\r\n                                <\/li>\r\n                                                                                                                                                <li>\r\n                                    <a href=\"#artist23\">\r\n                                        Yuen Hsieh                                    <\/a>\r\n                                <\/li>\r\n                                                                                                        \r\n                <\/ul>\r\n            <\/div>\r\n        <\/div>\r\n\r\n        <div class=\"artist-scroll-list\">\r\n            \r\n            <!-- <h2><\/h2> -->\r\n\r\n                                                                            <div id=\"artist1\" class=\"uk-grid-small uk-child-width-expand@s uk-flex\" uk-grid uk-scrollspy=\"cls:uk-animation-slide-right-medium\">\r\n                        <div>\r\n                                                            <img decoding=\"async\" src=\"https:\/\/080barcelonafashion.cat\/wp-content\/uploads\/2024\/03\/photo_2023-10-18_13-10-01-jpg.webp\" alt=\"\">\r\n                                                    <\/div>\r\n                        <div uk-scrollspy=\"cls:uk-animation-slide-bottom-medium\">\r\n                            <h3>Andrei Warren<\/h3>\r\n                            <p>El movimiento y el cambio son temas clave en la obra y la vida de Andrei Warren. Pas\u00f3 la mayor parte de sus primeros a\u00f1os viajando por Europa y Am\u00e9rica, para establecerse de nuevo m\u00e1s tarde en Barcelona. Especializado en direcci\u00f3n creativa, arte digital y 3D, el trabajo de Andrei se inspira fuertemente en el arte contempor\u00e1neo y en la forma en que el \u201canime\u201d convierte situaciones cotidianas en inspiraci\u00f3n, desarroll\u00e1ndolo posteriormente en contenido para marcas y\/o con artistas con visiones similares.<\/p>\r\n\r\n                            <div class=\"artists-socials uk-flex\">\r\n                                                                    <a href=\"https:\/\/misatokindness.com\/\" aria-label=\"website-link\"><span uk-icon=\"icon: world; ratio: 1\"><\/a>\r\n                                                                                                    <a href=\"https:\/\/www.instagram.com\/andreiwarren?igsh=cXJ6bmt5c3dxeWF1\" aria-label=\"website-link\"><span uk-icon=\"icon: instagram; ratio: 1\"><\/a>\r\n                                                                                            <\/div>\r\n\r\n                        <\/div>\r\n                    <\/div>\r\n                                                                                    <div id=\"artist2\" class=\"uk-grid-small uk-child-width-expand@s uk-flex\" uk-grid uk-scrollspy=\"cls:uk-animation-slide-right-medium\">\r\n                        <div>\r\n                                                            <img decoding=\"async\" src=\"https:\/\/080barcelonafashion.cat\/wp-content\/uploads\/2024\/03\/bryan-huynh-1-jpg.webp\" alt=\"\">\r\n                                                    <\/div>\r\n                        <div uk-scrollspy=\"cls:uk-animation-slide-bottom-medium\">\r\n                            <h3>Bryan Huynh<\/h3>\r\n                            <p>Bryan Huynh es un fot\u00f3grafo y director vietnamita-canadiense afincado en Nueva York. Su enfoque claramente surrealista y a menudo manipulado digitalmente de la creaci\u00f3n de im\u00e1genes le ha convertido en una voz \u00fanica en el sector. Entre sus clientes figuran Vogue China, Atmos, Time Magazine, W, Nike, Dior, Burberry, Dion Lee y Spotify. En 2024 cofund\u00f3 la agencia creativa Persephone.<\/p>\r\n\r\n                            <div class=\"artists-socials uk-flex\">\r\n                                                                    <a href=\"https:\/\/www.bryanhuynh.com\/\" aria-label=\"website-link\"><span uk-icon=\"icon: world; ratio: 1\"><\/a>\r\n                                                                                                    <a href=\"https:\/\/www.instagram.com\/bryanhuynh\/\" aria-label=\"website-link\"><span uk-icon=\"icon: instagram; ratio: 1\"><\/a>\r\n                                                                                            <\/div>\r\n\r\n                        <\/div>\r\n                    <\/div>\r\n                                                                                                                                            <div id=\"artist3\" class=\"uk-grid-small uk-child-width-expand@s uk-flex\" uk-grid uk-scrollspy=\"cls:uk-animation-slide-right-medium\">\r\n                        <div>\r\n                                                            <img decoding=\"async\" src=\"https:\/\/080barcelonafashion.cat\/wp-content\/uploads\/2024\/03\/daniel-bio-jpg.webp\" alt=\"\">\r\n                                                    <\/div>\r\n                        <div uk-scrollspy=\"cls:uk-animation-slide-bottom-medium\">\r\n                            <h3>Daniel Sannwald<\/h3>\r\n                            <p>El fot\u00f3grafo alem\u00e1n Daniel Sannwald se ha consolidado como una de las voces m\u00e1s singulares de la fotograf\u00eda y el cine contempor\u00e1neos.<br>Sannwald ha desarrollado una firma fuerte y reconocible que ha llamado la atenci\u00f3n de algunos de los nombres m\u00e1s influyentes de la industria musical, incluyendo Rosal\u00eda, Beyonce, Rihanna, SZA, Lady Gaga, Dua Lipa, Pharrell, M.I.A, Arca, Travis Scott por mencionar algunos.<br>Adem\u00e1s de trabajar con artistas musicales, Sannwald tambi\u00e9n ha colaborado con algunas de las principales marcas de moda y belleza, como Chanel, Lanc\u00f4me, Prada, Mugler y Byredo. Su trabajo ha aparecido en varias publicaciones, como Purple, Dust y Arena Homme+.<br>El trabajo de Sannwald se ha expuesto en galer\u00edas y museos, como el FOAM Fotografiemuseum de \u00c1msterdam y el Festival Internacional de Moda y Fotograf\u00eda de Hy\u00e8res.<br><\/p>\r\n\r\n                            <div class=\"artists-socials uk-flex\">\r\n                                                                    <a href=\"https:\/\/danielsannwald.com\/\" aria-label=\"website-link\"><span uk-icon=\"icon: world; ratio: 1\"><\/a>\r\n                                                                                                    <a href=\"https:\/\/www.instagram.com\/danielsannwald\/\" aria-label=\"website-link\"><span uk-icon=\"icon: instagram; ratio: 1\"><\/a>\r\n                                                                                            <\/div>\r\n\r\n                        <\/div>\r\n                    <\/div>\r\n                                                                                                                                            <div id=\"artist4\" class=\"uk-grid-small uk-child-width-expand@s uk-flex\" uk-grid uk-scrollspy=\"cls:uk-animation-slide-right-medium\">\r\n                        <div>\r\n                                                            <img decoding=\"async\" src=\"https:\/\/080barcelonafashion.cat\/wp-content\/uploads\/2024\/03\/1-1-jpg.webp\" alt=\"\">\r\n                                                    <\/div>\r\n                        <div uk-scrollspy=\"cls:uk-animation-slide-bottom-medium\">\r\n                            <h3>Hans Reyes<\/h3>\r\n                            <p>HANS REYES, cineasta influenciado por el Skate y la cultura\u00a0 urbana , ha colaborado con Vans, realizando viajes por Latinoam\u00e9rica inmortalizando\u00a0 la cultura del skateboarding.<br>En 2020 se instala en Barcelona, lo que le ha permitido desarrollar proyectos para Monster Energy , AboutYou y editar una serie web para los juegos ol\u00edmpicos de invierno.<br>Junto con FERMIN+GILLES, directores art\u00edsticos y estilistas en moda y publicidad, han creado 080Reborn video art, basado en el desfile de ropa de segunda mano y denim reciclado, reivindicando valores como la sostenibilidad, diversidad y creatividad que tuvo lugar en la 32\u00aa edici\u00f3n del 080 Barcelona Fashion.<br><br><\/p>\r\n\r\n                            <div class=\"artists-socials uk-flex\">\r\n                                                                                                    <a href=\"https:\/\/www.instagram.com\/_reyeshans\/\" aria-label=\"website-link\"><span uk-icon=\"icon: instagram; ratio: 1\"><\/a>\r\n                                                                                            <\/div>\r\n\r\n                        <\/div>\r\n                    <\/div>\r\n                                                                                    <div id=\"artist5\" class=\"uk-grid-small uk-child-width-expand@s uk-flex\" uk-grid uk-scrollspy=\"cls:uk-animation-slide-right-medium\">\r\n                        <div>\r\n                                                            <img decoding=\"async\" src=\"https:\/\/080barcelonafashion.cat\/wp-content\/uploads\/2024\/03\/XKvtnjdA-jpg.webp\" alt=\"\">\r\n                                                    <\/div>\r\n                        <div uk-scrollspy=\"cls:uk-animation-slide-bottom-medium\">\r\n                            <h3>Jon Emmony<\/h3>\r\n                            <p>El artista y director digital londinense Jon Emmony es conocido por sus alucinantes composiciones escaneadas en 3D. Tras estudiar fotograf\u00eda en la universidad, Emmony trabaj\u00f3 m\u00e1s tarde en SHOWstudio, de Nick Knight, como director de arte digital, antes de trabajar por cuenta propia como artista digital para clientes de los sectores de la moda y la cultura. Utiliza una serie de impresionantes habilidades digitales en la realizaci\u00f3n de su trabajo, incluida la animaci\u00f3n 3D y CGI, para crear im\u00e1genes surrealistas \u00fanicas. Ha trabajado en proyectos con m\u00fasicos como The 1975 y Grimes y tiene una extensa lista de clientes comerciales en las industrias de la moda y la belleza.<\/p>\r\n\r\n                            <div class=\"artists-socials uk-flex\">\r\n                                                                    <a href=\"https:\/\/www.jonemmony.co.uk\/\" aria-label=\"website-link\"><span uk-icon=\"icon: world; ratio: 1\"><\/a>\r\n                                                                                                    <a href=\"https:\/\/www.instagram.com\/jonemmony\/\" aria-label=\"website-link\"><span uk-icon=\"icon: instagram; ratio: 1\"><\/a>\r\n                                                                                            <\/div>\r\n\r\n                        <\/div>\r\n                    <\/div>\r\n                                                                                    <div id=\"artist6\" class=\"uk-grid-small uk-child-width-expand@s uk-flex\" uk-grid uk-scrollspy=\"cls:uk-animation-slide-right-medium\">\r\n                        <div>\r\n                                                            <img decoding=\"async\" src=\"https:\/\/080barcelonafashion.cat\/wp-content\/uploads\/2024\/03\/miroslav-jpg.webp\" alt=\"\">\r\n                                                    <\/div>\r\n                        <div uk-scrollspy=\"cls:uk-animation-slide-bottom-medium\">\r\n                            <h3>Miroslav Perkovic &#038;  Mili\u00e7a Lukic<\/h3>\r\n                            <p>Mili\u00e7a Luki\u0107, nacida en 1959.<br>Facultad de Bellas Artes de Belgrado, Pintura, Universidad de las Artes de Belgrado, 1983-85 Estudios de postgrado, Pintura, Facultad de Bellas Artes de Belgrado, Universidad de las Artes de Belgrado, 1983-85 Beca del Gobierno espa\u00f1ol, Beca de postgrado, Complutense de Madrid 1989-90 Taller de escultura dirigido por Richard Deacon, Talleres de Arte actual, C\u00edrculo de Bellas Artes, Madrid 1995 Conferencia de Jacques Derrida, Congreso \u201c Rethoriques de la fin du siecle\u201d, Universidad de Valencia 1998.\u00a0\u00a0\u00a0<br><br>Miroslav Perkovi\u0107, nacido en 1951.<br>New School, Reformed Faculty of Architecture, University of Belgrade, 1972-76 Facultad de Arquitectura de la Universidad de Belgrado,1976-80 Alternative school of Bogdan Bogdanovi\u0107, Belgrado, 1980-81 Taller de escultura de Richard Deacon, Talleres de Arte actual, C\u00edrculo de Bellas Artes, Madrid 1995 Conference de Jacques Derrida, \u201cRethoriques de la fin du siecle\u201d, Universidad de Valencia 1998.\u00a0\u00a0<\/p>\r\n\r\n                            <div class=\"artists-socials uk-flex\">\r\n                                                                    <a href=\"https:\/\/mm.x10host.com\/%20\" aria-label=\"website-link\"><span uk-icon=\"icon: world; ratio: 1\"><\/a>\r\n                                                                                                                            <\/div>\r\n\r\n                        <\/div>\r\n                    <\/div>\r\n                                                                                    <div id=\"artist7\" class=\"uk-grid-small uk-child-width-expand@s uk-flex\" uk-grid uk-scrollspy=\"cls:uk-animation-slide-right-medium\">\r\n                        <div>\r\n                                                            <img decoding=\"async\" src=\"https:\/\/080barcelonafashion.cat\/wp-content\/uploads\/2024\/03\/misato_logo_1-1.png\" alt=\"\">\r\n                                                    <\/div>\r\n                        <div uk-scrollspy=\"cls:uk-animation-slide-bottom-medium\">\r\n                            <h3>MISATO KINDNESS<\/h3>\r\n                            <p>Misato es un estudio creativo que quiere estar en el presente mirando hacia el futuro.<br>Es por ello que Misato se ha dado a la tarea de reunir talentos \u00fanicos de diferentes disciplinas con sus Obras de Arte para que puedan crear una impactante Instalaci\u00f3n Audiovisual que logre sumergir a todas las audiencias.<br><br>Gracias a la variedad de los Artistas nos va a hacer viajar a trav\u00e9s de diferentes Est\u00e9ticas y Narrativas, pero con una cosa en com\u00fan, su relaci\u00f3n con la Industria de la Moda.<br>No importa si han hecho colaboraciones con las marcas o si realmente tienen trabajos para la Industria de la Moda. Creemos que es importante que la gente entienda que la Moda obtiene su esencia del arte y como \u00e9ste moldea la Est\u00e9tica del pasado, presente y futuro.<\/p>\r\n\r\n                            <div class=\"artists-socials uk-flex\">\r\n                                                                    <a href=\"https:\/\/misatokindness.com\/\" aria-label=\"website-link\"><span uk-icon=\"icon: world; ratio: 1\"><\/a>\r\n                                                                                                    <a href=\"https:\/\/www.instagram.com\/misatostudio\" aria-label=\"website-link\"><span uk-icon=\"icon: instagram; ratio: 1\"><\/a>\r\n                                                                                            <\/div>\r\n\r\n                        <\/div>\r\n                    <\/div>\r\n                                                                                                                <div id=\"artist8\" class=\"uk-grid-small uk-child-width-expand@s uk-flex\" uk-grid uk-scrollspy=\"cls:uk-animation-slide-right-medium\">\r\n                        <div>\r\n                                                            <img decoding=\"async\" src=\"https:\/\/080barcelonafashion.cat\/wp-content\/uploads\/2024\/03\/oscarzabala_portrait_ssense_installtion_3-jpg.webp\" alt=\"\">\r\n                                                    <\/div>\r\n                        <div uk-scrollspy=\"cls:uk-animation-slide-bottom-medium\">\r\n                            <h3>Oscar Zabala<\/h3>\r\n                            <p>Oscar Zabala es un artista multidisciplinar afincado en Nueva York y Barcelona. Su obra ahonda en la fusi\u00f3n de visuales y sonido con el objetivo de facilitar estados de trance y fomentar espacios \u00edntimos para la autorreflexi\u00f3n. Sus creaciones sintetizan una amplia gama de influencias, como la cultura rave, las pr\u00e1cticas trascendentales y el simbolismo.<br><br>A lo largo de los a\u00f1os ha colaborado con varios artistas musicales creando visuales y pel\u00edculas para giras internacionales y experiencias en directo en estadios con artistas de la talla de Kanye West, Drake, James Blake y Chet Faker. Sus obras pueden experimentarse a trav\u00e9s de instalaciones audiovisuales inmersivas y de sus actuaciones en directo. <\/p>\r\n\r\n                            <div class=\"artists-socials uk-flex\">\r\n                                                                    <a href=\"https:\/\/oscarz.com\/\" aria-label=\"website-link\"><span uk-icon=\"icon: world; ratio: 1\"><\/a>\r\n                                                                                                    <a href=\"https:\/\/www.instagram.com\/oscarzabala\" aria-label=\"website-link\"><span uk-icon=\"icon: instagram; ratio: 1\"><\/a>\r\n                                                                                            <\/div>\r\n\r\n                        <\/div>\r\n                    <\/div>\r\n                                                                                    <div id=\"artist9\" class=\"uk-grid-small uk-child-width-expand@s uk-flex\" uk-grid uk-scrollspy=\"cls:uk-animation-slide-right-medium\">\r\n                        <div>\r\n                                                            <img decoding=\"async\" src=\"https:\/\/080barcelonafashion.cat\/wp-content\/uploads\/2024\/03\/Sucux-jpg.webp\" alt=\"\">\r\n                                                    <\/div>\r\n                        <div uk-scrollspy=\"cls:uk-animation-slide-bottom-medium\">\r\n                            <h3>Sucuk und Bratwurst<\/h3>\r\n                            <p>Sucuk und Bratwurst es una agencia de dise\u00f1o creativo y multidisciplinar con sede en Berl\u00edn.\u00a0<br>Fundada por Alessandro Belliero, David G\u00f6nner, Denis Olgac y Lukas Olgac, la agencia se caracteriza por un lenguaje visual polifac\u00e9tico y \u00fanico que les hace destacar en el sector.\u00a0<br>Especializada en la creaci\u00f3n de obras de arte digitales y f\u00edsicas, esta empresa ofrece una amplia gama de servicios adaptados a las necesidades individuales de clientes y compradores. Desde animaci\u00f3n y gr\u00e1ficos 3D de alta gama, la mezcla perfecta de 3D con im\u00e1genes reales o la creaci\u00f3n con interpretaciones f\u00edsicas, el estudio nunca defrauda a la hora de crear experiencias visuales cautivadoras y envolventes que les distingue de los dem\u00e1s. Sucuk and Bratwurst ha sido reconocido nacional e internacionalmente y ha ganado prestigiosos premios por sus innovadores dise\u00f1os.<br><\/p>\r\n\r\n                            <div class=\"artists-socials uk-flex\">\r\n                                                                    <a href=\"https:\/\/sucukundbratwurst.de\" aria-label=\"website-link\"><span uk-icon=\"icon: world; ratio: 1\"><\/a>\r\n                                                                                                    <a href=\"https:\/\/www.instagram.com\/sucukundbratwurst\/%20\" aria-label=\"website-link\"><span uk-icon=\"icon: instagram; ratio: 1\"><\/a>\r\n                                                                                            <\/div>\r\n\r\n                        <\/div>\r\n                    <\/div>\r\n                                                                                                                <div id=\"artist10\" class=\"uk-grid-small uk-child-width-expand@s uk-flex\" uk-grid uk-scrollspy=\"cls:uk-animation-slide-right-medium\">\r\n                        <div>\r\n                                                            <img decoding=\"async\" src=\"https:\/\/080barcelonafashion.cat\/wp-content\/uploads\/2024\/03\/01-jpeg.webp\" alt=\"\">\r\n                                                    <\/div>\r\n                        <div uk-scrollspy=\"cls:uk-animation-slide-bottom-medium\">\r\n                            <h3>Unax LaFuente<\/h3>\r\n                            <p>Unax LaFuente es un artista multidisciplinar especializado en el campo del \u201cImage Making\u201d. Su trabajo, de car\u00e1cter experimental, incluye colaboraciones con la cantante y productora Arca, para el lanzamiento en formato fotogr\u00e1fico de la serie Kick, el Cover Artwork del EP &#8216;Madre&#8217;, el debut como co-director del v\u00eddeo musical &#8216;el alma que te trajo&#8217; junto con el productor Safety Trance.<br>El trabajo editorial m\u00e1s reciente incluye dos cover\/story para Antidote Magazine con Honey Dijon, J Balvin y una colaboraci\u00f3n junto con King Kong Magazine.<br>Su \u00faltimo trabajo fue proyectado recientemente en formato Intros y Outro para el Destrudo Show de Arca en The New York City Armory. El artista cuenta con una s\u00f3lida y profunda vinculaci\u00f3n con otros campos creativos como la industria musical, ya que este gestiona la direcci\u00f3n de arte y el comisariado de imagen del colectivo barcelon\u00e9s TORO junto a Engalanan y el productor Softchaos. Ampliando su influencia y realizando performances en diversos lugares e instituciones como Primavera Sound, Boiler Room, Sonar y en espacios alrededor de Europa y Am\u00e9rica del Norte.<\/p>\r\n\r\n                            <div class=\"artists-socials uk-flex\">\r\n                                                                                                    <a href=\"https:\/\/www.instagram.com\/wicboyx\" aria-label=\"website-link\"><span uk-icon=\"icon: instagram; ratio: 1\"><\/a>\r\n                                                                                            <\/div>\r\n\r\n                        <\/div>\r\n                    <\/div>\r\n                                                                                                                <div id=\"artist11\" class=\"uk-grid-small uk-child-width-expand@s uk-flex\" uk-grid uk-scrollspy=\"cls:uk-animation-slide-right-medium\">\r\n                        <div>\r\n                                                            <img decoding=\"async\" src=\"https:\/\/080barcelonafashion.cat\/wp-content\/uploads\/2024\/03\/YUEN_HSIEH-scaled.webp\" alt=\"\">\r\n                                                    <\/div>\r\n                        <div uk-scrollspy=\"cls:uk-animation-slide-bottom-medium\">\r\n                            <h3>Yuen Hsieh<\/h3>\r\n                            <p>Yuen se licenci\u00f3 en Central Saint Martins (BA (Hons)) y en el Royal College of Art (MA). A trav\u00e9s de su obra, se ha convertido en un objeto experimental, dedicado a la creaci\u00f3n digital. Utilizando la inteligencia artificial e Internet como muestras, mezcla subcultura y m\u00fasica electr\u00f3nica, y emplea m\u00e9todos experimentales para transmitir el patrimonio cultural con el fin de explorar la identidad, la identidad de g\u00e9nero y los grupos minoritarios. Es el \u00fanico director asi\u00e1tico incluido en la lista de \u00abNew Wave Creatives 2021\u00bb por el British Fashion Council en 2021. Sus cortometrajes han ganado\u00a0 Telly Awards, Leeds International Film Festival, Indie Shorts Awards Cannes, Francia, el Festival de Cine Independiente de Cannes . Su trabajo ha sido seleccionado por SHOWstudio, fundado por el legendario Nick Knight. La lista de \u00e9lite Forbes Under 30 tambi\u00e9n le incluy\u00f3 como candidato. Sus obras se han expuesto en el British Film Institute, Institute of Contemporary Arts, LONDON DESIGN BIENNALE, La Biennale di Venezia, S\u00f3nar Festival,TAI KWUN (Art Basel Hong Kong).<\/p>\r\n\r\n                            <div class=\"artists-socials uk-flex\">\r\n                                                                    <a href=\"https:\/\/www.yuen-hsieh.com\/\" aria-label=\"website-link\"><span uk-icon=\"icon: world; ratio: 1\"><\/a>\r\n                                                                                                    <a href=\"https:\/\/www.instagram.com\/yuenhsieh\" aria-label=\"website-link\"><span uk-icon=\"icon: instagram; ratio: 1\"><\/a>\r\n                                                                                            <\/div>\r\n\r\n                        <\/div>\r\n                    <\/div>\r\n                                                                                    <div id=\"artist12\" class=\"uk-grid-small uk-child-width-expand@s uk-flex\" uk-grid uk-scrollspy=\"cls:uk-animation-slide-right-medium\">\r\n                        <div>\r\n                                                            <img decoding=\"async\" src=\"https:\/\/080barcelonafashion.cat\/wp-content\/uploads\/2024\/03\/rodolfo-hernandez-jpg.webp\" alt=\"\">\r\n                                                    <\/div>\r\n                        <div uk-scrollspy=\"cls:uk-animation-slide-bottom-medium\">\r\n                            <h3>Rodolfo Hernandez<\/h3>\r\n                            <p>Rodolfo Hern\u00e1ndez es un artista conceptual digital y creador de im\u00e1genes afincado en Ciudad de M\u00e9xico. Mediante el uso experimental del CGI y el dise\u00f1o en 3D, ha creado un ecosistema visual envolvente que difumina los l\u00edmites entre arte y tecnolog\u00eda.<br>Con experiencia en la producci\u00f3n de pel\u00edculas y videojuegos, su trabajo siempre est\u00e1 influenciado por conceptos y est\u00e9ticas de otro mundo.<br>Entre sus clientes figuran Porsche, Apple, Nike, Sony, Disney y Spotify.<\/p>\r\n\r\n                            <div class=\"artists-socials uk-flex\">\r\n                                                                    <a href=\"https:\/\/www.olfstudio.com\/\" aria-label=\"website-link\"><span uk-icon=\"icon: world; ratio: 1\"><\/a>\r\n                                                                                                    <a href=\"https:\/\/www.instagram.com\/rodolfo.olf\/\" aria-label=\"website-link\"><span uk-icon=\"icon: instagram; ratio: 1\"><\/a>\r\n                                                                                            <\/div>\r\n\r\n                        <\/div>\r\n                    <\/div>\r\n                                                \r\n            \r\n                <h2>THE DJS<\/h2>\r\n\r\n                <div class=\"uk-grid-match uk-grid-small\" uk-grid>\r\n                                            <div class=\"dj-day-block uk-width-1-2@m\">\r\n                            <div>\r\n                                <strong>Martes 9\/4<\/strong><br>11H\/ ESPECIAL OPENING <strong>Mind Sylenth<\/strong>\u00a0<br>13H\/ AMBIENT <strong>Ibiza Sound Radio\u00a0<\/strong><br>17\u201930H\/ SESSION <strong>Leo Garriga<\/strong>\u00a0<br>19\u201930H\/ SESSION <strong>Mind Sylenth\u00a0<\/strong><br>21:00H\/ DIRECTE DIGITAL HITS <strong>Mind Sylenth<\/strong>                            <\/div>\r\n                        <\/div>\r\n                                            <div class=\"dj-day-block uk-width-1-2@m\">\r\n                            <div>\r\n                                <strong>Mi\u00e9rcoles 10\/4<\/strong><br>11H\/ AMBIENT <strong>Ibiza Sound Radio<\/strong>\u00a0<br>17\u201930H\/ SESSION <strong>Victor Ramirez<\/strong>\u00a0<br>19\u201930H\/ SESSION <strong>Gianmarco\u00a0<\/strong><br>21:00H\/ DIRECTE DIGITAL HITS <strong>Mind Sylenth<\/strong>                            <\/div>\r\n                        <\/div>\r\n                                            <div class=\"dj-day-block uk-width-1-2@m\">\r\n                            <div>\r\n                                <strong>Jueves 11\/4<\/strong><br>11H\/ AMBIENT <strong>Ibiza Sound Radio\u00a0<\/strong><br>17\u201930H\/ SESSION <strong>Nesi\u00a0<\/strong><br>19\u201930H\/ SESSION <strong>Nancy Surinder<\/strong>\u00a0<br>21:00H\/ DIRECTE DIGITAL HITS <strong>Mind Sylenth<\/strong>                            <\/div>\r\n                        <\/div>\r\n                                            <div class=\"dj-day-block uk-width-1-2@m\">\r\n                            <div>\r\n                                <strong>Viernes 12\/4<\/strong><br>17H\/ SESSION <strong>Engalanan<\/strong><br>18\u201930\/ SESSION<strong> Yuen Hsieh<\/strong><br>20\u201900H\/ SESSION <strong>Oscar Zabala<\/strong><br>21\u201900H\/<strong> DJ Florentino<\/strong>                            <\/div>\r\n                        <\/div>\r\n                                    <\/div>\r\n\r\n\r\n\r\n                                                            <div id=\"artist13\" class=\"uk-grid-small uk-child-width-expand@s uk-flex\" uk-grid uk-scrollspy=\"cls:uk-animation-slide-right-medium\">\r\n                            <div>\r\n                                                                    <img decoding=\"async\" src=\"https:\/\/080barcelonafashion.cat\/wp-content\/uploads\/2024\/04\/Adrian-Engalanan-jpg.webp\" alt=\"\">\r\n                                                            <\/div>\r\n                            <div uk-scrollspy=\"cls:uk-animation-slide-bottom-medium\">\r\n                                <h3>Engalanan<\/h3>\r\n                                <p>Es un artista multidisciplinar afincado en Barcelona. Activo en la escena underground como dj, comisario, manager, booker o director de arte, y como cofundador de TORO, un colectivo que celebra la cultura rave a trav\u00e9s de la diversidad y la desobediencia.<br><br>En tan s\u00f3lo 3 a\u00f1os de carrera ha conseguido posicionarse como uno de los mayores referentes del underground en la ciudad catalana y ha llevado a su colectivo TORO a la escena internacional.<br><br>Durante estos a\u00f1os ha actuado en ciudades como Nueva York, Vancouver, Los \u00c1ngeles, Berl\u00edn, Par\u00eds, Zurich, Madrid, Barcelona y Lisboa. Paradas como Boiler Room, Primavera Sound, Paragon Broadway, Antidote Party, Rash, BAM Festival, Heaven, Razzmatazz, Vancouver Pride, Playground o Traumabarundkino, entre otras. Y compartiendo cartel con artistas como Villano Antillano, TR\/ST, LSDXOXO, Mura Masa, Doss, Safety Trance, Juliana<br>Huxtable, Kevin Aviance, Goth Jafar, softchaos, Parkineos, DJ G2G, MamaYhaYha, entre otros.<br><br>Tambi\u00e9n ha dise\u00f1ado los sonidos para los desfiles de la mundialmente conocida marca de moda Dominnico en sus desfiles Mercedes-Benz Fashion Week Madrid y 080 Barcelona Fashion.<br><br>Engalanan es reconocido por la escena internacional como una de las caras frescas del clubbing, creando nuevas narrativas sonoras, conectando comunidades y celebrando la cultura sonora a trav\u00e9s de la honestidad y la diversidad.<\/p>\r\n\r\n                                \r\n                                <div class=\"artists-socials uk-flex\">\r\n                                                                            <a href=\"https:\/\/soundcloud.com\/engalanan\" aria-label=\"website-link\"><span uk-icon=\"icon: world; ratio: 1\"><\/a>\r\n                                                                                                                <a href=\"https:\/\/www.instagram.com\/engalanan\" aria-label=\"website-link\"><span uk-icon=\"icon: instagram; ratio: 1\"><\/a>\r\n                                                                                                        <\/div>\r\n                            <\/div>\r\n                        <\/div>\r\n                                                                                                        <div id=\"artist14\" class=\"uk-grid-small uk-child-width-expand@s uk-flex\" uk-grid uk-scrollspy=\"cls:uk-animation-slide-right-medium\">\r\n                            <div>\r\n                                                                    <img decoding=\"async\" src=\"https:\/\/080barcelonafashion.cat\/wp-content\/uploads\/2024\/03\/FlorentinoKQ-jpg.webp\" alt=\"\">\r\n                                                            <\/div>\r\n                            <div uk-scrollspy=\"cls:uk-animation-slide-bottom-medium\">\r\n                                <h3>DJ Florentino<\/h3>\r\n                                <p>Florentino es un productor y DJ brit\u00e1nico-colombiano que lleva m\u00e1s de una d\u00e9cada abriendo camino a los sonidos de club interculturales. <br>Con una pl\u00e9tora de nuevos lanzamientos a trav\u00e9s de numerosos sellos de renombre, su producci\u00f3n m\u00e1s reciente \u00abKilometro Quinze\u00bb encontr\u00f3 un hogar en XL Recordings, reforzado con caracter\u00edsticas de sus contempor\u00e1neos Bambii, KD One, DJ Python y Shygirl. <br>La aptitud de Florentino para expresar su propia cultura se ve reforzada a trav\u00e9s de su sello Club Romantico, que sirve como puente y hogar para todo lo que se mueve entre el Reino Unido y LATAM club sonics.<\/p>\r\n\r\n                                \r\n                                <div class=\"artists-socials uk-flex\">\r\n                                                                            <a href=\"https:\/\/open.spotify.com\/intl-es\/artist\/1rhVQSyhxNOMN6RHi2sB44\" aria-label=\"website-link\"><span uk-icon=\"icon: world; ratio: 1\"><\/a>\r\n                                                                                                                <a href=\"https:\/\/www.instagram.com\/djflorentino\/\" aria-label=\"website-link\"><span uk-icon=\"icon: instagram; ratio: 1\"><\/a>\r\n                                                                                                        <\/div>\r\n                            <\/div>\r\n                        <\/div>\r\n                                                                                                        <div id=\"artist15\" class=\"uk-grid-small uk-child-width-expand@s uk-flex\" uk-grid uk-scrollspy=\"cls:uk-animation-slide-right-medium\">\r\n                            <div>\r\n                                                                    <img decoding=\"async\" src=\"https:\/\/080barcelonafashion.cat\/wp-content\/uploads\/2024\/04\/Foto-Gian-ByN-jpg.webp\" alt=\"Giancarlo Limeta\">\r\n                                                            <\/div>\r\n                            <div uk-scrollspy=\"cls:uk-animation-slide-bottom-medium\">\r\n                                <h3>Gianmarco Limenta<\/h3>\r\n                                <p>Gianmarco Limenta, d&#8217;origen itali\u00e0, \u00e9s DJ i productor de m\u00fasica House, a m\u00e9s de DJ resident a l&#8217;Hotel W Barcelona. La seva activitat en la ind\u00fastria, amb temes com &#8216;La Vida&#8217; a Glasgow Underground i &#8216;Doesn\u2019t Matter&#8217; en Hot Wax hongar\u00e8s, al costat d&#8217;altres \u00e8xits en segells com Whoyostro, Lapsus Music i King Street Sounds ho han impulsat a protagonisme en l&#8217;escena de la m\u00fasica electr\u00f2nica. En anys recents, tamb\u00e9 ha assumit la tasca de gestionar el seu segell discogr\u00e0fic, &#8216;Get in Tone Records&#8217;, que ha comptat amb el suport d&#8217;importants DJs internacionals.<\/p>\r\n\r\n                                \r\n                                <div class=\"artists-socials uk-flex\">\r\n                                                                                                                                            <\/div>\r\n                            <\/div>\r\n                        <\/div>\r\n                                                                                                        <div id=\"artist16\" class=\"uk-grid-small uk-child-width-expand@s uk-flex\" uk-grid uk-scrollspy=\"cls:uk-animation-slide-right-medium\">\r\n                            <div>\r\n                                                                    <img decoding=\"async\" src=\"https:\/\/080barcelonafashion.cat\/wp-content\/uploads\/2024\/03\/LOLI_ZAZOU_2024-jpeg.webp\" alt=\"\">\r\n                                                            <\/div>\r\n                            <div uk-scrollspy=\"cls:uk-animation-slide-bottom-medium\">\r\n                                <h3>Loli Zazou<\/h3>\r\n                                <p>Loli Zazou es una DJ y artista de Barcelona, y colaboradora musical del 080 Barcelona Fashion en varias ediciones. Comenz\u00f3 como DJ y curator de la fiesta Off The Hook en Paris, y m\u00e1s tarde cre\u00f3 el colectivo art\u00edstico CHOICE a trav\u00e9s de infinitas acciones y eventos.\u00a0En sus sets musicales, crea mezclas audaces y poderosas que abarcan diversos g\u00e9neros como el pop, R&amp;B, disco y house, con un gui\u00f1o a los sonidos bale\u00e1ricos y cl\u00e1sicos de club de los a\u00f1os 90 y 2000s.\u00a0Podemos encontrarla en lugares y eventos seleccionados de Barcelona, como Soho House, Me Barcelona, Razzmatazz o Sala Apolo.<\/p>\r\n\r\n                                \r\n                                <div class=\"artists-socials uk-flex\">\r\n                                                                            <a href=\"https:\/\/open.spotify.com\/user\/jkvij76xlcyevwjdty96v67jh\" aria-label=\"website-link\"><span uk-icon=\"icon: world; ratio: 1\"><\/a>\r\n                                                                                                                <a href=\"https:\/\/www.instagram.com\/lolichoice\/\" aria-label=\"website-link\"><span uk-icon=\"icon: instagram; ratio: 1\"><\/a>\r\n                                                                                                        <\/div>\r\n                            <\/div>\r\n                        <\/div>\r\n                                                                                                        <div id=\"artist17\" class=\"uk-grid-small uk-child-width-expand@s uk-flex\" uk-grid uk-scrollspy=\"cls:uk-animation-slide-right-medium\">\r\n                            <div>\r\n                                                                    <img decoding=\"async\" src=\"https:\/\/080barcelonafashion.cat\/wp-content\/uploads\/2024\/04\/Leo-Garriga-BYN-jpg.webp\" alt=\"Leo Garriga\">\r\n                                                            <\/div>\r\n                            <div uk-scrollspy=\"cls:uk-animation-slide-bottom-medium\">\r\n                                <h3>Leo Garriga<\/h3>\r\n                                <p>Leo Garriga es la encargada de animarte todas las ma\u00f1anas desde Digital Hits FM.<br>Empez\u00f3 muy joven en el mundo de la m\u00fasica electr\u00f3nica ya a finales de los 90 se inicia en el mundo de la radio.<br>Su pasi\u00f3n por la cultura electr\u00f3nica, le ha llevado a trabajar enb grandes emisoras, dirigir una tienda de discos, escribir en revistas, formar parte del departamento art\u00edstico de una discogr\u00e1ca.<br>En la actualidad como Director Manager de Bisideworld Media, su saber abarca la direcci\u00f3n de la emisora de m\u00fasica electr\u00f3nica de referencia Digital Hits, y todas las del grupo Bsideworld, Ibiza Sound FM, Rave247 Radio, Bottom Radio, Polvora RAdio y el portal digital audiovisual BPlayer.<\/p>\r\n\r\n                                \r\n                                <div class=\"artists-socials uk-flex\">\r\n                                                                                                                                            <\/div>\r\n                            <\/div>\r\n                        <\/div>\r\n                                                                                                        <div id=\"artist18\" class=\"uk-grid-small uk-child-width-expand@s uk-flex\" uk-grid uk-scrollspy=\"cls:uk-animation-slide-right-medium\">\r\n                            <div>\r\n                                                                    <img decoding=\"async\" src=\"https:\/\/080barcelonafashion.cat\/wp-content\/uploads\/2024\/04\/Foto-pendiente-Mind-Sylenth-jpg.webp\" alt=\"\">\r\n                                                            <\/div>\r\n                            <div uk-scrollspy=\"cls:uk-animation-slide-bottom-medium\">\r\n                                <h3>Mind Sylenth<\/h3>\r\n                                <p>Jaume Aymar conocido art\u00edsticamente como &#8216;Mind Sylenth&#8217; \u00e9s un joven Dj y Productor de Barcelona. A sus 29 a\u00f1os completa una trayectoria art\u00edstica muy interesante, con centenares de actuaciones en m\u00e1s de 60 pa\u00edses. Fue uno de los residentes del grupo Amnesia m\u00e1s j\u00f3venes, a sus 18 a\u00f1os y uno de los artistas m\u00e1s j\u00f3venes en tener nominaciones musicales. Sus producciones han llegado a alcanzar altos puestos en Beatport y protagonizar las mejores playlist sociales de Spotify como &#8216;Mint&#8217; o &#8216;New music friday&#8217;. Completa 2 \u00c1lbumes de Estudio y m\u00e1s de 100 singles adem\u00e1s de ser productor para Bandas Sonoras de series de Netflix, estacan \u2018Strangers Things&#8217; y &#8216;The Rain&#8217; entre otras. Jaume sufre Toc &#8216;Trastorno Obsesivo Compulsivo&#8217; desde los 12 a\u00f1os y la m\u00fasica ha sido desde entonces su terapia y su salvaci\u00f3n en muchos momentos. A los 24 a\u00f1os saca junto a la productora PlayGround un video y un Documental explicando el impacto del Toc y como el Poder de la m\u00fasica le ayud\u00f3 a ser el artista que es hoy en d\u00eda. El documental &#8216;4 mil man\u00edas&#8217; lleg\u00f3 a tener millones de reproducciones y llevo al estudio de nuevas terapias para ayudar a personas con problemas mentales.<\/p>\r\n\r\n                                \r\n                                <div class=\"artists-socials uk-flex\">\r\n                                                                                                                                            <\/div>\r\n                            <\/div>\r\n                        <\/div>\r\n                                                                                                        <div id=\"artist19\" class=\"uk-grid-small uk-child-width-expand@s uk-flex\" uk-grid uk-scrollspy=\"cls:uk-animation-slide-right-medium\">\r\n                            <div>\r\n                                                                    <img decoding=\"async\" src=\"https:\/\/080barcelonafashion.cat\/wp-content\/uploads\/2024\/04\/Foto-Nancy-ByN-jpg.webp\" alt=\"\">\r\n                                                            <\/div>\r\n                            <div uk-scrollspy=\"cls:uk-animation-slide-bottom-medium\">\r\n                                <h3>Nancy Surinder<\/h3>\r\n                                <p>Con un entusiasmo contagioso por la m\u00fasica House desde peque\u00f1a, Nancy ha dejado una marca indeleble desde que inici\u00f3 su trayectoria como DJ hace apenas un a\u00f1o . Habiendo actuado en lugares como Pacha, Florida Park y el Hotel W, Nancy ha demostrado su capacidad para controlar multitudes. Con cada sesi\u00f3n, ofrece un viaje sonoro envolvente que trasciende fronteras y enciende las pistas de baile.<\/p>\r\n\r\n                                \r\n                                <div class=\"artists-socials uk-flex\">\r\n                                                                                                                                            <\/div>\r\n                            <\/div>\r\n                        <\/div>\r\n                                                                                                        <div id=\"artist20\" class=\"uk-grid-small uk-child-width-expand@s uk-flex\" uk-grid uk-scrollspy=\"cls:uk-animation-slide-right-medium\">\r\n                            <div>\r\n                                                                    <img decoding=\"async\" src=\"https:\/\/080barcelonafashion.cat\/wp-content\/uploads\/2024\/04\/Foto-Nesi-ByN-jpg.webp\" alt=\"\">\r\n                                                            <\/div>\r\n                            <div uk-scrollspy=\"cls:uk-animation-slide-bottom-medium\">\r\n                                <h3>Nesi<\/h3>\r\n                                <p>Nesi, dj y productora de Barcelona, ha estado inmersa en el mundo de la m\u00fasica desde su infancia. Aprendi\u00f3 a mezclar a temprana edad y a los 14 a\u00f1os comenz\u00f3 a pinchar en diversos clubes de su ciudad. Al compartir cabina con varios DJs, Nesi descubri\u00f3 su propio estilo, caracterizado por su buena energ\u00eda, t\u00e9cnica y gusto musical. Tras a\u00f1os dedic\u00e1ndose a la m\u00fasica house, Nesi ha actuado en clubs de renombre como Fabrik Madrid, en festivales de gran prestigio como Elrow, Ribera Sound, Wet Deck&#8230; Actualmente, cuenta con una residencia en W Barcelona, donde act\u00faa varias veces a la semana. Adem\u00e1s, Nesi ha publicado varias canciones en sellos discogr\u00e1 cos de renombre como Toolroom, Jackies Music y The Basement Discos, posicion\u00e1ndose en los rankings de ventas de plataformas importantes del sector como Beatport y Traxsource.<\/p>\r\n\r\n                                \r\n                                <div class=\"artists-socials uk-flex\">\r\n                                                                                                                                            <\/div>\r\n                            <\/div>\r\n                        <\/div>\r\n                                                                                                        <div id=\"artist21\" class=\"uk-grid-small uk-child-width-expand@s uk-flex\" uk-grid uk-scrollspy=\"cls:uk-animation-slide-right-medium\">\r\n                            <div>\r\n                                                                    <img decoding=\"async\" src=\"https:\/\/080barcelonafashion.cat\/wp-content\/uploads\/2024\/03\/oscarzabala_portrait_ssense_installtion_3-jpg.webp\" alt=\"\">\r\n                                                            <\/div>\r\n                            <div uk-scrollspy=\"cls:uk-animation-slide-bottom-medium\">\r\n                                <h3>Oscar Zabala<\/h3>\r\n                                <p>Oscar Zabala es un artista multidisciplinar afincado en Nueva York y Barcelona. Su obra ahonda en la fusi\u00f3n de visuales y sonido con el objetivo de facilitar estados de trance y fomentar espacios \u00edntimos para la autorreflexi\u00f3n. Sus creaciones sintetizan una amplia gama de influencias, como la cultura rave, las pr\u00e1cticas trascendentales y el simbolismo. A lo largo de los a\u00f1os ha colaborado con varios artistas musicales creando visuales y pel\u00edculas para giras internacionales y experiencias en directo en estadios con artistas de la talla de Kanye West Drake James Blake y Chet Faker. Sus obras pueden experimentarse a trav\u00e9s de instalaciones audiovisuales inmersivas y de sus actuaciones en directo.<\/p>\r\n\r\n                                \r\n                                <div class=\"artists-socials uk-flex\">\r\n                                                                            <a href=\"https:\/\/oscarz.com\/\" aria-label=\"website-link\"><span uk-icon=\"icon: world; ratio: 1\"><\/a>\r\n                                                                                                                <a href=\"https:\/\/www.instagram.com\/oscarzabala\" aria-label=\"website-link\"><span uk-icon=\"icon: instagram; ratio: 1\"><\/a>\r\n                                                                                                        <\/div>\r\n                            <\/div>\r\n                        <\/div>\r\n                                                                                                        <div id=\"artist22\" class=\"uk-grid-small uk-child-width-expand@s uk-flex\" uk-grid uk-scrollspy=\"cls:uk-animation-slide-right-medium\">\r\n                            <div>\r\n                                                                    <img decoding=\"async\" src=\"https:\/\/080barcelonafashion.cat\/wp-content\/uploads\/2024\/04\/Foto-Victor-Ramirez-ByN-jpg.webp\" alt=\"\">\r\n                                                            <\/div>\r\n                            <div uk-scrollspy=\"cls:uk-animation-slide-bottom-medium\">\r\n                                <h3>Victor Ramirez<\/h3>\r\n                                <p>Productor y DJ joven empez\u00f3 con 8 a\u00f1os en la industria musical. Su pasi\u00f3n por la m\u00fasica electr\u00f3nica comenz\u00f3 a los 12 a\u00f1os, inspirado por una actuaci\u00f3n en directo en su ciudad natal. Desde entonces, ha cultivado su talento a trav\u00e9s de una formaci\u00f3n rigurosa en instituciones de renombre. Pasando de eventos locales a presentaciones destacadas en escenarios de renombre internacional. Ha dejado su marca en eventos emblem\u00e1ticos como \u00abUnite with Tomorrowland\u00bb en el escenario de Redbull y temporadas en Ibiza pasando por sellos discogr\u00e1ficos de la isla y varios eventos de esta. Showcases en eventos como ADE en Amsterdam, con varios releases acumulando m\u00e1s de 10k visitas y djs de renombre pinchando su m\u00fasica. Ramirez propone un nuevo proyecto con un sonido energ\u00e9tico siempre poniendo las joyas m\u00e1s underground en sus fiestas.<\/p>\r\n\r\n                                \r\n                                <div class=\"artists-socials uk-flex\">\r\n                                                                                                                                            <\/div>\r\n                            <\/div>\r\n                        <\/div>\r\n                                                                                                        <div id=\"artist23\" class=\"uk-grid-small uk-child-width-expand@s uk-flex\" uk-grid uk-scrollspy=\"cls:uk-animation-slide-right-medium\">\r\n                            <div>\r\n                                                                    <img decoding=\"async\" src=\"https:\/\/080barcelonafashion.cat\/wp-content\/uploads\/2024\/03\/YUEN_HSIEH-scaled.webp\" alt=\"\">\r\n                                                            <\/div>\r\n                            <div uk-scrollspy=\"cls:uk-animation-slide-bottom-medium\">\r\n                                <h3>Yuen Hsieh<\/h3>\r\n                                <p>Yuen se licenci\u00f3 en Central Saint Martins (BA (Hons)) y en el Royal College of Art (MA) . A trav\u00e9s de su obra, se ha convertido en un objeto experimental, dedicado a la creaci\u00f3n digital. Utilizando la inteligencia artificial e Internet como muestras, mezcla subcultura y m\u00fasica electr\u00f3nica, y emplea m\u00e9todos experimentales para transmitir el patrimonio cultural con el fin de explorar la identidad, la identidad de g\u00e9nero y los grupos minoritarios. Es el \u00fanico director asi\u00e1tico incluido en la lista de \u00abNew Wave Creatives 2021\u00bb por el British Fashion Council en 2021. Sus cortometrajes han ganado Telly Awards, Leeds International Film Festival, Indie Shorts Awards Cannes, Francia, el Festival de Cine Independiente de Cannes . Su trabajo ha sido seleccionado por SHOWstudio, fundado por el legendario Nick Knight. La lista de \u00e9lite Forbes Under 30 tambi\u00e9n le incluy\u00f3 como candidato. Sus obras se han expuesto en el British Film Institute, Institute of Contemporary Arts, LONDON DESIGN BIENNALE (Bienal de Dise\u00f1o de Londres), La Biennale di Venezia (Bienal de Venecia),S\u00f3nar Festival,TAI KWUN (Art Basel Hong Kong).<\/p>\r\n\r\n                                \r\n                                <div class=\"artists-socials uk-flex\">\r\n                                                                            <a href=\"https:\/\/www.yuen-hsieh.com\/\" aria-label=\"website-link\"><span uk-icon=\"icon: world; ratio: 1\"><\/a>\r\n                                                                                                                <a href=\"https:\/\/www.instagram.com\/yuenhsieh\" aria-label=\"website-link\"><span uk-icon=\"icon: instagram; ratio: 1\"><\/a>\r\n                                                                                                        <\/div>\r\n                            <\/div>\r\n                        <\/div>\r\n                                                            \r\n                    <\/div>\r\n    <\/div>\r\n\r\n<\/section><\/div>","protected":false},"excerpt":{"rendered":"<p><!-- wp:paragraph --><\/p>\n<p>Misato es un estudio creativo impulsado por la base de la naturaleza humana: conectar a trav\u00e9s de la amabilidad.<\/p>\n<p><!-- \/wp:paragraph --><\/p>\n<p><!-- wp:paragraph --><\/p>\n<p>Misato lleva la singularidad de las relaciones humanas a un&#8230;<\/p>\n","protected":false},"author":1,"featured_media":0,"parent":0,"menu_order":0,"comment_status":"closed","ping_status":"closed","template":"","meta":{"_acf_changed":false,"today-dj-active":false,"todays-dj-list":"%5B%5D","lookbook-gallery":"","show-list":"%5B%5D","display-name":"","date":"","video-id":"","video-file":"","video-file-thumbnail":"","designer-images":"","images-editorial":"","images-athmosphere":"","images-front-row":"","images-photocall":"","designer-image":"","designer-name":"","collection-name":"","cs-coleccion":"","cs-biografia":"","es-coleccion":"","es-biografia":"","en-coleccion":"","en-biografia":"","localizacion":"","time":"","contact-data":"","zip-file":"","posted-date":"","twitter":"","facebook":"","twitch":"","youtube":"","instagram":"","linkedin":"","tiktok":"","website":"","agenda-event":"%5B%5D","agenda-bg":"","pdf_version_of_the_agenda":"","mo-backstage":"","mo-beauty":"","mo-athmosphere":"","mo-streetstyle":"","footnotes":""},"class_list":["post-10724","page","type-page","status-publish","hentry"],"acf":[],"_links":{"self":[{"href":"https:\/\/080barcelonafashion.cat\/es_ES\/wp-json\/wp\/v2\/pages\/10724","targetHints":{"allow":["GET"]}}],"collection":[{"href":"https:\/\/080barcelonafashion.cat\/es_ES\/wp-json\/wp\/v2\/pages"}],"about":[{"href":"https:\/\/080barcelonafashion.cat\/es_ES\/wp-json\/wp\/v2\/types\/page"}],"author":[{"embeddable":true,"href":"https:\/\/080barcelonafashion.cat\/es_ES\/wp-json\/wp\/v2\/users\/1"}],"replies":[{"embeddable":true,"href":"https:\/\/080barcelonafashion.cat\/es_ES\/wp-json\/wp\/v2\/comments?post=10724"}],"version-history":[{"count":163,"href":"https:\/\/080barcelonafashion.cat\/es_ES\/wp-json\/wp\/v2\/pages\/10724\/revisions"}],"predecessor-version":[{"id":26444,"href":"https:\/\/080barcelonafashion.cat\/es_ES\/wp-json\/wp\/v2\/pages\/10724\/revisions\/26444"}],"wp:attachment":[{"href":"https:\/\/080barcelonafashion.cat\/es_ES\/wp-json\/wp\/v2\/media?parent=10724"}],"curies":[{"name":"wp","href":"https:\/\/api.w.org\/{rel}","templated":true}]}}