{"id":319,"date":"2023-05-02T07:40:14","date_gmt":"2023-05-02T07:40:14","guid":{"rendered":"https:\/\/080barcelonafashion.cat?post_type=designer&#038;p=319"},"modified":"2023-08-21T06:27:46","modified_gmt":"2023-08-21T06:27:46","slug":"the-artelier","status":"publish","type":"designer","link":"https:\/\/080barcelonafashion.cat\/es_ES\/designer\/the-artelier\/","title":{"rendered":"THE ARTELIER"},"excerpt":{"rendered":"","protected":false},"featured_media":0,"menu_order":0,"template":"","format":"standard","meta":{"_acf_changed":false,"today-dj-active":false,"todays-dj-list":"%5B%5D","lookbook-gallery":"","show-list":"%5B%5D","display-name":"THE ARTELIER","date":"","video-id":"KNDUoH_Q6Qw","video-file":"","video-file-thumbnail":"","designer-images":"%5B%7B%22alt%22:%22%22,%22title%22:%22%22,%22caption%22:%22%22,%22description%22:%22%22,%22id%22:559,%22link%22:%22https:\/\/080barcelonafashion.cates_ES\/designer\/the-artelier\/artelier-110041\/%22,%22url%22:%22https:\/\/080barcelonafashion.catwp-content\/uploads\/2023\/05\/Artelier-110041.jpg%22,%22sizes%22:%7B%22thumbnail%22:%7B%22height%22:150,%22width%22:150,%22url%22:%22https:\/\/080barcelonafashion.catwp-content\/uploads\/2023\/05\/Artelier-110041-150x150.jpg%22,%22orientation%22:%22landscape%22%7D,%22medium%22:%7B%22height%22:300,%22width%22:200,%22url%22:%22https:\/\/080barcelonafashion.catwp-content\/uploads\/2023\/05\/Artelier-110041-200x300.jpg%22,%22orientation%22:%22portrait%22%7D,%22large%22:%7B%22height%22:960,%22width%22:640,%22url%22:%22https:\/\/080barcelonafashion.catwp-content\/uploads\/2023\/05\/Artelier-110041-683x1024.jpg%22,%22orientation%22:%22portrait%22%7D,%22full%22:%7B%22url%22:%22https:\/\/080barcelonafashion.catwp-content\/uploads\/2023\/05\/Artelier-110041.jpg%22,%22height%22:2488,%22width%22:1659,%22orientation%22:%22portrait%22%7D%7D%7D,%7B%22alt%22:%22%22,%22title%22:%22%22,%22caption%22:%22%22,%22description%22:%22%22,%22id%22:562,%22link%22:%22https:\/\/080barcelonafashion.cates_ES\/designer\/the-artelier\/artelier-110056\/%22,%22url%22:%22https:\/\/080barcelonafashion.catwp-content\/uploads\/2023\/05\/Artelier-110056.jpg%22,%22sizes%22:%7B%22thumbnail%22:%7B%22height%22:150,%22width%22:150,%22url%22:%22https:\/\/080barcelonafashion.catwp-content\/uploads\/2023\/05\/Artelier-110056-150x150.jpg%22,%22orientation%22:%22landscape%22%7D,%22medium%22:%7B%22height%22:300,%22width%22:200,%22url%22:%22https:\/\/080barcelonafashion.catwp-content\/uploads\/2023\/05\/Artelier-110056-200x300.jpg%22,%22orientation%22:%22portrait%22%7D,%22large%22:%7B%22height%22:960,%22width%22:640,%22url%22:%22https:\/\/080barcelonafashion.catwp-content\/uploads\/2023\/05\/Artelier-110056-683x1024.jpg%22,%22orientation%22:%22portrait%22%7D,%22full%22:%7B%22url%22:%22https:\/\/080barcelonafashion.catwp-content\/uploads\/2023\/05\/Artelier-110056.jpg%22,%22height%22:2488,%22width%22:1659,%22orientation%22:%22portrait%22%7D%7D%7D,%7B%22alt%22:%22%22,%22title%22:%22%22,%22caption%22:%22%22,%22description%22:%22%22,%22id%22:563,%22link%22:%22https:\/\/080barcelonafashion.cates_ES\/designer\/the-artelier\/artelier-110071\/%22,%22url%22:%22https:\/\/080barcelonafashion.catwp-content\/uploads\/2023\/05\/Artelier-110071.jpg%22,%22sizes%22:%7B%22thumbnail%22:%7B%22height%22:150,%22width%22:150,%22url%22:%22https:\/\/080barcelonafashion.catwp-content\/uploads\/2023\/05\/Artelier-110071-150x150.jpg%22,%22orientation%22:%22landscape%22%7D,%22medium%22:%7B%22height%22:300,%22width%22:200,%22url%22:%22https:\/\/080barcelonafashion.catwp-content\/uploads\/2023\/05\/Artelier-110071-200x300.jpg%22,%22orientation%22:%22portrait%22%7D,%22large%22:%7B%22height%22:960,%22width%22:640,%22url%22:%22https:\/\/080barcelonafashion.catwp-content\/uploads\/2023\/05\/Artelier-110071-683x1024.jpg%22,%22orientation%22:%22portrait%22%7D,%22full%22:%7B%22url%22:%22https:\/\/080barcelonafashion.catwp-content\/uploads\/2023\/05\/Artelier-110071.jpg%22,%22height%22:2488,%22width%22:1659,%22orientation%22:%22portrait%22%7D%7D%7D,%7B%22alt%22:%22%22,%22title%22:%22%22,%22caption%22:%22%22,%22description%22:%22%22,%22id%22:565,%22link%22:%22https:\/\/080barcelonafashion.cates_ES\/designer\/the-artelier\/artelier-110101\/%22,%22url%22:%22https:\/\/080barcelonafashion.catwp-content\/uploads\/2023\/05\/Artelier-110101.jpg%22,%22sizes%22:%7B%22thumbnail%22:%7B%22height%22:150,%22width%22:150,%22url%22:%22https:\/\/080barcelonafashion.catwp-content\/uploads\/2023\/05\/Artelier-110101-150x150.jpg%22,%22orientation%22:%22landscape%22%7D,%22medium%22:%7B%22height%22:300,%22width%22:200,%22url%22:%22https:\/\/080barcelonafashion.catwp-content\/uploads\/2023\/05\/Artelier-110101-200x300.jpg%22,%22orientation%22:%22portrait%22%7D,%22large%22:%7B%22height%22:960,%22width%22:640,%22url%22:%22https:\/\/080barcelonafashion.catwp-content\/uploads\/2023\/05\/Artelier-110101-683x1024.jpg%22,%22orientation%22:%22portrait%22%7D,%22full%22:%7B%22url%22:%22https:\/\/080barcelonafashion.catwp-content\/uploads\/2023\/05\/Artelier-110101.jpg%22,%22height%22:2488,%22width%22:1659,%22orientation%22:%22portrait%22%7D%7D%7D,%7B%22alt%22:%22%22,%22title%22:%22%22,%22caption%22:%22%22,%22description%22:%22%22,%22id%22:568,%22link%22:%22https:\/\/080barcelonafashion.cates_ES\/designer\/the-artelier\/artelier-110116\/%22,%22url%22:%22https:\/\/080barcelonafashion.catwp-content\/uploads\/2023\/05\/Artelier-110116.jpg%22,%22sizes%22:%7B%22thumbnail%22:%7B%22height%22:150,%22width%22:150,%22url%22:%22https:\/\/080barcelonafashion.catwp-content\/uploads\/2023\/05\/Artelier-110116-150x150.jpg%22,%22orientation%22:%22landscape%22%7D,%22medium%22:%7B%22height%22:300,%22width%22:200,%22url%22:%22https:\/\/080barcelonafashion.catwp-content\/uploads\/2023\/05\/Artelier-110116-200x300.jpg%22,%22orientation%22:%22portrait%22%7D,%22large%22:%7B%22height%22:960,%22width%22:640,%22url%22:%22https:\/\/080barcelonafashion.catwp-content\/uploads\/2023\/05\/Artelier-110116-683x1024.jpg%22,%22orientation%22:%22portrait%22%7D,%22full%22:%7B%22url%22:%22https:\/\/080barcelonafashion.catwp-content\/uploads\/2023\/05\/Artelier-110116.jpg%22,%22height%22:2488,%22width%22:1659,%22orientation%22:%22portrait%22%7D%7D%7D,%7B%22alt%22:%22%22,%22title%22:%22%22,%22caption%22:%22%22,%22description%22:%22%22,%22id%22:569,%22link%22:%22https:\/\/080barcelonafashion.cates_ES\/designer\/the-artelier\/artelier-110132\/%22,%22url%22:%22https:\/\/080barcelonafashion.catwp-content\/uploads\/2023\/05\/Artelier-110132.jpg%22,%22sizes%22:%7B%22thumbnail%22:%7B%22height%22:150,%22width%22:150,%22url%22:%22https:\/\/080barcelonafashion.catwp-content\/uploads\/2023\/05\/Artelier-110132-150x150.jpg%22,%22orientation%22:%22landscape%22%7D,%22medium%22:%7B%22height%22:300,%22width%22:200,%22url%22:%22https:\/\/080barcelonafashion.catwp-content\/uploads\/2023\/05\/Artelier-110132-200x300.jpg%22,%22orientation%22:%22portrait%22%7D,%22large%22:%7B%22height%22:960,%22width%22:640,%22url%22:%22https:\/\/080barcelonafashion.catwp-content\/uploads\/2023\/05\/Artelier-110132-683x1024.jpg%22,%22orientation%22:%22portrait%22%7D,%22full%22:%7B%22url%22:%22https:\/\/080barcelonafashion.catwp-content\/uploads\/2023\/05\/Artelier-110132.jpg%22,%22height%22:2488,%22width%22:1659,%22orientation%22:%22portrait%22%7D%7D%7D,%7B%22alt%22:%22%22,%22title%22:%22%22,%22caption%22:%22%22,%22description%22:%22%22,%22id%22:572,%22link%22:%22https:\/\/080barcelonafashion.cates_ES\/designer\/the-artelier\/artelier-110142\/%22,%22url%22:%22https:\/\/080barcelonafashion.catwp-content\/uploads\/2023\/05\/Artelier-110142.jpg%22,%22sizes%22:%7B%22thumbnail%22:%7B%22height%22:150,%22width%22:150,%22url%22:%22https:\/\/080barcelonafashion.catwp-content\/uploads\/2023\/05\/Artelier-110142-150x150.jpg%22,%22orientation%22:%22landscape%22%7D,%22medium%22:%7B%22height%22:300,%22width%22:200,%22url%22:%22https:\/\/080barcelonafashion.catwp-content\/uploads\/2023\/05\/Artelier-110142-200x300.jpg%22,%22orientation%22:%22portrait%22%7D,%22large%22:%7B%22height%22:960,%22width%22:640,%22url%22:%22https:\/\/080barcelonafashion.catwp-content\/uploads\/2023\/05\/Artelier-110142-683x1024.jpg%22,%22orientation%22:%22portrait%22%7D,%22full%22:%7B%22url%22:%22https:\/\/080barcelonafashion.catwp-content\/uploads\/2023\/05\/Artelier-110142.jpg%22,%22height%22:2488,%22width%22:1659,%22orientation%22:%22portrait%22%7D%7D%7D,%7B%22alt%22:%22%22,%22title%22:%22%22,%22caption%22:%22%22,%22description%22:%22%22,%22id%22:573,%22link%22:%22https:\/\/080barcelonafashion.cates_ES\/designer\/the-artelier\/artelier-110167\/%22,%22url%22:%22https:\/\/080barcelonafashion.catwp-content\/uploads\/2023\/05\/Artelier-110167.jpg%22,%22sizes%22:%7B%22thumbnail%22:%7B%22height%22:150,%22width%22:150,%22url%22:%22https:\/\/080barcelonafashion.catwp-content\/uploads\/2023\/05\/Artelier-110167-150x150.jpg%22,%22orientation%22:%22landscape%22%7D,%22medium%22:%7B%22height%22:300,%22width%22:200,%22url%22:%22https:\/\/080barcelonafashion.catwp-content\/uploads\/2023\/05\/Artelier-110167-200x300.jpg%22,%22orientation%22:%22portrait%22%7D,%22large%22:%7B%22height%22:960,%22width%22:640,%22url%22:%22https:\/\/080barcelonafashion.catwp-content\/uploads\/2023\/05\/Artelier-110167-683x1024.jpg%22,%22orientation%22:%22portrait%22%7D,%22full%22:%7B%22url%22:%22https:\/\/080barcelonafashion.catwp-content\/uploads\/2023\/05\/Artelier-110167.jpg%22,%22height%22:2488,%22width%22:1659,%22orientation%22:%22portrait%22%7D%7D%7D,%7B%22alt%22:%22%22,%22title%22:%22%22,%22caption%22:%22%22,%22description%22:%22%22,%22id%22:575,%22link%22:%22https:\/\/080barcelonafashion.cates_ES\/designer\/the-artelier\/artelier-110181\/%22,%22url%22:%22https:\/\/080barcelonafashion.catwp-content\/uploads\/2023\/05\/Artelier-110181.jpg%22,%22sizes%22:%7B%22thumbnail%22:%7B%22height%22:150,%22width%22:150,%22url%22:%22https:\/\/080barcelonafashion.catwp-content\/uploads\/2023\/05\/Artelier-110181-150x150.jpg%22,%22orientation%22:%22landscape%22%7D,%22medium%22:%7B%22height%22:300,%22width%22:200,%22url%22:%22https:\/\/080barcelonafashion.catwp-content\/uploads\/2023\/05\/Artelier-110181-200x300.jpg%22,%22orientation%22:%22portrait%22%7D,%22large%22:%7B%22height%22:960,%22width%22:640,%22url%22:%22https:\/\/080barcelonafashion.catwp-content\/uploads\/2023\/05\/Artelier-110181-683x1024.jpg%22,%22orientation%22:%22portrait%22%7D,%22full%22:%7B%22url%22:%22https:\/\/080barcelonafashion.catwp-content\/uploads\/2023\/05\/Artelier-110181.jpg%22,%22height%22:2488,%22width%22:1659,%22orientation%22:%22portrait%22%7D%7D%7D,%7B%22alt%22:%22%22,%22title%22:%22%22,%22caption%22:%22%22,%22description%22:%22%22,%22id%22:578,%22link%22:%22https:\/\/080barcelonafashion.cates_ES\/designer\/the-artelier\/artelier-110216\/%22,%22url%22:%22https:\/\/080barcelonafashion.catwp-content\/uploads\/2023\/05\/Artelier-110216.jpg%22,%22sizes%22:%7B%22thumbnail%22:%7B%22height%22:150,%22width%22:150,%22url%22:%22https:\/\/080barcelonafashion.catwp-content\/uploads\/2023\/05\/Artelier-110216-150x150.jpg%22,%22orientation%22:%22landscape%22%7D,%22medium%22:%7B%22height%22:300,%22width%22:200,%22url%22:%22https:\/\/080barcelonafashion.catwp-content\/uploads\/2023\/05\/Artelier-110216-200x300.jpg%22,%22orientation%22:%22portrait%22%7D,%22large%22:%7B%22height%22:960,%22width%22:640,%22url%22:%22https:\/\/080barcelonafashion.catwp-content\/uploads\/2023\/05\/Artelier-110216-683x1024.jpg%22,%22orientation%22:%22portrait%22%7D,%22full%22:%7B%22url%22:%22https:\/\/080barcelonafashion.catwp-content\/uploads\/2023\/05\/Artelier-110216.jpg%22,%22height%22:2488,%22width%22:1659,%22orientation%22:%22portrait%22%7D%7D%7D,%7B%22alt%22:%22%22,%22title%22:%22%22,%22caption%22:%22%22,%22description%22:%22%22,%22id%22:579,%22link%22:%22https:\/\/080barcelonafashion.cates_ES\/designer\/the-artelier\/artelier-110225\/%22,%22url%22:%22https:\/\/080barcelonafashion.catwp-content\/uploads\/2023\/05\/Artelier-110225.jpg%22,%22sizes%22:%7B%22thumbnail%22:%7B%22height%22:150,%22width%22:150,%22url%22:%22https:\/\/080barcelonafashion.catwp-content\/uploads\/2023\/05\/Artelier-110225-150x150.jpg%22,%22orientation%22:%22landscape%22%7D,%22medium%22:%7B%22height%22:300,%22width%22:200,%22url%22:%22https:\/\/080barcelonafashion.catwp-content\/uploads\/2023\/05\/Artelier-110225-200x300.jpg%22,%22orientation%22:%22portrait%22%7D,%22large%22:%7B%22height%22:960,%22width%22:640,%22url%22:%22https:\/\/080barcelonafashion.catwp-content\/uploads\/2023\/05\/Artelier-110225-683x1024.jpg%22,%22orientation%22:%22portrait%22%7D,%22full%22:%7B%22url%22:%22https:\/\/080barcelonafashion.catwp-content\/uploads\/2023\/05\/Artelier-110225.jpg%22,%22height%22:2488,%22width%22:1659,%22orientation%22:%22portrait%22%7D%7D%7D,%7B%22alt%22:%22%22,%22title%22:%22%22,%22caption%22:%22%22,%22description%22:%22%22,%22id%22:582,%22link%22:%22https:\/\/080barcelonafashion.cates_ES\/designer\/the-artelier\/artelier-110256\/%22,%22url%22:%22https:\/\/080barcelonafashion.catwp-content\/uploads\/2023\/05\/Artelier-110256.jpg%22,%22sizes%22:%7B%22thumbnail%22:%7B%22height%22:150,%22width%22:150,%22url%22:%22https:\/\/080barcelonafashion.catwp-content\/uploads\/2023\/05\/Artelier-110256-150x150.jpg%22,%22orientation%22:%22landscape%22%7D,%22medium%22:%7B%22height%22:200,%22width%22:300,%22url%22:%22https:\/\/080barcelonafashion.catwp-content\/uploads\/2023\/05\/Artelier-110256-300x200.jpg%22,%22orientation%22:%22landscape%22%7D,%22large%22:%7B%22height%22:427,%22width%22:640,%22url%22:%22https:\/\/080barcelonafashion.catwp-content\/uploads\/2023\/05\/Artelier-110256-1024x683.jpg%22,%22orientation%22:%22landscape%22%7D,%22full%22:%7B%22url%22:%22https:\/\/080barcelonafashion.catwp-content\/uploads\/2023\/05\/Artelier-110256.jpg%22,%22height%22:1659,%22width%22:2488,%22orientation%22:%22landscape%22%7D%7D%7D,%7B%22alt%22:%22%22,%22title%22:%22%22,%22caption%22:%22%22,%22description%22:%22%22,%22id%22:583,%22link%22:%22https:\/\/080barcelonafashion.cates_ES\/designer\/the-artelier\/artelier-110262\/%22,%22url%22:%22https:\/\/080barcelonafashion.catwp-content\/uploads\/2023\/05\/Artelier-110262.jpg%22,%22sizes%22:%7B%22thumbnail%22:%7B%22height%22:150,%22width%22:150,%22url%22:%22https:\/\/080barcelonafashion.catwp-content\/uploads\/2023\/05\/Artelier-110262-150x150.jpg%22,%22orientation%22:%22landscape%22%7D,%22medium%22:%7B%22height%22:300,%22width%22:200,%22url%22:%22https:\/\/080barcelonafashion.catwp-content\/uploads\/2023\/05\/Artelier-110262-200x300.jpg%22,%22orientation%22:%22portrait%22%7D,%22large%22:%7B%22height%22:960,%22width%22:640,%22url%22:%22https:\/\/080barcelonafashion.catwp-content\/uploads\/2023\/05\/Artelier-110262-683x1024.jpg%22,%22orientation%22:%22portrait%22%7D,%22full%22:%7B%22url%22:%22https:\/\/080barcelonafashion.catwp-content\/uploads\/2023\/05\/Artelier-110262.jpg%22,%22height%22:2488,%22width%22:1659,%22orientation%22:%22portrait%22%7D%7D%7D,%7B%22alt%22:%22%22,%22title%22:%22%22,%22caption%22:%22%22,%22description%22:%22%22,%22id%22:585,%22link%22:%22https:\/\/080barcelonafashion.cates_ES\/designer\/the-artelier\/artelier-110299\/%22,%22url%22:%22https:\/\/080barcelonafashion.catwp-content\/uploads\/2023\/05\/Artelier-110299.jpg%22,%22sizes%22:%7B%22thumbnail%22:%7B%22height%22:150,%22width%22:150,%22url%22:%22https:\/\/080barcelonafashion.catwp-content\/uploads\/2023\/05\/Artelier-110299-150x150.jpg%22,%22orientation%22:%22landscape%22%7D,%22medium%22:%7B%22height%22:300,%22width%22:200,%22url%22:%22https:\/\/080barcelonafashion.catwp-content\/uploads\/2023\/05\/Artelier-110299-200x300.jpg%22,%22orientation%22:%22portrait%22%7D,%22large%22:%7B%22height%22:960,%22width%22:640,%22url%22:%22https:\/\/080barcelonafashion.catwp-content\/uploads\/2023\/05\/Artelier-110299-683x1024.jpg%22,%22orientation%22:%22portrait%22%7D,%22full%22:%7B%22url%22:%22https:\/\/080barcelonafashion.catwp-content\/uploads\/2023\/05\/Artelier-110299.jpg%22,%22height%22:2488,%22width%22:1659,%22orientation%22:%22portrait%22%7D%7D%7D,%7B%22alt%22:%22%22,%22title%22:%22%22,%22caption%22:%22%22,%22description%22:%22%22,%22id%22:589,%22link%22:%22https:\/\/080barcelonafashion.cates_ES\/designer\/the-artelier\/artelier-110320\/%22,%22url%22:%22https:\/\/080barcelonafashion.catwp-content\/uploads\/2023\/05\/Artelier-110320.jpg%22,%22sizes%22:%7B%22thumbnail%22:%7B%22height%22:150,%22width%22:150,%22url%22:%22https:\/\/080barcelonafashion.catwp-content\/uploads\/2023\/05\/Artelier-110320-150x150.jpg%22,%22orientation%22:%22landscape%22%7D,%22medium%22:%7B%22height%22:300,%22width%22:200,%22url%22:%22https:\/\/080barcelonafashion.catwp-content\/uploads\/2023\/05\/Artelier-110320-200x300.jpg%22,%22orientation%22:%22portrait%22%7D,%22large%22:%7B%22height%22:960,%22width%22:640,%22url%22:%22https:\/\/080barcelonafashion.catwp-content\/uploads\/2023\/05\/Artelier-110320-683x1024.jpg%22,%22orientation%22:%22portrait%22%7D,%22full%22:%7B%22url%22:%22https:\/\/080barcelonafashion.catwp-content\/uploads\/2023\/05\/Artelier-110320.jpg%22,%22height%22:2488,%22width%22:1659,%22orientation%22:%22portrait%22%7D%7D%7D,%7B%22alt%22:%22%22,%22title%22:%22%22,%22caption%22:%22%22,%22description%22:%22%22,%22id%22:590,%22link%22:%22https:\/\/080barcelonafashion.cates_ES\/designer\/the-artelier\/artelier-110327\/%22,%22url%22:%22https:\/\/080barcelonafashion.catwp-content\/uploads\/2023\/05\/Artelier-110327.jpg%22,%22sizes%22:%7B%22thumbnail%22:%7B%22height%22:150,%22width%22:150,%22url%22:%22https:\/\/080barcelonafashion.catwp-content\/uploads\/2023\/05\/Artelier-110327-150x150.jpg%22,%22orientation%22:%22landscape%22%7D,%22medium%22:%7B%22height%22:300,%22width%22:200,%22url%22:%22https:\/\/080barcelonafashion.catwp-content\/uploads\/2023\/05\/Artelier-110327-200x300.jpg%22,%22orientation%22:%22portrait%22%7D,%22large%22:%7B%22height%22:960,%22width%22:640,%22url%22:%22https:\/\/080barcelonafashion.catwp-content\/uploads\/2023\/05\/Artelier-110327-683x1024.jpg%22,%22orientation%22:%22portrait%22%7D,%22full%22:%7B%22url%22:%22https:\/\/080barcelonafashion.catwp-content\/uploads\/2023\/05\/Artelier-110327.jpg%22,%22height%22:2488,%22width%22:1659,%22orientation%22:%22portrait%22%7D%7D%7D,%7B%22alt%22:%22%22,%22title%22:%22%22,%22caption%22:%22%22,%22description%22:%22%22,%22id%22:593,%22link%22:%22https:\/\/080barcelonafashion.cates_ES\/designer\/the-artelier\/artelier-110361\/%22,%22url%22:%22https:\/\/080barcelonafashion.catwp-content\/uploads\/2023\/05\/Artelier-110361.jpg%22,%22sizes%22:%7B%22thumbnail%22:%7B%22height%22:150,%22width%22:150,%22url%22:%22https:\/\/080barcelonafashion.catwp-content\/uploads\/2023\/05\/Artelier-110361-150x150.jpg%22,%22orientation%22:%22landscape%22%7D,%22medium%22:%7B%22height%22:300,%22width%22:200,%22url%22:%22https:\/\/080barcelonafashion.catwp-content\/uploads\/2023\/05\/Artelier-110361-200x300.jpg%22,%22orientation%22:%22portrait%22%7D,%22large%22:%7B%22height%22:960,%22width%22:640,%22url%22:%22https:\/\/080barcelonafashion.catwp-content\/uploads\/2023\/05\/Artelier-110361-683x1024.jpg%22,%22orientation%22:%22portrait%22%7D,%22full%22:%7B%22url%22:%22https:\/\/080barcelonafashion.catwp-content\/uploads\/2023\/05\/Artelier-110361.jpg%22,%22height%22:2488,%22width%22:1659,%22orientation%22:%22portrait%22%7D%7D%7D,%7B%22alt%22:%22%22,%22title%22:%22%22,%22caption%22:%22%22,%22description%22:%22%22,%22id%22:595,%22link%22:%22https:\/\/080barcelonafashion.cates_ES\/designer\/the-artelier\/artelier-110386\/%22,%22url%22:%22https:\/\/080barcelonafashion.catwp-content\/uploads\/2023\/05\/Artelier-110386.jpg%22,%22sizes%22:%7B%22thumbnail%22:%7B%22height%22:150,%22width%22:150,%22url%22:%22https:\/\/080barcelonafashion.catwp-content\/uploads\/2023\/05\/Artelier-110386-150x150.jpg%22,%22orientation%22:%22landscape%22%7D,%22medium%22:%7B%22height%22:300,%22width%22:200,%22url%22:%22https:\/\/080barcelonafashion.catwp-content\/uploads\/2023\/05\/Artelier-110386-200x300.jpg%22,%22orientation%22:%22portrait%22%7D,%22large%22:%7B%22height%22:960,%22width%22:640,%22url%22:%22https:\/\/080barcelonafashion.catwp-content\/uploads\/2023\/05\/Artelier-110386-683x1024.jpg%22,%22orientation%22:%22portrait%22%7D,%22full%22:%7B%22url%22:%22https:\/\/080barcelonafashion.catwp-content\/uploads\/2023\/05\/Artelier-110386.jpg%22,%22height%22:2488,%22width%22:1659,%22orientation%22:%22portrait%22%7D%7D%7D,%7B%22alt%22:%22%22,%22title%22:%22%22,%22caption%22:%22%22,%22description%22:%22%22,%22id%22:598,%22link%22:%22https:\/\/080barcelonafashion.cates_ES\/designer\/the-artelier\/artelier-110411\/%22,%22url%22:%22https:\/\/080barcelonafashion.catwp-content\/uploads\/2023\/05\/Artelier-110411.jpg%22,%22sizes%22:%7B%22thumbnail%22:%7B%22height%22:150,%22width%22:150,%22url%22:%22https:\/\/080barcelonafashion.catwp-content\/uploads\/2023\/05\/Artelier-110411-150x150.jpg%22,%22orientation%22:%22landscape%22%7D,%22medium%22:%7B%22height%22:300,%22width%22:200,%22url%22:%22https:\/\/080barcelonafashion.catwp-content\/uploads\/2023\/05\/Artelier-110411-200x300.jpg%22,%22orientation%22:%22portrait%22%7D,%22large%22:%7B%22height%22:960,%22width%22:640,%22url%22:%22https:\/\/080barcelonafashion.catwp-content\/uploads\/2023\/05\/Artelier-110411-683x1024.jpg%22,%22orientation%22:%22portrait%22%7D,%22full%22:%7B%22url%22:%22https:\/\/080barcelonafashion.catwp-content\/uploads\/2023\/05\/Artelier-110411.jpg%22,%22height%22:2488,%22width%22:1659,%22orientation%22:%22portrait%22%7D%7D%7D,%7B%22alt%22:%22%22,%22title%22:%22%22,%22caption%22:%22%22,%22description%22:%22%22,%22id%22:600,%22link%22:%22https:\/\/080barcelonafashion.cates_ES\/designer\/the-artelier\/artelier-110445\/%22,%22url%22:%22https:\/\/080barcelonafashion.catwp-content\/uploads\/2023\/05\/Artelier-110445.jpg%22,%22sizes%22:%7B%22thumbnail%22:%7B%22height%22:150,%22width%22:150,%22url%22:%22https:\/\/080barcelonafashion.catwp-content\/uploads\/2023\/05\/Artelier-110445-150x150.jpg%22,%22orientation%22:%22landscape%22%7D,%22medium%22:%7B%22height%22:300,%22width%22:200,%22url%22:%22https:\/\/080barcelonafashion.catwp-content\/uploads\/2023\/05\/Artelier-110445-200x300.jpg%22,%22orientation%22:%22portrait%22%7D,%22large%22:%7B%22height%22:960,%22width%22:640,%22url%22:%22https:\/\/080barcelonafashion.catwp-content\/uploads\/2023\/05\/Artelier-110445-683x1024.jpg%22,%22orientation%22:%22portrait%22%7D,%22full%22:%7B%22url%22:%22https:\/\/080barcelonafashion.catwp-content\/uploads\/2023\/05\/Artelier-110445.jpg%22,%22height%22:2488,%22width%22:1659,%22orientation%22:%22portrait%22%7D%7D%7D,%7B%22alt%22:%22%22,%22title%22:%22%22,%22caption%22:%22%22,%22description%22:%22%22,%22id%22:603,%22link%22:%22https:\/\/080barcelonafashion.cates_ES\/designer\/the-artelier\/artelier-110475\/%22,%22url%22:%22https:\/\/080barcelonafashion.catwp-content\/uploads\/2023\/05\/Artelier-110475.jpg%22,%22sizes%22:%7B%22thumbnail%22:%7B%22height%22:150,%22width%22:150,%22url%22:%22https:\/\/080barcelonafashion.catwp-content\/uploads\/2023\/05\/Artelier-110475-150x150.jpg%22,%22orientation%22:%22landscape%22%7D,%22medium%22:%7B%22height%22:300,%22width%22:200,%22url%22:%22https:\/\/080barcelonafashion.catwp-content\/uploads\/2023\/05\/Artelier-110475-200x300.jpg%22,%22orientation%22:%22portrait%22%7D,%22large%22:%7B%22height%22:960,%22width%22:640,%22url%22:%22https:\/\/080barcelonafashion.catwp-content\/uploads\/2023\/05\/Artelier-110475-683x1024.jpg%22,%22orientation%22:%22portrait%22%7D,%22full%22:%7B%22url%22:%22https:\/\/080barcelonafashion.catwp-content\/uploads\/2023\/05\/Artelier-110475.jpg%22,%22height%22:2488,%22width%22:1659,%22orientation%22:%22portrait%22%7D%7D%7D,%7B%22alt%22:%22%22,%22title%22:%22%22,%22caption%22:%22%22,%22description%22:%22%22,%22id%22:604,%22link%22:%22https:\/\/080barcelonafashion.cates_ES\/designer\/the-artelier\/artelier-110484\/%22,%22url%22:%22https:\/\/080barcelonafashion.catwp-content\/uploads\/2023\/05\/Artelier-110484.jpg%22,%22sizes%22:%7B%22thumbnail%22:%7B%22height%22:150,%22width%22:150,%22url%22:%22https:\/\/080barcelonafashion.catwp-content\/uploads\/2023\/05\/Artelier-110484-150x150.jpg%22,%22orientation%22:%22landscape%22%7D,%22medium%22:%7B%22height%22:300,%22width%22:200,%22url%22:%22https:\/\/080barcelonafashion.catwp-content\/uploads\/2023\/05\/Artelier-110484-200x300.jpg%22,%22orientation%22:%22portrait%22%7D,%22large%22:%7B%22height%22:960,%22width%22:640,%22url%22:%22https:\/\/080barcelonafashion.catwp-content\/uploads\/2023\/05\/Artelier-110484-683x1024.jpg%22,%22orientation%22:%22portrait%22%7D,%22full%22:%7B%22url%22:%22https:\/\/080barcelonafashion.catwp-content\/uploads\/2023\/05\/Artelier-110484.jpg%22,%22height%22:2488,%22width%22:1659,%22orientation%22:%22portrait%22%7D%7D%7D,%7B%22alt%22:%22%22,%22title%22:%22%22,%22caption%22:%22%22,%22description%22:%22%22,%22id%22:607,%22link%22:%22https:\/\/080barcelonafashion.cates_ES\/designer\/the-artelier\/artelier-110495\/%22,%22url%22:%22https:\/\/080barcelonafashion.catwp-content\/uploads\/2023\/05\/Artelier-110495.jpg%22,%22sizes%22:%7B%22thumbnail%22:%7B%22height%22:150,%22width%22:150,%22url%22:%22https:\/\/080barcelonafashion.catwp-content\/uploads\/2023\/05\/Artelier-110495-150x150.jpg%22,%22orientation%22:%22landscape%22%7D,%22medium%22:%7B%22height%22:300,%22width%22:200,%22url%22:%22https:\/\/080barcelonafashion.catwp-content\/uploads\/2023\/05\/Artelier-110495-200x300.jpg%22,%22orientation%22:%22portrait%22%7D,%22large%22:%7B%22height%22:960,%22width%22:640,%22url%22:%22https:\/\/080barcelonafashion.catwp-content\/uploads\/2023\/05\/Artelier-110495-683x1024.jpg%22,%22orientation%22:%22portrait%22%7D,%22full%22:%7B%22url%22:%22https:\/\/080barcelonafashion.catwp-content\/uploads\/2023\/05\/Artelier-110495.jpg%22,%22height%22:2488,%22width%22:1659,%22orientation%22:%22portrait%22%7D%7D%7D,%7B%22alt%22:%22%22,%22title%22:%22%22,%22caption%22:%22%22,%22description%22:%22%22,%22id%22:608,%22link%22:%22https:\/\/080barcelonafashion.cates_ES\/designer\/the-artelier\/artelier-110514\/%22,%22url%22:%22https:\/\/080barcelonafashion.catwp-content\/uploads\/2023\/05\/Artelier-110514.jpg%22,%22sizes%22:%7B%22thumbnail%22:%7B%22height%22:150,%22width%22:150,%22url%22:%22https:\/\/080barcelonafashion.catwp-content\/uploads\/2023\/05\/Artelier-110514-150x150.jpg%22,%22orientation%22:%22landscape%22%7D,%22medium%22:%7B%22height%22:300,%22width%22:200,%22url%22:%22https:\/\/080barcelonafashion.catwp-content\/uploads\/2023\/05\/Artelier-110514-200x300.jpg%22,%22orientation%22:%22portrait%22%7D,%22large%22:%7B%22height%22:960,%22width%22:640,%22url%22:%22https:\/\/080barcelonafashion.catwp-content\/uploads\/2023\/05\/Artelier-110514-683x1024.jpg%22,%22orientation%22:%22portrait%22%7D,%22full%22:%7B%22url%22:%22https:\/\/080barcelonafashion.catwp-content\/uploads\/2023\/05\/Artelier-110514.jpg%22,%22height%22:2488,%22width%22:1659,%22orientation%22:%22portrait%22%7D%7D%7D,%7B%22alt%22:%22%22,%22title%22:%22%22,%22caption%22:%22%22,%22description%22:%22%22,%22id%22:609,%22link%22:%22https:\/\/080barcelonafashion.cates_ES\/designer\/the-artelier\/artelier-110525\/%22,%22url%22:%22https:\/\/080barcelonafashion.catwp-content\/uploads\/2023\/05\/Artelier-110525.jpg%22,%22sizes%22:%7B%22thumbnail%22:%7B%22height%22:150,%22width%22:150,%22url%22:%22https:\/\/080barcelonafashion.catwp-content\/uploads\/2023\/05\/Artelier-110525-150x150.jpg%22,%22orientation%22:%22landscape%22%7D,%22medium%22:%7B%22height%22:300,%22width%22:200,%22url%22:%22https:\/\/080barcelonafashion.catwp-content\/uploads\/2023\/05\/Artelier-110525-200x300.jpg%22,%22orientation%22:%22portrait%22%7D,%22large%22:%7B%22height%22:960,%22width%22:640,%22url%22:%22https:\/\/080barcelonafashion.catwp-content\/uploads\/2023\/05\/Artelier-110525-683x1024.jpg%22,%22orientation%22:%22portrait%22%7D,%22full%22:%7B%22url%22:%22https:\/\/080barcelonafashion.catwp-content\/uploads\/2023\/05\/Artelier-110525.jpg%22,%22height%22:2488,%22width%22:1659,%22orientation%22:%22portrait%22%7D%7D%7D,%7B%22alt%22:%22%22,%22title%22:%22%22,%22caption%22:%22%22,%22description%22:%22%22,%22id%22:610,%22link%22:%22https:\/\/080barcelonafashion.cates_ES\/designer\/the-artelier\/artelier-110534\/%22,%22url%22:%22https:\/\/080barcelonafashion.catwp-content\/uploads\/2023\/05\/Artelier-110534.jpg%22,%22sizes%22:%7B%22thumbnail%22:%7B%22height%22:150,%22width%22:150,%22url%22:%22https:\/\/080barcelonafashion.catwp-content\/uploads\/2023\/05\/Artelier-110534-150x150.jpg%22,%22orientation%22:%22landscape%22%7D,%22medium%22:%7B%22height%22:300,%22width%22:200,%22url%22:%22https:\/\/080barcelonafashion.catwp-content\/uploads\/2023\/05\/Artelier-110534-200x300.jpg%22,%22orientation%22:%22portrait%22%7D,%22large%22:%7B%22height%22:960,%22width%22:640,%22url%22:%22https:\/\/080barcelonafashion.catwp-content\/uploads\/2023\/05\/Artelier-110534-683x1024.jpg%22,%22orientation%22:%22portrait%22%7D,%22full%22:%7B%22url%22:%22https:\/\/080barcelonafashion.catwp-content\/uploads\/2023\/05\/Artelier-110534.jpg%22,%22height%22:2488,%22width%22:1659,%22orientation%22:%22portrait%22%7D%7D%7D,%7B%22alt%22:%22%22,%22title%22:%22%22,%22caption%22:%22%22,%22description%22:%22%22,%22id%22:611,%22link%22:%22https:\/\/080barcelonafashion.cates_ES\/designer\/the-artelier\/artelier-110553\/%22,%22url%22:%22https:\/\/080barcelonafashion.catwp-content\/uploads\/2023\/05\/Artelier-110553.jpg%22,%22sizes%22:%7B%22thumbnail%22:%7B%22height%22:150,%22width%22:150,%22url%22:%22https:\/\/080barcelonafashion.catwp-content\/uploads\/2023\/05\/Artelier-110553-150x150.jpg%22,%22orientation%22:%22landscape%22%7D,%22medium%22:%7B%22height%22:300,%22width%22:200,%22url%22:%22https:\/\/080barcelonafashion.catwp-content\/uploads\/2023\/05\/Artelier-110553-200x300.jpg%22,%22orientation%22:%22portrait%22%7D,%22large%22:%7B%22height%22:960,%22width%22:640,%22url%22:%22https:\/\/080barcelonafashion.catwp-content\/uploads\/2023\/05\/Artelier-110553-683x1024.jpg%22,%22orientation%22:%22portrait%22%7D,%22full%22:%7B%22url%22:%22https:\/\/080barcelonafashion.catwp-content\/uploads\/2023\/05\/Artelier-110553.jpg%22,%22height%22:2488,%22width%22:1659,%22orientation%22:%22portrait%22%7D%7D%7D,%7B%22alt%22:%22%22,%22title%22:%22%22,%22caption%22:%22%22,%22description%22:%22%22,%22id%22:612,%22link%22:%22https:\/\/080barcelonafashion.cates_ES\/designer\/the-artelier\/artelier-110577\/%22,%22url%22:%22https:\/\/080barcelonafashion.catwp-content\/uploads\/2023\/05\/Artelier-110577.jpg%22,%22sizes%22:%7B%22thumbnail%22:%7B%22height%22:150,%22width%22:150,%22url%22:%22https:\/\/080barcelonafashion.catwp-content\/uploads\/2023\/05\/Artelier-110577-150x150.jpg%22,%22orientation%22:%22landscape%22%7D,%22medium%22:%7B%22height%22:300,%22width%22:200,%22url%22:%22https:\/\/080barcelonafashion.catwp-content\/uploads\/2023\/05\/Artelier-110577-200x300.jpg%22,%22orientation%22:%22portrait%22%7D,%22large%22:%7B%22height%22:960,%22width%22:640,%22url%22:%22https:\/\/080barcelonafashion.catwp-content\/uploads\/2023\/05\/Artelier-110577-683x1024.jpg%22,%22orientation%22:%22portrait%22%7D,%22full%22:%7B%22url%22:%22https:\/\/080barcelonafashion.catwp-content\/uploads\/2023\/05\/Artelier-110577.jpg%22,%22height%22:2488,%22width%22:1659,%22orientation%22:%22portrait%22%7D%7D%7D,%7B%22alt%22:%22%22,%22title%22:%22%22,%22caption%22:%22%22,%22description%22:%22%22,%22id%22:613,%22link%22:%22https:\/\/080barcelonafashion.cates_ES\/designer\/the-artelier\/artelier-110592\/%22,%22url%22:%22https:\/\/080barcelonafashion.catwp-content\/uploads\/2023\/05\/Artelier-110592.jpg%22,%22sizes%22:%7B%22thumbnail%22:%7B%22height%22:150,%22width%22:150,%22url%22:%22https:\/\/080barcelonafashion.catwp-content\/uploads\/2023\/05\/Artelier-110592-150x150.jpg%22,%22orientation%22:%22landscape%22%7D,%22medium%22:%7B%22height%22:300,%22width%22:200,%22url%22:%22https:\/\/080barcelonafashion.catwp-content\/uploads\/2023\/05\/Artelier-110592-200x300.jpg%22,%22orientation%22:%22portrait%22%7D,%22large%22:%7B%22height%22:960,%22width%22:640,%22url%22:%22https:\/\/080barcelonafashion.catwp-content\/uploads\/2023\/05\/Artelier-110592-683x1024.jpg%22,%22orientation%22:%22portrait%22%7D,%22full%22:%7B%22url%22:%22https:\/\/080barcelonafashion.catwp-content\/uploads\/2023\/05\/Artelier-110592.jpg%22,%22height%22:2488,%22width%22:1659,%22orientation%22:%22portrait%22%7D%7D%7D,%7B%22alt%22:%22%22,%22title%22:%22%22,%22caption%22:%22%22,%22description%22:%22%22,%22id%22:615,%22link%22:%22https:\/\/080barcelonafashion.cates_ES\/designer\/the-artelier\/artelier-110597\/%22,%22url%22:%22https:\/\/080barcelonafashion.catwp-content\/uploads\/2023\/05\/Artelier-110597.jpg%22,%22sizes%22:%7B%22thumbnail%22:%7B%22height%22:150,%22width%22:150,%22url%22:%22https:\/\/080barcelonafashion.catwp-content\/uploads\/2023\/05\/Artelier-110597-150x150.jpg%22,%22orientation%22:%22landscape%22%7D,%22medium%22:%7B%22height%22:300,%22width%22:200,%22url%22:%22https:\/\/080barcelonafashion.catwp-content\/uploads\/2023\/05\/Artelier-110597-200x300.jpg%22,%22orientation%22:%22portrait%22%7D,%22large%22:%7B%22height%22:960,%22width%22:640,%22url%22:%22https:\/\/080barcelonafashion.catwp-content\/uploads\/2023\/05\/Artelier-110597-683x1024.jpg%22,%22orientation%22:%22portrait%22%7D,%22full%22:%7B%22url%22:%22https:\/\/080barcelonafashion.catwp-content\/uploads\/2023\/05\/Artelier-110597.jpg%22,%22height%22:2488,%22width%22:1659,%22orientation%22:%22portrait%22%7D%7D%7D,%7B%22alt%22:%22%22,%22title%22:%22%22,%22caption%22:%22%22,%22description%22:%22%22,%22id%22:616,%22link%22:%22https:\/\/080barcelonafashion.cates_ES\/designer\/the-artelier\/artelier-110611\/%22,%22url%22:%22https:\/\/080barcelonafashion.catwp-content\/uploads\/2023\/05\/Artelier-110611.jpg%22,%22sizes%22:%7B%22thumbnail%22:%7B%22height%22:150,%22width%22:150,%22url%22:%22https:\/\/080barcelonafashion.catwp-content\/uploads\/2023\/05\/Artelier-110611-150x150.jpg%22,%22orientation%22:%22landscape%22%7D,%22medium%22:%7B%22height%22:300,%22width%22:200,%22url%22:%22https:\/\/080barcelonafashion.catwp-content\/uploads\/2023\/05\/Artelier-110611-200x300.jpg%22,%22orientation%22:%22portrait%22%7D,%22large%22:%7B%22height%22:960,%22width%22:640,%22url%22:%22https:\/\/080barcelonafashion.catwp-content\/uploads\/2023\/05\/Artelier-110611-683x1024.jpg%22,%22orientation%22:%22portrait%22%7D,%22full%22:%7B%22url%22:%22https:\/\/080barcelonafashion.catwp-content\/uploads\/2023\/05\/Artelier-110611.jpg%22,%22height%22:2488,%22width%22:1659,%22orientation%22:%22portrait%22%7D%7D%7D,%7B%22alt%22:%22%22,%22title%22:%22%22,%22caption%22:%22%22,%22description%22:%22%22,%22id%22:617,%22link%22:%22https:\/\/080barcelonafashion.cates_ES\/designer\/the-artelier\/artelier-110619\/%22,%22url%22:%22https:\/\/080barcelonafashion.catwp-content\/uploads\/2023\/05\/Artelier-110619.jpg%22,%22sizes%22:%7B%22thumbnail%22:%7B%22height%22:150,%22width%22:150,%22url%22:%22https:\/\/080barcelonafashion.catwp-content\/uploads\/2023\/05\/Artelier-110619-150x150.jpg%22,%22orientation%22:%22landscape%22%7D,%22medium%22:%7B%22height%22:300,%22width%22:200,%22url%22:%22https:\/\/080barcelonafashion.catwp-content\/uploads\/2023\/05\/Artelier-110619-200x300.jpg%22,%22orientation%22:%22portrait%22%7D,%22large%22:%7B%22height%22:960,%22width%22:640,%22url%22:%22https:\/\/080barcelonafashion.catwp-content\/uploads\/2023\/05\/Artelier-110619-683x1024.jpg%22,%22orientation%22:%22portrait%22%7D,%22full%22:%7B%22url%22:%22https:\/\/080barcelonafashion.catwp-content\/uploads\/2023\/05\/Artelier-110619.jpg%22,%22height%22:2488,%22width%22:1659,%22orientation%22:%22portrait%22%7D%7D%7D,%7B%22alt%22:%22%22,%22title%22:%22%22,%22caption%22:%22%22,%22description%22:%22%22,%22id%22:619,%22link%22:%22https:\/\/080barcelonafashion.cates_ES\/designer\/the-artelier\/artelier-110633\/%22,%22url%22:%22https:\/\/080barcelonafashion.catwp-content\/uploads\/2023\/05\/Artelier-110633.jpg%22,%22sizes%22:%7B%22thumbnail%22:%7B%22height%22:150,%22width%22:150,%22url%22:%22https:\/\/080barcelonafashion.catwp-content\/uploads\/2023\/05\/Artelier-110633-150x150.jpg%22,%22orientation%22:%22landscape%22%7D,%22medium%22:%7B%22height%22:300,%22width%22:200,%22url%22:%22https:\/\/080barcelonafashion.catwp-content\/uploads\/2023\/05\/Artelier-110633-200x300.jpg%22,%22orientation%22:%22portrait%22%7D,%22large%22:%7B%22height%22:960,%22width%22:640,%22url%22:%22https:\/\/080barcelonafashion.catwp-content\/uploads\/2023\/05\/Artelier-110633-683x1024.jpg%22,%22orientation%22:%22portrait%22%7D,%22full%22:%7B%22url%22:%22https:\/\/080barcelonafashion.catwp-content\/uploads\/2023\/05\/Artelier-110633.jpg%22,%22height%22:2488,%22width%22:1659,%22orientation%22:%22portrait%22%7D%7D%7D,%7B%22alt%22:%22%22,%22title%22:%22%22,%22caption%22:%22%22,%22description%22:%22%22,%22id%22:620,%22link%22:%22https:\/\/080barcelonafashion.cates_ES\/designer\/the-artelier\/artelier-110648\/%22,%22url%22:%22https:\/\/080barcelonafashion.catwp-content\/uploads\/2023\/05\/Artelier-110648.jpg%22,%22sizes%22:%7B%22thumbnail%22:%7B%22height%22:150,%22width%22:150,%22url%22:%22https:\/\/080barcelonafashion.catwp-content\/uploads\/2023\/05\/Artelier-110648-150x150.jpg%22,%22orientation%22:%22landscape%22%7D,%22medium%22:%7B%22height%22:300,%22width%22:200,%22url%22:%22https:\/\/080barcelonafashion.catwp-content\/uploads\/2023\/05\/Artelier-110648-200x300.jpg%22,%22orientation%22:%22portrait%22%7D,%22large%22:%7B%22height%22:960,%22width%22:640,%22url%22:%22https:\/\/080barcelonafashion.catwp-content\/uploads\/2023\/05\/Artelier-110648-683x1024.jpg%22,%22orientation%22:%22portrait%22%7D,%22full%22:%7B%22url%22:%22https:\/\/080barcelonafashion.catwp-content\/uploads\/2023\/05\/Artelier-110648.jpg%22,%22height%22:2488,%22width%22:1659,%22orientation%22:%22portrait%22%7D%7D%7D,%7B%22alt%22:%22%22,%22title%22:%22%22,%22caption%22:%22%22,%22description%22:%22%22,%22id%22:621,%22link%22:%22https:\/\/080barcelonafashion.cates_ES\/designer\/the-artelier\/artelier-110669\/%22,%22url%22:%22https:\/\/080barcelonafashion.catwp-content\/uploads\/2023\/05\/Artelier-110669.jpg%22,%22sizes%22:%7B%22thumbnail%22:%7B%22height%22:150,%22width%22:150,%22url%22:%22https:\/\/080barcelonafashion.catwp-content\/uploads\/2023\/05\/Artelier-110669-150x150.jpg%22,%22orientation%22:%22landscape%22%7D,%22medium%22:%7B%22height%22:300,%22width%22:200,%22url%22:%22https:\/\/080barcelonafashion.catwp-content\/uploads\/2023\/05\/Artelier-110669-200x300.jpg%22,%22orientation%22:%22portrait%22%7D,%22large%22:%7B%22height%22:960,%22width%22:640,%22url%22:%22https:\/\/080barcelonafashion.catwp-content\/uploads\/2023\/05\/Artelier-110669-683x1024.jpg%22,%22orientation%22:%22portrait%22%7D,%22full%22:%7B%22url%22:%22https:\/\/080barcelonafashion.catwp-content\/uploads\/2023\/05\/Artelier-110669.jpg%22,%22height%22:2488,%22width%22:1659,%22orientation%22:%22portrait%22%7D%7D%7D,%7B%22alt%22:%22%22,%22title%22:%22%22,%22caption%22:%22%22,%22description%22:%22%22,%22id%22:624,%22link%22:%22https:\/\/080barcelonafashion.cates_ES\/designer\/the-artelier\/artelier-110704\/%22,%22url%22:%22https:\/\/080barcelonafashion.catwp-content\/uploads\/2023\/05\/Artelier-110704.jpg%22,%22sizes%22:%7B%22thumbnail%22:%7B%22height%22:150,%22width%22:150,%22url%22:%22https:\/\/080barcelonafashion.catwp-content\/uploads\/2023\/05\/Artelier-110704-150x150.jpg%22,%22orientation%22:%22landscape%22%7D,%22medium%22:%7B%22height%22:300,%22width%22:200,%22url%22:%22https:\/\/080barcelonafashion.catwp-content\/uploads\/2023\/05\/Artelier-110704-200x300.jpg%22,%22orientation%22:%22portrait%22%7D,%22large%22:%7B%22height%22:960,%22width%22:640,%22url%22:%22https:\/\/080barcelonafashion.catwp-content\/uploads\/2023\/05\/Artelier-110704-683x1024.jpg%22,%22orientation%22:%22portrait%22%7D,%22full%22:%7B%22url%22:%22https:\/\/080barcelonafashion.catwp-content\/uploads\/2023\/05\/Artelier-110704.jpg%22,%22height%22:2488,%22width%22:1659,%22orientation%22:%22portrait%22%7D%7D%7D,%7B%22alt%22:%22%22,%22title%22:%22%22,%22caption%22:%22%22,%22description%22:%22%22,%22id%22:625,%22link%22:%22https:\/\/080barcelonafashion.cates_ES\/designer\/the-artelier\/artelier-110723\/%22,%22url%22:%22https:\/\/080barcelonafashion.catwp-content\/uploads\/2023\/05\/Artelier-110723.jpg%22,%22sizes%22:%7B%22thumbnail%22:%7B%22height%22:150,%22width%22:150,%22url%22:%22https:\/\/080barcelonafashion.catwp-content\/uploads\/2023\/05\/Artelier-110723-150x150.jpg%22,%22orientation%22:%22landscape%22%7D,%22medium%22:%7B%22height%22:300,%22width%22:200,%22url%22:%22https:\/\/080barcelonafashion.catwp-content\/uploads\/2023\/05\/Artelier-110723-200x300.jpg%22,%22orientation%22:%22portrait%22%7D,%22large%22:%7B%22height%22:960,%22width%22:640,%22url%22:%22https:\/\/080barcelonafashion.catwp-content\/uploads\/2023\/05\/Artelier-110723-683x1024.jpg%22,%22orientation%22:%22portrait%22%7D,%22full%22:%7B%22url%22:%22https:\/\/080barcelonafashion.catwp-content\/uploads\/2023\/05\/Artelier-110723.jpg%22,%22height%22:2488,%22width%22:1659,%22orientation%22:%22portrait%22%7D%7D%7D,%7B%22alt%22:%22%22,%22title%22:%22%22,%22caption%22:%22%22,%22description%22:%22%22,%22id%22:628,%22link%22:%22https:\/\/080barcelonafashion.cates_ES\/designer\/the-artelier\/artelier-110756\/%22,%22url%22:%22https:\/\/080barcelonafashion.catwp-content\/uploads\/2023\/05\/Artelier-110756.jpg%22,%22sizes%22:%7B%22thumbnail%22:%7B%22height%22:150,%22width%22:150,%22url%22:%22https:\/\/080barcelonafashion.catwp-content\/uploads\/2023\/05\/Artelier-110756-150x150.jpg%22,%22orientation%22:%22landscape%22%7D,%22medium%22:%7B%22height%22:200,%22width%22:300,%22url%22:%22https:\/\/080barcelonafashion.catwp-content\/uploads\/2023\/05\/Artelier-110756-300x200.jpg%22,%22orientation%22:%22landscape%22%7D,%22large%22:%7B%22height%22:427,%22width%22:640,%22url%22:%22https:\/\/080barcelonafashion.catwp-content\/uploads\/2023\/05\/Artelier-110756-1024x683.jpg%22,%22orientation%22:%22landscape%22%7D,%22full%22:%7B%22url%22:%22https:\/\/080barcelonafashion.catwp-content\/uploads\/2023\/05\/Artelier-110756.jpg%22,%22height%22:1659,%22width%22:2488,%22orientation%22:%22landscape%22%7D%7D%7D,%7B%22alt%22:%22%22,%22title%22:%22%22,%22caption%22:%22%22,%22description%22:%22%22,%22id%22:629,%22link%22:%22https:\/\/080barcelonafashion.cates_ES\/designer\/the-artelier\/artelier-110774\/%22,%22url%22:%22https:\/\/080barcelonafashion.catwp-content\/uploads\/2023\/05\/Artelier-110774.jpg%22,%22sizes%22:%7B%22thumbnail%22:%7B%22height%22:150,%22width%22:150,%22url%22:%22https:\/\/080barcelonafashion.catwp-content\/uploads\/2023\/05\/Artelier-110774-150x150.jpg%22,%22orientation%22:%22landscape%22%7D,%22medium%22:%7B%22height%22:300,%22width%22:200,%22url%22:%22https:\/\/080barcelonafashion.catwp-content\/uploads\/2023\/05\/Artelier-110774-200x300.jpg%22,%22orientation%22:%22portrait%22%7D,%22large%22:%7B%22height%22:960,%22width%22:640,%22url%22:%22https:\/\/080barcelonafashion.catwp-content\/uploads\/2023\/05\/Artelier-110774-683x1024.jpg%22,%22orientation%22:%22portrait%22%7D,%22full%22:%7B%22url%22:%22https:\/\/080barcelonafashion.catwp-content\/uploads\/2023\/05\/Artelier-110774.jpg%22,%22height%22:2488,%22width%22:1659,%22orientation%22:%22portrait%22%7D%7D%7D,%7B%22alt%22:%22%22,%22title%22:%22%22,%22caption%22:%22%22,%22description%22:%22%22,%22id%22:630,%22link%22:%22https:\/\/080barcelonafashion.cates_ES\/designer\/the-artelier\/artelier-110785\/%22,%22url%22:%22https:\/\/080barcelonafashion.catwp-content\/uploads\/2023\/05\/Artelier-110785.jpg%22,%22sizes%22:%7B%22thumbnail%22:%7B%22height%22:150,%22width%22:150,%22url%22:%22https:\/\/080barcelonafashion.catwp-content\/uploads\/2023\/05\/Artelier-110785-150x150.jpg%22,%22orientation%22:%22landscape%22%7D,%22medium%22:%7B%22height%22:300,%22width%22:200,%22url%22:%22https:\/\/080barcelonafashion.catwp-content\/uploads\/2023\/05\/Artelier-110785-200x300.jpg%22,%22orientation%22:%22portrait%22%7D,%22large%22:%7B%22height%22:960,%22width%22:640,%22url%22:%22https:\/\/080barcelonafashion.catwp-content\/uploads\/2023\/05\/Artelier-110785-683x1024.jpg%22,%22orientation%22:%22portrait%22%7D,%22full%22:%7B%22url%22:%22https:\/\/080barcelonafashion.catwp-content\/uploads\/2023\/05\/Artelier-110785.jpg%22,%22height%22:2488,%22width%22:1659,%22orientation%22:%22portrait%22%7D%7D%7D,%7B%22alt%22:%22%22,%22title%22:%22%22,%22caption%22:%22%22,%22description%22:%22%22,%22id%22:632,%22link%22:%22https:\/\/080barcelonafashion.cates_ES\/designer\/the-artelier\/artelier-110789\/%22,%22url%22:%22https:\/\/080barcelonafashion.catwp-content\/uploads\/2023\/05\/Artelier-110789.jpg%22,%22sizes%22:%7B%22thumbnail%22:%7B%22height%22:150,%22width%22:150,%22url%22:%22https:\/\/080barcelonafashion.catwp-content\/uploads\/2023\/05\/Artelier-110789-150x150.jpg%22,%22orientation%22:%22landscape%22%7D,%22medium%22:%7B%22height%22:300,%22width%22:200,%22url%22:%22https:\/\/080barcelonafashion.catwp-content\/uploads\/2023\/05\/Artelier-110789-200x300.jpg%22,%22orientation%22:%22portrait%22%7D,%22large%22:%7B%22height%22:960,%22width%22:640,%22url%22:%22https:\/\/080barcelonafashion.catwp-content\/uploads\/2023\/05\/Artelier-110789-683x1024.jpg%22,%22orientation%22:%22portrait%22%7D,%22full%22:%7B%22url%22:%22https:\/\/080barcelonafashion.catwp-content\/uploads\/2023\/05\/Artelier-110789.jpg%22,%22height%22:2488,%22width%22:1659,%22orientation%22:%22portrait%22%7D%7D%7D,%7B%22alt%22:%22%22,%22title%22:%22%22,%22caption%22:%22%22,%22description%22:%22%22,%22id%22:635,%22link%22:%22https:\/\/080barcelonafashion.cates_ES\/designer\/the-artelier\/artelier-110824\/%22,%22url%22:%22https:\/\/080barcelonafashion.catwp-content\/uploads\/2023\/05\/Artelier-110824.jpg%22,%22sizes%22:%7B%22thumbnail%22:%7B%22height%22:150,%22width%22:150,%22url%22:%22https:\/\/080barcelonafashion.catwp-content\/uploads\/2023\/05\/Artelier-110824-150x150.jpg%22,%22orientation%22:%22landscape%22%7D,%22medium%22:%7B%22height%22:200,%22width%22:300,%22url%22:%22https:\/\/080barcelonafashion.catwp-content\/uploads\/2023\/05\/Artelier-110824-300x200.jpg%22,%22orientation%22:%22landscape%22%7D,%22large%22:%7B%22height%22:427,%22width%22:640,%22url%22:%22https:\/\/080barcelonafashion.catwp-content\/uploads\/2023\/05\/Artelier-110824-1024x683.jpg%22,%22orientation%22:%22landscape%22%7D,%22full%22:%7B%22url%22:%22https:\/\/080barcelonafashion.catwp-content\/uploads\/2023\/05\/Artelier-110824.jpg%22,%22height%22:1659,%22width%22:2488,%22orientation%22:%22landscape%22%7D%7D%7D,%7B%22alt%22:%22%22,%22title%22:%22%22,%22caption%22:%22%22,%22description%22:%22%22,%22id%22:636,%22link%22:%22https:\/\/080barcelonafashion.cates_ES\/designer\/the-artelier\/artelier-110842\/%22,%22url%22:%22https:\/\/080barcelonafashion.catwp-content\/uploads\/2023\/05\/Artelier-110842.jpg%22,%22sizes%22:%7B%22thumbnail%22:%7B%22height%22:150,%22width%22:150,%22url%22:%22https:\/\/080barcelonafashion.catwp-content\/uploads\/2023\/05\/Artelier-110842-150x150.jpg%22,%22orientation%22:%22landscape%22%7D,%22medium%22:%7B%22height%22:200,%22width%22:300,%22url%22:%22https:\/\/080barcelonafashion.catwp-content\/uploads\/2023\/05\/Artelier-110842-300x200.jpg%22,%22orientation%22:%22landscape%22%7D,%22large%22:%7B%22height%22:427,%22width%22:640,%22url%22:%22https:\/\/080barcelonafashion.catwp-content\/uploads\/2023\/05\/Artelier-110842-1024x683.jpg%22,%22orientation%22:%22landscape%22%7D,%22full%22:%7B%22url%22:%22https:\/\/080barcelonafashion.catwp-content\/uploads\/2023\/05\/Artelier-110842.jpg%22,%22height%22:1659,%22width%22:2488,%22orientation%22:%22landscape%22%7D%7D%7D,%7B%22alt%22:%22%22,%22title%22:%22%22,%22caption%22:%22%22,%22description%22:%22%22,%22id%22:637,%22link%22:%22https:\/\/080barcelonafashion.cates_ES\/designer\/the-artelier\/artelier-110851\/%22,%22url%22:%22https:\/\/080barcelonafashion.catwp-content\/uploads\/2023\/05\/Artelier-110851.jpg%22,%22sizes%22:%7B%22thumbnail%22:%7B%22height%22:150,%22width%22:150,%22url%22:%22https:\/\/080barcelonafashion.catwp-content\/uploads\/2023\/05\/Artelier-110851-150x150.jpg%22,%22orientation%22:%22landscape%22%7D,%22medium%22:%7B%22height%22:200,%22width%22:300,%22url%22:%22https:\/\/080barcelonafashion.catwp-content\/uploads\/2023\/05\/Artelier-110851-300x200.jpg%22,%22orientation%22:%22landscape%22%7D,%22large%22:%7B%22height%22:427,%22width%22:640,%22url%22:%22https:\/\/080barcelonafashion.catwp-content\/uploads\/2023\/05\/Artelier-110851-1024x683.jpg%22,%22orientation%22:%22landscape%22%7D,%22full%22:%7B%22url%22:%22https:\/\/080barcelonafashion.catwp-content\/uploads\/2023\/05\/Artelier-110851.jpg%22,%22height%22:1659,%22width%22:2488,%22orientation%22:%22landscape%22%7D%7D%7D,%7B%22alt%22:%22%22,%22title%22:%22%22,%22caption%22:%22%22,%22description%22:%22%22,%22id%22:638,%22link%22:%22https:\/\/080barcelonafashion.cates_ES\/designer\/the-artelier\/artelier-110858\/%22,%22url%22:%22https:\/\/080barcelonafashion.catwp-content\/uploads\/2023\/05\/Artelier-110858.jpg%22,%22sizes%22:%7B%22thumbnail%22:%7B%22height%22:150,%22width%22:150,%22url%22:%22https:\/\/080barcelonafashion.catwp-content\/uploads\/2023\/05\/Artelier-110858-150x150.jpg%22,%22orientation%22:%22landscape%22%7D,%22medium%22:%7B%22height%22:200,%22width%22:300,%22url%22:%22https:\/\/080barcelonafashion.catwp-content\/uploads\/2023\/05\/Artelier-110858-300x200.jpg%22,%22orientation%22:%22landscape%22%7D,%22large%22:%7B%22height%22:427,%22width%22:640,%22url%22:%22https:\/\/080barcelonafashion.catwp-content\/uploads\/2023\/05\/Artelier-110858-1024x683.jpg%22,%22orientation%22:%22landscape%22%7D,%22full%22:%7B%22url%22:%22https:\/\/080barcelonafashion.catwp-content\/uploads\/2023\/05\/Artelier-110858.jpg%22,%22height%22:1659,%22width%22:2488,%22orientation%22:%22landscape%22%7D%7D%7D%5D","images-editorial":"%5B%7B%22alt%22:%22%22,%22title%22:%22ABM9334%22,%22caption%22:%22%22,%22description%22:%7B%22raw%22:%22%22,%22rendered%22:%22%3Cp%20class=%5C%22attachment%5C%22%3E%3Ca%20href='https:\/\/080barcelonafashion.catwp-content\/uploads\/2023\/05\/ABM9334.jpg'%3E%3Cimg%20width=%5C%22240%5C%22%20height=%5C%22300%5C%22%20src=%5C%22https:\/\/080barcelonafashion.catwp-content\/uploads\/2023\/05\/ABM9334-240x300.jpg%5C%22%20class=%5C%22attachment-medium%20size-medium%5C%22%20alt=%5C%22%5C%22%20decoding=%5C%22async%5C%22%20loading=%5C%22lazy%5C%22%20srcset=%5C%22https:\/\/080barcelonafashion.catwp-content\/uploads\/2023\/05\/ABM9334-240x300.jpg%20240w,%20https:\/\/080barcelonafashion.catwp-content\/uploads\/2023\/05\/ABM9334-819x1024.jpg%20819w,%20https:\/\/080barcelonafashion.catwp-content\/uploads\/2023\/05\/ABM9334-768x960.jpg%20768w,%20https:\/\/080barcelonafashion.catwp-content\/uploads\/2023\/05\/ABM9334.jpg%201120w%5C%22%20sizes=%5C%22(max-width:%20240px)%20100vw,%20240px%5C%22%20\/%3E%3C\/a%3E%3C\/p%3E%5Cn%22%7D,%22id%22:644,%22link%22:%22https:\/\/080barcelonafashion.catdesigner\/the-artelier\/abm9334\/%22,%22url%22:%22https:\/\/080barcelonafashion.catwp-content\/uploads\/2023\/05\/ABM9334.jpg%22,%22sizes%22:%22%22%7D,%7B%22alt%22:%22%22,%22title%22:%22ABM9335%22,%22caption%22:%22%22,%22description%22:%7B%22raw%22:%22%22,%22rendered%22:%22%3Cp%20class=%5C%22attachment%5C%22%3E%3Ca%20href='https:\/\/080barcelonafashion.catwp-content\/uploads\/2023\/05\/ABM9335.jpg'%3E%3Cimg%20width=%5C%22240%5C%22%20height=%5C%22300%5C%22%20src=%5C%22https:\/\/080barcelonafashion.catwp-content\/uploads\/2023\/05\/ABM9335-240x300.jpg%5C%22%20class=%5C%22attachment-medium%20size-medium%5C%22%20alt=%5C%22%5C%22%20decoding=%5C%22async%5C%22%20loading=%5C%22lazy%5C%22%20srcset=%5C%22https:\/\/080barcelonafashion.catwp-content\/uploads\/2023\/05\/ABM9335-240x300.jpg%20240w,%20https:\/\/080barcelonafashion.catwp-content\/uploads\/2023\/05\/ABM9335-819x1024.jpg%20819w,%20https:\/\/080barcelonafashion.catwp-content\/uploads\/2023\/05\/ABM9335-768x960.jpg%20768w,%20https:\/\/080barcelonafashion.catwp-content\/uploads\/2023\/05\/ABM9335.jpg%201120w%5C%22%20sizes=%5C%22(max-width:%20240px)%20100vw,%20240px%5C%22%20\/%3E%3C\/a%3E%3C\/p%3E%5Cn%22%7D,%22id%22:645,%22link%22:%22https:\/\/080barcelonafashion.catdesigner\/the-artelier\/abm9335\/%22,%22url%22:%22https:\/\/080barcelonafashion.catwp-content\/uploads\/2023\/05\/ABM9335.jpg%22,%22sizes%22:%22%22%7D,%7B%22alt%22:%22%22,%22title%22:%22ABM9345%22,%22caption%22:%22%22,%22description%22:%7B%22raw%22:%22%22,%22rendered%22:%22%3Cp%20class=%5C%22attachment%5C%22%3E%3Ca%20href='https:\/\/080barcelonafashion.catwp-content\/uploads\/2023\/05\/ABM9345.jpg'%3E%3Cimg%20width=%5C%22240%5C%22%20height=%5C%22300%5C%22%20src=%5C%22https:\/\/080barcelonafashion.catwp-content\/uploads\/2023\/05\/ABM9345-240x300.jpg%5C%22%20class=%5C%22attachment-medium%20size-medium%5C%22%20alt=%5C%22%5C%22%20decoding=%5C%22async%5C%22%20loading=%5C%22lazy%5C%22%20srcset=%5C%22https:\/\/080barcelonafashion.catwp-content\/uploads\/2023\/05\/ABM9345-240x300.jpg%20240w,%20https:\/\/080barcelonafashion.catwp-content\/uploads\/2023\/05\/ABM9345-819x1024.jpg%20819w,%20https:\/\/080barcelonafashion.catwp-content\/uploads\/2023\/05\/ABM9345-768x960.jpg%20768w,%20https:\/\/080barcelonafashion.catwp-content\/uploads\/2023\/05\/ABM9345.jpg%201120w%5C%22%20sizes=%5C%22(max-width:%20240px)%20100vw,%20240px%5C%22%20\/%3E%3C\/a%3E%3C\/p%3E%5Cn%22%7D,%22id%22:646,%22link%22:%22https:\/\/080barcelonafashion.catdesigner\/the-artelier\/abm9345\/%22,%22url%22:%22https:\/\/080barcelonafashion.catwp-content\/uploads\/2023\/05\/ABM9345.jpg%22,%22sizes%22:%22%22%7D,%7B%22alt%22:%22%22,%22title%22:%22ABM9351%22,%22caption%22:%22%22,%22description%22:%7B%22raw%22:%22%22,%22rendered%22:%22%3Cp%20class=%5C%22attachment%5C%22%3E%3Ca%20href='https:\/\/080barcelonafashion.catwp-content\/uploads\/2023\/05\/ABM9351.jpg'%3E%3Cimg%20width=%5C%22240%5C%22%20height=%5C%22300%5C%22%20src=%5C%22https:\/\/080barcelonafashion.catwp-content\/uploads\/2023\/05\/ABM9351-240x300.jpg%5C%22%20class=%5C%22attachment-medium%20size-medium%5C%22%20alt=%5C%22%5C%22%20decoding=%5C%22async%5C%22%20loading=%5C%22lazy%5C%22%20srcset=%5C%22https:\/\/080barcelonafashion.catwp-content\/uploads\/2023\/05\/ABM9351-240x300.jpg%20240w,%20https:\/\/080barcelonafashion.catwp-content\/uploads\/2023\/05\/ABM9351-819x1024.jpg%20819w,%20https:\/\/080barcelonafashion.catwp-content\/uploads\/2023\/05\/ABM9351-768x960.jpg%20768w,%20https:\/\/080barcelonafashion.catwp-content\/uploads\/2023\/05\/ABM9351.jpg%201120w%5C%22%20sizes=%5C%22(max-width:%20240px)%20100vw,%20240px%5C%22%20\/%3E%3C\/a%3E%3C\/p%3E%5Cn%22%7D,%22id%22:647,%22link%22:%22https:\/\/080barcelonafashion.catdesigner\/the-artelier\/abm9351\/%22,%22url%22:%22https:\/\/080barcelonafashion.catwp-content\/uploads\/2023\/05\/ABM9351.jpg%22,%22sizes%22:%22%22%7D,%7B%22alt%22:%22%22,%22title%22:%22ABM9354%22,%22caption%22:%22%22,%22description%22:%7B%22raw%22:%22%22,%22rendered%22:%22%3Cp%20class=%5C%22attachment%5C%22%3E%3Ca%20href='https:\/\/080barcelonafashion.catwp-content\/uploads\/2023\/05\/ABM9354.jpg'%3E%3Cimg%20width=%5C%22240%5C%22%20height=%5C%22300%5C%22%20src=%5C%22https:\/\/080barcelonafashion.catwp-content\/uploads\/2023\/05\/ABM9354-240x300.jpg%5C%22%20class=%5C%22attachment-medium%20size-medium%5C%22%20alt=%5C%22%5C%22%20decoding=%5C%22async%5C%22%20loading=%5C%22lazy%5C%22%20srcset=%5C%22https:\/\/080barcelonafashion.catwp-content\/uploads\/2023\/05\/ABM9354-240x300.jpg%20240w,%20https:\/\/080barcelonafashion.catwp-content\/uploads\/2023\/05\/ABM9354-819x1024.jpg%20819w,%20https:\/\/080barcelonafashion.catwp-content\/uploads\/2023\/05\/ABM9354-768x960.jpg%20768w,%20https:\/\/080barcelonafashion.catwp-content\/uploads\/2023\/05\/ABM9354.jpg%201120w%5C%22%20sizes=%5C%22(max-width:%20240px)%20100vw,%20240px%5C%22%20\/%3E%3C\/a%3E%3C\/p%3E%5Cn%22%7D,%22id%22:648,%22link%22:%22https:\/\/080barcelonafashion.catdesigner\/the-artelier\/abm9354\/%22,%22url%22:%22https:\/\/080barcelonafashion.catwp-content\/uploads\/2023\/05\/ABM9354.jpg%22,%22sizes%22:%22%22%7D,%7B%22alt%22:%22%22,%22title%22:%22ABM9359%22,%22caption%22:%22%22,%22description%22:%7B%22raw%22:%22%22,%22rendered%22:%22%3Cp%20class=%5C%22attachment%5C%22%3E%3Ca%20href='https:\/\/080barcelonafashion.catwp-content\/uploads\/2023\/05\/ABM9359.jpg'%3E%3Cimg%20width=%5C%22225%5C%22%20height=%5C%22300%5C%22%20src=%5C%22https:\/\/080barcelonafashion.catwp-content\/uploads\/2023\/05\/ABM9359-225x300.jpg%5C%22%20class=%5C%22attachment-medium%20size-medium%5C%22%20alt=%5C%22%5C%22%20decoding=%5C%22async%5C%22%20loading=%5C%22lazy%5C%22%20srcset=%5C%22https:\/\/080barcelonafashion.catwp-content\/uploads\/2023\/05\/ABM9359-225x300.jpg%20225w,%20https:\/\/080barcelonafashion.catwp-content\/uploads\/2023\/05\/ABM9359-768x1024.jpg%20768w,%20https:\/\/080barcelonafashion.catwp-content\/uploads\/2023\/05\/ABM9359.jpg%201050w%5C%22%20sizes=%5C%22(max-width:%20225px)%20100vw,%20225px%5C%22%20\/%3E%3C\/a%3E%3C\/p%3E%5Cn%22%7D,%22id%22:649,%22link%22:%22https:\/\/080barcelonafashion.catdesigner\/the-artelier\/abm9359\/%22,%22url%22:%22https:\/\/080barcelonafashion.catwp-content\/uploads\/2023\/05\/ABM9359.jpg%22,%22sizes%22:%22%22%7D,%7B%22alt%22:%22%22,%22title%22:%22ABM9367%22,%22caption%22:%22%22,%22description%22:%7B%22raw%22:%22%22,%22rendered%22:%22%3Cp%20class=%5C%22attachment%5C%22%3E%3Ca%20href='https:\/\/080barcelonafashion.catwp-content\/uploads\/2023\/05\/ABM9367.jpg'%3E%3Cimg%20width=%5C%22240%5C%22%20height=%5C%22300%5C%22%20src=%5C%22https:\/\/080barcelonafashion.catwp-content\/uploads\/2023\/05\/ABM9367-240x300.jpg%5C%22%20class=%5C%22attachment-medium%20size-medium%5C%22%20alt=%5C%22%5C%22%20decoding=%5C%22async%5C%22%20loading=%5C%22lazy%5C%22%20srcset=%5C%22https:\/\/080barcelonafashion.catwp-content\/uploads\/2023\/05\/ABM9367-240x300.jpg%20240w,%20https:\/\/080barcelonafashion.catwp-content\/uploads\/2023\/05\/ABM9367-819x1024.jpg%20819w,%20https:\/\/080barcelonafashion.catwp-content\/uploads\/2023\/05\/ABM9367-768x960.jpg%20768w,%20https:\/\/080barcelonafashion.catwp-content\/uploads\/2023\/05\/ABM9367.jpg%201120w%5C%22%20sizes=%5C%22(max-width:%20240px)%20100vw,%20240px%5C%22%20\/%3E%3C\/a%3E%3C\/p%3E%5Cn%22%7D,%22id%22:650,%22link%22:%22https:\/\/080barcelonafashion.catdesigner\/the-artelier\/abm9367\/%22,%22url%22:%22https:\/\/080barcelonafashion.catwp-content\/uploads\/2023\/05\/ABM9367.jpg%22,%22sizes%22:%22%22%7D,%7B%22alt%22:%22%22,%22title%22:%22ABM9372%22,%22caption%22:%22%22,%22description%22:%7B%22raw%22:%22%22,%22rendered%22:%22%3Cp%20class=%5C%22attachment%5C%22%3E%3Ca%20href='https:\/\/080barcelonafashion.catwp-content\/uploads\/2023\/05\/ABM9372.jpg'%3E%3Cimg%20width=%5C%22240%5C%22%20height=%5C%22300%5C%22%20src=%5C%22https:\/\/080barcelonafashion.catwp-content\/uploads\/2023\/05\/ABM9372-240x300.jpg%5C%22%20class=%5C%22attachment-medium%20size-medium%5C%22%20alt=%5C%22%5C%22%20decoding=%5C%22async%5C%22%20loading=%5C%22lazy%5C%22%20srcset=%5C%22https:\/\/080barcelonafashion.catwp-content\/uploads\/2023\/05\/ABM9372-240x300.jpg%20240w,%20https:\/\/080barcelonafashion.catwp-content\/uploads\/2023\/05\/ABM9372-819x1024.jpg%20819w,%20https:\/\/080barcelonafashion.catwp-content\/uploads\/2023\/05\/ABM9372-768x960.jpg%20768w,%20https:\/\/080barcelonafashion.catwp-content\/uploads\/2023\/05\/ABM9372.jpg%201120w%5C%22%20sizes=%5C%22(max-width:%20240px)%20100vw,%20240px%5C%22%20\/%3E%3C\/a%3E%3C\/p%3E%5Cn%22%7D,%22id%22:651,%22link%22:%22https:\/\/080barcelonafashion.catdesigner\/the-artelier\/abm9372\/%22,%22url%22:%22https:\/\/080barcelonafashion.catwp-content\/uploads\/2023\/05\/ABM9372.jpg%22,%22sizes%22:%22%22%7D,%7B%22alt%22:%22%22,%22title%22:%22ABM9381%22,%22caption%22:%22%22,%22description%22:%7B%22raw%22:%22%22,%22rendered%22:%22%3Cp%20class=%5C%22attachment%5C%22%3E%3Ca%20href='https:\/\/080barcelonafashion.catwp-content\/uploads\/2023\/05\/ABM9381.jpg'%3E%3Cimg%20width=%5C%22240%5C%22%20height=%5C%22300%5C%22%20src=%5C%22https:\/\/080barcelonafashion.catwp-content\/uploads\/2023\/05\/ABM9381-240x300.jpg%5C%22%20class=%5C%22attachment-medium%20size-medium%5C%22%20alt=%5C%22%5C%22%20decoding=%5C%22async%5C%22%20loading=%5C%22lazy%5C%22%20srcset=%5C%22https:\/\/080barcelonafashion.catwp-content\/uploads\/2023\/05\/ABM9381-240x300.jpg%20240w,%20https:\/\/080barcelonafashion.catwp-content\/uploads\/2023\/05\/ABM9381-819x1024.jpg%20819w,%20https:\/\/080barcelonafashion.catwp-content\/uploads\/2023\/05\/ABM9381-768x960.jpg%20768w,%20https:\/\/080barcelonafashion.catwp-content\/uploads\/2023\/05\/ABM9381.jpg%201120w%5C%22%20sizes=%5C%22(max-width:%20240px)%20100vw,%20240px%5C%22%20\/%3E%3C\/a%3E%3C\/p%3E%5Cn%22%7D,%22id%22:652,%22link%22:%22https:\/\/080barcelonafashion.catdesigner\/the-artelier\/abm9381\/%22,%22url%22:%22https:\/\/080barcelonafashion.catwp-content\/uploads\/2023\/05\/ABM9381.jpg%22,%22sizes%22:%22%22%7D,%7B%22alt%22:%22%22,%22title%22:%22ABM9386%22,%22caption%22:%22%22,%22description%22:%7B%22raw%22:%22%22,%22rendered%22:%22%3Cp%20class=%5C%22attachment%5C%22%3E%3Ca%20href='https:\/\/080barcelonafashion.catwp-content\/uploads\/2023\/05\/ABM9386.jpg'%3E%3Cimg%20width=%5C%22240%5C%22%20height=%5C%22300%5C%22%20src=%5C%22https:\/\/080barcelonafashion.catwp-content\/uploads\/2023\/05\/ABM9386-240x300.jpg%5C%22%20class=%5C%22attachment-medium%20size-medium%5C%22%20alt=%5C%22%5C%22%20decoding=%5C%22async%5C%22%20loading=%5C%22lazy%5C%22%20srcset=%5C%22https:\/\/080barcelonafashion.catwp-content\/uploads\/2023\/05\/ABM9386-240x300.jpg%20240w,%20https:\/\/080barcelonafashion.catwp-content\/uploads\/2023\/05\/ABM9386-819x1024.jpg%20819w,%20https:\/\/080barcelonafashion.catwp-content\/uploads\/2023\/05\/ABM9386-768x960.jpg%20768w,%20https:\/\/080barcelonafashion.catwp-content\/uploads\/2023\/05\/ABM9386.jpg%201120w%5C%22%20sizes=%5C%22(max-width:%20240px)%20100vw,%20240px%5C%22%20\/%3E%3C\/a%3E%3C\/p%3E%5Cn%22%7D,%22id%22:653,%22link%22:%22https:\/\/080barcelonafashion.catdesigner\/the-artelier\/abm9386\/%22,%22url%22:%22https:\/\/080barcelonafashion.catwp-content\/uploads\/2023\/05\/ABM9386.jpg%22,%22sizes%22:%22%22%7D,%7B%22alt%22:%22%22,%22title%22:%22ABM9396%22,%22caption%22:%22%22,%22description%22:%7B%22raw%22:%22%22,%22rendered%22:%22%3Cp%20class=%5C%22attachment%5C%22%3E%3Ca%20href='https:\/\/080barcelonafashion.catwp-content\/uploads\/2023\/05\/ABM9396.jpg'%3E%3Cimg%20width=%5C%22240%5C%22%20height=%5C%22300%5C%22%20src=%5C%22https:\/\/080barcelonafashion.catwp-content\/uploads\/2023\/05\/ABM9396-240x300.jpg%5C%22%20class=%5C%22attachment-medium%20size-medium%5C%22%20alt=%5C%22%5C%22%20decoding=%5C%22async%5C%22%20loading=%5C%22lazy%5C%22%20srcset=%5C%22https:\/\/080barcelonafashion.catwp-content\/uploads\/2023\/05\/ABM9396-240x300.jpg%20240w,%20https:\/\/080barcelonafashion.catwp-content\/uploads\/2023\/05\/ABM9396-819x1024.jpg%20819w,%20https:\/\/080barcelonafashion.catwp-content\/uploads\/2023\/05\/ABM9396-768x960.jpg%20768w,%20https:\/\/080barcelonafashion.catwp-content\/uploads\/2023\/05\/ABM9396.jpg%201120w%5C%22%20sizes=%5C%22(max-width:%20240px)%20100vw,%20240px%5C%22%20\/%3E%3C\/a%3E%3C\/p%3E%5Cn%22%7D,%22id%22:654,%22link%22:%22https:\/\/080barcelonafashion.catdesigner\/the-artelier\/abm9396\/%22,%22url%22:%22https:\/\/080barcelonafashion.catwp-content\/uploads\/2023\/05\/ABM9396.jpg%22,%22sizes%22:%22%22%7D,%7B%22alt%22:%22%22,%22title%22:%22ABM9451%22,%22caption%22:%22%22,%22description%22:%7B%22raw%22:%22%22,%22rendered%22:%22%3Cp%20class=%5C%22attachment%5C%22%3E%3Ca%20href='https:\/\/080barcelonafashion.catwp-content\/uploads\/2023\/05\/ABM9451.jpg'%3E%3Cimg%20width=%5C%22225%5C%22%20height=%5C%22300%5C%22%20src=%5C%22https:\/\/080barcelonafashion.catwp-content\/uploads\/2023\/05\/ABM9451-225x300.jpg%5C%22%20class=%5C%22attachment-medium%20size-medium%5C%22%20alt=%5C%22%5C%22%20decoding=%5C%22async%5C%22%20loading=%5C%22lazy%5C%22%20srcset=%5C%22https:\/\/080barcelonafashion.catwp-content\/uploads\/2023\/05\/ABM9451-225x300.jpg%20225w,%20https:\/\/080barcelonafashion.catwp-content\/uploads\/2023\/05\/ABM9451-768x1024.jpg%20768w,%20https:\/\/080barcelonafashion.catwp-content\/uploads\/2023\/05\/ABM9451.jpg%201050w%5C%22%20sizes=%5C%22(max-width:%20225px)%20100vw,%20225px%5C%22%20\/%3E%3C\/a%3E%3C\/p%3E%5Cn%22%7D,%22id%22:655,%22link%22:%22https:\/\/080barcelonafashion.catdesigner\/the-artelier\/abm9451\/%22,%22url%22:%22https:\/\/080barcelonafashion.catwp-content\/uploads\/2023\/05\/ABM9451.jpg%22,%22sizes%22:%22%22%7D,%7B%22alt%22:%22%22,%22title%22:%22ABM9452%22,%22caption%22:%22%22,%22description%22:%7B%22raw%22:%22%22,%22rendered%22:%22%3Cp%20class=%5C%22attachment%5C%22%3E%3Ca%20href='https:\/\/080barcelonafashion.catwp-content\/uploads\/2023\/05\/ABM9452.jpg'%3E%3Cimg%20width=%5C%22240%5C%22%20height=%5C%22300%5C%22%20src=%5C%22https:\/\/080barcelonafashion.catwp-content\/uploads\/2023\/05\/ABM9452-240x300.jpg%5C%22%20class=%5C%22attachment-medium%20size-medium%5C%22%20alt=%5C%22%5C%22%20decoding=%5C%22async%5C%22%20loading=%5C%22lazy%5C%22%20srcset=%5C%22https:\/\/080barcelonafashion.catwp-content\/uploads\/2023\/05\/ABM9452-240x300.jpg%20240w,%20https:\/\/080barcelonafashion.catwp-content\/uploads\/2023\/05\/ABM9452-819x1024.jpg%20819w,%20https:\/\/080barcelonafashion.catwp-content\/uploads\/2023\/05\/ABM9452-768x960.jpg%20768w,%20https:\/\/080barcelonafashion.catwp-content\/uploads\/2023\/05\/ABM9452.jpg%201120w%5C%22%20sizes=%5C%22(max-width:%20240px)%20100vw,%20240px%5C%22%20\/%3E%3C\/a%3E%3C\/p%3E%5Cn%22%7D,%22id%22:656,%22link%22:%22https:\/\/080barcelonafashion.catdesigner\/the-artelier\/abm9452\/%22,%22url%22:%22https:\/\/080barcelonafashion.catwp-content\/uploads\/2023\/05\/ABM9452.jpg%22,%22sizes%22:%22%22%7D,%7B%22alt%22:%22%22,%22title%22:%22ABM9465%22,%22caption%22:%22%22,%22description%22:%7B%22raw%22:%22%22,%22rendered%22:%22%3Cp%20class=%5C%22attachment%5C%22%3E%3Ca%20href='https:\/\/080barcelonafashion.catwp-content\/uploads\/2023\/05\/ABM9465.jpg'%3E%3Cimg%20width=%5C%22240%5C%22%20height=%5C%22300%5C%22%20src=%5C%22https:\/\/080barcelonafashion.catwp-content\/uploads\/2023\/05\/ABM9465-240x300.jpg%5C%22%20class=%5C%22attachment-medium%20size-medium%5C%22%20alt=%5C%22%5C%22%20decoding=%5C%22async%5C%22%20loading=%5C%22lazy%5C%22%20srcset=%5C%22https:\/\/080barcelonafashion.catwp-content\/uploads\/2023\/05\/ABM9465-240x300.jpg%20240w,%20https:\/\/080barcelonafashion.catwp-content\/uploads\/2023\/05\/ABM9465-819x1024.jpg%20819w,%20https:\/\/080barcelonafashion.catwp-content\/uploads\/2023\/05\/ABM9465-768x960.jpg%20768w,%20https:\/\/080barcelonafashion.catwp-content\/uploads\/2023\/05\/ABM9465.jpg%201120w%5C%22%20sizes=%5C%22(max-width:%20240px)%20100vw,%20240px%5C%22%20\/%3E%3C\/a%3E%3C\/p%3E%5Cn%22%7D,%22id%22:657,%22link%22:%22https:\/\/080barcelonafashion.catdesigner\/the-artelier\/abm9465\/%22,%22url%22:%22https:\/\/080barcelonafashion.catwp-content\/uploads\/2023\/05\/ABM9465.jpg%22,%22sizes%22:%22%22%7D,%7B%22alt%22:%22%22,%22title%22:%22ABM9476%22,%22caption%22:%22%22,%22description%22:%7B%22raw%22:%22%22,%22rendered%22:%22%3Cp%20class=%5C%22attachment%5C%22%3E%3Ca%20href='https:\/\/080barcelonafashion.catwp-content\/uploads\/2023\/05\/ABM9476.jpg'%3E%3Cimg%20width=%5C%22240%5C%22%20height=%5C%22300%5C%22%20src=%5C%22https:\/\/080barcelonafashion.catwp-content\/uploads\/2023\/05\/ABM9476-240x300.jpg%5C%22%20class=%5C%22attachment-medium%20size-medium%5C%22%20alt=%5C%22%5C%22%20decoding=%5C%22async%5C%22%20loading=%5C%22lazy%5C%22%20srcset=%5C%22https:\/\/080barcelonafashion.catwp-content\/uploads\/2023\/05\/ABM9476-240x300.jpg%20240w,%20https:\/\/080barcelonafashion.catwp-content\/uploads\/2023\/05\/ABM9476-819x1024.jpg%20819w,%20https:\/\/080barcelonafashion.catwp-content\/uploads\/2023\/05\/ABM9476-768x960.jpg%20768w,%20https:\/\/080barcelonafashion.catwp-content\/uploads\/2023\/05\/ABM9476.jpg%201120w%5C%22%20sizes=%5C%22(max-width:%20240px)%20100vw,%20240px%5C%22%20\/%3E%3C\/a%3E%3C\/p%3E%5Cn%22%7D,%22id%22:658,%22link%22:%22https:\/\/080barcelonafashion.catdesigner\/the-artelier\/abm9476\/%22,%22url%22:%22https:\/\/080barcelonafashion.catwp-content\/uploads\/2023\/05\/ABM9476.jpg%22,%22sizes%22:%22%22%7D,%7B%22alt%22:%22%22,%22title%22:%22ABM9494%22,%22caption%22:%22%22,%22description%22:%7B%22raw%22:%22%22,%22rendered%22:%22%3Cp%20class=%5C%22attachment%5C%22%3E%3Ca%20href='https:\/\/080barcelonafashion.catwp-content\/uploads\/2023\/05\/ABM9494.jpg'%3E%3Cimg%20width=%5C%22240%5C%22%20height=%5C%22300%5C%22%20src=%5C%22https:\/\/080barcelonafashion.catwp-content\/uploads\/2023\/05\/ABM9494-240x300.jpg%5C%22%20class=%5C%22attachment-medium%20size-medium%5C%22%20alt=%5C%22%5C%22%20decoding=%5C%22async%5C%22%20loading=%5C%22lazy%5C%22%20srcset=%5C%22https:\/\/080barcelonafashion.catwp-content\/uploads\/2023\/05\/ABM9494-240x300.jpg%20240w,%20https:\/\/080barcelonafashion.catwp-content\/uploads\/2023\/05\/ABM9494-819x1024.jpg%20819w,%20https:\/\/080barcelonafashion.catwp-content\/uploads\/2023\/05\/ABM9494-768x960.jpg%20768w,%20https:\/\/080barcelonafashion.catwp-content\/uploads\/2023\/05\/ABM9494.jpg%201120w%5C%22%20sizes=%5C%22(max-width:%20240px)%20100vw,%20240px%5C%22%20\/%3E%3C\/a%3E%3C\/p%3E%5Cn%22%7D,%22id%22:659,%22link%22:%22https:\/\/080barcelonafashion.catdesigner\/the-artelier\/abm9494\/%22,%22url%22:%22https:\/\/080barcelonafashion.catwp-content\/uploads\/2023\/05\/ABM9494.jpg%22,%22sizes%22:%22%22%7D,%7B%22alt%22:%22%22,%22title%22:%22ABM9498%22,%22caption%22:%22%22,%22description%22:%7B%22raw%22:%22%22,%22rendered%22:%22%3Cp%20class=%5C%22attachment%5C%22%3E%3Ca%20href='https:\/\/080barcelonafashion.catwp-content\/uploads\/2023\/05\/ABM9498.jpg'%3E%3Cimg%20width=%5C%22240%5C%22%20height=%5C%22300%5C%22%20src=%5C%22https:\/\/080barcelonafashion.catwp-content\/uploads\/2023\/05\/ABM9498-240x300.jpg%5C%22%20class=%5C%22attachment-medium%20size-medium%5C%22%20alt=%5C%22%5C%22%20decoding=%5C%22async%5C%22%20loading=%5C%22lazy%5C%22%20srcset=%5C%22https:\/\/080barcelonafashion.catwp-content\/uploads\/2023\/05\/ABM9498-240x300.jpg%20240w,%20https:\/\/080barcelonafashion.catwp-content\/uploads\/2023\/05\/ABM9498-819x1024.jpg%20819w,%20https:\/\/080barcelonafashion.catwp-content\/uploads\/2023\/05\/ABM9498-768x960.jpg%20768w,%20https:\/\/080barcelonafashion.catwp-content\/uploads\/2023\/05\/ABM9498.jpg%201120w%5C%22%20sizes=%5C%22(max-width:%20240px)%20100vw,%20240px%5C%22%20\/%3E%3C\/a%3E%3C\/p%3E%5Cn%22%7D,%22id%22:660,%22link%22:%22https:\/\/080barcelonafashion.catdesigner\/the-artelier\/abm9498\/%22,%22url%22:%22https:\/\/080barcelonafashion.catwp-content\/uploads\/2023\/05\/ABM9498.jpg%22,%22sizes%22:%22%22%7D,%7B%22alt%22:%22%22,%22title%22:%22ABM9508%22,%22caption%22:%22%22,%22description%22:%7B%22raw%22:%22%22,%22rendered%22:%22%3Cp%20class=%5C%22attachment%5C%22%3E%3Ca%20href='https:\/\/080barcelonafashion.catwp-content\/uploads\/2023\/05\/ABM9508.jpg'%3E%3Cimg%20width=%5C%22240%5C%22%20height=%5C%22300%5C%22%20src=%5C%22https:\/\/080barcelonafashion.catwp-content\/uploads\/2023\/05\/ABM9508-240x300.jpg%5C%22%20class=%5C%22attachment-medium%20size-medium%5C%22%20alt=%5C%22%5C%22%20decoding=%5C%22async%5C%22%20loading=%5C%22lazy%5C%22%20srcset=%5C%22https:\/\/080barcelonafashion.catwp-content\/uploads\/2023\/05\/ABM9508-240x300.jpg%20240w,%20https:\/\/080barcelonafashion.catwp-content\/uploads\/2023\/05\/ABM9508-819x1024.jpg%20819w,%20https:\/\/080barcelonafashion.catwp-content\/uploads\/2023\/05\/ABM9508-768x960.jpg%20768w,%20https:\/\/080barcelonafashion.catwp-content\/uploads\/2023\/05\/ABM9508.jpg%201120w%5C%22%20sizes=%5C%22(max-width:%20240px)%20100vw,%20240px%5C%22%20\/%3E%3C\/a%3E%3C\/p%3E%5Cn%22%7D,%22id%22:661,%22link%22:%22https:\/\/080barcelonafashion.catdesigner\/the-artelier\/abm9508\/%22,%22url%22:%22https:\/\/080barcelonafashion.catwp-content\/uploads\/2023\/05\/ABM9508.jpg%22,%22sizes%22:%22%22%7D,%7B%22alt%22:%22%22,%22title%22:%22ABM9516%22,%22caption%22:%22%22,%22description%22:%7B%22raw%22:%22%22,%22rendered%22:%22%3Cp%20class=%5C%22attachment%5C%22%3E%3Ca%20href='https:\/\/080barcelonafashion.catwp-content\/uploads\/2023\/05\/ABM9516.jpg'%3E%3Cimg%20width=%5C%22240%5C%22%20height=%5C%22300%5C%22%20src=%5C%22https:\/\/080barcelonafashion.catwp-content\/uploads\/2023\/05\/ABM9516-240x300.jpg%5C%22%20class=%5C%22attachment-medium%20size-medium%5C%22%20alt=%5C%22%5C%22%20decoding=%5C%22async%5C%22%20loading=%5C%22lazy%5C%22%20srcset=%5C%22https:\/\/080barcelonafashion.catwp-content\/uploads\/2023\/05\/ABM9516-240x300.jpg%20240w,%20https:\/\/080barcelonafashion.catwp-content\/uploads\/2023\/05\/ABM9516-819x1024.jpg%20819w,%20https:\/\/080barcelonafashion.catwp-content\/uploads\/2023\/05\/ABM9516-768x960.jpg%20768w,%20https:\/\/080barcelonafashion.catwp-content\/uploads\/2023\/05\/ABM9516.jpg%201120w%5C%22%20sizes=%5C%22(max-width:%20240px)%20100vw,%20240px%5C%22%20\/%3E%3C\/a%3E%3C\/p%3E%5Cn%22%7D,%22id%22:662,%22link%22:%22https:\/\/080barcelonafashion.catdesigner\/the-artelier\/abm9516\/%22,%22url%22:%22https:\/\/080barcelonafashion.catwp-content\/uploads\/2023\/05\/ABM9516.jpg%22,%22sizes%22:%22%22%7D%5D","images-athmosphere":"%5B%7B%22alt%22:%22%22,%22title%22:%22Atmo_The-Artelier_Baixa_01%22,%22caption%22:%22%22,%22description%22:%7B%22raw%22:%22%22,%22rendered%22:%22%3Cp%20class=%5C%22attachment%5C%22%3E%3Ca%20href='https:\/\/080barcelonafashion.catwp-content\/uploads\/2023\/05\/Atmo_The-Artelier_Baixa_01.jpg'%3E%3Cimg%20width=%5C%22200%5C%22%20height=%5C%22300%5C%22%20src=%5C%22https:\/\/080barcelonafashion.catwp-content\/uploads\/2023\/05\/Atmo_The-Artelier_Baixa_01-200x300.jpg%5C%22%20class=%5C%22attachment-medium%20size-medium%5C%22%20alt=%5C%22%5C%22%20decoding=%5C%22async%5C%22%20loading=%5C%22lazy%5C%22%20srcset=%5C%22https:\/\/080barcelonafashion.catwp-content\/uploads\/2023\/05\/Atmo_The-Artelier_Baixa_01-200x300.jpg%20200w,%20https:\/\/080barcelonafashion.catwp-content\/uploads\/2023\/05\/Atmo_The-Artelier_Baixa_01-682x1024.jpg%20682w,%20https:\/\/080barcelonafashion.catwp-content\/uploads\/2023\/05\/Atmo_The-Artelier_Baixa_01-768x1153.jpg%20768w,%20https:\/\/080barcelonafashion.catwp-content\/uploads\/2023\/05\/Atmo_The-Artelier_Baixa_01-1023x1536.jpg%201023w,%20https:\/\/080barcelonafashion.catwp-content\/uploads\/2023\/05\/Atmo_The-Artelier_Baixa_01.jpg%201066w%5C%22%20sizes=%5C%22(max-width:%20200px)%20100vw,%20200px%5C%22%20\/%3E%3C\/a%3E%3C\/p%3E%5Cn%22%7D,%22id%22:664,%22link%22:%22https:\/\/080barcelonafashion.catdesigner\/the-artelier\/atmo_the-artelier_baixa_01\/%22,%22url%22:%22https:\/\/080barcelonafashion.catwp-content\/uploads\/2023\/05\/Atmo_The-Artelier_Baixa_01.jpg%22,%22sizes%22:%22%22%7D,%7B%22alt%22:%22%22,%22title%22:%22Atmo_The-Artelier_Baixa_02%22,%22caption%22:%22%22,%22description%22:%7B%22raw%22:%22%22,%22rendered%22:%22%3Cp%20class=%5C%22attachment%5C%22%3E%3Ca%20href='https:\/\/080barcelonafashion.catwp-content\/uploads\/2023\/05\/Atmo_The-Artelier_Baixa_02.jpg'%3E%3Cimg%20width=%5C%22300%5C%22%20height=%5C%22200%5C%22%20src=%5C%22https:\/\/080barcelonafashion.catwp-content\/uploads\/2023\/05\/Atmo_The-Artelier_Baixa_02-300x200.jpg%5C%22%20class=%5C%22attachment-medium%20size-medium%5C%22%20alt=%5C%22%5C%22%20decoding=%5C%22async%5C%22%20loading=%5C%22lazy%5C%22%20srcset=%5C%22https:\/\/080barcelonafashion.catwp-content\/uploads\/2023\/05\/Atmo_The-Artelier_Baixa_02-300x200.jpg%20300w,%20https:\/\/080barcelonafashion.catwp-content\/uploads\/2023\/05\/Atmo_The-Artelier_Baixa_02-1024x682.jpg%201024w,%20https:\/\/080barcelonafashion.catwp-content\/uploads\/2023\/05\/Atmo_The-Artelier_Baixa_02-768x512.jpg%20768w,%20https:\/\/080barcelonafashion.catwp-content\/uploads\/2023\/05\/Atmo_The-Artelier_Baixa_02-1536x1023.jpg%201536w,%20https:\/\/080barcelonafashion.catwp-content\/uploads\/2023\/05\/Atmo_The-Artelier_Baixa_02.jpg%201600w%5C%22%20sizes=%5C%22(max-width:%20300px)%20100vw,%20300px%5C%22%20\/%3E%3C\/a%3E%3C\/p%3E%5Cn%22%7D,%22id%22:665,%22link%22:%22https:\/\/080barcelonafashion.catdesigner\/the-artelier\/atmo_the-artelier_baixa_02\/%22,%22url%22:%22https:\/\/080barcelonafashion.catwp-content\/uploads\/2023\/05\/Atmo_The-Artelier_Baixa_02.jpg%22,%22sizes%22:%22%22%7D,%7B%22alt%22:%22%22,%22title%22:%22Atmo_The-Artelier_Baixa_03%22,%22caption%22:%22%22,%22description%22:%7B%22raw%22:%22%22,%22rendered%22:%22%3Cp%20class=%5C%22attachment%5C%22%3E%3Ca%20href='https:\/\/080barcelonafashion.catwp-content\/uploads\/2023\/05\/Atmo_The-Artelier_Baixa_03.jpg'%3E%3Cimg%20width=%5C%22300%5C%22%20height=%5C%22200%5C%22%20src=%5C%22https:\/\/080barcelonafashion.catwp-content\/uploads\/2023\/05\/Atmo_The-Artelier_Baixa_03-300x200.jpg%5C%22%20class=%5C%22attachment-medium%20size-medium%5C%22%20alt=%5C%22%5C%22%20decoding=%5C%22async%5C%22%20loading=%5C%22lazy%5C%22%20srcset=%5C%22https:\/\/080barcelonafashion.catwp-content\/uploads\/2023\/05\/Atmo_The-Artelier_Baixa_03-300x200.jpg%20300w,%20https:\/\/080barcelonafashion.catwp-content\/uploads\/2023\/05\/Atmo_The-Artelier_Baixa_03-1024x682.jpg%201024w,%20https:\/\/080barcelonafashion.catwp-content\/uploads\/2023\/05\/Atmo_The-Artelier_Baixa_03-768x512.jpg%20768w,%20https:\/\/080barcelonafashion.catwp-content\/uploads\/2023\/05\/Atmo_The-Artelier_Baixa_03-1536x1023.jpg%201536w,%20https:\/\/080barcelonafashion.catwp-content\/uploads\/2023\/05\/Atmo_The-Artelier_Baixa_03.jpg%201600w%5C%22%20sizes=%5C%22(max-width:%20300px)%20100vw,%20300px%5C%22%20\/%3E%3C\/a%3E%3C\/p%3E%5Cn%22%7D,%22id%22:666,%22link%22:%22https:\/\/080barcelonafashion.catdesigner\/the-artelier\/atmo_the-artelier_baixa_03\/%22,%22url%22:%22https:\/\/080barcelonafashion.catwp-content\/uploads\/2023\/05\/Atmo_The-Artelier_Baixa_03.jpg%22,%22sizes%22:%22%22%7D,%7B%22alt%22:%22%22,%22title%22:%22Atmo_The-Artelier_Baixa_04%22,%22caption%22:%22%22,%22description%22:%7B%22raw%22:%22%22,%22rendered%22:%22%3Cp%20class=%5C%22attachment%5C%22%3E%3Ca%20href='https:\/\/080barcelonafashion.catwp-content\/uploads\/2023\/05\/Atmo_The-Artelier_Baixa_04.jpg'%3E%3Cimg%20width=%5C%22200%5C%22%20height=%5C%22300%5C%22%20src=%5C%22https:\/\/080barcelonafashion.catwp-content\/uploads\/2023\/05\/Atmo_The-Artelier_Baixa_04-200x300.jpg%5C%22%20class=%5C%22attachment-medium%20size-medium%5C%22%20alt=%5C%22%5C%22%20decoding=%5C%22async%5C%22%20loading=%5C%22lazy%5C%22%20srcset=%5C%22https:\/\/080barcelonafashion.catwp-content\/uploads\/2023\/05\/Atmo_The-Artelier_Baixa_04-200x300.jpg%20200w,%20https:\/\/080barcelonafashion.catwp-content\/uploads\/2023\/05\/Atmo_The-Artelier_Baixa_04-682x1024.jpg%20682w,%20https:\/\/080barcelonafashion.catwp-content\/uploads\/2023\/05\/Atmo_The-Artelier_Baixa_04-768x1153.jpg%20768w,%20https:\/\/080barcelonafashion.catwp-content\/uploads\/2023\/05\/Atmo_The-Artelier_Baixa_04-1023x1536.jpg%201023w,%20https:\/\/080barcelonafashion.catwp-content\/uploads\/2023\/05\/Atmo_The-Artelier_Baixa_04.jpg%201066w%5C%22%20sizes=%5C%22(max-width:%20200px)%20100vw,%20200px%5C%22%20\/%3E%3C\/a%3E%3C\/p%3E%5Cn%22%7D,%22id%22:667,%22link%22:%22https:\/\/080barcelonafashion.catdesigner\/the-artelier\/atmo_the-artelier_baixa_04\/%22,%22url%22:%22https:\/\/080barcelonafashion.catwp-content\/uploads\/2023\/05\/Atmo_The-Artelier_Baixa_04.jpg%22,%22sizes%22:%22%22%7D,%7B%22alt%22:%22%22,%22title%22:%22Atmo_The-Artelier_Baixa_05%22,%22caption%22:%22%22,%22description%22:%7B%22raw%22:%22%22,%22rendered%22:%22%3Cp%20class=%5C%22attachment%5C%22%3E%3Ca%20href='https:\/\/080barcelonafashion.catwp-content\/uploads\/2023\/05\/Atmo_The-Artelier_Baixa_05.jpg'%3E%3Cimg%20width=%5C%22300%5C%22%20height=%5C%22200%5C%22%20src=%5C%22https:\/\/080barcelonafashion.catwp-content\/uploads\/2023\/05\/Atmo_The-Artelier_Baixa_05-300x200.jpg%5C%22%20class=%5C%22attachment-medium%20size-medium%5C%22%20alt=%5C%22%5C%22%20decoding=%5C%22async%5C%22%20loading=%5C%22lazy%5C%22%20srcset=%5C%22https:\/\/080barcelonafashion.catwp-content\/uploads\/2023\/05\/Atmo_The-Artelier_Baixa_05-300x200.jpg%20300w,%20https:\/\/080barcelonafashion.catwp-content\/uploads\/2023\/05\/Atmo_The-Artelier_Baixa_05-1024x682.jpg%201024w,%20https:\/\/080barcelonafashion.catwp-content\/uploads\/2023\/05\/Atmo_The-Artelier_Baixa_05-768x512.jpg%20768w,%20https:\/\/080barcelonafashion.catwp-content\/uploads\/2023\/05\/Atmo_The-Artelier_Baixa_05-1536x1023.jpg%201536w,%20https:\/\/080barcelonafashion.catwp-content\/uploads\/2023\/05\/Atmo_The-Artelier_Baixa_05.jpg%201600w%5C%22%20sizes=%5C%22(max-width:%20300px)%20100vw,%20300px%5C%22%20\/%3E%3C\/a%3E%3C\/p%3E%5Cn%22%7D,%22id%22:668,%22link%22:%22https:\/\/080barcelonafashion.catdesigner\/the-artelier\/atmo_the-artelier_baixa_05\/%22,%22url%22:%22https:\/\/080barcelonafashion.catwp-content\/uploads\/2023\/05\/Atmo_The-Artelier_Baixa_05.jpg%22,%22sizes%22:%22%22%7D,%7B%22alt%22:%22%22,%22title%22:%22Atmo_The-Artelier_Baixa_06%22,%22caption%22:%22%22,%22description%22:%7B%22raw%22:%22%22,%22rendered%22:%22%3Cp%20class=%5C%22attachment%5C%22%3E%3Ca%20href='https:\/\/080barcelonafashion.catwp-content\/uploads\/2023\/05\/Atmo_The-Artelier_Baixa_06.jpg'%3E%3Cimg%20width=%5C%22300%5C%22%20height=%5C%22200%5C%22%20src=%5C%22https:\/\/080barcelonafashion.catwp-content\/uploads\/2023\/05\/Atmo_The-Artelier_Baixa_06-300x200.jpg%5C%22%20class=%5C%22attachment-medium%20size-medium%5C%22%20alt=%5C%22%5C%22%20decoding=%5C%22async%5C%22%20loading=%5C%22lazy%5C%22%20srcset=%5C%22https:\/\/080barcelonafashion.catwp-content\/uploads\/2023\/05\/Atmo_The-Artelier_Baixa_06-300x200.jpg%20300w,%20https:\/\/080barcelonafashion.catwp-content\/uploads\/2023\/05\/Atmo_The-Artelier_Baixa_06-1024x682.jpg%201024w,%20https:\/\/080barcelonafashion.catwp-content\/uploads\/2023\/05\/Atmo_The-Artelier_Baixa_06-768x512.jpg%20768w,%20https:\/\/080barcelonafashion.catwp-content\/uploads\/2023\/05\/Atmo_The-Artelier_Baixa_06-1536x1023.jpg%201536w,%20https:\/\/080barcelonafashion.catwp-content\/uploads\/2023\/05\/Atmo_The-Artelier_Baixa_06.jpg%201600w%5C%22%20sizes=%5C%22(max-width:%20300px)%20100vw,%20300px%5C%22%20\/%3E%3C\/a%3E%3C\/p%3E%5Cn%22%7D,%22id%22:669,%22link%22:%22https:\/\/080barcelonafashion.catdesigner\/the-artelier\/atmo_the-artelier_baixa_06\/%22,%22url%22:%22https:\/\/080barcelonafashion.catwp-content\/uploads\/2023\/05\/Atmo_The-Artelier_Baixa_06.jpg%22,%22sizes%22:%22%22%7D,%7B%22alt%22:%22%22,%22title%22:%22Atmo_The-Artelier_Baixa_07%22,%22caption%22:%22%22,%22description%22:%7B%22raw%22:%22%22,%22rendered%22:%22%3Cp%20class=%5C%22attachment%5C%22%3E%3Ca%20href='https:\/\/080barcelonafashion.catwp-content\/uploads\/2023\/05\/Atmo_The-Artelier_Baixa_07.jpg'%3E%3Cimg%20width=%5C%22300%5C%22%20height=%5C%22200%5C%22%20src=%5C%22https:\/\/080barcelonafashion.catwp-content\/uploads\/2023\/05\/Atmo_The-Artelier_Baixa_07-300x200.jpg%5C%22%20class=%5C%22attachment-medium%20size-medium%5C%22%20alt=%5C%22%5C%22%20decoding=%5C%22async%5C%22%20loading=%5C%22lazy%5C%22%20srcset=%5C%22https:\/\/080barcelonafashion.catwp-content\/uploads\/2023\/05\/Atmo_The-Artelier_Baixa_07-300x200.jpg%20300w,%20https:\/\/080barcelonafashion.catwp-content\/uploads\/2023\/05\/Atmo_The-Artelier_Baixa_07-1024x682.jpg%201024w,%20https:\/\/080barcelonafashion.catwp-content\/uploads\/2023\/05\/Atmo_The-Artelier_Baixa_07-768x512.jpg%20768w,%20https:\/\/080barcelonafashion.catwp-content\/uploads\/2023\/05\/Atmo_The-Artelier_Baixa_07-1536x1023.jpg%201536w,%20https:\/\/080barcelonafashion.catwp-content\/uploads\/2023\/05\/Atmo_The-Artelier_Baixa_07.jpg%201600w%5C%22%20sizes=%5C%22(max-width:%20300px)%20100vw,%20300px%5C%22%20\/%3E%3C\/a%3E%3C\/p%3E%5Cn%22%7D,%22id%22:670,%22link%22:%22https:\/\/080barcelonafashion.catdesigner\/the-artelier\/atmo_the-artelier_baixa_07\/%22,%22url%22:%22https:\/\/080barcelonafashion.catwp-content\/uploads\/2023\/05\/Atmo_The-Artelier_Baixa_07.jpg%22,%22sizes%22:%22%22%7D,%7B%22alt%22:%22%22,%22title%22:%22Atmo_The-Artelier_Baixa_08%22,%22caption%22:%22%22,%22description%22:%7B%22raw%22:%22%22,%22rendered%22:%22%3Cp%20class=%5C%22attachment%5C%22%3E%3Ca%20href='https:\/\/080barcelonafashion.catwp-content\/uploads\/2023\/05\/Atmo_The-Artelier_Baixa_08.jpg'%3E%3Cimg%20width=%5C%22300%5C%22%20height=%5C%22200%5C%22%20src=%5C%22https:\/\/080barcelonafashion.catwp-content\/uploads\/2023\/05\/Atmo_The-Artelier_Baixa_08-300x200.jpg%5C%22%20class=%5C%22attachment-medium%20size-medium%5C%22%20alt=%5C%22%5C%22%20decoding=%5C%22async%5C%22%20loading=%5C%22lazy%5C%22%20srcset=%5C%22https:\/\/080barcelonafashion.catwp-content\/uploads\/2023\/05\/Atmo_The-Artelier_Baixa_08-300x200.jpg%20300w,%20https:\/\/080barcelonafashion.catwp-content\/uploads\/2023\/05\/Atmo_The-Artelier_Baixa_08-1024x682.jpg%201024w,%20https:\/\/080barcelonafashion.catwp-content\/uploads\/2023\/05\/Atmo_The-Artelier_Baixa_08-768x512.jpg%20768w,%20https:\/\/080barcelonafashion.catwp-content\/uploads\/2023\/05\/Atmo_The-Artelier_Baixa_08-1536x1023.jpg%201536w,%20https:\/\/080barcelonafashion.catwp-content\/uploads\/2023\/05\/Atmo_The-Artelier_Baixa_08.jpg%201600w%5C%22%20sizes=%5C%22(max-width:%20300px)%20100vw,%20300px%5C%22%20\/%3E%3C\/a%3E%3C\/p%3E%5Cn%22%7D,%22id%22:671,%22link%22:%22https:\/\/080barcelonafashion.catdesigner\/the-artelier\/atmo_the-artelier_baixa_08\/%22,%22url%22:%22https:\/\/080barcelonafashion.catwp-content\/uploads\/2023\/05\/Atmo_The-Artelier_Baixa_08.jpg%22,%22sizes%22:%22%22%7D,%7B%22alt%22:%22%22,%22title%22:%22Atmo_The-Artelier_Baixa_09%22,%22caption%22:%22%22,%22description%22:%7B%22raw%22:%22%22,%22rendered%22:%22%3Cp%20class=%5C%22attachment%5C%22%3E%3Ca%20href='https:\/\/080barcelonafashion.catwp-content\/uploads\/2023\/05\/Atmo_The-Artelier_Baixa_09.jpg'%3E%3Cimg%20width=%5C%22300%5C%22%20height=%5C%22200%5C%22%20src=%5C%22https:\/\/080barcelonafashion.catwp-content\/uploads\/2023\/05\/Atmo_The-Artelier_Baixa_09-300x200.jpg%5C%22%20class=%5C%22attachment-medium%20size-medium%5C%22%20alt=%5C%22%5C%22%20decoding=%5C%22async%5C%22%20loading=%5C%22lazy%5C%22%20srcset=%5C%22https:\/\/080barcelonafashion.catwp-content\/uploads\/2023\/05\/Atmo_The-Artelier_Baixa_09-300x200.jpg%20300w,%20https:\/\/080barcelonafashion.catwp-content\/uploads\/2023\/05\/Atmo_The-Artelier_Baixa_09-1024x682.jpg%201024w,%20https:\/\/080barcelonafashion.catwp-content\/uploads\/2023\/05\/Atmo_The-Artelier_Baixa_09-768x512.jpg%20768w,%20https:\/\/080barcelonafashion.catwp-content\/uploads\/2023\/05\/Atmo_The-Artelier_Baixa_09-1536x1023.jpg%201536w,%20https:\/\/080barcelonafashion.catwp-content\/uploads\/2023\/05\/Atmo_The-Artelier_Baixa_09.jpg%201600w%5C%22%20sizes=%5C%22(max-width:%20300px)%20100vw,%20300px%5C%22%20\/%3E%3C\/a%3E%3C\/p%3E%5Cn%22%7D,%22id%22:672,%22link%22:%22https:\/\/080barcelonafashion.catdesigner\/the-artelier\/atmo_the-artelier_baixa_09\/%22,%22url%22:%22https:\/\/080barcelonafashion.catwp-content\/uploads\/2023\/05\/Atmo_The-Artelier_Baixa_09.jpg%22,%22sizes%22:%22%22%7D,%7B%22alt%22:%22%22,%22title%22:%22Atmo_The-Artelier_Baixa_10%22,%22caption%22:%22%22,%22description%22:%7B%22raw%22:%22%22,%22rendered%22:%22%3Cp%20class=%5C%22attachment%5C%22%3E%3Ca%20href='https:\/\/080barcelonafashion.catwp-content\/uploads\/2023\/05\/Atmo_The-Artelier_Baixa_10.jpg'%3E%3Cimg%20width=%5C%22200%5C%22%20height=%5C%22300%5C%22%20src=%5C%22https:\/\/080barcelonafashion.catwp-content\/uploads\/2023\/05\/Atmo_The-Artelier_Baixa_10-200x300.jpg%5C%22%20class=%5C%22attachment-medium%20size-medium%5C%22%20alt=%5C%22%5C%22%20decoding=%5C%22async%5C%22%20loading=%5C%22lazy%5C%22%20srcset=%5C%22https:\/\/080barcelonafashion.catwp-content\/uploads\/2023\/05\/Atmo_The-Artelier_Baixa_10-200x300.jpg%20200w,%20https:\/\/080barcelonafashion.catwp-content\/uploads\/2023\/05\/Atmo_The-Artelier_Baixa_10-682x1024.jpg%20682w,%20https:\/\/080barcelonafashion.catwp-content\/uploads\/2023\/05\/Atmo_The-Artelier_Baixa_10-768x1153.jpg%20768w,%20https:\/\/080barcelonafashion.catwp-content\/uploads\/2023\/05\/Atmo_The-Artelier_Baixa_10-1023x1536.jpg%201023w,%20https:\/\/080barcelonafashion.catwp-content\/uploads\/2023\/05\/Atmo_The-Artelier_Baixa_10.jpg%201066w%5C%22%20sizes=%5C%22(max-width:%20200px)%20100vw,%20200px%5C%22%20\/%3E%3C\/a%3E%3C\/p%3E%5Cn%22%7D,%22id%22:673,%22link%22:%22https:\/\/080barcelonafashion.catdesigner\/the-artelier\/atmo_the-artelier_baixa_10\/%22,%22url%22:%22https:\/\/080barcelonafashion.catwp-content\/uploads\/2023\/05\/Atmo_The-Artelier_Baixa_10.jpg%22,%22sizes%22:%22%22%7D,%7B%22alt%22:%22%22,%22title%22:%22Atmo_The-Artelier_Baixa_11%22,%22caption%22:%22%22,%22description%22:%7B%22raw%22:%22%22,%22rendered%22:%22%3Cp%20class=%5C%22attachment%5C%22%3E%3Ca%20href='https:\/\/080barcelonafashion.catwp-content\/uploads\/2023\/05\/Atmo_The-Artelier_Baixa_11.jpg'%3E%3Cimg%20width=%5C%22300%5C%22%20height=%5C%22200%5C%22%20src=%5C%22https:\/\/080barcelonafashion.catwp-content\/uploads\/2023\/05\/Atmo_The-Artelier_Baixa_11-300x200.jpg%5C%22%20class=%5C%22attachment-medium%20size-medium%5C%22%20alt=%5C%22%5C%22%20decoding=%5C%22async%5C%22%20loading=%5C%22lazy%5C%22%20srcset=%5C%22https:\/\/080barcelonafashion.catwp-content\/uploads\/2023\/05\/Atmo_The-Artelier_Baixa_11-300x200.jpg%20300w,%20https:\/\/080barcelonafashion.catwp-content\/uploads\/2023\/05\/Atmo_The-Artelier_Baixa_11-1024x682.jpg%201024w,%20https:\/\/080barcelonafashion.catwp-content\/uploads\/2023\/05\/Atmo_The-Artelier_Baixa_11-768x512.jpg%20768w,%20https:\/\/080barcelonafashion.catwp-content\/uploads\/2023\/05\/Atmo_The-Artelier_Baixa_11-1536x1023.jpg%201536w,%20https:\/\/080barcelonafashion.catwp-content\/uploads\/2023\/05\/Atmo_The-Artelier_Baixa_11.jpg%201600w%5C%22%20sizes=%5C%22(max-width:%20300px)%20100vw,%20300px%5C%22%20\/%3E%3C\/a%3E%3C\/p%3E%5Cn%22%7D,%22id%22:674,%22link%22:%22https:\/\/080barcelonafashion.catdesigner\/the-artelier\/atmo_the-artelier_baixa_11\/%22,%22url%22:%22https:\/\/080barcelonafashion.catwp-content\/uploads\/2023\/05\/Atmo_The-Artelier_Baixa_11.jpg%22,%22sizes%22:%22%22%7D,%7B%22alt%22:%22%22,%22title%22:%22Atmo_The-Artelier_Baixa_12%22,%22caption%22:%22%22,%22description%22:%7B%22raw%22:%22%22,%22rendered%22:%22%3Cp%20class=%5C%22attachment%5C%22%3E%3Ca%20href='https:\/\/080barcelonafashion.catwp-content\/uploads\/2023\/05\/Atmo_The-Artelier_Baixa_12.jpg'%3E%3Cimg%20width=%5C%22300%5C%22%20height=%5C%22200%5C%22%20src=%5C%22https:\/\/080barcelonafashion.catwp-content\/uploads\/2023\/05\/Atmo_The-Artelier_Baixa_12-300x200.jpg%5C%22%20class=%5C%22attachment-medium%20size-medium%5C%22%20alt=%5C%22%5C%22%20decoding=%5C%22async%5C%22%20loading=%5C%22lazy%5C%22%20srcset=%5C%22https:\/\/080barcelonafashion.catwp-content\/uploads\/2023\/05\/Atmo_The-Artelier_Baixa_12-300x200.jpg%20300w,%20https:\/\/080barcelonafashion.catwp-content\/uploads\/2023\/05\/Atmo_The-Artelier_Baixa_12-1024x682.jpg%201024w,%20https:\/\/080barcelonafashion.catwp-content\/uploads\/2023\/05\/Atmo_The-Artelier_Baixa_12-768x512.jpg%20768w,%20https:\/\/080barcelonafashion.catwp-content\/uploads\/2023\/05\/Atmo_The-Artelier_Baixa_12-1536x1023.jpg%201536w,%20https:\/\/080barcelonafashion.catwp-content\/uploads\/2023\/05\/Atmo_The-Artelier_Baixa_12.jpg%201600w%5C%22%20sizes=%5C%22(max-width:%20300px)%20100vw,%20300px%5C%22%20\/%3E%3C\/a%3E%3C\/p%3E%5Cn%22%7D,%22id%22:675,%22link%22:%22https:\/\/080barcelonafashion.catdesigner\/the-artelier\/atmo_the-artelier_baixa_12\/%22,%22url%22:%22https:\/\/080barcelonafashion.catwp-content\/uploads\/2023\/05\/Atmo_The-Artelier_Baixa_12.jpg%22,%22sizes%22:%22%22%7D,%7B%22alt%22:%22%22,%22title%22:%22Atmo_The-Artelier_Baixa_13%22,%22caption%22:%22%22,%22description%22:%7B%22raw%22:%22%22,%22rendered%22:%22%3Cp%20class=%5C%22attachment%5C%22%3E%3Ca%20href='https:\/\/080barcelonafashion.catwp-content\/uploads\/2023\/05\/Atmo_The-Artelier_Baixa_13.jpg'%3E%3Cimg%20width=%5C%22300%5C%22%20height=%5C%22200%5C%22%20src=%5C%22https:\/\/080barcelonafashion.catwp-content\/uploads\/2023\/05\/Atmo_The-Artelier_Baixa_13-300x200.jpg%5C%22%20class=%5C%22attachment-medium%20size-medium%5C%22%20alt=%5C%22%5C%22%20decoding=%5C%22async%5C%22%20loading=%5C%22lazy%5C%22%20srcset=%5C%22https:\/\/080barcelonafashion.catwp-content\/uploads\/2023\/05\/Atmo_The-Artelier_Baixa_13-300x200.jpg%20300w,%20https:\/\/080barcelonafashion.catwp-content\/uploads\/2023\/05\/Atmo_The-Artelier_Baixa_13-1024x682.jpg%201024w,%20https:\/\/080barcelonafashion.catwp-content\/uploads\/2023\/05\/Atmo_The-Artelier_Baixa_13-768x512.jpg%20768w,%20https:\/\/080barcelonafashion.catwp-content\/uploads\/2023\/05\/Atmo_The-Artelier_Baixa_13-1536x1023.jpg%201536w,%20https:\/\/080barcelonafashion.catwp-content\/uploads\/2023\/05\/Atmo_The-Artelier_Baixa_13.jpg%201600w%5C%22%20sizes=%5C%22(max-width:%20300px)%20100vw,%20300px%5C%22%20\/%3E%3C\/a%3E%3C\/p%3E%5Cn%22%7D,%22id%22:676,%22link%22:%22https:\/\/080barcelonafashion.catdesigner\/the-artelier\/atmo_the-artelier_baixa_13\/%22,%22url%22:%22https:\/\/080barcelonafashion.catwp-content\/uploads\/2023\/05\/Atmo_The-Artelier_Baixa_13.jpg%22,%22sizes%22:%22%22%7D,%7B%22alt%22:%22%22,%22title%22:%22Atmo_The-Artelier_Baixa_14%22,%22caption%22:%22%22,%22description%22:%7B%22raw%22:%22%22,%22rendered%22:%22%3Cp%20class=%5C%22attachment%5C%22%3E%3Ca%20href='https:\/\/080barcelonafashion.catwp-content\/uploads\/2023\/05\/Atmo_The-Artelier_Baixa_14.jpg'%3E%3Cimg%20width=%5C%22300%5C%22%20height=%5C%22200%5C%22%20src=%5C%22https:\/\/080barcelonafashion.catwp-content\/uploads\/2023\/05\/Atmo_The-Artelier_Baixa_14-300x200.jpg%5C%22%20class=%5C%22attachment-medium%20size-medium%5C%22%20alt=%5C%22%5C%22%20decoding=%5C%22async%5C%22%20loading=%5C%22lazy%5C%22%20srcset=%5C%22https:\/\/080barcelonafashion.catwp-content\/uploads\/2023\/05\/Atmo_The-Artelier_Baixa_14-300x200.jpg%20300w,%20https:\/\/080barcelonafashion.catwp-content\/uploads\/2023\/05\/Atmo_The-Artelier_Baixa_14-1024x682.jpg%201024w,%20https:\/\/080barcelonafashion.catwp-content\/uploads\/2023\/05\/Atmo_The-Artelier_Baixa_14-768x512.jpg%20768w,%20https:\/\/080barcelonafashion.catwp-content\/uploads\/2023\/05\/Atmo_The-Artelier_Baixa_14-1536x1023.jpg%201536w,%20https:\/\/080barcelonafashion.catwp-content\/uploads\/2023\/05\/Atmo_The-Artelier_Baixa_14.jpg%201600w%5C%22%20sizes=%5C%22(max-width:%20300px)%20100vw,%20300px%5C%22%20\/%3E%3C\/a%3E%3C\/p%3E%5Cn%22%7D,%22id%22:677,%22link%22:%22https:\/\/080barcelonafashion.catdesigner\/the-artelier\/atmo_the-artelier_baixa_14\/%22,%22url%22:%22https:\/\/080barcelonafashion.catwp-content\/uploads\/2023\/05\/Atmo_The-Artelier_Baixa_14.jpg%22,%22sizes%22:%22%22%7D,%7B%22alt%22:%22%22,%22title%22:%22Atmo_The-Artelier_Baixa_15%22,%22caption%22:%22%22,%22description%22:%7B%22raw%22:%22%22,%22rendered%22:%22%3Cp%20class=%5C%22attachment%5C%22%3E%3Ca%20href='https:\/\/080barcelonafashion.catwp-content\/uploads\/2023\/05\/Atmo_The-Artelier_Baixa_15.jpg'%3E%3Cimg%20width=%5C%22300%5C%22%20height=%5C%22200%5C%22%20src=%5C%22https:\/\/080barcelonafashion.catwp-content\/uploads\/2023\/05\/Atmo_The-Artelier_Baixa_15-300x200.jpg%5C%22%20class=%5C%22attachment-medium%20size-medium%5C%22%20alt=%5C%22%5C%22%20decoding=%5C%22async%5C%22%20loading=%5C%22lazy%5C%22%20srcset=%5C%22https:\/\/080barcelonafashion.catwp-content\/uploads\/2023\/05\/Atmo_The-Artelier_Baixa_15-300x200.jpg%20300w,%20https:\/\/080barcelonafashion.catwp-content\/uploads\/2023\/05\/Atmo_The-Artelier_Baixa_15-1024x682.jpg%201024w,%20https:\/\/080barcelonafashion.catwp-content\/uploads\/2023\/05\/Atmo_The-Artelier_Baixa_15-768x512.jpg%20768w,%20https:\/\/080barcelonafashion.catwp-content\/uploads\/2023\/05\/Atmo_The-Artelier_Baixa_15-1536x1023.jpg%201536w,%20https:\/\/080barcelonafashion.catwp-content\/uploads\/2023\/05\/Atmo_The-Artelier_Baixa_15.jpg%201600w%5C%22%20sizes=%5C%22(max-width:%20300px)%20100vw,%20300px%5C%22%20\/%3E%3C\/a%3E%3C\/p%3E%5Cn%22%7D,%22id%22:678,%22link%22:%22https:\/\/080barcelonafashion.catdesigner\/the-artelier\/atmo_the-artelier_baixa_15\/%22,%22url%22:%22https:\/\/080barcelonafashion.catwp-content\/uploads\/2023\/05\/Atmo_The-Artelier_Baixa_15.jpg%22,%22sizes%22:%22%22%7D,%7B%22alt%22:%22%22,%22title%22:%22Atmo_The-Artelier_Baixa_16%22,%22caption%22:%22%22,%22description%22:%7B%22raw%22:%22%22,%22rendered%22:%22%3Cp%20class=%5C%22attachment%5C%22%3E%3Ca%20href='https:\/\/080barcelonafashion.catwp-content\/uploads\/2023\/05\/Atmo_The-Artelier_Baixa_16.jpg'%3E%3Cimg%20width=%5C%22300%5C%22%20height=%5C%22200%5C%22%20src=%5C%22https:\/\/080barcelonafashion.catwp-content\/uploads\/2023\/05\/Atmo_The-Artelier_Baixa_16-300x200.jpg%5C%22%20class=%5C%22attachment-medium%20size-medium%5C%22%20alt=%5C%22%5C%22%20decoding=%5C%22async%5C%22%20loading=%5C%22lazy%5C%22%20srcset=%5C%22https:\/\/080barcelonafashion.catwp-content\/uploads\/2023\/05\/Atmo_The-Artelier_Baixa_16-300x200.jpg%20300w,%20https:\/\/080barcelonafashion.catwp-content\/uploads\/2023\/05\/Atmo_The-Artelier_Baixa_16-1024x682.jpg%201024w,%20https:\/\/080barcelonafashion.catwp-content\/uploads\/2023\/05\/Atmo_The-Artelier_Baixa_16-768x512.jpg%20768w,%20https:\/\/080barcelonafashion.catwp-content\/uploads\/2023\/05\/Atmo_The-Artelier_Baixa_16-1536x1023.jpg%201536w,%20https:\/\/080barcelonafashion.catwp-content\/uploads\/2023\/05\/Atmo_The-Artelier_Baixa_16.jpg%201600w%5C%22%20sizes=%5C%22(max-width:%20300px)%20100vw,%20300px%5C%22%20\/%3E%3C\/a%3E%3C\/p%3E%5Cn%22%7D,%22id%22:679,%22link%22:%22https:\/\/080barcelonafashion.catdesigner\/the-artelier\/atmo_the-artelier_baixa_16\/%22,%22url%22:%22https:\/\/080barcelonafashion.catwp-content\/uploads\/2023\/05\/Atmo_The-Artelier_Baixa_16.jpg%22,%22sizes%22:%22%22%7D,%7B%22alt%22:%22%22,%22title%22:%22Atmo_The-Artelier_Baixa_17%22,%22caption%22:%22%22,%22description%22:%7B%22raw%22:%22%22,%22rendered%22:%22%3Cp%20class=%5C%22attachment%5C%22%3E%3Ca%20href='https:\/\/080barcelonafashion.catwp-content\/uploads\/2023\/05\/Atmo_The-Artelier_Baixa_17.jpg'%3E%3Cimg%20width=%5C%22300%5C%22%20height=%5C%22200%5C%22%20src=%5C%22https:\/\/080barcelonafashion.catwp-content\/uploads\/2023\/05\/Atmo_The-Artelier_Baixa_17-300x200.jpg%5C%22%20class=%5C%22attachment-medium%20size-medium%5C%22%20alt=%5C%22%5C%22%20decoding=%5C%22async%5C%22%20loading=%5C%22lazy%5C%22%20srcset=%5C%22https:\/\/080barcelonafashion.catwp-content\/uploads\/2023\/05\/Atmo_The-Artelier_Baixa_17-300x200.jpg%20300w,%20https:\/\/080barcelonafashion.catwp-content\/uploads\/2023\/05\/Atmo_The-Artelier_Baixa_17-1024x682.jpg%201024w,%20https:\/\/080barcelonafashion.catwp-content\/uploads\/2023\/05\/Atmo_The-Artelier_Baixa_17-768x512.jpg%20768w,%20https:\/\/080barcelonafashion.catwp-content\/uploads\/2023\/05\/Atmo_The-Artelier_Baixa_17-1536x1023.jpg%201536w,%20https:\/\/080barcelonafashion.catwp-content\/uploads\/2023\/05\/Atmo_The-Artelier_Baixa_17.jpg%201600w%5C%22%20sizes=%5C%22(max-width:%20300px)%20100vw,%20300px%5C%22%20\/%3E%3C\/a%3E%3C\/p%3E%5Cn%22%7D,%22id%22:680,%22link%22:%22https:\/\/080barcelonafashion.catdesigner\/the-artelier\/atmo_the-artelier_baixa_17\/%22,%22url%22:%22https:\/\/080barcelonafashion.catwp-content\/uploads\/2023\/05\/Atmo_The-Artelier_Baixa_17.jpg%22,%22sizes%22:%22%22%7D,%7B%22alt%22:%22%22,%22title%22:%22Atmo_The-Artelier_Baixa_18%22,%22caption%22:%22%22,%22description%22:%7B%22raw%22:%22%22,%22rendered%22:%22%3Cp%20class=%5C%22attachment%5C%22%3E%3Ca%20href='https:\/\/080barcelonafashion.catwp-content\/uploads\/2023\/05\/Atmo_The-Artelier_Baixa_18.jpg'%3E%3Cimg%20width=%5C%22300%5C%22%20height=%5C%22200%5C%22%20src=%5C%22https:\/\/080barcelonafashion.catwp-content\/uploads\/2023\/05\/Atmo_The-Artelier_Baixa_18-300x200.jpg%5C%22%20class=%5C%22attachment-medium%20size-medium%5C%22%20alt=%5C%22%5C%22%20decoding=%5C%22async%5C%22%20loading=%5C%22lazy%5C%22%20srcset=%5C%22https:\/\/080barcelonafashion.catwp-content\/uploads\/2023\/05\/Atmo_The-Artelier_Baixa_18-300x200.jpg%20300w,%20https:\/\/080barcelonafashion.catwp-content\/uploads\/2023\/05\/Atmo_The-Artelier_Baixa_18-1024x682.jpg%201024w,%20https:\/\/080barcelonafashion.catwp-content\/uploads\/2023\/05\/Atmo_The-Artelier_Baixa_18-768x512.jpg%20768w,%20https:\/\/080barcelonafashion.catwp-content\/uploads\/2023\/05\/Atmo_The-Artelier_Baixa_18-1536x1023.jpg%201536w,%20https:\/\/080barcelonafashion.catwp-content\/uploads\/2023\/05\/Atmo_The-Artelier_Baixa_18.jpg%201600w%5C%22%20sizes=%5C%22(max-width:%20300px)%20100vw,%20300px%5C%22%20\/%3E%3C\/a%3E%3C\/p%3E%5Cn%22%7D,%22id%22:681,%22link%22:%22https:\/\/080barcelonafashion.catdesigner\/the-artelier\/atmo_the-artelier_baixa_18\/%22,%22url%22:%22https:\/\/080barcelonafashion.catwp-content\/uploads\/2023\/05\/Atmo_The-Artelier_Baixa_18.jpg%22,%22sizes%22:%22%22%7D,%7B%22alt%22:%22%22,%22title%22:%22Atmo_The-Artelier_Baixa_19%22,%22caption%22:%22%22,%22description%22:%7B%22raw%22:%22%22,%22rendered%22:%22%3Cp%20class=%5C%22attachment%5C%22%3E%3Ca%20href='https:\/\/080barcelonafashion.catwp-content\/uploads\/2023\/05\/Atmo_The-Artelier_Baixa_19.jpg'%3E%3Cimg%20width=%5C%22300%5C%22%20height=%5C%22200%5C%22%20src=%5C%22https:\/\/080barcelonafashion.catwp-content\/uploads\/2023\/05\/Atmo_The-Artelier_Baixa_19-300x200.jpg%5C%22%20class=%5C%22attachment-medium%20size-medium%5C%22%20alt=%5C%22%5C%22%20decoding=%5C%22async%5C%22%20loading=%5C%22lazy%5C%22%20srcset=%5C%22https:\/\/080barcelonafashion.catwp-content\/uploads\/2023\/05\/Atmo_The-Artelier_Baixa_19-300x200.jpg%20300w,%20https:\/\/080barcelonafashion.catwp-content\/uploads\/2023\/05\/Atmo_The-Artelier_Baixa_19-1024x682.jpg%201024w,%20https:\/\/080barcelonafashion.catwp-content\/uploads\/2023\/05\/Atmo_The-Artelier_Baixa_19-768x512.jpg%20768w,%20https:\/\/080barcelonafashion.catwp-content\/uploads\/2023\/05\/Atmo_The-Artelier_Baixa_19-1536x1023.jpg%201536w,%20https:\/\/080barcelonafashion.catwp-content\/uploads\/2023\/05\/Atmo_The-Artelier_Baixa_19.jpg%201600w%5C%22%20sizes=%5C%22(max-width:%20300px)%20100vw,%20300px%5C%22%20\/%3E%3C\/a%3E%3C\/p%3E%5Cn%22%7D,%22id%22:682,%22link%22:%22https:\/\/080barcelonafashion.catdesigner\/the-artelier\/atmo_the-artelier_baixa_19\/%22,%22url%22:%22https:\/\/080barcelonafashion.catwp-content\/uploads\/2023\/05\/Atmo_The-Artelier_Baixa_19.jpg%22,%22sizes%22:%22%22%7D,%7B%22alt%22:%22%22,%22title%22:%22Atmo_The-Artelier_Baixa_20%22,%22caption%22:%22%22,%22description%22:%7B%22raw%22:%22%22,%22rendered%22:%22%3Cp%20class=%5C%22attachment%5C%22%3E%3Ca%20href='https:\/\/080barcelonafashion.catwp-content\/uploads\/2023\/05\/Atmo_The-Artelier_Baixa_20.jpg'%3E%3Cimg%20width=%5C%22300%5C%22%20height=%5C%22200%5C%22%20src=%5C%22https:\/\/080barcelonafashion.catwp-content\/uploads\/2023\/05\/Atmo_The-Artelier_Baixa_20-300x200.jpg%5C%22%20class=%5C%22attachment-medium%20size-medium%5C%22%20alt=%5C%22%5C%22%20decoding=%5C%22async%5C%22%20loading=%5C%22lazy%5C%22%20srcset=%5C%22https:\/\/080barcelonafashion.catwp-content\/uploads\/2023\/05\/Atmo_The-Artelier_Baixa_20-300x200.jpg%20300w,%20https:\/\/080barcelonafashion.catwp-content\/uploads\/2023\/05\/Atmo_The-Artelier_Baixa_20-1024x682.jpg%201024w,%20https:\/\/080barcelonafashion.catwp-content\/uploads\/2023\/05\/Atmo_The-Artelier_Baixa_20-768x512.jpg%20768w,%20https:\/\/080barcelonafashion.catwp-content\/uploads\/2023\/05\/Atmo_The-Artelier_Baixa_20-1536x1023.jpg%201536w,%20https:\/\/080barcelonafashion.catwp-content\/uploads\/2023\/05\/Atmo_The-Artelier_Baixa_20.jpg%201600w%5C%22%20sizes=%5C%22(max-width:%20300px)%20100vw,%20300px%5C%22%20\/%3E%3C\/a%3E%3C\/p%3E%5Cn%22%7D,%22id%22:683,%22link%22:%22https:\/\/080barcelonafashion.catdesigner\/the-artelier\/atmo_the-artelier_baixa_20\/%22,%22url%22:%22https:\/\/080barcelonafashion.catwp-content\/uploads\/2023\/05\/Atmo_The-Artelier_Baixa_20.jpg%22,%22sizes%22:%22%22%7D,%7B%22alt%22:%22%22,%22title%22:%22Atmo_The-Artelier_Baixa_21%22,%22caption%22:%22%22,%22description%22:%7B%22raw%22:%22%22,%22rendered%22:%22%3Cp%20class=%5C%22attachment%5C%22%3E%3Ca%20href='https:\/\/080barcelonafashion.catwp-content\/uploads\/2023\/05\/Atmo_The-Artelier_Baixa_21.jpg'%3E%3Cimg%20width=%5C%22200%5C%22%20height=%5C%22300%5C%22%20src=%5C%22https:\/\/080barcelonafashion.catwp-content\/uploads\/2023\/05\/Atmo_The-Artelier_Baixa_21-200x300.jpg%5C%22%20class=%5C%22attachment-medium%20size-medium%5C%22%20alt=%5C%22%5C%22%20decoding=%5C%22async%5C%22%20loading=%5C%22lazy%5C%22%20srcset=%5C%22https:\/\/080barcelonafashion.catwp-content\/uploads\/2023\/05\/Atmo_The-Artelier_Baixa_21-200x300.jpg%20200w,%20https:\/\/080barcelonafashion.catwp-content\/uploads\/2023\/05\/Atmo_The-Artelier_Baixa_21-682x1024.jpg%20682w,%20https:\/\/080barcelonafashion.catwp-content\/uploads\/2023\/05\/Atmo_The-Artelier_Baixa_21-768x1153.jpg%20768w,%20https:\/\/080barcelonafashion.catwp-content\/uploads\/2023\/05\/Atmo_The-Artelier_Baixa_21-1023x1536.jpg%201023w,%20https:\/\/080barcelonafashion.catwp-content\/uploads\/2023\/05\/Atmo_The-Artelier_Baixa_21.jpg%201066w%5C%22%20sizes=%5C%22(max-width:%20200px)%20100vw,%20200px%5C%22%20\/%3E%3C\/a%3E%3C\/p%3E%5Cn%22%7D,%22id%22:684,%22link%22:%22https:\/\/080barcelonafashion.catdesigner\/the-artelier\/atmo_the-artelier_baixa_21\/%22,%22url%22:%22https:\/\/080barcelonafashion.catwp-content\/uploads\/2023\/05\/Atmo_The-Artelier_Baixa_21.jpg%22,%22sizes%22:%22%22%7D,%7B%22alt%22:%22%22,%22title%22:%22Atmo_The-Artelier_Baixa_22%22,%22caption%22:%22%22,%22description%22:%7B%22raw%22:%22%22,%22rendered%22:%22%3Cp%20class=%5C%22attachment%5C%22%3E%3Ca%20href='https:\/\/080barcelonafashion.catwp-content\/uploads\/2023\/05\/Atmo_The-Artelier_Baixa_22.jpg'%3E%3Cimg%20width=%5C%22300%5C%22%20height=%5C%22200%5C%22%20src=%5C%22https:\/\/080barcelonafashion.catwp-content\/uploads\/2023\/05\/Atmo_The-Artelier_Baixa_22-300x200.jpg%5C%22%20class=%5C%22attachment-medium%20size-medium%5C%22%20alt=%5C%22%5C%22%20decoding=%5C%22async%5C%22%20loading=%5C%22lazy%5C%22%20srcset=%5C%22https:\/\/080barcelonafashion.catwp-content\/uploads\/2023\/05\/Atmo_The-Artelier_Baixa_22-300x200.jpg%20300w,%20https:\/\/080barcelonafashion.catwp-content\/uploads\/2023\/05\/Atmo_The-Artelier_Baixa_22-1024x682.jpg%201024w,%20https:\/\/080barcelonafashion.catwp-content\/uploads\/2023\/05\/Atmo_The-Artelier_Baixa_22-768x512.jpg%20768w,%20https:\/\/080barcelonafashion.catwp-content\/uploads\/2023\/05\/Atmo_The-Artelier_Baixa_22-1536x1023.jpg%201536w,%20https:\/\/080barcelonafashion.catwp-content\/uploads\/2023\/05\/Atmo_The-Artelier_Baixa_22.jpg%201600w%5C%22%20sizes=%5C%22(max-width:%20300px)%20100vw,%20300px%5C%22%20\/%3E%3C\/a%3E%3C\/p%3E%5Cn%22%7D,%22id%22:685,%22link%22:%22https:\/\/080barcelonafashion.catdesigner\/the-artelier\/atmo_the-artelier_baixa_22\/%22,%22url%22:%22https:\/\/080barcelonafashion.catwp-content\/uploads\/2023\/05\/Atmo_The-Artelier_Baixa_22.jpg%22,%22sizes%22:%22%22%7D,%7B%22alt%22:%22%22,%22title%22:%22Atmo_The-Artelier_Baixa_23%22,%22caption%22:%22%22,%22description%22:%7B%22raw%22:%22%22,%22rendered%22:%22%3Cp%20class=%5C%22attachment%5C%22%3E%3Ca%20href='https:\/\/080barcelonafashion.catwp-content\/uploads\/2023\/05\/Atmo_The-Artelier_Baixa_23.jpg'%3E%3Cimg%20width=%5C%22300%5C%22%20height=%5C%22200%5C%22%20src=%5C%22https:\/\/080barcelonafashion.catwp-content\/uploads\/2023\/05\/Atmo_The-Artelier_Baixa_23-300x200.jpg%5C%22%20class=%5C%22attachment-medium%20size-medium%5C%22%20alt=%5C%22%5C%22%20decoding=%5C%22async%5C%22%20loading=%5C%22lazy%5C%22%20srcset=%5C%22https:\/\/080barcelonafashion.catwp-content\/uploads\/2023\/05\/Atmo_The-Artelier_Baixa_23-300x200.jpg%20300w,%20https:\/\/080barcelonafashion.catwp-content\/uploads\/2023\/05\/Atmo_The-Artelier_Baixa_23-1024x682.jpg%201024w,%20https:\/\/080barcelonafashion.catwp-content\/uploads\/2023\/05\/Atmo_The-Artelier_Baixa_23-768x512.jpg%20768w,%20https:\/\/080barcelonafashion.catwp-content\/uploads\/2023\/05\/Atmo_The-Artelier_Baixa_23-1536x1023.jpg%201536w,%20https:\/\/080barcelonafashion.catwp-content\/uploads\/2023\/05\/Atmo_The-Artelier_Baixa_23.jpg%201600w%5C%22%20sizes=%5C%22(max-width:%20300px)%20100vw,%20300px%5C%22%20\/%3E%3C\/a%3E%3C\/p%3E%5Cn%22%7D,%22id%22:686,%22link%22:%22https:\/\/080barcelonafashion.catdesigner\/the-artelier\/atmo_the-artelier_baixa_23\/%22,%22url%22:%22https:\/\/080barcelonafashion.catwp-content\/uploads\/2023\/05\/Atmo_The-Artelier_Baixa_23.jpg%22,%22sizes%22:%22%22%7D,%7B%22alt%22:%22%22,%22title%22:%22Atmo_The-Artelier_Baixa_24%22,%22caption%22:%22%22,%22description%22:%7B%22raw%22:%22%22,%22rendered%22:%22%3Cp%20class=%5C%22attachment%5C%22%3E%3Ca%20href='https:\/\/080barcelonafashion.catwp-content\/uploads\/2023\/05\/Atmo_The-Artelier_Baixa_24.jpg'%3E%3Cimg%20width=%5C%22300%5C%22%20height=%5C%22200%5C%22%20src=%5C%22https:\/\/080barcelonafashion.catwp-content\/uploads\/2023\/05\/Atmo_The-Artelier_Baixa_24-300x200.jpg%5C%22%20class=%5C%22attachment-medium%20size-medium%5C%22%20alt=%5C%22%5C%22%20decoding=%5C%22async%5C%22%20loading=%5C%22lazy%5C%22%20srcset=%5C%22https:\/\/080barcelonafashion.catwp-content\/uploads\/2023\/05\/Atmo_The-Artelier_Baixa_24-300x200.jpg%20300w,%20https:\/\/080barcelonafashion.catwp-content\/uploads\/2023\/05\/Atmo_The-Artelier_Baixa_24-1024x682.jpg%201024w,%20https:\/\/080barcelonafashion.catwp-content\/uploads\/2023\/05\/Atmo_The-Artelier_Baixa_24-768x512.jpg%20768w,%20https:\/\/080barcelonafashion.catwp-content\/uploads\/2023\/05\/Atmo_The-Artelier_Baixa_24-1536x1023.jpg%201536w,%20https:\/\/080barcelonafashion.catwp-content\/uploads\/2023\/05\/Atmo_The-Artelier_Baixa_24.jpg%201600w%5C%22%20sizes=%5C%22(max-width:%20300px)%20100vw,%20300px%5C%22%20\/%3E%3C\/a%3E%3C\/p%3E%5Cn%22%7D,%22id%22:687,%22link%22:%22https:\/\/080barcelonafashion.catdesigner\/the-artelier\/atmo_the-artelier_baixa_24\/%22,%22url%22:%22https:\/\/080barcelonafashion.catwp-content\/uploads\/2023\/05\/Atmo_The-Artelier_Baixa_24.jpg%22,%22sizes%22:%22%22%7D,%7B%22alt%22:%22%22,%22title%22:%22Atmo_The-Artelier_Baixa_25%22,%22caption%22:%22%22,%22description%22:%7B%22raw%22:%22%22,%22rendered%22:%22%3Cp%20class=%5C%22attachment%5C%22%3E%3Ca%20href='https:\/\/080barcelonafashion.catwp-content\/uploads\/2023\/05\/Atmo_The-Artelier_Baixa_25.jpg'%3E%3Cimg%20width=%5C%22300%5C%22%20height=%5C%22200%5C%22%20src=%5C%22https:\/\/080barcelonafashion.catwp-content\/uploads\/2023\/05\/Atmo_The-Artelier_Baixa_25-300x200.jpg%5C%22%20class=%5C%22attachment-medium%20size-medium%5C%22%20alt=%5C%22%5C%22%20decoding=%5C%22async%5C%22%20loading=%5C%22lazy%5C%22%20srcset=%5C%22https:\/\/080barcelonafashion.catwp-content\/uploads\/2023\/05\/Atmo_The-Artelier_Baixa_25-300x200.jpg%20300w,%20https:\/\/080barcelonafashion.catwp-content\/uploads\/2023\/05\/Atmo_The-Artelier_Baixa_25-1024x682.jpg%201024w,%20https:\/\/080barcelonafashion.catwp-content\/uploads\/2023\/05\/Atmo_The-Artelier_Baixa_25-768x512.jpg%20768w,%20https:\/\/080barcelonafashion.catwp-content\/uploads\/2023\/05\/Atmo_The-Artelier_Baixa_25-1536x1023.jpg%201536w,%20https:\/\/080barcelonafashion.catwp-content\/uploads\/2023\/05\/Atmo_The-Artelier_Baixa_25.jpg%201600w%5C%22%20sizes=%5C%22(max-width:%20300px)%20100vw,%20300px%5C%22%20\/%3E%3C\/a%3E%3C\/p%3E%5Cn%22%7D,%22id%22:688,%22link%22:%22https:\/\/080barcelonafashion.catdesigner\/the-artelier\/atmo_the-artelier_baixa_25\/%22,%22url%22:%22https:\/\/080barcelonafashion.catwp-content\/uploads\/2023\/05\/Atmo_The-Artelier_Baixa_25.jpg%22,%22sizes%22:%22%22%7D,%7B%22alt%22:%22%22,%22title%22:%22Atmo_The-Artelier_Baixa_26%22,%22caption%22:%22%22,%22description%22:%7B%22raw%22:%22%22,%22rendered%22:%22%3Cp%20class=%5C%22attachment%5C%22%3E%3Ca%20href='https:\/\/080barcelonafashion.catwp-content\/uploads\/2023\/05\/Atmo_The-Artelier_Baixa_26.jpg'%3E%3Cimg%20width=%5C%22300%5C%22%20height=%5C%22200%5C%22%20src=%5C%22https:\/\/080barcelonafashion.catwp-content\/uploads\/2023\/05\/Atmo_The-Artelier_Baixa_26-300x200.jpg%5C%22%20class=%5C%22attachment-medium%20size-medium%5C%22%20alt=%5C%22%5C%22%20decoding=%5C%22async%5C%22%20loading=%5C%22lazy%5C%22%20srcset=%5C%22https:\/\/080barcelonafashion.catwp-content\/uploads\/2023\/05\/Atmo_The-Artelier_Baixa_26-300x200.jpg%20300w,%20https:\/\/080barcelonafashion.catwp-content\/uploads\/2023\/05\/Atmo_The-Artelier_Baixa_26-1024x682.jpg%201024w,%20https:\/\/080barcelonafashion.catwp-content\/uploads\/2023\/05\/Atmo_The-Artelier_Baixa_26-768x512.jpg%20768w,%20https:\/\/080barcelonafashion.catwp-content\/uploads\/2023\/05\/Atmo_The-Artelier_Baixa_26-1536x1023.jpg%201536w,%20https:\/\/080barcelonafashion.catwp-content\/uploads\/2023\/05\/Atmo_The-Artelier_Baixa_26.jpg%201600w%5C%22%20sizes=%5C%22(max-width:%20300px)%20100vw,%20300px%5C%22%20\/%3E%3C\/a%3E%3C\/p%3E%5Cn%22%7D,%22id%22:689,%22link%22:%22https:\/\/080barcelonafashion.catdesigner\/the-artelier\/atmo_the-artelier_baixa_26\/%22,%22url%22:%22https:\/\/080barcelonafashion.catwp-content\/uploads\/2023\/05\/Atmo_The-Artelier_Baixa_26.jpg%22,%22sizes%22:%22%22%7D,%7B%22alt%22:%22%22,%22title%22:%22Atmo_The-Artelier_Baixa_27%22,%22caption%22:%22%22,%22description%22:%7B%22raw%22:%22%22,%22rendered%22:%22%3Cp%20class=%5C%22attachment%5C%22%3E%3Ca%20href='https:\/\/080barcelonafashion.catwp-content\/uploads\/2023\/05\/Atmo_The-Artelier_Baixa_27.jpg'%3E%3Cimg%20width=%5C%22300%5C%22%20height=%5C%22200%5C%22%20src=%5C%22https:\/\/080barcelonafashion.catwp-content\/uploads\/2023\/05\/Atmo_The-Artelier_Baixa_27-300x200.jpg%5C%22%20class=%5C%22attachment-medium%20size-medium%5C%22%20alt=%5C%22%5C%22%20decoding=%5C%22async%5C%22%20loading=%5C%22lazy%5C%22%20srcset=%5C%22https:\/\/080barcelonafashion.catwp-content\/uploads\/2023\/05\/Atmo_The-Artelier_Baixa_27-300x200.jpg%20300w,%20https:\/\/080barcelonafashion.catwp-content\/uploads\/2023\/05\/Atmo_The-Artelier_Baixa_27-1024x682.jpg%201024w,%20https:\/\/080barcelonafashion.catwp-content\/uploads\/2023\/05\/Atmo_The-Artelier_Baixa_27-768x512.jpg%20768w,%20https:\/\/080barcelonafashion.catwp-content\/uploads\/2023\/05\/Atmo_The-Artelier_Baixa_27-1536x1023.jpg%201536w,%20https:\/\/080barcelonafashion.catwp-content\/uploads\/2023\/05\/Atmo_The-Artelier_Baixa_27.jpg%201600w%5C%22%20sizes=%5C%22(max-width:%20300px)%20100vw,%20300px%5C%22%20\/%3E%3C\/a%3E%3C\/p%3E%5Cn%22%7D,%22id%22:690,%22link%22:%22https:\/\/080barcelonafashion.catdesigner\/the-artelier\/atmo_the-artelier_baixa_27\/%22,%22url%22:%22https:\/\/080barcelonafashion.catwp-content\/uploads\/2023\/05\/Atmo_The-Artelier_Baixa_27.jpg%22,%22sizes%22:%22%22%7D,%7B%22alt%22:%22%22,%22title%22:%22Atmo_The-Artelier_Baixa_28%22,%22caption%22:%22%22,%22description%22:%7B%22raw%22:%22%22,%22rendered%22:%22%3Cp%20class=%5C%22attachment%5C%22%3E%3Ca%20href='https:\/\/080barcelonafashion.catwp-content\/uploads\/2023\/05\/Atmo_The-Artelier_Baixa_28.jpg'%3E%3Cimg%20width=%5C%22300%5C%22%20height=%5C%22200%5C%22%20src=%5C%22https:\/\/080barcelonafashion.catwp-content\/uploads\/2023\/05\/Atmo_The-Artelier_Baixa_28-300x200.jpg%5C%22%20class=%5C%22attachment-medium%20size-medium%5C%22%20alt=%5C%22%5C%22%20decoding=%5C%22async%5C%22%20loading=%5C%22lazy%5C%22%20srcset=%5C%22https:\/\/080barcelonafashion.catwp-content\/uploads\/2023\/05\/Atmo_The-Artelier_Baixa_28-300x200.jpg%20300w,%20https:\/\/080barcelonafashion.catwp-content\/uploads\/2023\/05\/Atmo_The-Artelier_Baixa_28-1024x682.jpg%201024w,%20https:\/\/080barcelonafashion.catwp-content\/uploads\/2023\/05\/Atmo_The-Artelier_Baixa_28-768x512.jpg%20768w,%20https:\/\/080barcelonafashion.catwp-content\/uploads\/2023\/05\/Atmo_The-Artelier_Baixa_28-1536x1023.jpg%201536w,%20https:\/\/080barcelonafashion.catwp-content\/uploads\/2023\/05\/Atmo_The-Artelier_Baixa_28.jpg%201600w%5C%22%20sizes=%5C%22(max-width:%20300px)%20100vw,%20300px%5C%22%20\/%3E%3C\/a%3E%3C\/p%3E%5Cn%22%7D,%22id%22:691,%22link%22:%22https:\/\/080barcelonafashion.catdesigner\/the-artelier\/atmo_the-artelier_baixa_28\/%22,%22url%22:%22https:\/\/080barcelonafashion.catwp-content\/uploads\/2023\/05\/Atmo_The-Artelier_Baixa_28.jpg%22,%22sizes%22:%22%22%7D,%7B%22alt%22:%22%22,%22title%22:%22Atmo_The-Artelier_Baixa_29%22,%22caption%22:%22%22,%22description%22:%7B%22raw%22:%22%22,%22rendered%22:%22%3Cp%20class=%5C%22attachment%5C%22%3E%3Ca%20href='https:\/\/080barcelonafashion.catwp-content\/uploads\/2023\/05\/Atmo_The-Artelier_Baixa_29.jpg'%3E%3Cimg%20width=%5C%22300%5C%22%20height=%5C%22200%5C%22%20src=%5C%22https:\/\/080barcelonafashion.catwp-content\/uploads\/2023\/05\/Atmo_The-Artelier_Baixa_29-300x200.jpg%5C%22%20class=%5C%22attachment-medium%20size-medium%5C%22%20alt=%5C%22%5C%22%20decoding=%5C%22async%5C%22%20loading=%5C%22lazy%5C%22%20srcset=%5C%22https:\/\/080barcelonafashion.catwp-content\/uploads\/2023\/05\/Atmo_The-Artelier_Baixa_29-300x200.jpg%20300w,%20https:\/\/080barcelonafashion.catwp-content\/uploads\/2023\/05\/Atmo_The-Artelier_Baixa_29-1024x682.jpg%201024w,%20https:\/\/080barcelonafashion.catwp-content\/uploads\/2023\/05\/Atmo_The-Artelier_Baixa_29-768x512.jpg%20768w,%20https:\/\/080barcelonafashion.catwp-content\/uploads\/2023\/05\/Atmo_The-Artelier_Baixa_29-1536x1023.jpg%201536w,%20https:\/\/080barcelonafashion.catwp-content\/uploads\/2023\/05\/Atmo_The-Artelier_Baixa_29.jpg%201600w%5C%22%20sizes=%5C%22(max-width:%20300px)%20100vw,%20300px%5C%22%20\/%3E%3C\/a%3E%3C\/p%3E%5Cn%22%7D,%22id%22:692,%22link%22:%22https:\/\/080barcelonafashion.catdesigner\/the-artelier\/atmo_the-artelier_baixa_29\/%22,%22url%22:%22https:\/\/080barcelonafashion.catwp-content\/uploads\/2023\/05\/Atmo_The-Artelier_Baixa_29.jpg%22,%22sizes%22:%22%22%7D,%7B%22alt%22:%22%22,%22title%22:%22Atmo_The-Artelier_Baixa_30%22,%22caption%22:%22%22,%22description%22:%7B%22raw%22:%22%22,%22rendered%22:%22%3Cp%20class=%5C%22attachment%5C%22%3E%3Ca%20href='https:\/\/080barcelonafashion.catwp-content\/uploads\/2023\/05\/Atmo_The-Artelier_Baixa_30.jpg'%3E%3Cimg%20width=%5C%22200%5C%22%20height=%5C%22300%5C%22%20src=%5C%22https:\/\/080barcelonafashion.catwp-content\/uploads\/2023\/05\/Atmo_The-Artelier_Baixa_30-200x300.jpg%5C%22%20class=%5C%22attachment-medium%20size-medium%5C%22%20alt=%5C%22%5C%22%20decoding=%5C%22async%5C%22%20loading=%5C%22lazy%5C%22%20srcset=%5C%22https:\/\/080barcelonafashion.catwp-content\/uploads\/2023\/05\/Atmo_The-Artelier_Baixa_30-200x300.jpg%20200w,%20https:\/\/080barcelonafashion.catwp-content\/uploads\/2023\/05\/Atmo_The-Artelier_Baixa_30-682x1024.jpg%20682w,%20https:\/\/080barcelonafashion.catwp-content\/uploads\/2023\/05\/Atmo_The-Artelier_Baixa_30-768x1153.jpg%20768w,%20https:\/\/080barcelonafashion.catwp-content\/uploads\/2023\/05\/Atmo_The-Artelier_Baixa_30-1023x1536.jpg%201023w,%20https:\/\/080barcelonafashion.catwp-content\/uploads\/2023\/05\/Atmo_The-Artelier_Baixa_30.jpg%201066w%5C%22%20sizes=%5C%22(max-width:%20200px)%20100vw,%20200px%5C%22%20\/%3E%3C\/a%3E%3C\/p%3E%5Cn%22%7D,%22id%22:693,%22link%22:%22https:\/\/080barcelonafashion.catdesigner\/the-artelier\/atmo_the-artelier_baixa_30\/%22,%22url%22:%22https:\/\/080barcelonafashion.catwp-content\/uploads\/2023\/05\/Atmo_The-Artelier_Baixa_30.jpg%22,%22sizes%22:%22%22%7D,%7B%22alt%22:%22%22,%22title%22:%22Atmo_The-Artelier_Baixa_31%22,%22caption%22:%22%22,%22description%22:%7B%22raw%22:%22%22,%22rendered%22:%22%3Cp%20class=%5C%22attachment%5C%22%3E%3Ca%20href='https:\/\/080barcelonafashion.catwp-content\/uploads\/2023\/05\/Atmo_The-Artelier_Baixa_31.jpg'%3E%3Cimg%20width=%5C%22300%5C%22%20height=%5C%22200%5C%22%20src=%5C%22https:\/\/080barcelonafashion.catwp-content\/uploads\/2023\/05\/Atmo_The-Artelier_Baixa_31-300x200.jpg%5C%22%20class=%5C%22attachment-medium%20size-medium%5C%22%20alt=%5C%22%5C%22%20decoding=%5C%22async%5C%22%20loading=%5C%22lazy%5C%22%20srcset=%5C%22https:\/\/080barcelonafashion.catwp-content\/uploads\/2023\/05\/Atmo_The-Artelier_Baixa_31-300x200.jpg%20300w,%20https:\/\/080barcelonafashion.catwp-content\/uploads\/2023\/05\/Atmo_The-Artelier_Baixa_31-1024x682.jpg%201024w,%20https:\/\/080barcelonafashion.catwp-content\/uploads\/2023\/05\/Atmo_The-Artelier_Baixa_31-768x512.jpg%20768w,%20https:\/\/080barcelonafashion.catwp-content\/uploads\/2023\/05\/Atmo_The-Artelier_Baixa_31-1536x1023.jpg%201536w,%20https:\/\/080barcelonafashion.catwp-content\/uploads\/2023\/05\/Atmo_The-Artelier_Baixa_31.jpg%201600w%5C%22%20sizes=%5C%22(max-width:%20300px)%20100vw,%20300px%5C%22%20\/%3E%3C\/a%3E%3C\/p%3E%5Cn%22%7D,%22id%22:694,%22link%22:%22https:\/\/080barcelonafashion.catdesigner\/the-artelier\/atmo_the-artelier_baixa_31\/%22,%22url%22:%22https:\/\/080barcelonafashion.catwp-content\/uploads\/2023\/05\/Atmo_The-Artelier_Baixa_31.jpg%22,%22sizes%22:%22%22%7D,%7B%22alt%22:%22%22,%22title%22:%22Atmo_The-Artelier_Baixa_32%22,%22caption%22:%22%22,%22description%22:%7B%22raw%22:%22%22,%22rendered%22:%22%3Cp%20class=%5C%22attachment%5C%22%3E%3Ca%20href='https:\/\/080barcelonafashion.catwp-content\/uploads\/2023\/05\/Atmo_The-Artelier_Baixa_32.jpg'%3E%3Cimg%20width=%5C%22300%5C%22%20height=%5C%22200%5C%22%20src=%5C%22https:\/\/080barcelonafashion.catwp-content\/uploads\/2023\/05\/Atmo_The-Artelier_Baixa_32-300x200.jpg%5C%22%20class=%5C%22attachment-medium%20size-medium%5C%22%20alt=%5C%22%5C%22%20decoding=%5C%22async%5C%22%20loading=%5C%22lazy%5C%22%20srcset=%5C%22https:\/\/080barcelonafashion.catwp-content\/uploads\/2023\/05\/Atmo_The-Artelier_Baixa_32-300x200.jpg%20300w,%20https:\/\/080barcelonafashion.catwp-content\/uploads\/2023\/05\/Atmo_The-Artelier_Baixa_32-1024x682.jpg%201024w,%20https:\/\/080barcelonafashion.catwp-content\/uploads\/2023\/05\/Atmo_The-Artelier_Baixa_32-768x512.jpg%20768w,%20https:\/\/080barcelonafashion.catwp-content\/uploads\/2023\/05\/Atmo_The-Artelier_Baixa_32-1536x1023.jpg%201536w,%20https:\/\/080barcelonafashion.catwp-content\/uploads\/2023\/05\/Atmo_The-Artelier_Baixa_32.jpg%201600w%5C%22%20sizes=%5C%22(max-width:%20300px)%20100vw,%20300px%5C%22%20\/%3E%3C\/a%3E%3C\/p%3E%5Cn%22%7D,%22id%22:695,%22link%22:%22https:\/\/080barcelonafashion.catdesigner\/the-artelier\/atmo_the-artelier_baixa_32\/%22,%22url%22:%22https:\/\/080barcelonafashion.catwp-content\/uploads\/2023\/05\/Atmo_The-Artelier_Baixa_32.jpg%22,%22sizes%22:%22%22%7D,%7B%22alt%22:%22%22,%22title%22:%22Atmo_The-Artelier_Baixa_33%22,%22caption%22:%22%22,%22description%22:%7B%22raw%22:%22%22,%22rendered%22:%22%3Cp%20class=%5C%22attachment%5C%22%3E%3Ca%20href='https:\/\/080barcelonafashion.catwp-content\/uploads\/2023\/05\/Atmo_The-Artelier_Baixa_33.jpg'%3E%3Cimg%20width=%5C%22300%5C%22%20height=%5C%22200%5C%22%20src=%5C%22https:\/\/080barcelonafashion.catwp-content\/uploads\/2023\/05\/Atmo_The-Artelier_Baixa_33-300x200.jpg%5C%22%20class=%5C%22attachment-medium%20size-medium%5C%22%20alt=%5C%22%5C%22%20decoding=%5C%22async%5C%22%20loading=%5C%22lazy%5C%22%20srcset=%5C%22https:\/\/080barcelonafashion.catwp-content\/uploads\/2023\/05\/Atmo_The-Artelier_Baixa_33-300x200.jpg%20300w,%20https:\/\/080barcelonafashion.catwp-content\/uploads\/2023\/05\/Atmo_The-Artelier_Baixa_33-1024x682.jpg%201024w,%20https:\/\/080barcelonafashion.catwp-content\/uploads\/2023\/05\/Atmo_The-Artelier_Baixa_33-768x512.jpg%20768w,%20https:\/\/080barcelonafashion.catwp-content\/uploads\/2023\/05\/Atmo_The-Artelier_Baixa_33-1536x1023.jpg%201536w,%20https:\/\/080barcelonafashion.catwp-content\/uploads\/2023\/05\/Atmo_The-Artelier_Baixa_33.jpg%201600w%5C%22%20sizes=%5C%22(max-width:%20300px)%20100vw,%20300px%5C%22%20\/%3E%3C\/a%3E%3C\/p%3E%5Cn%22%7D,%22id%22:696,%22link%22:%22https:\/\/080barcelonafashion.catdesigner\/the-artelier\/atmo_the-artelier_baixa_33\/%22,%22url%22:%22https:\/\/080barcelonafashion.catwp-content\/uploads\/2023\/05\/Atmo_The-Artelier_Baixa_33.jpg%22,%22sizes%22:%22%22%7D,%7B%22alt%22:%22%22,%22title%22:%22Atmo_The-Artelier_Baixa_34%22,%22caption%22:%22%22,%22description%22:%7B%22raw%22:%22%22,%22rendered%22:%22%3Cp%20class=%5C%22attachment%5C%22%3E%3Ca%20href='https:\/\/080barcelonafashion.catwp-content\/uploads\/2023\/05\/Atmo_The-Artelier_Baixa_34.jpg'%3E%3Cimg%20width=%5C%22300%5C%22%20height=%5C%22200%5C%22%20src=%5C%22https:\/\/080barcelonafashion.catwp-content\/uploads\/2023\/05\/Atmo_The-Artelier_Baixa_34-300x200.jpg%5C%22%20class=%5C%22attachment-medium%20size-medium%5C%22%20alt=%5C%22%5C%22%20decoding=%5C%22async%5C%22%20loading=%5C%22lazy%5C%22%20srcset=%5C%22https:\/\/080barcelonafashion.catwp-content\/uploads\/2023\/05\/Atmo_The-Artelier_Baixa_34-300x200.jpg%20300w,%20https:\/\/080barcelonafashion.catwp-content\/uploads\/2023\/05\/Atmo_The-Artelier_Baixa_34-1024x682.jpg%201024w,%20https:\/\/080barcelonafashion.catwp-content\/uploads\/2023\/05\/Atmo_The-Artelier_Baixa_34-768x512.jpg%20768w,%20https:\/\/080barcelonafashion.catwp-content\/uploads\/2023\/05\/Atmo_The-Artelier_Baixa_34-1536x1023.jpg%201536w,%20https:\/\/080barcelonafashion.catwp-content\/uploads\/2023\/05\/Atmo_The-Artelier_Baixa_34.jpg%201600w%5C%22%20sizes=%5C%22(max-width:%20300px)%20100vw,%20300px%5C%22%20\/%3E%3C\/a%3E%3C\/p%3E%5Cn%22%7D,%22id%22:697,%22link%22:%22https:\/\/080barcelonafashion.catdesigner\/the-artelier\/atmo_the-artelier_baixa_34\/%22,%22url%22:%22https:\/\/080barcelonafashion.catwp-content\/uploads\/2023\/05\/Atmo_The-Artelier_Baixa_34.jpg%22,%22sizes%22:%22%22%7D,%7B%22alt%22:%22%22,%22title%22:%22Atmo_The-Artelier_Baixa_35%22,%22caption%22:%22%22,%22description%22:%7B%22raw%22:%22%22,%22rendered%22:%22%3Cp%20class=%5C%22attachment%5C%22%3E%3Ca%20href='https:\/\/080barcelonafashion.catwp-content\/uploads\/2023\/05\/Atmo_The-Artelier_Baixa_35.jpg'%3E%3Cimg%20width=%5C%22300%5C%22%20height=%5C%22200%5C%22%20src=%5C%22https:\/\/080barcelonafashion.catwp-content\/uploads\/2023\/05\/Atmo_The-Artelier_Baixa_35-300x200.jpg%5C%22%20class=%5C%22attachment-medium%20size-medium%5C%22%20alt=%5C%22%5C%22%20decoding=%5C%22async%5C%22%20loading=%5C%22lazy%5C%22%20srcset=%5C%22https:\/\/080barcelonafashion.catwp-content\/uploads\/2023\/05\/Atmo_The-Artelier_Baixa_35-300x200.jpg%20300w,%20https:\/\/080barcelonafashion.catwp-content\/uploads\/2023\/05\/Atmo_The-Artelier_Baixa_35-1024x682.jpg%201024w,%20https:\/\/080barcelonafashion.catwp-content\/uploads\/2023\/05\/Atmo_The-Artelier_Baixa_35-768x512.jpg%20768w,%20https:\/\/080barcelonafashion.catwp-content\/uploads\/2023\/05\/Atmo_The-Artelier_Baixa_35-1536x1023.jpg%201536w,%20https:\/\/080barcelonafashion.catwp-content\/uploads\/2023\/05\/Atmo_The-Artelier_Baixa_35.jpg%201600w%5C%22%20sizes=%5C%22(max-width:%20300px)%20100vw,%20300px%5C%22%20\/%3E%3C\/a%3E%3C\/p%3E%5Cn%22%7D,%22id%22:698,%22link%22:%22https:\/\/080barcelonafashion.catdesigner\/the-artelier\/atmo_the-artelier_baixa_35\/%22,%22url%22:%22https:\/\/080barcelonafashion.catwp-content\/uploads\/2023\/05\/Atmo_The-Artelier_Baixa_35.jpg%22,%22sizes%22:%22%22%7D,%7B%22alt%22:%22%22,%22title%22:%22Atmo_The-Artelier_Baixa_36%22,%22caption%22:%22%22,%22description%22:%7B%22raw%22:%22%22,%22rendered%22:%22%3Cp%20class=%5C%22attachment%5C%22%3E%3Ca%20href='https:\/\/080barcelonafashion.catwp-content\/uploads\/2023\/05\/Atmo_The-Artelier_Baixa_36.jpg'%3E%3Cimg%20width=%5C%22300%5C%22%20height=%5C%22200%5C%22%20src=%5C%22https:\/\/080barcelonafashion.catwp-content\/uploads\/2023\/05\/Atmo_The-Artelier_Baixa_36-300x200.jpg%5C%22%20class=%5C%22attachment-medium%20size-medium%5C%22%20alt=%5C%22%5C%22%20decoding=%5C%22async%5C%22%20loading=%5C%22lazy%5C%22%20srcset=%5C%22https:\/\/080barcelonafashion.catwp-content\/uploads\/2023\/05\/Atmo_The-Artelier_Baixa_36-300x200.jpg%20300w,%20https:\/\/080barcelonafashion.catwp-content\/uploads\/2023\/05\/Atmo_The-Artelier_Baixa_36-1024x682.jpg%201024w,%20https:\/\/080barcelonafashion.catwp-content\/uploads\/2023\/05\/Atmo_The-Artelier_Baixa_36-768x512.jpg%20768w,%20https:\/\/080barcelonafashion.catwp-content\/uploads\/2023\/05\/Atmo_The-Artelier_Baixa_36-1536x1023.jpg%201536w,%20https:\/\/080barcelonafashion.catwp-content\/uploads\/2023\/05\/Atmo_The-Artelier_Baixa_36.jpg%201600w%5C%22%20sizes=%5C%22(max-width:%20300px)%20100vw,%20300px%5C%22%20\/%3E%3C\/a%3E%3C\/p%3E%5Cn%22%7D,%22id%22:699,%22link%22:%22https:\/\/080barcelonafashion.catdesigner\/the-artelier\/atmo_the-artelier_baixa_36\/%22,%22url%22:%22https:\/\/080barcelonafashion.catwp-content\/uploads\/2023\/05\/Atmo_The-Artelier_Baixa_36.jpg%22,%22sizes%22:%22%22%7D,%7B%22alt%22:%22%22,%22title%22:%22Atmo_The-Artelier_Baixa_37%22,%22caption%22:%22%22,%22description%22:%7B%22raw%22:%22%22,%22rendered%22:%22%3Cp%20class=%5C%22attachment%5C%22%3E%3Ca%20href='https:\/\/080barcelonafashion.catwp-content\/uploads\/2023\/05\/Atmo_The-Artelier_Baixa_37.jpg'%3E%3Cimg%20width=%5C%22200%5C%22%20height=%5C%22300%5C%22%20src=%5C%22https:\/\/080barcelonafashion.catwp-content\/uploads\/2023\/05\/Atmo_The-Artelier_Baixa_37-200x300.jpg%5C%22%20class=%5C%22attachment-medium%20size-medium%5C%22%20alt=%5C%22%5C%22%20decoding=%5C%22async%5C%22%20loading=%5C%22lazy%5C%22%20srcset=%5C%22https:\/\/080barcelonafashion.catwp-content\/uploads\/2023\/05\/Atmo_The-Artelier_Baixa_37-200x300.jpg%20200w,%20https:\/\/080barcelonafashion.catwp-content\/uploads\/2023\/05\/Atmo_The-Artelier_Baixa_37-682x1024.jpg%20682w,%20https:\/\/080barcelonafashion.catwp-content\/uploads\/2023\/05\/Atmo_The-Artelier_Baixa_37-768x1153.jpg%20768w,%20https:\/\/080barcelonafashion.catwp-content\/uploads\/2023\/05\/Atmo_The-Artelier_Baixa_37-1023x1536.jpg%201023w,%20https:\/\/080barcelonafashion.catwp-content\/uploads\/2023\/05\/Atmo_The-Artelier_Baixa_37.jpg%201066w%5C%22%20sizes=%5C%22(max-width:%20200px)%20100vw,%20200px%5C%22%20\/%3E%3C\/a%3E%3C\/p%3E%5Cn%22%7D,%22id%22:700,%22link%22:%22https:\/\/080barcelonafashion.catdesigner\/the-artelier\/atmo_the-artelier_baixa_37\/%22,%22url%22:%22https:\/\/080barcelonafashion.catwp-content\/uploads\/2023\/05\/Atmo_The-Artelier_Baixa_37.jpg%22,%22sizes%22:%22%22%7D,%7B%22alt%22:%22%22,%22title%22:%22Atmo_The-Artelier_Baixa_38%22,%22caption%22:%22%22,%22description%22:%7B%22raw%22:%22%22,%22rendered%22:%22%3Cp%20class=%5C%22attachment%5C%22%3E%3Ca%20href='https:\/\/080barcelonafashion.catwp-content\/uploads\/2023\/05\/Atmo_The-Artelier_Baixa_38.jpg'%3E%3Cimg%20width=%5C%22300%5C%22%20height=%5C%22200%5C%22%20src=%5C%22https:\/\/080barcelonafashion.catwp-content\/uploads\/2023\/05\/Atmo_The-Artelier_Baixa_38-300x200.jpg%5C%22%20class=%5C%22attachment-medium%20size-medium%5C%22%20alt=%5C%22%5C%22%20decoding=%5C%22async%5C%22%20loading=%5C%22lazy%5C%22%20srcset=%5C%22https:\/\/080barcelonafashion.catwp-content\/uploads\/2023\/05\/Atmo_The-Artelier_Baixa_38-300x200.jpg%20300w,%20https:\/\/080barcelonafashion.catwp-content\/uploads\/2023\/05\/Atmo_The-Artelier_Baixa_38-1024x682.jpg%201024w,%20https:\/\/080barcelonafashion.catwp-content\/uploads\/2023\/05\/Atmo_The-Artelier_Baixa_38-768x512.jpg%20768w,%20https:\/\/080barcelonafashion.catwp-content\/uploads\/2023\/05\/Atmo_The-Artelier_Baixa_38-1536x1023.jpg%201536w,%20https:\/\/080barcelonafashion.catwp-content\/uploads\/2023\/05\/Atmo_The-Artelier_Baixa_38.jpg%201600w%5C%22%20sizes=%5C%22(max-width:%20300px)%20100vw,%20300px%5C%22%20\/%3E%3C\/a%3E%3C\/p%3E%5Cn%22%7D,%22id%22:701,%22link%22:%22https:\/\/080barcelonafashion.catdesigner\/the-artelier\/atmo_the-artelier_baixa_38\/%22,%22url%22:%22https:\/\/080barcelonafashion.catwp-content\/uploads\/2023\/05\/Atmo_The-Artelier_Baixa_38.jpg%22,%22sizes%22:%22%22%7D,%7B%22alt%22:%22%22,%22title%22:%22Atmo_The-Artelier_Baixa_39%22,%22caption%22:%22%22,%22description%22:%7B%22raw%22:%22%22,%22rendered%22:%22%3Cp%20class=%5C%22attachment%5C%22%3E%3Ca%20href='https:\/\/080barcelonafashion.catwp-content\/uploads\/2023\/05\/Atmo_The-Artelier_Baixa_39.jpg'%3E%3Cimg%20width=%5C%22300%5C%22%20height=%5C%22200%5C%22%20src=%5C%22https:\/\/080barcelonafashion.catwp-content\/uploads\/2023\/05\/Atmo_The-Artelier_Baixa_39-300x200.jpg%5C%22%20class=%5C%22attachment-medium%20size-medium%5C%22%20alt=%5C%22%5C%22%20decoding=%5C%22async%5C%22%20loading=%5C%22lazy%5C%22%20srcset=%5C%22https:\/\/080barcelonafashion.catwp-content\/uploads\/2023\/05\/Atmo_The-Artelier_Baixa_39-300x200.jpg%20300w,%20https:\/\/080barcelonafashion.catwp-content\/uploads\/2023\/05\/Atmo_The-Artelier_Baixa_39-1024x682.jpg%201024w,%20https:\/\/080barcelonafashion.catwp-content\/uploads\/2023\/05\/Atmo_The-Artelier_Baixa_39-768x512.jpg%20768w,%20https:\/\/080barcelonafashion.catwp-content\/uploads\/2023\/05\/Atmo_The-Artelier_Baixa_39-1536x1023.jpg%201536w,%20https:\/\/080barcelonafashion.catwp-content\/uploads\/2023\/05\/Atmo_The-Artelier_Baixa_39.jpg%201600w%5C%22%20sizes=%5C%22(max-width:%20300px)%20100vw,%20300px%5C%22%20\/%3E%3C\/a%3E%3C\/p%3E%5Cn%22%7D,%22id%22:702,%22link%22:%22https:\/\/080barcelonafashion.catdesigner\/the-artelier\/atmo_the-artelier_baixa_39\/%22,%22url%22:%22https:\/\/080barcelonafashion.catwp-content\/uploads\/2023\/05\/Atmo_The-Artelier_Baixa_39.jpg%22,%22sizes%22:%22%22%7D,%7B%22alt%22:%22%22,%22title%22:%22Atmo_The-Artelier_Baixa_40%22,%22caption%22:%22%22,%22description%22:%7B%22raw%22:%22%22,%22rendered%22:%22%3Cp%20class=%5C%22attachment%5C%22%3E%3Ca%20href='https:\/\/080barcelonafashion.catwp-content\/uploads\/2023\/05\/Atmo_The-Artelier_Baixa_40.jpg'%3E%3Cimg%20width=%5C%22300%5C%22%20height=%5C%22200%5C%22%20src=%5C%22https:\/\/080barcelonafashion.catwp-content\/uploads\/2023\/05\/Atmo_The-Artelier_Baixa_40-300x200.jpg%5C%22%20class=%5C%22attachment-medium%20size-medium%5C%22%20alt=%5C%22%5C%22%20decoding=%5C%22async%5C%22%20loading=%5C%22lazy%5C%22%20srcset=%5C%22https:\/\/080barcelonafashion.catwp-content\/uploads\/2023\/05\/Atmo_The-Artelier_Baixa_40-300x200.jpg%20300w,%20https:\/\/080barcelonafashion.catwp-content\/uploads\/2023\/05\/Atmo_The-Artelier_Baixa_40-1024x682.jpg%201024w,%20https:\/\/080barcelonafashion.catwp-content\/uploads\/2023\/05\/Atmo_The-Artelier_Baixa_40-768x512.jpg%20768w,%20https:\/\/080barcelonafashion.catwp-content\/uploads\/2023\/05\/Atmo_The-Artelier_Baixa_40-1536x1023.jpg%201536w,%20https:\/\/080barcelonafashion.catwp-content\/uploads\/2023\/05\/Atmo_The-Artelier_Baixa_40.jpg%201600w%5C%22%20sizes=%5C%22(max-width:%20300px)%20100vw,%20300px%5C%22%20\/%3E%3C\/a%3E%3C\/p%3E%5Cn%22%7D,%22id%22:704,%22link%22:%22https:\/\/080barcelonafashion.catdesigner\/the-artelier\/atmo_the-artelier_baixa_40\/%22,%22url%22:%22https:\/\/080barcelonafashion.catwp-content\/uploads\/2023\/05\/Atmo_The-Artelier_Baixa_40.jpg%22,%22sizes%22:%22%22%7D,%7B%22alt%22:%22%22,%22title%22:%22Atmo_The-Artelier_Baixa_41%22,%22caption%22:%22%22,%22description%22:%7B%22raw%22:%22%22,%22rendered%22:%22%3Cp%20class=%5C%22attachment%5C%22%3E%3Ca%20href='https:\/\/080barcelonafashion.catwp-content\/uploads\/2023\/05\/Atmo_The-Artelier_Baixa_41.jpg'%3E%3Cimg%20width=%5C%22300%5C%22%20height=%5C%22200%5C%22%20src=%5C%22https:\/\/080barcelonafashion.catwp-content\/uploads\/2023\/05\/Atmo_The-Artelier_Baixa_41-300x200.jpg%5C%22%20class=%5C%22attachment-medium%20size-medium%5C%22%20alt=%5C%22%5C%22%20decoding=%5C%22async%5C%22%20loading=%5C%22lazy%5C%22%20srcset=%5C%22https:\/\/080barcelonafashion.catwp-content\/uploads\/2023\/05\/Atmo_The-Artelier_Baixa_41-300x200.jpg%20300w,%20https:\/\/080barcelonafashion.catwp-content\/uploads\/2023\/05\/Atmo_The-Artelier_Baixa_41-1024x682.jpg%201024w,%20https:\/\/080barcelonafashion.catwp-content\/uploads\/2023\/05\/Atmo_The-Artelier_Baixa_41-768x512.jpg%20768w,%20https:\/\/080barcelonafashion.catwp-content\/uploads\/2023\/05\/Atmo_The-Artelier_Baixa_41-1536x1023.jpg%201536w,%20https:\/\/080barcelonafashion.catwp-content\/uploads\/2023\/05\/Atmo_The-Artelier_Baixa_41.jpg%201600w%5C%22%20sizes=%5C%22(max-width:%20300px)%20100vw,%20300px%5C%22%20\/%3E%3C\/a%3E%3C\/p%3E%5Cn%22%7D,%22id%22:705,%22link%22:%22https:\/\/080barcelonafashion.catdesigner\/the-artelier\/atmo_the-artelier_baixa_41\/%22,%22url%22:%22https:\/\/080barcelonafashion.catwp-content\/uploads\/2023\/05\/Atmo_The-Artelier_Baixa_41.jpg%22,%22sizes%22:%22%22%7D,%7B%22alt%22:%22%22,%22title%22:%22Atmo_The-Artelier_Baixa_42%22,%22caption%22:%22%22,%22description%22:%7B%22raw%22:%22%22,%22rendered%22:%22%3Cp%20class=%5C%22attachment%5C%22%3E%3Ca%20href='https:\/\/080barcelonafashion.catwp-content\/uploads\/2023\/05\/Atmo_The-Artelier_Baixa_42.jpg'%3E%3Cimg%20width=%5C%22200%5C%22%20height=%5C%22300%5C%22%20src=%5C%22https:\/\/080barcelonafashion.catwp-content\/uploads\/2023\/05\/Atmo_The-Artelier_Baixa_42-200x300.jpg%5C%22%20class=%5C%22attachment-medium%20size-medium%5C%22%20alt=%5C%22%5C%22%20decoding=%5C%22async%5C%22%20loading=%5C%22lazy%5C%22%20srcset=%5C%22https:\/\/080barcelonafashion.catwp-content\/uploads\/2023\/05\/Atmo_The-Artelier_Baixa_42-200x300.jpg%20200w,%20https:\/\/080barcelonafashion.catwp-content\/uploads\/2023\/05\/Atmo_The-Artelier_Baixa_42-682x1024.jpg%20682w,%20https:\/\/080barcelonafashion.catwp-content\/uploads\/2023\/05\/Atmo_The-Artelier_Baixa_42-768x1153.jpg%20768w,%20https:\/\/080barcelonafashion.catwp-content\/uploads\/2023\/05\/Atmo_The-Artelier_Baixa_42-1023x1536.jpg%201023w,%20https:\/\/080barcelonafashion.catwp-content\/uploads\/2023\/05\/Atmo_The-Artelier_Baixa_42.jpg%201066w%5C%22%20sizes=%5C%22(max-width:%20200px)%20100vw,%20200px%5C%22%20\/%3E%3C\/a%3E%3C\/p%3E%5Cn%22%7D,%22id%22:706,%22link%22:%22https:\/\/080barcelonafashion.catdesigner\/the-artelier\/atmo_the-artelier_baixa_42\/%22,%22url%22:%22https:\/\/080barcelonafashion.catwp-content\/uploads\/2023\/05\/Atmo_The-Artelier_Baixa_42.jpg%22,%22sizes%22:%22%22%7D,%7B%22alt%22:%22%22,%22title%22:%22Atmo_The-Artelier_Baixa_43%22,%22caption%22:%22%22,%22description%22:%7B%22raw%22:%22%22,%22rendered%22:%22%3Cp%20class=%5C%22attachment%5C%22%3E%3Ca%20href='https:\/\/080barcelonafashion.catwp-content\/uploads\/2023\/05\/Atmo_The-Artelier_Baixa_43.jpg'%3E%3Cimg%20width=%5C%22300%5C%22%20height=%5C%22200%5C%22%20src=%5C%22https:\/\/080barcelonafashion.catwp-content\/uploads\/2023\/05\/Atmo_The-Artelier_Baixa_43-300x200.jpg%5C%22%20class=%5C%22attachment-medium%20size-medium%5C%22%20alt=%5C%22%5C%22%20decoding=%5C%22async%5C%22%20loading=%5C%22lazy%5C%22%20srcset=%5C%22https:\/\/080barcelonafashion.catwp-content\/uploads\/2023\/05\/Atmo_The-Artelier_Baixa_43-300x200.jpg%20300w,%20https:\/\/080barcelonafashion.catwp-content\/uploads\/2023\/05\/Atmo_The-Artelier_Baixa_43-1024x682.jpg%201024w,%20https:\/\/080barcelonafashion.catwp-content\/uploads\/2023\/05\/Atmo_The-Artelier_Baixa_43-768x512.jpg%20768w,%20https:\/\/080barcelonafashion.catwp-content\/uploads\/2023\/05\/Atmo_The-Artelier_Baixa_43-1536x1023.jpg%201536w,%20https:\/\/080barcelonafashion.catwp-content\/uploads\/2023\/05\/Atmo_The-Artelier_Baixa_43.jpg%201600w%5C%22%20sizes=%5C%22(max-width:%20300px)%20100vw,%20300px%5C%22%20\/%3E%3C\/a%3E%3C\/p%3E%5Cn%22%7D,%22id%22:707,%22link%22:%22https:\/\/080barcelonafashion.catdesigner\/the-artelier\/atmo_the-artelier_baixa_43\/%22,%22url%22:%22https:\/\/080barcelonafashion.catwp-content\/uploads\/2023\/05\/Atmo_The-Artelier_Baixa_43.jpg%22,%22sizes%22:%22%22%7D%5D","images-front-row":"%5B%7B%22alt%22:%22%22,%22title%22:%224910_BAJA%22,%22caption%22:%22%22,%22description%22:%7B%22raw%22:%22%22,%22rendered%22:%22%3Cp%20class=%5C%22attachment%5C%22%3E%3Ca%20href='https:\/\/080barcelonafashion.catwp-content\/uploads\/2023\/05\/4910_BAJA.jpg'%3E%3Cimg%20width=%5C%22300%5C%22%20height=%5C%22200%5C%22%20src=%5C%22https:\/\/080barcelonafashion.catwp-content\/uploads\/2023\/05\/4910_BAJA-300x200.jpg%5C%22%20class=%5C%22attachment-medium%20size-medium%5C%22%20alt=%5C%22%5C%22%20decoding=%5C%22async%5C%22%20loading=%5C%22lazy%5C%22%20srcset=%5C%22https:\/\/080barcelonafashion.catwp-content\/uploads\/2023\/05\/4910_BAJA-300x200.jpg%20300w,%20https:\/\/080barcelonafashion.catwp-content\/uploads\/2023\/05\/4910_BAJA-1024x683.jpg%201024w,%20https:\/\/080barcelonafashion.catwp-content\/uploads\/2023\/05\/4910_BAJA-768x512.jpg%20768w,%20https:\/\/080barcelonafashion.catwp-content\/uploads\/2023\/05\/4910_BAJA.jpg%201125w%5C%22%20sizes=%5C%22(max-width:%20300px)%20100vw,%20300px%5C%22%20\/%3E%3C\/a%3E%3C\/p%3E%5Cn%22%7D,%22id%22:1155,%22link%22:%22https:\/\/080barcelonafashion.catdesigner\/the-artelier\/4910_baja\/%22,%22url%22:%22https:\/\/080barcelonafashion.catwp-content\/uploads\/2023\/05\/4910_BAJA.jpg%22,%22sizes%22:%22%22%7D,%7B%22alt%22:%22%22,%22title%22:%224914_BAJA%22,%22caption%22:%22%22,%22description%22:%7B%22raw%22:%22%22,%22rendered%22:%22%3Cp%20class=%5C%22attachment%5C%22%3E%3Ca%20href='https:\/\/080barcelonafashion.catwp-content\/uploads\/2023\/05\/4914_BAJA.jpg'%3E%3Cimg%20width=%5C%22248%5C%22%20height=%5C%22300%5C%22%20src=%5C%22https:\/\/080barcelonafashion.catwp-content\/uploads\/2023\/05\/4914_BAJA-248x300.jpg%5C%22%20class=%5C%22attachment-medium%20size-medium%5C%22%20alt=%5C%22%5C%22%20decoding=%5C%22async%5C%22%20loading=%5C%22lazy%5C%22%20srcset=%5C%22https:\/\/080barcelonafashion.catwp-content\/uploads\/2023\/05\/4914_BAJA-248x300.jpg%20248w,%20https:\/\/080barcelonafashion.catwp-content\/uploads\/2023\/05\/4914_BAJA.jpg%20621w%5C%22%20sizes=%5C%22(max-width:%20248px)%20100vw,%20248px%5C%22%20\/%3E%3C\/a%3E%3C\/p%3E%5Cn%22%7D,%22id%22:1156,%22link%22:%22https:\/\/080barcelonafashion.catdesigner\/the-artelier\/4914_baja\/%22,%22url%22:%22https:\/\/080barcelonafashion.catwp-content\/uploads\/2023\/05\/4914_BAJA.jpg%22,%22sizes%22:%22%22%7D,%7B%22alt%22:%22%22,%22title%22:%224921_BAJA%22,%22caption%22:%22%22,%22description%22:%7B%22raw%22:%22%22,%22rendered%22:%22%3Cp%20class=%5C%22attachment%5C%22%3E%3Ca%20href='https:\/\/080barcelonafashion.catwp-content\/uploads\/2023\/05\/4921_BAJA.jpg'%3E%3Cimg%20width=%5C%22200%5C%22%20height=%5C%22300%5C%22%20src=%5C%22https:\/\/080barcelonafashion.catwp-content\/uploads\/2023\/05\/4921_BAJA-200x300.jpg%5C%22%20class=%5C%22attachment-medium%20size-medium%5C%22%20alt=%5C%22%5C%22%20decoding=%5C%22async%5C%22%20loading=%5C%22lazy%5C%22%20srcset=%5C%22https:\/\/080barcelonafashion.catwp-content\/uploads\/2023\/05\/4921_BAJA-200x300.jpg%20200w,%20https:\/\/080barcelonafashion.catwp-content\/uploads\/2023\/05\/4921_BAJA.jpg%20500w%5C%22%20sizes=%5C%22(max-width:%20200px)%20100vw,%20200px%5C%22%20\/%3E%3C\/a%3E%3C\/p%3E%5Cn%22%7D,%22id%22:1157,%22link%22:%22https:\/\/080barcelonafashion.catdesigner\/the-artelier\/4921_baja\/%22,%22url%22:%22https:\/\/080barcelonafashion.catwp-content\/uploads\/2023\/05\/4921_BAJA.jpg%22,%22sizes%22:%22%22%7D,%7B%22alt%22:%22%22,%22title%22:%224924_BAJA%22,%22caption%22:%22%22,%22description%22:%7B%22raw%22:%22%22,%22rendered%22:%22%3Cp%20class=%5C%22attachment%5C%22%3E%3Ca%20href='https:\/\/080barcelonafashion.catwp-content\/uploads\/2023\/05\/4924_BAJA.jpg'%3E%3Cimg%20width=%5C%22200%5C%22%20height=%5C%22300%5C%22%20src=%5C%22https:\/\/080barcelonafashion.catwp-content\/uploads\/2023\/05\/4924_BAJA-200x300.jpg%5C%22%20class=%5C%22attachment-medium%20size-medium%5C%22%20alt=%5C%22%5C%22%20decoding=%5C%22async%5C%22%20loading=%5C%22lazy%5C%22%20srcset=%5C%22https:\/\/080barcelonafashion.catwp-content\/uploads\/2023\/05\/4924_BAJA-200x300.jpg%20200w,%20https:\/\/080barcelonafashion.catwp-content\/uploads\/2023\/05\/4924_BAJA.jpg%20500w%5C%22%20sizes=%5C%22(max-width:%20200px)%20100vw,%20200px%5C%22%20\/%3E%3C\/a%3E%3C\/p%3E%5Cn%22%7D,%22id%22:1158,%22link%22:%22https:\/\/080barcelonafashion.catdesigner\/the-artelier\/4924_baja\/%22,%22url%22:%22https:\/\/080barcelonafashion.catwp-content\/uploads\/2023\/05\/4924_BAJA.jpg%22,%22sizes%22:%22%22%7D,%7B%22alt%22:%22%22,%22title%22:%224929_BAJA%22,%22caption%22:%22%22,%22description%22:%7B%22raw%22:%22%22,%22rendered%22:%22%3Cp%20class=%5C%22attachment%5C%22%3E%3Ca%20href='https:\/\/080barcelonafashion.catwp-content\/uploads\/2023\/05\/4929_BAJA.jpg'%3E%3Cimg%20width=%5C%22200%5C%22%20height=%5C%22300%5C%22%20src=%5C%22https:\/\/080barcelonafashion.catwp-content\/uploads\/2023\/05\/4929_BAJA-200x300.jpg%5C%22%20class=%5C%22attachment-medium%20size-medium%5C%22%20alt=%5C%22%5C%22%20decoding=%5C%22async%5C%22%20loading=%5C%22lazy%5C%22%20srcset=%5C%22https:\/\/080barcelonafashion.catwp-content\/uploads\/2023\/05\/4929_BAJA-200x300.jpg%20200w,%20https:\/\/080barcelonafashion.catwp-content\/uploads\/2023\/05\/4929_BAJA.jpg%20500w%5C%22%20sizes=%5C%22(max-width:%20200px)%20100vw,%20200px%5C%22%20\/%3E%3C\/a%3E%3C\/p%3E%5Cn%22%7D,%22id%22:1159,%22link%22:%22https:\/\/080barcelonafashion.catdesigner\/the-artelier\/4929_baja\/%22,%22url%22:%22https:\/\/080barcelonafashion.catwp-content\/uploads\/2023\/05\/4929_BAJA.jpg%22,%22sizes%22:%22%22%7D,%7B%22alt%22:%22%22,%22title%22:%224941_BAJA%22,%22caption%22:%22%22,%22description%22:%7B%22raw%22:%22%22,%22rendered%22:%22%3Cp%20class=%5C%22attachment%5C%22%3E%3Ca%20href='https:\/\/080barcelonafashion.catwp-content\/uploads\/2023\/05\/4941_BAJA.jpg'%3E%3Cimg%20width=%5C%22200%5C%22%20height=%5C%22300%5C%22%20src=%5C%22https:\/\/080barcelonafashion.catwp-content\/uploads\/2023\/05\/4941_BAJA-200x300.jpg%5C%22%20class=%5C%22attachment-medium%20size-medium%5C%22%20alt=%5C%22%5C%22%20decoding=%5C%22async%5C%22%20loading=%5C%22lazy%5C%22%20srcset=%5C%22https:\/\/080barcelonafashion.catwp-content\/uploads\/2023\/05\/4941_BAJA-200x300.jpg%20200w,%20https:\/\/080barcelonafashion.catwp-content\/uploads\/2023\/05\/4941_BAJA.jpg%20500w%5C%22%20sizes=%5C%22(max-width:%20200px)%20100vw,%20200px%5C%22%20\/%3E%3C\/a%3E%3C\/p%3E%5Cn%22%7D,%22id%22:1160,%22link%22:%22https:\/\/080barcelonafashion.catdesigner\/the-artelier\/4941_baja\/%22,%22url%22:%22https:\/\/080barcelonafashion.catwp-content\/uploads\/2023\/05\/4941_BAJA.jpg%22,%22sizes%22:%22%22%7D,%7B%22alt%22:%22%22,%22title%22:%224949_BAJA%22,%22caption%22:%22%22,%22description%22:%7B%22raw%22:%22%22,%22rendered%22:%22%3Cp%20class=%5C%22attachment%5C%22%3E%3Ca%20href='https:\/\/080barcelonafashion.catwp-content\/uploads\/2023\/05\/4949_BAJA.jpg'%3E%3Cimg%20width=%5C%22300%5C%22%20height=%5C%22200%5C%22%20src=%5C%22https:\/\/080barcelonafashion.catwp-content\/uploads\/2023\/05\/4949_BAJA-300x200.jpg%5C%22%20class=%5C%22attachment-medium%20size-medium%5C%22%20alt=%5C%22%5C%22%20decoding=%5C%22async%5C%22%20loading=%5C%22lazy%5C%22%20srcset=%5C%22https:\/\/080barcelonafashion.catwp-content\/uploads\/2023\/05\/4949_BAJA-300x200.jpg%20300w,%20https:\/\/080barcelonafashion.catwp-content\/uploads\/2023\/05\/4949_BAJA-1024x683.jpg%201024w,%20https:\/\/080barcelonafashion.catwp-content\/uploads\/2023\/05\/4949_BAJA-768x512.jpg%20768w,%20https:\/\/080barcelonafashion.catwp-content\/uploads\/2023\/05\/4949_BAJA.jpg%201125w%5C%22%20sizes=%5C%22(max-width:%20300px)%20100vw,%20300px%5C%22%20\/%3E%3C\/a%3E%3C\/p%3E%5Cn%22%7D,%22id%22:1161,%22link%22:%22https:\/\/080barcelonafashion.catdesigner\/the-artelier\/4949_baja\/%22,%22url%22:%22https:\/\/080barcelonafashion.catwp-content\/uploads\/2023\/05\/4949_BAJA.jpg%22,%22sizes%22:%22%22%7D,%7B%22alt%22:%22%22,%22title%22:%224955_BAJA%22,%22caption%22:%22%22,%22description%22:%7B%22raw%22:%22%22,%22rendered%22:%22%3Cp%20class=%5C%22attachment%5C%22%3E%3Ca%20href='https:\/\/080barcelonafashion.catwp-content\/uploads\/2023\/05\/4955_BAJA.jpg'%3E%3Cimg%20width=%5C%22200%5C%22%20height=%5C%22300%5C%22%20src=%5C%22https:\/\/080barcelonafashion.catwp-content\/uploads\/2023\/05\/4955_BAJA-200x300.jpg%5C%22%20class=%5C%22attachment-medium%20size-medium%5C%22%20alt=%5C%22%5C%22%20decoding=%5C%22async%5C%22%20loading=%5C%22lazy%5C%22%20srcset=%5C%22https:\/\/080barcelonafashion.catwp-content\/uploads\/2023\/05\/4955_BAJA-200x300.jpg%20200w,%20https:\/\/080barcelonafashion.catwp-content\/uploads\/2023\/05\/4955_BAJA.jpg%20500w%5C%22%20sizes=%5C%22(max-width:%20200px)%20100vw,%20200px%5C%22%20\/%3E%3C\/a%3E%3C\/p%3E%5Cn%22%7D,%22id%22:1162,%22link%22:%22https:\/\/080barcelonafashion.catdesigner\/the-artelier\/4955_baja\/%22,%22url%22:%22https:\/\/080barcelonafashion.catwp-content\/uploads\/2023\/05\/4955_BAJA.jpg%22,%22sizes%22:%22%22%7D,%7B%22alt%22:%22%22,%22title%22:%224958_BAJA%22,%22caption%22:%22%22,%22description%22:%7B%22raw%22:%22%22,%22rendered%22:%22%3Cp%20class=%5C%22attachment%5C%22%3E%3Ca%20href='https:\/\/080barcelonafashion.catwp-content\/uploads\/2023\/05\/4958_BAJA.jpg'%3E%3Cimg%20width=%5C%22200%5C%22%20height=%5C%22300%5C%22%20src=%5C%22https:\/\/080barcelonafashion.catwp-content\/uploads\/2023\/05\/4958_BAJA-200x300.jpg%5C%22%20class=%5C%22attachment-medium%20size-medium%5C%22%20alt=%5C%22%5C%22%20decoding=%5C%22async%5C%22%20loading=%5C%22lazy%5C%22%20srcset=%5C%22https:\/\/080barcelonafashion.catwp-content\/uploads\/2023\/05\/4958_BAJA-200x300.jpg%20200w,%20https:\/\/080barcelonafashion.catwp-content\/uploads\/2023\/05\/4958_BAJA.jpg%20500w%5C%22%20sizes=%5C%22(max-width:%20200px)%20100vw,%20200px%5C%22%20\/%3E%3C\/a%3E%3C\/p%3E%5Cn%22%7D,%22id%22:1163,%22link%22:%22https:\/\/080barcelonafashion.catdesigner\/the-artelier\/4958_baja\/%22,%22url%22:%22https:\/\/080barcelonafashion.catwp-content\/uploads\/2023\/05\/4958_BAJA.jpg%22,%22sizes%22:%22%22%7D,%7B%22alt%22:%22%22,%22title%22:%224962_BAJA%22,%22caption%22:%22%22,%22description%22:%7B%22raw%22:%22%22,%22rendered%22:%22%3Cp%20class=%5C%22attachment%5C%22%3E%3Ca%20href='https:\/\/080barcelonafashion.catwp-content\/uploads\/2023\/05\/4962_BAJA.jpg'%3E%3Cimg%20width=%5C%22200%5C%22%20height=%5C%22300%5C%22%20src=%5C%22https:\/\/080barcelonafashion.catwp-content\/uploads\/2023\/05\/4962_BAJA-200x300.jpg%5C%22%20class=%5C%22attachment-medium%20size-medium%5C%22%20alt=%5C%22%5C%22%20decoding=%5C%22async%5C%22%20loading=%5C%22lazy%5C%22%20srcset=%5C%22https:\/\/080barcelonafashion.catwp-content\/uploads\/2023\/05\/4962_BAJA-200x300.jpg%20200w,%20https:\/\/080barcelonafashion.catwp-content\/uploads\/2023\/05\/4962_BAJA.jpg%20500w%5C%22%20sizes=%5C%22(max-width:%20200px)%20100vw,%20200px%5C%22%20\/%3E%3C\/a%3E%3C\/p%3E%5Cn%22%7D,%22id%22:1164,%22link%22:%22https:\/\/080barcelonafashion.catdesigner\/the-artelier\/4962_baja\/%22,%22url%22:%22https:\/\/080barcelonafashion.catwp-content\/uploads\/2023\/05\/4962_BAJA.jpg%22,%22sizes%22:%22%22%7D,%7B%22alt%22:%22%22,%22title%22:%224969_BAJA%22,%22caption%22:%22%22,%22description%22:%7B%22raw%22:%22%22,%22rendered%22:%22%3Cp%20class=%5C%22attachment%5C%22%3E%3Ca%20href='https:\/\/080barcelonafashion.catwp-content\/uploads\/2023\/05\/4969_BAJA.jpg'%3E%3Cimg%20width=%5C%22300%5C%22%20height=%5C%22200%5C%22%20src=%5C%22https:\/\/080barcelonafashion.catwp-content\/uploads\/2023\/05\/4969_BAJA-300x200.jpg%5C%22%20class=%5C%22attachment-medium%20size-medium%5C%22%20alt=%5C%22%5C%22%20decoding=%5C%22async%5C%22%20loading=%5C%22lazy%5C%22%20srcset=%5C%22https:\/\/080barcelonafashion.catwp-content\/uploads\/2023\/05\/4969_BAJA-300x200.jpg%20300w,%20https:\/\/080barcelonafashion.catwp-content\/uploads\/2023\/05\/4969_BAJA-1024x683.jpg%201024w,%20https:\/\/080barcelonafashion.catwp-content\/uploads\/2023\/05\/4969_BAJA-768x512.jpg%20768w,%20https:\/\/080barcelonafashion.catwp-content\/uploads\/2023\/05\/4969_BAJA.jpg%201125w%5C%22%20sizes=%5C%22(max-width:%20300px)%20100vw,%20300px%5C%22%20\/%3E%3C\/a%3E%3C\/p%3E%5Cn%22%7D,%22id%22:1165,%22link%22:%22https:\/\/080barcelonafashion.catdesigner\/the-artelier\/4969_baja\/%22,%22url%22:%22https:\/\/080barcelonafashion.catwp-content\/uploads\/2023\/05\/4969_BAJA.jpg%22,%22sizes%22:%22%22%7D,%7B%22alt%22:%22%22,%22title%22:%224974_BAJA%22,%22caption%22:%22%22,%22description%22:%7B%22raw%22:%22%22,%22rendered%22:%22%3Cp%20class=%5C%22attachment%5C%22%3E%3Ca%20href='https:\/\/080barcelonafashion.catwp-content\/uploads\/2023\/05\/4974_BAJA.jpg'%3E%3Cimg%20width=%5C%22300%5C%22%20height=%5C%22242%5C%22%20src=%5C%22https:\/\/080barcelonafashion.catwp-content\/uploads\/2023\/05\/4974_BAJA-300x242.jpg%5C%22%20class=%5C%22attachment-medium%20size-medium%5C%22%20alt=%5C%22%5C%22%20decoding=%5C%22async%5C%22%20loading=%5C%22lazy%5C%22%20srcset=%5C%22https:\/\/080barcelonafashion.catwp-content\/uploads\/2023\/05\/4974_BAJA-300x242.jpg%20300w,%20https:\/\/080barcelonafashion.catwp-content\/uploads\/2023\/05\/4974_BAJA-768x619.jpg%20768w,%20https:\/\/080barcelonafashion.catwp-content\/uploads\/2023\/05\/4974_BAJA.jpg%20930w%5C%22%20sizes=%5C%22(max-width:%20300px)%20100vw,%20300px%5C%22%20\/%3E%3C\/a%3E%3C\/p%3E%5Cn%22%7D,%22id%22:1166,%22link%22:%22https:\/\/080barcelonafashion.catdesigner\/the-artelier\/4974_baja\/%22,%22url%22:%22https:\/\/080barcelonafashion.catwp-content\/uploads\/2023\/05\/4974_BAJA.jpg%22,%22sizes%22:%22%22%7D,%7B%22alt%22:%22%22,%22title%22:%224977_BAJA%22,%22caption%22:%22%22,%22description%22:%7B%22raw%22:%22%22,%22rendered%22:%22%3Cp%20class=%5C%22attachment%5C%22%3E%3Ca%20href='https:\/\/080barcelonafashion.catwp-content\/uploads\/2023\/05\/4977_BAJA.jpg'%3E%3Cimg%20width=%5C%22200%5C%22%20height=%5C%22300%5C%22%20src=%5C%22https:\/\/080barcelonafashion.catwp-content\/uploads\/2023\/05\/4977_BAJA-200x300.jpg%5C%22%20class=%5C%22attachment-medium%20size-medium%5C%22%20alt=%5C%22%5C%22%20decoding=%5C%22async%5C%22%20loading=%5C%22lazy%5C%22%20srcset=%5C%22https:\/\/080barcelonafashion.catwp-content\/uploads\/2023\/05\/4977_BAJA-200x300.jpg%20200w,%20https:\/\/080barcelonafashion.catwp-content\/uploads\/2023\/05\/4977_BAJA.jpg%20500w%5C%22%20sizes=%5C%22(max-width:%20200px)%20100vw,%20200px%5C%22%20\/%3E%3C\/a%3E%3C\/p%3E%5Cn%22%7D,%22id%22:1167,%22link%22:%22https:\/\/080barcelonafashion.catdesigner\/the-artelier\/4977_baja\/%22,%22url%22:%22https:\/\/080barcelonafashion.catwp-content\/uploads\/2023\/05\/4977_BAJA.jpg%22,%22sizes%22:%22%22%7D,%7B%22alt%22:%22%22,%22title%22:%224979_BAJA%22,%22caption%22:%22%22,%22description%22:%7B%22raw%22:%22%22,%22rendered%22:%22%3Cp%20class=%5C%22attachment%5C%22%3E%3Ca%20href='https:\/\/080barcelonafashion.catwp-content\/uploads\/2023\/05\/4979_BAJA.jpg'%3E%3Cimg%20width=%5C%22300%5C%22%20height=%5C%22200%5C%22%20src=%5C%22https:\/\/080barcelonafashion.catwp-content\/uploads\/2023\/05\/4979_BAJA-300x200.jpg%5C%22%20class=%5C%22attachment-medium%20size-medium%5C%22%20alt=%5C%22%5C%22%20decoding=%5C%22async%5C%22%20loading=%5C%22lazy%5C%22%20srcset=%5C%22https:\/\/080barcelonafashion.catwp-content\/uploads\/2023\/05\/4979_BAJA-300x200.jpg%20300w,%20https:\/\/080barcelonafashion.catwp-content\/uploads\/2023\/05\/4979_BAJA-1024x683.jpg%201024w,%20https:\/\/080barcelonafashion.catwp-content\/uploads\/2023\/05\/4979_BAJA-768x512.jpg%20768w,%20https:\/\/080barcelonafashion.catwp-content\/uploads\/2023\/05\/4979_BAJA.jpg%201125w%5C%22%20sizes=%5C%22(max-width:%20300px)%20100vw,%20300px%5C%22%20\/%3E%3C\/a%3E%3C\/p%3E%5Cn%22%7D,%22id%22:1168,%22link%22:%22https:\/\/080barcelonafashion.catdesigner\/the-artelier\/4979_baja\/%22,%22url%22:%22https:\/\/080barcelonafashion.catwp-content\/uploads\/2023\/05\/4979_BAJA.jpg%22,%22sizes%22:%22%22%7D%5D","images-photocall":"%5B%7B%22alt%22:%22%22,%22title%22:%224988_BAJA%22,%22caption%22:%22%22,%22description%22:%7B%22raw%22:%22%22,%22rendered%22:%22%3Cp%20class=%5C%22attachment%5C%22%3E%3Ca%20href='https:\/\/080barcelonafashion.catwp-content\/uploads\/2023\/05\/4988_BAJA.jpg'%3E%3Cimg%20width=%5C%22200%5C%22%20height=%5C%22300%5C%22%20src=%5C%22https:\/\/080barcelonafashion.catwp-content\/uploads\/2023\/05\/4988_BAJA-200x300.jpg%5C%22%20class=%5C%22attachment-medium%20size-medium%5C%22%20alt=%5C%22%5C%22%20decoding=%5C%22async%5C%22%20loading=%5C%22lazy%5C%22%20srcset=%5C%22https:\/\/080barcelonafashion.catwp-content\/uploads\/2023\/05\/4988_BAJA-200x300.jpg%20200w,%20https:\/\/080barcelonafashion.catwp-content\/uploads\/2023\/05\/4988_BAJA.jpg%20500w%5C%22%20sizes=%5C%22(max-width:%20200px)%20100vw,%20200px%5C%22%20\/%3E%3C\/a%3E%3C\/p%3E%5Cn%22%7D,%22id%22:1169,%22link%22:%22https:\/\/080barcelonafashion.catdesigner\/the-artelier\/4988_baja\/%22,%22url%22:%22https:\/\/080barcelonafashion.catwp-content\/uploads\/2023\/05\/4988_BAJA.jpg%22,%22sizes%22:%22%22%7D,%7B%22alt%22:%22%22,%22title%22:%224992_BAJA%22,%22caption%22:%22%22,%22description%22:%7B%22raw%22:%22%22,%22rendered%22:%22%3Cp%20class=%5C%22attachment%5C%22%3E%3Ca%20href='https:\/\/080barcelonafashion.catwp-content\/uploads\/2023\/05\/4992_BAJA.jpg'%3E%3Cimg%20width=%5C%22300%5C%22%20height=%5C%22200%5C%22%20src=%5C%22https:\/\/080barcelonafashion.catwp-content\/uploads\/2023\/05\/4992_BAJA-300x200.jpg%5C%22%20class=%5C%22attachment-medium%20size-medium%5C%22%20alt=%5C%22%5C%22%20decoding=%5C%22async%5C%22%20loading=%5C%22lazy%5C%22%20srcset=%5C%22https:\/\/080barcelonafashion.catwp-content\/uploads\/2023\/05\/4992_BAJA-300x200.jpg%20300w,%20https:\/\/080barcelonafashion.catwp-content\/uploads\/2023\/05\/4992_BAJA-1024x683.jpg%201024w,%20https:\/\/080barcelonafashion.catwp-content\/uploads\/2023\/05\/4992_BAJA-768x512.jpg%20768w,%20https:\/\/080barcelonafashion.catwp-content\/uploads\/2023\/05\/4992_BAJA.jpg%201125w%5C%22%20sizes=%5C%22(max-width:%20300px)%20100vw,%20300px%5C%22%20\/%3E%3C\/a%3E%3C\/p%3E%5Cn%22%7D,%22id%22:1170,%22link%22:%22https:\/\/080barcelonafashion.catdesigner\/the-artelier\/4992_baja\/%22,%22url%22:%22https:\/\/080barcelonafashion.catwp-content\/uploads\/2023\/05\/4992_BAJA.jpg%22,%22sizes%22:%22%22%7D,%7B%22alt%22:%22%22,%22title%22:%224998_BAJA%22,%22caption%22:%22%22,%22description%22:%7B%22raw%22:%22%22,%22rendered%22:%22%3Cp%20class=%5C%22attachment%5C%22%3E%3Ca%20href='https:\/\/080barcelonafashion.catwp-content\/uploads\/2023\/05\/4998_BAJA.jpg'%3E%3Cimg%20width=%5C%22300%5C%22%20height=%5C%22293%5C%22%20src=%5C%22https:\/\/080barcelonafashion.catwp-content\/uploads\/2023\/05\/4998_BAJA-300x293.jpg%5C%22%20class=%5C%22attachment-medium%20size-medium%5C%22%20alt=%5C%22%5C%22%20decoding=%5C%22async%5C%22%20loading=%5C%22lazy%5C%22%20srcset=%5C%22https:\/\/080barcelonafashion.catwp-content\/uploads\/2023\/05\/4998_BAJA-300x293.jpg%20300w,%20https:\/\/080barcelonafashion.catwp-content\/uploads\/2023\/05\/4998_BAJA.jpg%20768w%5C%22%20sizes=%5C%22(max-width:%20300px)%20100vw,%20300px%5C%22%20\/%3E%3C\/a%3E%3C\/p%3E%5Cn%22%7D,%22id%22:1171,%22link%22:%22https:\/\/080barcelonafashion.catdesigner\/the-artelier\/4998_baja\/%22,%22url%22:%22https:\/\/080barcelonafashion.catwp-content\/uploads\/2023\/05\/4998_BAJA.jpg%22,%22sizes%22:%22%22%7D,%7B%22alt%22:%22%22,%22title%22:%225001_BAJA%22,%22caption%22:%22%22,%22description%22:%7B%22raw%22:%22%22,%22rendered%22:%22%3Cp%20class=%5C%22attachment%5C%22%3E%3Ca%20href='https:\/\/080barcelonafashion.catwp-content\/uploads\/2023\/05\/5001_BAJA.jpg'%3E%3Cimg%20width=%5C%22300%5C%22%20height=%5C%22200%5C%22%20src=%5C%22https:\/\/080barcelonafashion.catwp-content\/uploads\/2023\/05\/5001_BAJA-300x200.jpg%5C%22%20class=%5C%22attachment-medium%20size-medium%5C%22%20alt=%5C%22%5C%22%20decoding=%5C%22async%5C%22%20loading=%5C%22lazy%5C%22%20srcset=%5C%22https:\/\/080barcelonafashion.catwp-content\/uploads\/2023\/05\/5001_BAJA-300x200.jpg%20300w,%20https:\/\/080barcelonafashion.catwp-content\/uploads\/2023\/05\/5001_BAJA-1024x683.jpg%201024w,%20https:\/\/080barcelonafashion.catwp-content\/uploads\/2023\/05\/5001_BAJA-768x512.jpg%20768w,%20https:\/\/080barcelonafashion.catwp-content\/uploads\/2023\/05\/5001_BAJA.jpg%201125w%5C%22%20sizes=%5C%22(max-width:%20300px)%20100vw,%20300px%5C%22%20\/%3E%3C\/a%3E%3C\/p%3E%5Cn%22%7D,%22id%22:1172,%22link%22:%22https:\/\/080barcelonafashion.catdesigner\/the-artelier\/5001_baja\/%22,%22url%22:%22https:\/\/080barcelonafashion.catwp-content\/uploads\/2023\/05\/5001_BAJA.jpg%22,%22sizes%22:%22%22%7D,%7B%22alt%22:%22%22,%22title%22:%225040_BAJA%22,%22caption%22:%22%22,%22description%22:%7B%22raw%22:%22%22,%22rendered%22:%22%3Cp%20class=%5C%22attachment%5C%22%3E%3Ca%20href='https:\/\/080barcelonafashion.catwp-content\/uploads\/2023\/05\/5040_BAJA.jpg'%3E%3Cimg%20width=%5C%22300%5C%22%20height=%5C%22200%5C%22%20src=%5C%22https:\/\/080barcelonafashion.catwp-content\/uploads\/2023\/05\/5040_BAJA-300x200.jpg%5C%22%20class=%5C%22attachment-medium%20size-medium%5C%22%20alt=%5C%22%5C%22%20decoding=%5C%22async%5C%22%20loading=%5C%22lazy%5C%22%20srcset=%5C%22https:\/\/080barcelonafashion.catwp-content\/uploads\/2023\/05\/5040_BAJA-300x200.jpg%20300w,%20https:\/\/080barcelonafashion.catwp-content\/uploads\/2023\/05\/5040_BAJA-1024x683.jpg%201024w,%20https:\/\/080barcelonafashion.catwp-content\/uploads\/2023\/05\/5040_BAJA-768x512.jpg%20768w,%20https:\/\/080barcelonafashion.catwp-content\/uploads\/2023\/05\/5040_BAJA.jpg%201125w%5C%22%20sizes=%5C%22(max-width:%20300px)%20100vw,%20300px%5C%22%20\/%3E%3C\/a%3E%3C\/p%3E%5Cn%22%7D,%22id%22:1173,%22link%22:%22https:\/\/080barcelonafashion.catdesigner\/the-artelier\/5040_baja\/%22,%22url%22:%22https:\/\/080barcelonafashion.catwp-content\/uploads\/2023\/05\/5040_BAJA.jpg%22,%22sizes%22:%22%22%7D,%7B%22alt%22:%22%22,%22title%22:%225045_BAJA%22,%22caption%22:%22%22,%22description%22:%7B%22raw%22:%22%22,%22rendered%22:%22%3Cp%20class=%5C%22attachment%5C%22%3E%3Ca%20href='https:\/\/080barcelonafashion.catwp-content\/uploads\/2023\/05\/5045_BAJA.jpg'%3E%3Cimg%20width=%5C%22300%5C%22%20height=%5C%22200%5C%22%20src=%5C%22https:\/\/080barcelonafashion.catwp-content\/uploads\/2023\/05\/5045_BAJA-300x200.jpg%5C%22%20class=%5C%22attachment-medium%20size-medium%5C%22%20alt=%5C%22%5C%22%20decoding=%5C%22async%5C%22%20loading=%5C%22lazy%5C%22%20srcset=%5C%22https:\/\/080barcelonafashion.catwp-content\/uploads\/2023\/05\/5045_BAJA-300x200.jpg%20300w,%20https:\/\/080barcelonafashion.catwp-content\/uploads\/2023\/05\/5045_BAJA-1024x683.jpg%201024w,%20https:\/\/080barcelonafashion.catwp-content\/uploads\/2023\/05\/5045_BAJA-768x512.jpg%20768w,%20https:\/\/080barcelonafashion.catwp-content\/uploads\/2023\/05\/5045_BAJA.jpg%201125w%5C%22%20sizes=%5C%22(max-width:%20300px)%20100vw,%20300px%5C%22%20\/%3E%3C\/a%3E%3C\/p%3E%5Cn%22%7D,%22id%22:1174,%22link%22:%22https:\/\/080barcelonafashion.catdesigner\/the-artelier\/5045_baja\/%22,%22url%22:%22https:\/\/080barcelonafashion.catwp-content\/uploads\/2023\/05\/5045_BAJA.jpg%22,%22sizes%22:%22%22%7D,%7B%22alt%22:%22%22,%22title%22:%225050_BAJA%22,%22caption%22:%22%22,%22description%22:%7B%22raw%22:%22%22,%22rendered%22:%22%3Cp%20class=%5C%22attachment%5C%22%3E%3Ca%20href='https:\/\/080barcelonafashion.catwp-content\/uploads\/2023\/05\/5050_BAJA.jpg'%3E%3Cimg%20width=%5C%22300%5C%22%20height=%5C%22200%5C%22%20src=%5C%22https:\/\/080barcelonafashion.catwp-content\/uploads\/2023\/05\/5050_BAJA-300x200.jpg%5C%22%20class=%5C%22attachment-medium%20size-medium%5C%22%20alt=%5C%22%5C%22%20decoding=%5C%22async%5C%22%20loading=%5C%22lazy%5C%22%20srcset=%5C%22https:\/\/080barcelonafashion.catwp-content\/uploads\/2023\/05\/5050_BAJA-300x200.jpg%20300w,%20https:\/\/080barcelonafashion.catwp-content\/uploads\/2023\/05\/5050_BAJA-1024x683.jpg%201024w,%20https:\/\/080barcelonafashion.catwp-content\/uploads\/2023\/05\/5050_BAJA-768x512.jpg%20768w,%20https:\/\/080barcelonafashion.catwp-content\/uploads\/2023\/05\/5050_BAJA.jpg%201125w%5C%22%20sizes=%5C%22(max-width:%20300px)%20100vw,%20300px%5C%22%20\/%3E%3C\/a%3E%3C\/p%3E%5Cn%22%7D,%22id%22:1175,%22link%22:%22https:\/\/080barcelonafashion.catdesigner\/the-artelier\/5050_baja\/%22,%22url%22:%22https:\/\/080barcelonafashion.catwp-content\/uploads\/2023\/05\/5050_BAJA.jpg%22,%22sizes%22:%22%22%7D,%7B%22alt%22:%22%22,%22title%22:%225052_BAJA%22,%22caption%22:%22%22,%22description%22:%7B%22raw%22:%22%22,%22rendered%22:%22%3Cp%20class=%5C%22attachment%5C%22%3E%3Ca%20href='https:\/\/080barcelonafashion.catwp-content\/uploads\/2023\/05\/5052_BAJA.jpg'%3E%3Cimg%20width=%5C%22300%5C%22%20height=%5C%22200%5C%22%20src=%5C%22https:\/\/080barcelonafashion.catwp-content\/uploads\/2023\/05\/5052_BAJA-300x200.jpg%5C%22%20class=%5C%22attachment-medium%20size-medium%5C%22%20alt=%5C%22%5C%22%20decoding=%5C%22async%5C%22%20loading=%5C%22lazy%5C%22%20srcset=%5C%22https:\/\/080barcelonafashion.catwp-content\/uploads\/2023\/05\/5052_BAJA-300x200.jpg%20300w,%20https:\/\/080barcelonafashion.catwp-content\/uploads\/2023\/05\/5052_BAJA-1024x683.jpg%201024w,%20https:\/\/080barcelonafashion.catwp-content\/uploads\/2023\/05\/5052_BAJA-768x512.jpg%20768w,%20https:\/\/080barcelonafashion.catwp-content\/uploads\/2023\/05\/5052_BAJA.jpg%201125w%5C%22%20sizes=%5C%22(max-width:%20300px)%20100vw,%20300px%5C%22%20\/%3E%3C\/a%3E%3C\/p%3E%5Cn%22%7D,%22id%22:1176,%22link%22:%22https:\/\/080barcelonafashion.catdesigner\/the-artelier\/5052_baja\/%22,%22url%22:%22https:\/\/080barcelonafashion.catwp-content\/uploads\/2023\/05\/5052_BAJA.jpg%22,%22sizes%22:%22%22%7D,%7B%22alt%22:%22%22,%22title%22:%225058_BAJA%22,%22caption%22:%22%22,%22description%22:%7B%22raw%22:%22%22,%22rendered%22:%22%3Cp%20class=%5C%22attachment%5C%22%3E%3Ca%20href='https:\/\/080barcelonafashion.catwp-content\/uploads\/2023\/05\/5058_BAJA.jpg'%3E%3Cimg%20width=%5C%22300%5C%22%20height=%5C%22200%5C%22%20src=%5C%22https:\/\/080barcelonafashion.catwp-content\/uploads\/2023\/05\/5058_BAJA-300x200.jpg%5C%22%20class=%5C%22attachment-medium%20size-medium%5C%22%20alt=%5C%22%5C%22%20decoding=%5C%22async%5C%22%20loading=%5C%22lazy%5C%22%20srcset=%5C%22https:\/\/080barcelonafashion.catwp-content\/uploads\/2023\/05\/5058_BAJA-300x200.jpg%20300w,%20https:\/\/080barcelonafashion.catwp-content\/uploads\/2023\/05\/5058_BAJA-1024x683.jpg%201024w,%20https:\/\/080barcelonafashion.catwp-content\/uploads\/2023\/05\/5058_BAJA-768x512.jpg%20768w,%20https:\/\/080barcelonafashion.catwp-content\/uploads\/2023\/05\/5058_BAJA.jpg%201125w%5C%22%20sizes=%5C%22(max-width:%20300px)%20100vw,%20300px%5C%22%20\/%3E%3C\/a%3E%3C\/p%3E%5Cn%22%7D,%22id%22:1177,%22link%22:%22https:\/\/080barcelonafashion.catdesigner\/the-artelier\/5058_baja\/%22,%22url%22:%22https:\/\/080barcelonafashion.catwp-content\/uploads\/2023\/05\/5058_BAJA.jpg%22,%22sizes%22:%22%22%7D,%7B%22alt%22:%22%22,%22title%22:%225063_BAJA%22,%22caption%22:%22%22,%22description%22:%7B%22raw%22:%22%22,%22rendered%22:%22%3Cp%20class=%5C%22attachment%5C%22%3E%3Ca%20href='https:\/\/080barcelonafashion.catwp-content\/uploads\/2023\/05\/5063_BAJA.jpg'%3E%3Cimg%20width=%5C%22300%5C%22%20height=%5C%22200%5C%22%20src=%5C%22https:\/\/080barcelonafashion.catwp-content\/uploads\/2023\/05\/5063_BAJA-300x200.jpg%5C%22%20class=%5C%22attachment-medium%20size-medium%5C%22%20alt=%5C%22%5C%22%20decoding=%5C%22async%5C%22%20loading=%5C%22lazy%5C%22%20srcset=%5C%22https:\/\/080barcelonafashion.catwp-content\/uploads\/2023\/05\/5063_BAJA-300x200.jpg%20300w,%20https:\/\/080barcelonafashion.catwp-content\/uploads\/2023\/05\/5063_BAJA-1024x683.jpg%201024w,%20https:\/\/080barcelonafashion.catwp-content\/uploads\/2023\/05\/5063_BAJA-768x512.jpg%20768w,%20https:\/\/080barcelonafashion.catwp-content\/uploads\/2023\/05\/5063_BAJA.jpg%201125w%5C%22%20sizes=%5C%22(max-width:%20300px)%20100vw,%20300px%5C%22%20\/%3E%3C\/a%3E%3C\/p%3E%5Cn%22%7D,%22id%22:1178,%22link%22:%22https:\/\/080barcelonafashion.catdesigner\/the-artelier\/5063_baja\/%22,%22url%22:%22https:\/\/080barcelonafashion.catwp-content\/uploads\/2023\/05\/5063_BAJA.jpg%22,%22sizes%22:%22%22%7D%5D","designer-image":"%7B%22alt%22:%22%22,%22title%22:%22artelier%22,%22caption%22:%22%22,%22description%22:%22%22,%22id%22:321,%22link%22:%22https:\/\/080barcelonafashion.cates_ES\/?attachment_id=321%22,%22url%22:%22https:\/\/080barcelonafashion.catwp-content\/uploads\/2023\/05\/artelier-1.jpg%22,%22sizes%22:%7B%22thumbnail%22:%7B%22height%22:150,%22width%22:150,%22url%22:%22https:\/\/080barcelonafashion.catwp-content\/uploads\/2023\/05\/artelier-1-150x150.jpg%22,%22orientation%22:%22landscape%22%7D,%22medium%22:%7B%22height%22:300,%22width%22:240,%22url%22:%22https:\/\/080barcelonafashion.catwp-content\/uploads\/2023\/05\/artelier-1-240x300.jpg%22,%22orientation%22:%22portrait%22%7D,%22large%22:%7B%22height%22:800,%22width%22:640,%22url%22:%22https:\/\/080barcelonafashion.catwp-content\/uploads\/2023\/05\/artelier-1-819x1024.jpg%22,%22orientation%22:%22portrait%22%7D,%22full%22:%7B%22url%22:%22https:\/\/080barcelonafashion.catwp-content\/uploads\/2023\/05\/artelier-1.jpg%22,%22height%22:1600,%22width%22:1280,%22orientation%22:%22portrait%22%7D%7D%7D","designer-name":"THE ARTELIER","collection-name":"Retiens la nuit","cs-coleccion":"La col\u00b7lecci\u00f3 \"Retiens la nuit\" d'Alba Ayza est\u00e0 inspirada en el temps i com aquest influeix en les nostres vides. La idea \u00e9s reflexionar sobre l'intangible i valu\u00f3s que \u00e9s el temps, i com tots el vivim de manera diferent. La col\u00b7lecci\u00f3 presenta peces que simulen el concepte del pas del temps, amb formes que semblen desfer-se. La can\u00e7\u00f3 \"Retiens la nuit\", que dona nom a la col\u00b7lecci\u00f3, \u00e9s una can\u00e7\u00f3 que li va cantar el seu oncle a l'autora quan ella va complir 18 anys i sempre li va cridar l'atenci\u00f3 i ara, despr\u00e9s de 10 anys cobra sentit en aquesta col\u00b7lecci\u00f3.<br><br>L'exist\u00e8ncia del temps \u00e9s el que ens permet donar valor a tot all\u00f2 que ens envolta, ja que sabem que algun dia tindr\u00e0 la seva fi.","cs-biografia":"Alba Ayza, il\u00b7lustradora i dissenyadora de moda crea The Artelier com a marca de moda el 2020, creada per a expressar la passi\u00f3 per la moda i pels estampats.<br><br>Sense g\u00e8nere, sense barreres i atemporal, amb teixits majorit\u00e0riament ecol\u00f2gics i sostenibles, amb tintes per a estampats que compleixen el certificat oeko-tex i on la producci\u00f3 \u00e9s handmade in Barcelona.<br><br>La part fonamental de la marca s\u00f3n els seus estampats \u00fanics perqu\u00e8 no parlem de roba, parlem de sentiments. Cada pe\u00e7a t\u00e9 una hist\u00f2ria, atreveix-te a descobrir-la.","es-coleccion":"La colecci\u00f3n \"Retiens la nuit\" de Alba Ayza est\u00e1 inspirada en el tiempo y c\u00f3mo \u00e9ste influye en nuestras vidas. La idea es reflexionar sobre lo intangible y valioso que es el tiempo, y c\u00f3mo todos lo vivimos de manera diferente. La colecci\u00f3n presenta prendas que simulan el concepto del paso del tiempo, con formas que parecen deshacerse. La canci\u00f3n \"Retiens la nuit\", que da nombre a la colecci\u00f3n, es una canci\u00f3n que le cant\u00f3 su t\u00edo a la autora cuando ella cumpli\u00f3 18 a\u00f1os y siempre le llam\u00f3 la atenci\u00f3n y ahora, despu\u00e9s de 10 a\u00f1os cobra sentido en esta colecci\u00f3n.<br><br>La existencia del tiempo es lo que nos permite dar valor a todo aquello que nos rodea, ya que sabemos que alg\u00fan d\u00eda tendr\u00e1 su fin.","es-biografia":"Alba Ayza, ilustradora y dise\u00f1adora de moda crea The Artelier como marca de moda en 2020, creada para expresar la pasi\u00f3n por la moda y por los estampados.<br><br>Sin g\u00e9nero, sin barreras y atemporal, con tejidos mayoritariamente ecol\u00f3gicos y sostenibles, con tintas para estampados que cumplen el certificado oeko-tex y donde la producci\u00f3n es handmade in Barcelona.<br><br>La parte fundamental de la marca son sus estampados \u00fanicos porque no hablamos de ropa, hablamos de sentimientos. Cada pieza tiene una historia, atr\u00e9vete a descubrirla","en-coleccion":"The \"Retiens la nuit\" collection by Alba Ayza is inspired by time and how it influences our lives. The idea is to reflect on the intangible and valuable nature of time, and how we all experience it differently.\u00a0<br><br>The collection features garments that simulate the concept of the passage of time, with shapes that seem to disintegrate. The song \"Retiens la nuit,\" which gives the collection its<br>name, was sung to the author by her uncle when she turned 18 and always caught her attention. Now, after 10 years, it makes sense in this collection.\u00a0<br><br>The existence of time is what allows us to value everything around us, knowing that one day it will come to an end.","en-biografia":"The Artelier is a fashion brand founded by Alba Ayza, in 2020 with a passion for fashion and prints. The brand is genderless, timeless, and committed to using mostly sustainable and ecological fabrics.\u00a0<br><br>All prints are created with OEKO-TEX certified water-based inks, and all production is handmade in Barcelona. The brand's unique prints are at the heart of the company, as each piece has a story to tell. Explore The Artelier and discover the story behind each garment.","localizacion":"Recinte Modernista de Sant Pau","time":"2023-05-02T16:00:00","contact-data":"<a rel=\"noreferrer noopener\" href=\"https:\/\/theartelier.es\/\" target=\"_blank\">https:\/\/theartelier.es\/<\/a><br><a href=\"mailto:info@theartelier.es\">info@theartelier.es<\/a><br><a href=\"mailto:theartelier.es@gmail.com\">theartelier.es@gmail.com<\/a><br><br><a href=\"tel:+34 622 061 524\">+34 622 061 524<\/a>","zip-file":"%7B%22alt%22:%22%22,%22title%22:%22theartelier_hd%22,%22caption%22:%22%22,%22id%22:765,%22link%22:%22https:\/\/080barcelonafashion.cates_ES\/theartelier_hd\/%22,%22url%22:%22https:\/\/080barcelonafashion.catwp-content\/uploads\/zips\/theartelier_hd.zip%22%7D","posted-date":"","twitter":"","facebook":"","twitch":"","youtube":"","instagram":"","linkedin":"","tiktok":"","website":"","agenda-event":"%5B%5D","agenda-bg":"","pdf_version_of_the_agenda":"","mo-backstage":"","mo-beauty":"","mo-athmosphere":"","mo-streetstyle":""},"edition":[23],"class_list":["post-319","designer","type-designer","status-publish","format-standard","hentry","edition-23"],"acf":[],"_links":{"self":[{"href":"https:\/\/080barcelonafashion.cat\/es_ES\/wp-json\/wp\/v2\/designer\/319","targetHints":{"allow":["GET"]}}],"collection":[{"href":"https:\/\/080barcelonafashion.cat\/es_ES\/wp-json\/wp\/v2\/designer"}],"about":[{"href":"https:\/\/080barcelonafashion.cat\/es_ES\/wp-json\/wp\/v2\/types\/designer"}],"wp:attachment":[{"href":"https:\/\/080barcelonafashion.cat\/es_ES\/wp-json\/wp\/v2\/media?parent=319"}],"wp:term":[{"taxonomy":"edition","embeddable":true,"href":"https:\/\/080barcelonafashion.cat\/es_ES\/wp-json\/wp\/v2\/edition?post=319"}],"curies":[{"name":"wp","href":"https:\/\/api.w.org\/{rel}","templated":true}]}}