{"id":33000,"date":"2026-03-18T17:32:12","date_gmt":"2026-03-18T17:32:12","guid":{"rendered":"https:\/\/080barcelonafashion.cat\/?page_id=33000"},"modified":"2026-04-07T08:26:04","modified_gmt":"2026-04-07T08:26:04","slug":"080spot_spaingallery-37","status":"publish","type":"page","link":"https:\/\/080barcelonafashion.cat\/en_US\/080spot_spaingallery-37\/","title":{"rendered":"080SPOT_ SPAIN GALLERY"},"content":{"rendered":"<div class=\"lazyblock-button-scroll-Z25MpM6 align  wp-block-lazyblock-button-scroll\"><div class=\"uk-flex uk-flex-center uk-grid-small\" uk-grid uk-sticky=\"offset: 80\">\n      <a class=\"uk-button uk-button-secondary\" href=\"#talks\"uk-scroll=\"offset: 200\">Talks<\/a>\n      <a class=\"uk-button uk-button-secondary\" href=\"#workshops\"uk-scroll=\"offset: 200\">Workshops<\/a>\n      <a class=\"uk-button uk-button-secondary\" href=\"#exhibitors\"uk-scroll=\"offset: 200\">Exhibitors<\/a>\n  <\/div>\n\n\n<\/div>\n\n\n<p>The platforms&nbsp;<strong>Spain Gallery<\/strong>&nbsp;and&nbsp;<strong>080 Barcelona Fashion<\/strong>&nbsp;join forces with the goal of promoting and showcasing designer fashion from our country.\u202f&nbsp;<\/p>\n\n\n\n<p><strong>Spain Gallery<\/strong>\u2019s objective is to give Spanish brands the recognition they deserve by showing their potential and the creativity present in these brands.\u202f&nbsp;<br \/>Through&nbsp;<strong>Spain Gallery<\/strong>\u2019s support, the international projection of designer brands is boosted, increasing their visibility and recognition.\u202f<\/p>\n\n\n\n<p>These values fully align with the&nbsp;<strong>080 Barcelona Fashion<\/strong>&nbsp;platform, which year after year consolidates Barcelona as a hub for designer fashion in Spain, creating new connections and opportunities, and enriching the city\u2019s creative and artistic landscape.\u202f&nbsp;<\/p>\n\n\n\n<p>This space is a meeting point and interaction hub for fashion lovers and brands. This edition will feature 22 national brands, creatives and designers.\u00a0<\/p>\n\n\n\n<p><strong>080Spot_SpainGallery<\/strong>&nbsp;opens a new multidirectional channel connecting with the audience in different ways, inviting participation, creating community and activity. At the same time, it enhances and enriches the cultural and social dimension of the event, offering more reasons not to miss it.\u202f&nbsp;&nbsp;<\/p>\n\n\n\n<div class=\"wp-block-buttons is-content-justification-center is-nowrap is-layout-flex wp-container-core-buttons-is-layout-1fb9aab6 wp-block-buttons-is-layout-flex\">\n<div class=\"wp-block-button has-custom-width wp-block-button__width-50\"><a class=\"wp-block-button__link has-black-background-color has-background wp-element-button\" href=\"https:\/\/docs.google.com\/forms\/d\/e\/1FAIpQLSf2tTsBW88v2R_KG5FYtQ2I9k62WTX46PBMaGDc9obE7re70g\/viewform\" style=\"border-radius:0px\">REGISTER&nbsp;TO ATTEND<\/a><\/div>\n<\/div>\n\n\n\n<h3 class=\"wp-block-heading\" id=\"talks\"><strong>Talks 12:00 Open Area<\/strong><\/h3>\n\n\n\n<div class=\"wp-block-columns uk-card uk-card-default uk-card-hover uk-card-body is-layout-flex wp-container-core-columns-is-layout-9d6595d7 wp-block-columns-is-layout-flex\">\n<div class=\"wp-block-column is-layout-flow wp-block-column-is-layout-flow\" style=\"flex-basis:40%\">\n<figure class=\"wp-block-image size-full\"><img loading=\"lazy\" decoding=\"async\" width=\"748\" height=\"748\" src=\"https:\/\/080barcelonafashion.cat\/wp-content\/uploads\/2026\/03\/Sergi-Padial.jpg\" alt=\"\" class=\"wp-image-33169\" srcset=\"https:\/\/080barcelonafashion.cat\/wp-content\/uploads\/2026\/03\/Sergi-Padial.jpg 748w, https:\/\/080barcelonafashion.cat\/wp-content\/uploads\/2026\/03\/Sergi-Padial-600x600.jpg 600w, https:\/\/080barcelonafashion.cat\/wp-content\/uploads\/2026\/03\/Sergi-Padial-150x150.jpg 150w\" sizes=\"auto, (max-width: 748px) 100vw, 748px\" \/><\/figure>\n<\/div>\n\n\n\n<div class=\"wp-block-column is-layout-flow wp-block-column-is-layout-flow\" style=\"flex-basis:60%\">\n<h4 class=\"wp-block-heading uk-margin-remove-top has-medium-font-size\">15\/4<br \/><strong>The power of styling: identity, image and creative direction<\/strong><\/h4>\n\n\n\n<p><strong><em>x Sergi Padial<\/em><\/strong><\/p>\n\n\n\n<p class=\"has-small-font-size\">Sergi Padial is a fashion stylist and creative director based between Barcelona and Paris, working across editorial, campaigns and international fashion projects.<br \/>In this talk, he will share his perspective on styling as a key tool in shaping image and narrative within the fashion industry. Drawing from his experience, he will explore how creative direction is developed, the importance of visual language and how styling contributes to defining the identity of a brand or project.<br \/>A session focused on understanding styling from a strategic and creative perspective, connecting aesthetics, concept and communication.<\/p>\n\n\n\n<p class=\"has-small-font-size\"><\/p>\n<\/div>\n<\/div>\n\n\n\n<div class=\"wp-block-columns uk-card uk-card-default uk-card-hover uk-card-body is-layout-flex wp-container-core-columns-is-layout-9d6595d7 wp-block-columns-is-layout-flex\">\n<div class=\"wp-block-column is-layout-flow wp-block-column-is-layout-flow\" style=\"flex-basis:40%\">\n<figure class=\"wp-block-image size-full\"><img loading=\"lazy\" decoding=\"async\" width=\"600\" height=\"569\" src=\"https:\/\/080barcelonafashion.cat\/wp-content\/uploads\/2026\/03\/DF-IMG-EDITORIAL-DT-03.jpg.jpg\" alt=\"\" class=\"wp-image-33034\"\/><\/figure>\n<\/div>\n\n\n\n<div class=\"wp-block-column is-layout-flow wp-block-column-is-layout-flow\" style=\"flex-basis:60%\">\n<h4 class=\"wp-block-heading uk-margin-remove-top uk-margin-remove-bottom\">16\/4<\/h4>\n\n\n\n<h4 class=\"wp-block-heading uk-margin-remove-top has-medium-font-size\"><strong>The art of styling: building a visual narrative<\/strong><\/h4>\n\n\n\n<p><em><strong>x LOGGA<\/strong><\/em><\/p>\n\n\n\n<p class=\"has-small-font-size\">LOGGA is a styling studio based in Madrid, founded by Maca L\u00f3pez and Juanma Feliz, focused on creative direction and the development of looks for editorials, campaigns and fashion projects.<br \/>In this talk, the team will share their perspective on the role of styling within the industry, exploring how a visual narrative is built through clothing, the importance of aesthetic coherence and the creative process behind each project.<\/p>\n\n\n\n<p class=\"has-small-font-size\">A session focused on understanding styling as a key communication tool, where garments, visual codes and creative direction come together to shape identity and storytelling within the fashion universe.<\/p>\n\n\n\n<p class=\"has-small-font-size\"><\/p>\n<\/div>\n<\/div>\n\n\n\n<div class=\"wp-block-columns uk-card uk-card-default uk-card-hover uk-card-body is-layout-flex wp-container-core-columns-is-layout-9d6595d7 wp-block-columns-is-layout-flex\">\n<div class=\"wp-block-column is-layout-flow wp-block-column-is-layout-flow\" style=\"flex-basis:40%\">\n<figure class=\"wp-block-image size-full\"><img loading=\"lazy\" decoding=\"async\" width=\"600\" height=\"600\" src=\"https:\/\/080barcelonafashion.cat\/wp-content\/uploads\/2026\/03\/Captura-de-pantalla-2026-03-17-a-las-11.33.34.jpg\" alt=\"\" class=\"wp-image-33033\" srcset=\"https:\/\/080barcelonafashion.cat\/wp-content\/uploads\/2026\/03\/Captura-de-pantalla-2026-03-17-a-las-11.33.34.jpg 600w, https:\/\/080barcelonafashion.cat\/wp-content\/uploads\/2026\/03\/Captura-de-pantalla-2026-03-17-a-las-11.33.34-150x150.jpg 150w\" sizes=\"auto, (max-width: 600px) 100vw, 600px\" \/><\/figure>\n<\/div>\n\n\n\n<div class=\"wp-block-column is-layout-flow wp-block-column-is-layout-flow\" style=\"flex-basis:60%\">\n<h4 class=\"wp-block-heading uk-margin-remove-top uk-margin-remove-bottom\">17\/4<\/h4>\n\n\n\n<h4 class=\"wp-block-heading uk-margin-remove-top has-medium-font-size\"><strong>Community-driven projects<\/strong><\/h4>\n\n\n\n<p class=\"uk-margin-remove-top\"><strong><em>x Bass<\/em><\/strong><\/p>\n\n\n\n<p class=\"has-small-font-size\">Bass is co-founder of Troublemag, an independent magazine focused on fashion, interior design and psychology. Through its publication and digital platforms, the project explores aesthetics, design and culture, aiming to analyze and give visibility to new cultural narratives and contemporary ways of thinking.<br \/>In this talk, he will share the process behind building a project with a strong community and cultural focus, exploring how these spaces are developed, their role within today\u2019s context and how they can become platforms for connection, expression and the creation of new discourse.<\/p>\n\n\n\n<p class=\"has-small-font-size\"><\/p>\n\n\n\n<p class=\"has-small-font-size\"><\/p>\n<\/div>\n<\/div>\n\n\n\n<h3 class=\"wp-block-heading\" id=\"workshops\"><strong>Workshops 18:00 Open Area<\/strong><\/h3>\n\n\n\n<div class=\"wp-block-columns uk-card uk-card-default uk-card-hover uk-card-body is-layout-flex wp-container-core-columns-is-layout-9d6595d7 wp-block-columns-is-layout-flex\">\n<div class=\"wp-block-column is-layout-flow wp-block-column-is-layout-flow\" style=\"flex-basis:40%\">\n<figure class=\"wp-block-image size-full\"><img loading=\"lazy\" decoding=\"async\" width=\"1600\" height=\"1600\" src=\"https:\/\/080barcelonafashion.cat\/wp-content\/uploads\/2026\/03\/HUNExAlineo_141_2-2.jpg\" alt=\"HUNExAlineo_141_2 2\" class=\"wp-image-33168\" srcset=\"https:\/\/080barcelonafashion.cat\/wp-content\/uploads\/2026\/03\/HUNExAlineo_141_2-2.jpg 1600w, https:\/\/080barcelonafashion.cat\/wp-content\/uploads\/2026\/03\/HUNExAlineo_141_2-2-600x600.jpg 600w, https:\/\/080barcelonafashion.cat\/wp-content\/uploads\/2026\/03\/HUNExAlineo_141_2-2-150x150.jpg 150w, https:\/\/080barcelonafashion.cat\/wp-content\/uploads\/2026\/03\/HUNExAlineo_141_2-2-768x768.jpg 768w, https:\/\/080barcelonafashion.cat\/wp-content\/uploads\/2026\/03\/HUNExAlineo_141_2-2-1536x1536.jpg 1536w\" sizes=\"auto, (max-width: 1600px) 100vw, 1600px\" \/><\/figure>\n<\/div>\n\n\n\n<div class=\"wp-block-column is-layout-flow wp-block-column-is-layout-flow\" style=\"flex-basis:60%\">\n<h4 class=\"wp-block-heading uk-margin-remove-top uk-margin-remove-bottom\">14\/4<\/h4>\n\n\n\n<h4 class=\"wp-block-heading uk-margin-remove-top has-medium-font-size\"><strong>Customize your bag<\/strong><\/h4>\n\n\n\n<p class=\"uk-margin-remove-top\"><strong><em><strong>Alineo Studio<\/strong><\/em><\/strong> <strong><em>x Hune<\/em><\/strong><\/p>\n\n\n\n<p class=\"has-small-font-size\">Alineo Studio x Hune arrive at 080 Spot Spain Gallery with a customization workshop led by Lis Dominguez, inspired by their new sandal collection.<br \/>Participants will work on an organza bag exclusively designed for the occasion, crafted from hand-dyed fabrics in vibrant colors. During the session, they will be able to personalize the piece using pearls, embellishments and a variety of accessories to create their own unique version.<br \/>The bag has been created specifically for this workshop and will be produced in a limited edition of 20 units, designed to complement the Alineo Studio x Hune capsule collection.<\/p>\n\n\n\n<p class=\"has-small-font-size\"><\/p>\n<\/div>\n<\/div>\n\n\n\n<div class=\"wp-block-columns uk-card uk-card-default uk-card-hover uk-card-body is-layout-flex wp-container-core-columns-is-layout-9d6595d7 wp-block-columns-is-layout-flex\">\n<div class=\"wp-block-column is-layout-flow wp-block-column-is-layout-flow\" style=\"flex-basis:40%\">\n<figure class=\"wp-block-image size-full\"><img loading=\"lazy\" decoding=\"async\" width=\"1129\" height=\"1129\" src=\"https:\/\/080barcelonafashion.cat\/wp-content\/uploads\/2026\/03\/Taller-Caducifolium.jpg\" alt=\"taller-Caducifolium\" class=\"wp-image-33162\" srcset=\"https:\/\/080barcelonafashion.cat\/wp-content\/uploads\/2026\/03\/Taller-Caducifolium.jpg 1129w, https:\/\/080barcelonafashion.cat\/wp-content\/uploads\/2026\/03\/Taller-Caducifolium-600x600.jpg 600w, https:\/\/080barcelonafashion.cat\/wp-content\/uploads\/2026\/03\/Taller-Caducifolium-150x150.jpg 150w, https:\/\/080barcelonafashion.cat\/wp-content\/uploads\/2026\/03\/Taller-Caducifolium-768x768.jpg 768w\" sizes=\"auto, (max-width: 1129px) 100vw, 1129px\" \/><\/figure>\n<\/div>\n\n\n\n<div class=\"wp-block-column is-layout-flow wp-block-column-is-layout-flow\" style=\"flex-basis:60%\">\n<h4 class=\"wp-block-heading uk-margin-remove-top uk-margin-remove-bottom\">15\/4<\/h4>\n\n\n\n<h4 class=\"wp-block-heading uk-margin-remove-top has-medium-font-size\">Biomaterials<\/h4>\n\n\n\n<p class=\"uk-margin-remove-top\"><strong><em>with Caducifolium<\/em><\/strong><\/p>\n\n\n\n<p class=\"has-small-font-size\">Is it possible to experiment with materials while taking care of the planet? Emerging designer Laia Badia believes so. She will guide you through the process of creating biomaterials from scratch, just as she has done with her Caducifolium collection.<br \/>Beyond rethinking the way we consume, her work aims to blur the boundaries between producer and consumer: the formula allows the biomaterial to be remelted into new garments or returned to the earth as fertilizer. Come and discover how!<\/p>\n\n\n\n<p class=\"has-small-font-size\"><\/p>\n\n\n\n<p class=\"has-small-font-size\"><\/p>\n<\/div>\n<\/div>\n\n\n\n<div class=\"wp-block-columns uk-card uk-card-default uk-card-hover uk-card-body is-layout-flex wp-container-core-columns-is-layout-9d6595d7 wp-block-columns-is-layout-flex\">\n<div class=\"wp-block-column is-layout-flow wp-block-column-is-layout-flow\" style=\"flex-basis:40%\">\n<figure class=\"wp-block-image size-full\"><img loading=\"lazy\" decoding=\"async\" width=\"600\" height=\"600\" src=\"https:\/\/080barcelonafashion.cat\/wp-content\/uploads\/2026\/03\/Captura-de-pantalla-2026-03-17-a-las-11.34.45.jpg\" alt=\"\" class=\"wp-image-33032\" srcset=\"https:\/\/080barcelonafashion.cat\/wp-content\/uploads\/2026\/03\/Captura-de-pantalla-2026-03-17-a-las-11.34.45.jpg 600w, https:\/\/080barcelonafashion.cat\/wp-content\/uploads\/2026\/03\/Captura-de-pantalla-2026-03-17-a-las-11.34.45-150x150.jpg 150w\" sizes=\"auto, (max-width: 600px) 100vw, 600px\" \/><\/figure>\n<\/div>\n\n\n\n<div class=\"wp-block-column is-layout-flow wp-block-column-is-layout-flow\" style=\"flex-basis:60%\">\n<h4 class=\"wp-block-heading uk-margin-remove-top uk-margin-remove-bottom\">16\/4<\/h4>\n\n\n\n<h4 class=\"wp-block-heading uk-margin-remove-top has-medium-font-size\"><strong>Fashion Illustration<\/strong><\/h4>\n\n\n\n<p class=\"uk-margin-remove-top\"><strong><em>with Joel Mi\u00f1ana and OLO<\/em><\/strong><\/p>\n\n\n\n<p class=\"has-small-font-size\">In this fashion illustration workshop, illustrator Joel Mi\u00f1ana will guide participants through a creative session where drawing and experimentation take center stage. Using materials provided by OLO, attendees will freely explore different illustration techniques while reinterpreting the designs presented by Spain Gallery.<br \/>The aim is to discover new ways of expression in fashion illustration, playing with line, color and movement in a dynamic and creative environment.<\/p>\n\n\n\n<p class=\"has-small-font-size\"><\/p>\n\n\n\n<p class=\"has-small-font-size\"><\/p>\n<\/div>\n<\/div>\n\n\n\n<div class=\"wp-block-columns uk-card uk-card-default uk-card-hover uk-card-body is-layout-flex wp-container-core-columns-is-layout-9d6595d7 wp-block-columns-is-layout-flex\">\n<div class=\"wp-block-column is-layout-flow wp-block-column-is-layout-flow\" style=\"flex-basis:40%\">\n<figure class=\"wp-block-image size-full\"><img loading=\"lazy\" decoding=\"async\" width=\"600\" height=\"600\" src=\"https:\/\/080barcelonafashion.cat\/wp-content\/uploads\/2026\/03\/Captura-de-pantalla-2026-03-17-a-las-11.35.51.jpg\" alt=\"\" class=\"wp-image-33031\" srcset=\"https:\/\/080barcelonafashion.cat\/wp-content\/uploads\/2026\/03\/Captura-de-pantalla-2026-03-17-a-las-11.35.51.jpg 600w, https:\/\/080barcelonafashion.cat\/wp-content\/uploads\/2026\/03\/Captura-de-pantalla-2026-03-17-a-las-11.35.51-150x150.jpg 150w\" sizes=\"auto, (max-width: 600px) 100vw, 600px\" \/><\/figure>\n<\/div>\n\n\n\n<div class=\"wp-block-column is-layout-flow wp-block-column-is-layout-flow\" style=\"flex-basis:60%\">\n<h4 class=\"wp-block-heading uk-margin-remove-top uk-margin-remove-bottom\">17\/4<\/h4>\n\n\n\n<h4 class=\"wp-block-heading uk-margin-remove-top has-medium-font-size\"><strong>Hair Styling<\/strong><\/h4>\n\n\n\n<p class=\"uk-margin-remove-top\"><strong><em>with Carla Paucar x MaGari<\/em><\/strong><\/p>\n\n\n\n<p class=\"has-small-font-size\">In this hair styling workshop, stylist Carla Paucar will share her creative approach to working with hair within the fashion context, showing how hairstyling can become a key element in completing a look and enhancing its visual narrative.<br \/>Throughout the session, different ways of working with hair in editorial and creative settings will be explored, highlighting the importance of detail and image construction.<br \/>To conclude, the brand MaGari will join the session to present one of their hair accessories, demonstrating how to incorporate it into the styling and add a final dimension to the look.<\/p>\n\n\n\n<p class=\"has-small-font-size\"><\/p>\n\n\n\n<p class=\"has-small-font-size\"><\/p>\n\n\n\n<p class=\"has-small-font-size\"><\/p>\n<\/div>\n<\/div>\n\n\n\n<h2 class=\"wp-block-heading has-medium-font-size\" id=\"exhibitors\"><strong>Exhibitors<\/strong><\/h2>\n\n\n<div class=\"lazyblock-exibitors-artists-djs-3EYp6 align  wp-block-lazyblock-exibitors-artists-djs\"><style>\r\n  .square:after {\r\n    content: \"\";\r\n    display: block;\r\n    padding-bottom: 100%;\r\n  }\r\n  .artistlist {\r\n    z-index: 1;\r\n    position: relative;\r\n  }\r\n<\/style>\r\n\r\n\r\n\r\n<section class=\"artistlist\">\r\n  <div class=\"uk-grid-divider\" uk-grid>\r\n            <div class=\"navigation artisan-left-list uk-position-relative uk-width-1-4@m uk-width-1-5@l uk-visible@m\">\r\n          <div class=\"uk-margin-top\"><\/div>\r\n                    <ul class=\"uk-nav uk-nav-default uk-text-uppercase\" uk-scrollspy-nav=\"closest: li; scroll: true; offset: 200\" uk-sticky=\"end: 100%; offset: 100\">\r\n                      <li><a href=\"#aleixandri-studio\">ALEIXANDRI STUDIO<\/a><\/li>\r\n                      <li><a href=\"#alineo-studio\">Alineo Studio<\/a><\/li>\r\n                      <li><a href=\"#better-late\">Better late<\/a><\/li>\r\n                      <li><a href=\"#bico\">BICO<\/a><\/li>\r\n                      <li><a href=\"#caducifolium\">Caducifolium<\/a><\/li>\r\n                      <li><a href=\"#cillan\">CILL\u00c1N<\/a><\/li>\r\n                      <li><a href=\"#dimoni-studio\">Dimoni Studio<\/a><\/li>\r\n                      <li><a href=\"#eaftimos\">Eaftimos<\/a><\/li>\r\n                      <li><a href=\"#eteme\">Et\u00e9me<\/a><\/li>\r\n                      <li><a href=\"#flama\">Flama<\/a><\/li>\r\n                      <li><a href=\"#hune-2\">Hune<\/a><\/li>\r\n                      <li><a href=\"#jane-bardot-2\">JANE BARDOT<\/a><\/li>\r\n                      <li><a href=\"#33007\">M.R \/ Maria Ruiz<\/a><\/li>\r\n                      <li><a href=\"#ma%c2%b7gari\">Ma\u00b7Gari<\/a><\/li>\r\n                      <li><a href=\"#maikarfi\">MAIKARFI<\/a><\/li>\r\n                      <li><a href=\"#manemane\">Man\u00e9man\u00e9<\/a><\/li>\r\n                      <li><a href=\"#paola-molet\">Paola Molet<\/a><\/li>\r\n                      <li><a href=\"#papi-mami\">PAPI &#038; MAMI<\/a><\/li>\r\n                      <li><a href=\"#pringa-studio\">Pringa Studio<\/a><\/li>\r\n                      <li><a href=\"#salazar-studios\">Salazar Studios<\/a><\/li>\r\n                      <li><a href=\"#tarti\">Tarti Tailored<\/a><\/li>\r\n                      <li><a href=\"#utahia\">Utahia<\/a><\/li>\r\n                    <\/ul>\r\n        <\/div>\r\n        \r\n    <div class=\"uk-width-expand@m\">            <div class=\"uk-margin-top\" id=\"aleixandri-studio\">\r\n              <div uk-grid>\r\n                \r\n                <div class=\"expo-media uk-width-1-2@m uk-width-2-5@l\" uk-lightbox=\"animation: scale\">\r\n                                    \r\n                                        <div class=\"uk-margin-top uk-grid-small\" uk-grid>\r\n                        <div class=\"uk-width-expand@m\">\r\n                          <a href=\"https:\/\/080barcelonafashion.cat\/wp-content\/uploads\/2026\/04\/Aleixandri-Studio.jpg\">\r\n                            <div class=\"uk-cover-container square\">\r\n                              <img decoding=\"async\" src=\"https:\/\/080barcelonafashion.cat\/wp-content\/uploads\/2026\/04\/Aleixandri-Studio.jpg\" uk-cover \/>\r\n                            <\/div>\r\n                          <\/a>\r\n                        <\/div>\r\n                                                                      <\/div>\r\n                                    <\/div>\r\n                \r\n                <div class=\"expo-texts uk-width-1-2@m uk-width-3-5@l\">\r\n                                    <h3 class=\"uk-margin-top\">ALEIXANDRI STUDIO<\/h3>\r\n                                    <div class=\"details uk-text-small\">\r\n    \t\t\t\t\t\t\t\t<p>Aleixandri Studio es un estudio de moda sin g\u00e9nero fundado en 2025 como un espacio de investigaci\u00f3n, memoria y disidencia a trav\u00e9s de la ropa. Entendemos la moda como una herramienta pol\u00edtica y po\u00e9tica capaz de cuestionar normas, recuperar historias silenciadas y dar visibilidad a cuerpos e identidades marginadas.<\/p>\n<p>Arraigado en la investigaci\u00f3n hist\u00f3rica y el archivo, cada colecci\u00f3n se concibe como un ejercicio de memoria y resistencia, conectando pasado y presente a trav\u00e9s de narrativas de disidencia de g\u00e9nero y lucha colectiva.<\/p>\n<p>Nuestro enfoque del patronaje y la construcci\u00f3n es no binario, creando piezas que trascienden los c\u00f3digos de g\u00e9nero y se adaptan a diversos cuerpos. Existimos como un espacio donde la ropa se convierte en testimonio, protesta y deseo, honrando el pasado e imaginando futuros m\u00e1s inclusivos.<\/p>\n    \t\t\t\t\t\t\t\t\r\n    \t\t\t\t\t\t\t\t                    <ul class=\"uk-list uk-margin-remove-left\">\r\n                                                                                      <\/ul>\r\n                        \t\t\t\t\t\t\t<\/div>\r\n    \t\t\t\t\t\t\t    \t\t\t\t\t\t\t<div>\r\n\t\t\t\t\t\t\t\t\t\t\t\t\t\t\t\t\t\t\t<div class=\"uk-flex brand_socials\" style=\"margin-top: 10px;\">\r\n\t\t\t\t\t\t\t\t\t\t  \t\t\t\t\t\t\t\t\t\t\t\t\t\t\t\t\t\t\t\t\t\t\t\t\t\t\t\t\t\t\t\t\t\t<a href=\"https:\/\/www.instagram.com\/aleixandri.studio\/\" aria-label=\"instagram-link\"><span uk-icon=\"icon: instagram; ratio: 1.5\"><\/span><\/a>\r\n\t\t\t\t\t\t\t\t\t\t\t\t\t\t\t\t\t\t\t\t\t\t\t\t\t\t\t\t\t\t\t\t\t\t\t\t\t\t\t\t\t\t\t\t\t\t\t\t\t\t\t\t\t\t\t\t\t\t\t\t\t\t\t\t\t\t\t\t\t\t\t\t\t\t\t\t\t\t\t\t\t\t\t\t\t\t\t<\/div>\r\n\t\t\t\t\t\t\t\t\t\t\t\t\t\t\t\t\t<\/div>\r\n    \t\t\t\t\t\t\t\r\n  \t\t\t\t\t\t\t<\/div>\r\n  \t\t\t\t\t\t\t\r\n\t\t\t\t\t\t\t\r\n\t\t\t\t\t\t\t<\/div>\r\n            <\/div>\r\n            <hr>\r\n                      <div class=\"uk-margin-top\" id=\"alineo-studio\">\r\n              <div uk-grid>\r\n                \r\n                <div class=\"expo-media uk-width-1-2@m uk-width-2-5@l\" uk-lightbox=\"animation: scale\">\r\n                                    \r\n                                        <div class=\"uk-margin-top uk-grid-small\" uk-grid>\r\n                        <div class=\"uk-width-expand@m\">\r\n                          <a href=\"https:\/\/080barcelonafashion.cat\/wp-content\/uploads\/2026\/04\/Alineo.jpeg\">\r\n                            <div class=\"uk-cover-container square\">\r\n                              <img decoding=\"async\" src=\"https:\/\/080barcelonafashion.cat\/wp-content\/uploads\/2026\/04\/Alineo.jpeg\" uk-cover \/>\r\n                            <\/div>\r\n                          <\/a>\r\n                        <\/div>\r\n                                                                      <\/div>\r\n                                    <\/div>\r\n                \r\n                <div class=\"expo-texts uk-width-1-2@m uk-width-3-5@l\">\r\n                                    <h3 class=\"uk-margin-top\">Alineo Studio<\/h3>\r\n                                    <div class=\"details uk-text-small\">\r\n    \t\t\t\t\t\t\t\t<p>Alineo Studio surge como una propuesta que se aleja de las tendencias pasajeras y del fast fashion, apostando por una moda ag\u00e9nero e inclusiva que abraza todo tipo de cuerpos. La marca se caracteriza por una est\u00e9tica femenina y por el uso de dise\u00f1os asim\u00e9tricos, donde las siluetas se definen con tejidos el\u00e1sticos tintados a mano, como tul y licras, que aportan movimiento y confort. Las prendas est\u00e1n pensadas para adaptarse a diferentes cuerpos, reforzando as\u00ed el car\u00e1cter inclusivo y libre de la marca. De esta manera, Alineo Studio construye una identidad basada en la experimentaci\u00f3n, la inclusi\u00f3n y una forma libre de expresi\u00f3n creativa.<\/p>\n    \t\t\t\t\t\t\t\t\r\n    \t\t\t\t\t\t\t\t                    <ul class=\"uk-list uk-margin-remove-left\">\r\n                                                                                      <\/ul>\r\n                        \t\t\t\t\t\t\t<\/div>\r\n    \t\t\t\t\t\t\t    \t\t\t\t\t\t\t<div>\r\n\t\t\t\t\t\t\t\t\t\t\t\t\t\t\t\t\t\t\t<div class=\"uk-flex brand_socials\" style=\"margin-top: 10px;\">\r\n\t\t\t\t\t\t\t\t\t\t  \t\t\t\t\t\t\t\t\t\t\t\t\t\t\t\t\t\t\t\t\t\t\t\t\t\t\t\t\t\t\t\t\t\t<a href=\"https:\/\/www.instagram.com\/alineo_studio\/\" aria-label=\"instagram-link\"><span uk-icon=\"icon: instagram; ratio: 1.5\"><\/span><\/a>\r\n\t\t\t\t\t\t\t\t\t\t\t\t\t\t\t\t\t\t\t\t\t\t\t\t\t\t\t\t\t\t\t\t\t\t\t\t\t\t\t\t\t\t\t\t\t\t\t\t\t\t\t\t\t\t\t\t\t\t\t\t\t\t\t\t\t\t\t<a href=\"https:\/\/x.com\/alineo_studio\" aria-label=\"twitter-link\"><span uk-icon=\"icon: twitterx; ratio: 1.5\"><svg width=\"30\" height=\"0\" viewBox=\"0 0 30 30\"><path d=\"M5,0C2.3,0,0,2.3,0,5v20c0,2.7,2.3,5,5,5h20c2.9,0,5-2.3,5-5V5c0-2.7-2.3-5-4.8-5H5z M5,1.5h20c2,0,3.6,1.7,3.6,3.5v20\r\nc0,2-1.7,3.5-3.5,3.5H5c-1.8,0.2-3.5-1.5-3.5-3.3V5C1.5,3.2,3.2,1.5,5,1.5z M5.4,4.7L13,15.6l-7.7,9.1h2.1l6.6-7.7l5.4,7.7H26\r\nl-8.4-12l6.8-8h-2.1l-5.7,6.7L12,4.7H5.4z M8.5,6.4h2.5L22.8,23h-2.5L8.5,6.4z\"\/><\/svg><\/span><\/a>\r\n\t\t\t\t\t\t\t\t\t\t\t\t\t\t\t\t\t\t\t\t\t\t\t\t\t\t\t\t\t\t\t\t\t\t\t\t\t\t\t\t\t\t\t<\/div>\r\n\t\t\t\t\t\t\t\t\t\t\t\t\t\t\t\t\t<\/div>\r\n    \t\t\t\t\t\t\t\r\n  \t\t\t\t\t\t\t<\/div>\r\n  \t\t\t\t\t\t\t\r\n\t\t\t\t\t\t\t\r\n\t\t\t\t\t\t\t<\/div>\r\n            <\/div>\r\n            <hr>\r\n                      <div class=\"uk-margin-top\" id=\"better-late\">\r\n              <div uk-grid>\r\n                \r\n                <div class=\"expo-media uk-width-1-2@m uk-width-2-5@l\" uk-lightbox=\"animation: scale\">\r\n                                    \r\n                                        <div class=\"uk-margin-top uk-grid-small\" uk-grid>\r\n                        <div class=\"uk-width-expand@m\">\r\n                          <a href=\"https:\/\/080barcelonafashion.cat\/wp-content\/uploads\/2026\/03\/Better-late.jpg\">\r\n                            <div class=\"uk-cover-container square\">\r\n                              <img decoding=\"async\" src=\"https:\/\/080barcelonafashion.cat\/wp-content\/uploads\/2026\/03\/Better-late.jpg\" uk-cover \/>\r\n                            <\/div>\r\n                          <\/a>\r\n                        <\/div>\r\n                                                                      <\/div>\r\n                                    <\/div>\r\n                \r\n                <div class=\"expo-texts uk-width-1-2@m uk-width-3-5@l\">\r\n                                    <h3 class=\"uk-margin-top\">Better late<\/h3>\r\n                                    <div class=\"details uk-text-small\">\r\n    \t\t\t\t\t\t\t\t<p>BETTER LATE\u00ae es una marca para personas que se preocupan por hacer las cosas bien y a su manera. A veces, la verdadera jugada es ir m\u00e1s despacio, fijarse en los detalles y recuperar el control.<br \/>\nNo se trata de cu\u00e1ndo empiezas \u2014 se trata de empezar.<\/p>\n    \t\t\t\t\t\t\t\t\r\n    \t\t\t\t\t\t\t\t                    <ul class=\"uk-list uk-margin-remove-left\">\r\n                                                                                      <\/ul>\r\n                        \t\t\t\t\t\t\t<\/div>\r\n    \t\t\t\t\t\t\t    \t\t\t\t\t\t\t<div>\r\n\t\t\t\t\t\t\t\t\t\t\t\t\t\t\t\t\t\t\t<div class=\"uk-flex brand_socials\" style=\"margin-top: 10px;\">\r\n\t\t\t\t\t\t\t\t\t\t  \t\t\t\t\t\t\t\t\t\t\t\t\t\t\t\t\t\t\t\t\t\t\t\t\t\t\t\t\t\t\t\t\t\t<a href=\"https:\/\/www.instagram.com\/betterlate.es\" aria-label=\"instagram-link\"><span uk-icon=\"icon: instagram; ratio: 1.5\"><\/span><\/a>\r\n\t\t\t\t\t\t\t\t\t\t\t\t\t\t\t\t\t\t\t\t\t\t\t\t\t\t\t\t\t\t\t\t\t\t\t\t\t\t\t\t\t\t\t\t\t\t\t\t\t\t\t\t\t\t\t\t\t\t\t\t\t\t\t\t\t\t\t\t\t\t\t\t\t\t\t\t\t\t\t\t\t\t\t\t\t\t\t<\/div>\r\n\t\t\t\t\t\t\t\t\t\t\t\t\t\t\t\t\t<\/div>\r\n    \t\t\t\t\t\t\t\r\n  \t\t\t\t\t\t\t<\/div>\r\n  \t\t\t\t\t\t\t\r\n\t\t\t\t\t\t\t\r\n\t\t\t\t\t\t\t<\/div>\r\n            <\/div>\r\n            <hr>\r\n                      <div class=\"uk-margin-top\" id=\"bico\">\r\n              <div uk-grid>\r\n                \r\n                <div class=\"expo-media uk-width-1-2@m uk-width-2-5@l\" uk-lightbox=\"animation: scale\">\r\n                                    \r\n                                        <div class=\"uk-margin-top uk-grid-small\" uk-grid>\r\n                        <div class=\"uk-width-expand@m\">\r\n                          <a href=\"https:\/\/080barcelonafashion.cat\/wp-content\/uploads\/2026\/03\/Alejandra-Lozano-e-Isabel-Manez.jpeg\">\r\n                            <div class=\"uk-cover-container square\">\r\n                              <img decoding=\"async\" src=\"https:\/\/080barcelonafashion.cat\/wp-content\/uploads\/2026\/03\/Alejandra-Lozano-e-Isabel-Manez.jpeg\" uk-cover \/>\r\n                            <\/div>\r\n                          <\/a>\r\n                        <\/div>\r\n                                                                      <\/div>\r\n                                    <\/div>\r\n                \r\n                <div class=\"expo-texts uk-width-1-2@m uk-width-3-5@l\">\r\n                                    <h3 class=\"uk-margin-top\">BICO<\/h3>\r\n                                    <div class=\"details uk-text-small\">\r\n    \t\t\t\t\t\t\t\t<p>BICO es un proyecto de joyer\u00eda artesanal contempor\u00e1nea creado en Valencia por Alejandra Lozano e Isabel M\u00e1\u00f1ez. Las piezas est\u00e1n hechas a mano una a una con arcilla y otros materiales org\u00e1nicos, siempre con una gran relaci\u00f3n con el mar y pensadas para ser las protagonistas del look.<br \/>\nEn tiempos de fast-fashion, la artesan\u00eda se convierte en lujo. Por eso, el objetivo de BICO es revalorizar el concepto de artesan\u00eda, defender lo hecho a mano como algo \u00fanico e imperfecto, en el mejor de los sentidos. No hay un BICO igual a otro y eso es lo que le da valor.<\/p>\n    \t\t\t\t\t\t\t\t\r\n    \t\t\t\t\t\t\t\t                    <ul class=\"uk-list uk-margin-remove-left\">\r\n                                              <li>\r\n                          <p>\r\n                            <b>Alejandra Lozano<\/b>\r\n                                                    <\/p>\r\n                        <\/li>\r\n                                                                    <li>\r\n                          <p>\r\n                            <b>Isabel M\u00e1\u00f1ez<\/b>\r\n                                                    <\/p>\r\n                        <\/li>\r\n                                                                <\/ul>\r\n                        \t\t\t\t\t\t\t<\/div>\r\n    \t\t\t\t\t\t\t    \t\t\t\t\t\t\t<div>\r\n\t\t\t\t\t\t\t\t\t\t\t\t\t\t\t\t\t\t\t<div class=\"uk-flex brand_socials\" style=\"margin-top: 10px;\">\r\n\t\t\t\t\t\t\t\t\t\t  \t\t\t\t\t\t\t\t\t\t\t\t\t\t\t\t\t\t\t\t\t\t\t\t\t\t\t\t\t\t\t\t\t\t<a href=\"https:\/\/www.instagram.com\/bico_________\/\" aria-label=\"instagram-link\"><span uk-icon=\"icon: instagram; ratio: 1.5\"><\/span><\/a>\r\n\t\t\t\t\t\t\t\t\t\t\t\t\t\t\t\t\t\t\t\t\t\t\t\t\t\t\t\t\t\t\t\t\t\t\t\t\t\t\t\t\t\t\t\t\t\t\t\t\t\t\t\t\t\t\t\t\t\t\t\t\t\t\t\t\t\t\t\t\t\t\t\t\t\t\t\t\t\t\t\t\t\t\t\t\t\t\t<\/div>\r\n\t\t\t\t\t\t\t\t\t\t\t\t\t\t\t\t\t<\/div>\r\n    \t\t\t\t\t\t\t\r\n  \t\t\t\t\t\t\t<\/div>\r\n  \t\t\t\t\t\t\t\r\n\t\t\t\t\t\t\t\r\n\t\t\t\t\t\t\t<\/div>\r\n            <\/div>\r\n            <hr>\r\n                      <div class=\"uk-margin-top\" id=\"caducifolium\">\r\n              <div uk-grid>\r\n                \r\n                <div class=\"expo-media uk-width-1-2@m uk-width-2-5@l\" uk-lightbox=\"animation: scale\">\r\n                                    \r\n                                        <div class=\"uk-margin-top uk-grid-small\" uk-grid>\r\n                        <div class=\"uk-width-expand@m\">\r\n                          <a href=\"https:\/\/080barcelonafashion.cat\/wp-content\/uploads\/2026\/04\/Caducifolium.jpg\">\r\n                            <div class=\"uk-cover-container square\">\r\n                              <img decoding=\"async\" src=\"https:\/\/080barcelonafashion.cat\/wp-content\/uploads\/2026\/04\/Caducifolium.jpg\" uk-cover \/>\r\n                            <\/div>\r\n                          <\/a>\r\n                        <\/div>\r\n                                                                      <\/div>\r\n                                    <\/div>\r\n                \r\n                <div class=\"expo-texts uk-width-1-2@m uk-width-3-5@l\">\r\n                                    <h3 class=\"uk-margin-top\">Caducifolium<\/h3>\r\n                                    <div class=\"details uk-text-small\">\r\n    \t\t\t\t\t\t\t\t<p>Caducifolium es una firma que llega para cambiarlo todo: materiales, pensamiento y futuro. Las prendas, confeccionadas de manera artesanal por la joven dise\u00f1adora Laia Badia, se construyen a partir de biomateriales modulares y regenerativos. El prop\u00f3sito es iniciar una necesaria conversaci\u00f3n sobre la industria de la moda, e imaginar t\u00e9cnicas y futuros posibles.<\/p>\n    \t\t\t\t\t\t\t\t\r\n    \t\t\t\t\t\t\t\t                    <ul class=\"uk-list uk-margin-remove-left\">\r\n                                                                                      <\/ul>\r\n                        \t\t\t\t\t\t\t<\/div>\r\n    \t\t\t\t\t\t\t    \t\t\t\t\t\t\t<div>\r\n\t\t\t\t\t\t\t\t\t\t\t\t\t\t\t\t\t\t\t<div class=\"uk-flex brand_socials\" style=\"margin-top: 10px;\">\r\n\t\t\t\t\t\t\t\t\t\t  \t\t\t\t\t\t\t\t\t\t\t\t\t\t\t\t\t\t\t\t\t\t\t\t\t\t\t\t\t\t\t\t\t\t<a href=\"https:\/\/www.instagram.com\/caducifoliuum\" aria-label=\"instagram-link\"><span uk-icon=\"icon: instagram; ratio: 1.5\"><\/span><\/a>\r\n\t\t\t\t\t\t\t\t\t\t\t\t\t\t\t\t\t\t\t\t\t\t\t\t\t\t\t\t\t\t\t\t\t\t\t\t\t\t\t\t\t\t\t\t\t\t\t\t\t\t\t\t\t\t\t\t\t\t\t\t\t\t\t\t\t\t\t\t\t\t\t\t\t\t\t\t\t\t\t\t\t\t\t\t\t\t\t<\/div>\r\n\t\t\t\t\t\t\t\t\t\t\t\t\t\t\t\t\t<\/div>\r\n    \t\t\t\t\t\t\t\r\n  \t\t\t\t\t\t\t<\/div>\r\n  \t\t\t\t\t\t\t\r\n\t\t\t\t\t\t\t\r\n\t\t\t\t\t\t\t<\/div>\r\n            <\/div>\r\n            <hr>\r\n                      <div class=\"uk-margin-top\" id=\"cillan\">\r\n              <div uk-grid>\r\n                \r\n                <div class=\"expo-media uk-width-1-2@m uk-width-2-5@l\" uk-lightbox=\"animation: scale\">\r\n                                    \r\n                                        <div class=\"uk-margin-top uk-grid-small\" uk-grid>\r\n                        <div class=\"uk-width-expand@m\">\r\n                          <a href=\"https:\/\/080barcelonafashion.cat\/wp-content\/uploads\/2026\/03\/2009-Septiembre-Foto-Carnet-Sergio.jpg\">\r\n                            <div class=\"uk-cover-container square\">\r\n                              <img decoding=\"async\" src=\"https:\/\/080barcelonafashion.cat\/wp-content\/uploads\/2026\/03\/2009-Septiembre-Foto-Carnet-Sergio.jpg\" uk-cover \/>\r\n                            <\/div>\r\n                          <\/a>\r\n                        <\/div>\r\n                                                                      <\/div>\r\n                                    <\/div>\r\n                \r\n                <div class=\"expo-texts uk-width-1-2@m uk-width-3-5@l\">\r\n                                    <h3 class=\"uk-margin-top\">CILL\u00c1N<\/h3>\r\n                                    <div class=\"details uk-text-small\">\r\n    \t\t\t\t\t\t\t\t<p>CILL\u00c1N es el MUNDO INTERIOR de los ni\u00f1os, la dualidad entre lo complejo de desarrollar una personalidad y divertirse durante la infancia, darse cuenta que todas las referencias son v\u00e1lidas para enriquecerse y que nunca se es demasiado curioso. Entendido desde la iron\u00eda y el juego, JAM\u00c1S se deja de ser un ni\u00f1o.<\/p>\n    \t\t\t\t\t\t\t\t\r\n    \t\t\t\t\t\t\t\t                    <ul class=\"uk-list uk-margin-remove-left\">\r\n                                                                                      <\/ul>\r\n                        \t\t\t\t\t\t\t<\/div>\r\n    \t\t\t\t\t\t\t    \t\t\t\t\t\t\t<div>\r\n\t\t\t\t\t\t\t\t\t\t\t\t\t\t\t\t\t\t\t<div class=\"uk-flex brand_socials\" style=\"margin-top: 10px;\">\r\n\t\t\t\t\t\t\t\t\t\t  \t\t\t\t\t\t\t\t\t\t\t\t\t\t\t\t\t\t\t\t\t\t\t\t\t\t\t\t\t\t\t\t\t\t<a href=\"https:\/\/www.instagram.com\/sergio.cillan\" aria-label=\"instagram-link\"><span uk-icon=\"icon: instagram; ratio: 1.5\"><\/span><\/a>\r\n\t\t\t\t\t\t\t\t\t\t\t\t\t\t\t\t\t\t\t\t\t\t\t\t\t\t\t\t\t\t\t\t\t\t\t\t\t\t\t\t\t\t\t\t\t\t\t\t\t\t\t\t\t\t\t\t\t\t\t\t\t\t\t\t\t\t\t\t\t\t\t\t\t\t\t\t\t\t\t\t\t\t\t\t\t\t\t<\/div>\r\n\t\t\t\t\t\t\t\t\t\t\t\t\t\t\t\t\t<\/div>\r\n    \t\t\t\t\t\t\t\r\n  \t\t\t\t\t\t\t<\/div>\r\n  \t\t\t\t\t\t\t\r\n\t\t\t\t\t\t\t\r\n\t\t\t\t\t\t\t<\/div>\r\n            <\/div>\r\n            <hr>\r\n                      <div class=\"uk-margin-top\" id=\"dimoni-studio\">\r\n              <div uk-grid>\r\n                \r\n                <div class=\"expo-media uk-width-1-2@m uk-width-2-5@l\" uk-lightbox=\"animation: scale\">\r\n                                    \r\n                                        <div class=\"uk-margin-top uk-grid-small\" uk-grid>\r\n                        <div class=\"uk-width-expand@m\">\r\n                          <a href=\"https:\/\/080barcelonafashion.cat\/wp-content\/uploads\/2026\/04\/Dimoni-Studio.jpg\">\r\n                            <div class=\"uk-cover-container square\">\r\n                              <img decoding=\"async\" src=\"https:\/\/080barcelonafashion.cat\/wp-content\/uploads\/2026\/04\/Dimoni-Studio.jpg\" uk-cover \/>\r\n                            <\/div>\r\n                          <\/a>\r\n                        <\/div>\r\n                                                                      <\/div>\r\n                                    <\/div>\r\n                \r\n                <div class=\"expo-texts uk-width-1-2@m uk-width-3-5@l\">\r\n                                    <h3 class=\"uk-margin-top\">Dimoni Studio<\/h3>\r\n                                    <div class=\"details uk-text-small\">\r\n    \t\t\t\t\t\t\t\t<p>Dimoni Studio se ha hecho un hueco r\u00e1pido en el universo de la moda gracias a su estilo \u00fanico, que fusiona lo urbano con lo vanguardista, y su capacidad para reinventar lo cl\u00e1sico sin perder su esencia. \u00bfEl resultado? Una propuesta refrescante que no pasa desapercibida, tanto en las calles como en los escenarios. Desde sus inicios, Dimoni ha apostado por la sostenibilidad, creando piezas que no s\u00f3lo son est\u00e9ticamente impactantes, sino tambi\u00e9n responsables. La firma combina materiales de alta calidad con dise\u00f1os atrevidos y funcionales. El ADN de la marca se define por reinterpretar prendas streetwear como camisetas, sudaderas o vaqueros bas\u00e1ndose en c\u00f3mo la gente lleva \u201crealmente\u201d su ropa. Todo esto presentado con una selecci\u00f3n de tejidos obtenidos de excedentes de retail y tiendas de comercio local.<\/p>\n    \t\t\t\t\t\t\t\t\r\n    \t\t\t\t\t\t\t\t                    <ul class=\"uk-list uk-margin-remove-left\">\r\n                                                                                      <\/ul>\r\n                        \t\t\t\t\t\t\t<\/div>\r\n    \t\t\t\t\t\t\t    \t\t\t\t\t\t\t<div>\r\n\t\t\t\t\t\t\t\t\t\t\t\t\t\t\t\t\t\t\t<div class=\"uk-flex brand_socials\" style=\"margin-top: 10px;\">\r\n\t\t\t\t\t\t\t\t\t\t  \t\t\t\t\t\t\t\t\t\t\t\t\t\t\t\t\t\t\t\t\t\t\t\t\t\t\t\t\t\t\t\t\t\t<a href=\"https:\/\/www.instagram.com\/dimonistudio\" aria-label=\"instagram-link\"><span uk-icon=\"icon: instagram; ratio: 1.5\"><\/span><\/a>\r\n\t\t\t\t\t\t\t\t\t\t\t\t\t\t\t\t\t\t\t\t\t\t\t\t\t\t\t\t\t\t\t\t\t\t\t\t\t\t\t\t\t\t\t\t\t\t\t\t\t\t\t\t\t\t\t\t\t\t\t\t\t\t\t\t\t\t\t\t\t\t\t\t\t\t\t\t\t\t\t\t\t\t\t\t\t\t\t<\/div>\r\n\t\t\t\t\t\t\t\t\t\t\t\t\t\t\t\t\t<\/div>\r\n    \t\t\t\t\t\t\t\r\n  \t\t\t\t\t\t\t<\/div>\r\n  \t\t\t\t\t\t\t\r\n\t\t\t\t\t\t\t\r\n\t\t\t\t\t\t\t<\/div>\r\n            <\/div>\r\n            <hr>\r\n                      <div class=\"uk-margin-top\" id=\"eaftimos\">\r\n              <div uk-grid>\r\n                \r\n                <div class=\"expo-media uk-width-1-2@m uk-width-2-5@l\" uk-lightbox=\"animation: scale\">\r\n                                          <a href=\"https:\/\/080barcelonafashion.cat\/wp-content\/uploads\/2026\/03\/Erik-de-Eaftimos.jpg\">\r\n                          <img decoding=\"async\" src=\"https:\/\/080barcelonafashion.cat\/wp-content\/uploads\/2026\/03\/Erik-de-Eaftimos.jpg\" uk-img \/>\r\n                        <\/a>\r\n                                      \r\n                                  <\/div>\r\n                \r\n                <div class=\"expo-texts uk-width-1-2@m uk-width-3-5@l\">\r\n                                    <h3 class=\"uk-margin-top\">Eaftimos<\/h3>\r\n                                    <div class=\"details uk-text-small\">\r\n    \t\t\t\t\t\t\t\t<p>Eaftimos es una marca de autor que surge desde la introspecci\u00f3n, entendiendo la moda como un espacio de transformaci\u00f3n emocional y art\u00edstica, el eslogan que le acompa\u00f1a es \u201clocked in oneself\u201d. Su universo conecta lo espiritual, lo artesanal y lo contempor\u00e1neo, construyendo piezas con una fuerte carga conceptual. Este a\u00f1o debuta en MBFW EGO la colecci\u00f3n NIERIKA, inspirada y fusionada con los antiguos campesinos, la tierra, la tribu huichol y la memoria de C\u00e9sar Manrique.<\/p>\n    \t\t\t\t\t\t\t\t\r\n    \t\t\t\t\t\t\t\t                    <ul class=\"uk-list uk-margin-remove-left\">\r\n                                                                                      <\/ul>\r\n                        \t\t\t\t\t\t\t<\/div>\r\n    \t\t\t\t\t\t\t    \t\t\t\t\t\t\t<div>\r\n\t\t\t\t\t\t\t\t\t\t\t\t\t\t\t\t\t\t\t<div class=\"uk-flex brand_socials\" style=\"margin-top: 10px;\">\r\n\t\t\t\t\t\t\t\t\t\t  \t\t\t\t\t\t\t\t\t\t\t\t\t\t\t\t\t\t\t\t\t\t\t\t\t\t\t\t\t\t\t\t\t\t<a href=\"https:\/\/www.instagram.com\/eaftimos\" aria-label=\"instagram-link\"><span uk-icon=\"icon: instagram; ratio: 1.5\"><\/span><\/a>\r\n\t\t\t\t\t\t\t\t\t\t\t\t\t\t\t\t\t\t\t\t\t\t\t\t\t\t\t\t\t\t\t\t\t\t\t\t\t\t\t\t\t\t\t\t\t\t\t\t\t\t\t\t\t\t\t\t\t\t\t\t\t\t\t\t\t\t\t\t\t\t\t\t\t\t\t\t\t\t\t\t\t\t\t\t\t\t\t<\/div>\r\n\t\t\t\t\t\t\t\t\t\t\t\t\t\t\t\t\t<\/div>\r\n    \t\t\t\t\t\t\t\r\n  \t\t\t\t\t\t\t<\/div>\r\n  \t\t\t\t\t\t\t\r\n\t\t\t\t\t\t\t\r\n\t\t\t\t\t\t\t<\/div>\r\n            <\/div>\r\n            <hr>\r\n                      <div class=\"uk-margin-top\" id=\"eteme\">\r\n              <div uk-grid>\r\n                \r\n                <div class=\"expo-media uk-width-1-2@m uk-width-2-5@l\" uk-lightbox=\"animation: scale\">\r\n                                          <a href=\"https:\/\/080barcelonafashion.cat\/wp-content\/uploads\/2026\/03\/Eteme.jpg\">\r\n                          <img decoding=\"async\" src=\"https:\/\/080barcelonafashion.cat\/wp-content\/uploads\/2026\/03\/Eteme.jpg\" uk-img \/>\r\n                        <\/a>\r\n                                      \r\n                                  <\/div>\r\n                \r\n                <div class=\"expo-texts uk-width-1-2@m uk-width-3-5@l\">\r\n                                    <h3 class=\"uk-margin-top\">Et\u00e9me<\/h3>\r\n                                    <div class=\"details uk-text-small\">\r\n    \t\t\t\t\t\t\t\t<p>Et\u00e9me es un proyecto art\u00edstico que explora el storytelling a trav\u00e9s de la moda. Inspirado en el amor, las emociones y la belleza de la naturaleza, crea piezas que evocan intimidad, sensibilidad y expresi\u00f3n personal. Dise\u00f1ado y producido en Barcelona, Et\u00e9me propone una est\u00e9tica limpia y atemporal donde cada pieza forma parte de una historia.<\/p>\n    \t\t\t\t\t\t\t\t\r\n    \t\t\t\t\t\t\t\t                    <ul class=\"uk-list uk-margin-remove-left\">\r\n                                                                                      <\/ul>\r\n                        \t\t\t\t\t\t\t<\/div>\r\n    \t\t\t\t\t\t\t    \t\t\t\t\t\t\t<div>\r\n\t\t\t\t\t\t\t\t\t\t\t\t\t\t\t\t\t\t\t<div class=\"uk-flex brand_socials\" style=\"margin-top: 10px;\">\r\n\t\t\t\t\t\t\t\t\t\t  \t\t\t\t\t\t\t\t\t\t\t\t\t\t\t\t\t\t\t\t\t\t\t\t\t\t\t\t\t\t\t\t\t\t<a href=\"https:\/\/www.instagram.com\/eteme__\" aria-label=\"instagram-link\"><span uk-icon=\"icon: instagram; ratio: 1.5\"><\/span><\/a>\r\n\t\t\t\t\t\t\t\t\t\t\t\t\t\t\t\t\t\t\t\t\t\t\t\t\t\t\t\t\t\t\t\t\t\t\t\t\t\t\t\t\t\t\t\t\t\t\t\t\t\t\t\t\t\t\t\t\t\t\t\t\t\t\t\t\t\t\t\t\t\t\t\t\t\t\t\t\t\t\t\t\t\t\t\t\t\t\t<\/div>\r\n\t\t\t\t\t\t\t\t\t\t\t\t\t\t\t\t\t<\/div>\r\n    \t\t\t\t\t\t\t\r\n  \t\t\t\t\t\t\t<\/div>\r\n  \t\t\t\t\t\t\t\r\n\t\t\t\t\t\t\t\r\n\t\t\t\t\t\t\t<\/div>\r\n            <\/div>\r\n            <hr>\r\n                      <div class=\"uk-margin-top\" id=\"flama\">\r\n              <div uk-grid>\r\n                \r\n                <div class=\"expo-media uk-width-1-2@m uk-width-2-5@l\" uk-lightbox=\"animation: scale\">\r\n                                          <a href=\"https:\/\/080barcelonafashion.cat\/wp-content\/uploads\/2026\/03\/FlamaEyewear_Founder_LuisGarcia.png\">\r\n                          <img decoding=\"async\" src=\"https:\/\/080barcelonafashion.cat\/wp-content\/uploads\/2026\/03\/FlamaEyewear_Founder_LuisGarcia.png\" uk-img \/>\r\n                        <\/a>\r\n                                      \r\n                                  <\/div>\r\n                \r\n                <div class=\"expo-texts uk-width-1-2@m uk-width-3-5@l\">\r\n                                    <h3 class=\"uk-margin-top\">Flama<\/h3>\r\n                                    <div class=\"details uk-text-small\">\r\n    \t\t\t\t\t\t\t\t<p>Flama es una firma independiente de dise\u00f1o de gafas impulsada por su autor, con sede en Valencia, Espa\u00f1a. Concebida como un proyecto de dise\u00f1o a largo plazo, Flama opera en la intersecci\u00f3n entre la ingenier\u00eda \u00f3ptica, la arquitectura de producto y la responsabilidad cultural.<br \/>\nCada montura se desarrolla como un artefacto funcional m\u00e1s que como moda estacional, combinando una est\u00e9tica brutalista con una ingenier\u00eda mec\u00e1nica precisa. Las colecciones integran el sistema propietario MRS\u00ae (Modular Repair System), una arquitectura de bisagra visible dise\u00f1ada para ofrecer durabilidad, reparabilidad y uso a largo plazo.<br \/>\nFlama explora una nueva visi\u00f3n de la \u00f3ptica contempor\u00e1nea: objetos dise\u00f1ados para perdurar, llevados con confianza por quienes se atreven a empezar de nuevo.<\/p>\n    \t\t\t\t\t\t\t\t\r\n    \t\t\t\t\t\t\t\t                    <ul class=\"uk-list uk-margin-remove-left\">\r\n                                                                                      <\/ul>\r\n                        \t\t\t\t\t\t\t<\/div>\r\n    \t\t\t\t\t\t\t    \t\t\t\t\t\t\t<div>\r\n\t\t\t\t\t\t\t\t\t\t\t\t\t\t\t\t\t\t\t<div class=\"uk-flex brand_socials\" style=\"margin-top: 10px;\">\r\n\t\t\t\t\t\t\t\t\t\t  \t\t\t\t\t\t\t\t\t\t\t\t\t\t\t\t\t\t\t\t\t\t\t\t\t\t\t\t\t\t\t\t\t\t\t\t\t\t\t\t\t\t\t\t\t\t\t\t\t\t\t\t\t\t\t\t\t\t\t\t\t\t\t\t\t\t\t\t\t\t\t\t\t\t\t\t\t\t\t\t\t\t\t\t\t\t\t\t\t\t\t\t\t\t\t\t\t\t<\/div>\r\n\t\t\t\t\t\t\t\t\t\t\t\t\t\t\t\t\t<\/div>\r\n    \t\t\t\t\t\t\t\r\n  \t\t\t\t\t\t\t<\/div>\r\n  \t\t\t\t\t\t\t\r\n\t\t\t\t\t\t\t\r\n\t\t\t\t\t\t\t<\/div>\r\n            <\/div>\r\n            <hr>\r\n                      <div class=\"uk-margin-top\" id=\"hune-2\">\r\n              <div uk-grid>\r\n                \r\n                <div class=\"expo-media uk-width-1-2@m uk-width-2-5@l\" uk-lightbox=\"animation: scale\">\r\n                                          <a href=\"https:\/\/080barcelonafashion.cat\/wp-content\/uploads\/2026\/03\/HUNExAlineo_141_2-2.jpg\">\r\n                          <img decoding=\"async\" src=\"https:\/\/080barcelonafashion.cat\/wp-content\/uploads\/2026\/03\/HUNExAlineo_141_2-2.jpg\" uk-img \/>\r\n                        <\/a>\r\n                                      \r\n                                  <\/div>\r\n                \r\n                <div class=\"expo-texts uk-width-1-2@m uk-width-3-5@l\">\r\n                                    <h3 class=\"uk-margin-top\">Hune<\/h3>\r\n                                    <div class=\"details uk-text-small\">\r\n    \t\t\t\t\t\t\t\t<p>Hune, la marca insignia de Krack, se concibe como un tributo a la autenticidad y la diversidad humana. En esta edici\u00f3n presenta una nueva colaboraci\u00f3n en apoyo al talento emergente junto a Alineo Studio, la firma creada por Lis Dom\u00ednguez.<br \/>\nInspirada en el universo de las sirenas y en la energ\u00eda del verano, la colecci\u00f3n c\u00e1psula explora siluetas ligeras, transparencias y colores vivos que evocan frescura, movimiento y libertad. Una propuesta que conecta la visi\u00f3n creativa de ambas marcas y traslada su esp\u00edritu experimental al calzado.<br \/>\nLa colaboraci\u00f3n se materializa en cuatro dise\u00f1os que se presentar\u00e1n en el marco de la 080 Barcelona Fashion y que estar\u00e1n pr\u00f3ximamente disponibles en las tiendas y en la web de Krack.<\/p>\n    \t\t\t\t\t\t\t\t\r\n    \t\t\t\t\t\t\t\t                    <ul class=\"uk-list uk-margin-remove-left\">\r\n                                                                                      <\/ul>\r\n                        \t\t\t\t\t\t\t<\/div>\r\n    \t\t\t\t\t\t\t    \t\t\t\t\t\t\t<div>\r\n\t\t\t\t\t\t\t\t\t\t\t\t\t\t\t\t\t\t\t<div class=\"uk-flex brand_socials\" style=\"margin-top: 10px;\">\r\n\t\t\t\t\t\t\t\t\t\t  \t\t\t\t\t\t\t\t\t\t\t\t\t\t\t\t\t\t\t\t\t\t\t\t\t\t\t\t\t\t\t\t\t\t<a href=\"https:\/\/www.instagram.com\/krackonline\" aria-label=\"instagram-link\"><span uk-icon=\"icon: instagram; ratio: 1.5\"><\/span><\/a>\r\n\t\t\t\t\t\t\t\t\t\t\t\t\t\t\t\t\t\t\t\t\t\t\t\t\t\t\t\t\t\t\t\t\t\t\t\t\t\t\t\t\t\t\t\t\t\t\t\t\t\t\t\t\t\t\t\t\t\t\t\t\t\t\t\t\t\t\t\t\t\t\t\t\t\t\t\t\t\t\t\t\t\t\t\t\t\t\t<\/div>\r\n\t\t\t\t\t\t\t\t\t\t\t\t\t\t\t\t\t<\/div>\r\n    \t\t\t\t\t\t\t\r\n  \t\t\t\t\t\t\t<\/div>\r\n  \t\t\t\t\t\t\t\r\n\t\t\t\t\t\t\t\r\n\t\t\t\t\t\t\t<\/div>\r\n            <\/div>\r\n            <hr>\r\n                      <div class=\"uk-margin-top\" id=\"jane-bardot-2\">\r\n              <div uk-grid>\r\n                \r\n                <div class=\"expo-media uk-width-1-2@m uk-width-2-5@l\" uk-lightbox=\"animation: scale\">\r\n                                    \r\n                                        <div class=\"uk-margin-top uk-grid-small\" uk-grid>\r\n                        <div class=\"uk-width-expand@m\">\r\n                          <a href=\"https:\/\/080barcelonafashion.cat\/wp-content\/uploads\/2026\/03\/Maria-Blanco_JANE-BARDOT.jpg\">\r\n                            <div class=\"uk-cover-container square\">\r\n                              <img decoding=\"async\" src=\"https:\/\/080barcelonafashion.cat\/wp-content\/uploads\/2026\/03\/Maria-Blanco_JANE-BARDOT.jpg\" uk-cover \/>\r\n                            <\/div>\r\n                          <\/a>\r\n                        <\/div>\r\n                                                  <div class=\"uk-width-expand@m\">\r\n                            <a href=\"https:\/\/080barcelonafashion.cat\/wp-content\/uploads\/2026\/03\/Diego-Rivera_JANE-BARDOT.jpg\">\r\n                              <div class=\"uk-cover-container square\">\r\n                                <img decoding=\"async\" src=\"https:\/\/080barcelonafashion.cat\/wp-content\/uploads\/2026\/03\/Diego-Rivera_JANE-BARDOT.jpg\" uk-cover \/>\r\n                              <\/div>\r\n                            <\/a>\r\n                          <\/div>\r\n                                                                      <\/div>\r\n                                    <\/div>\r\n                \r\n                <div class=\"expo-texts uk-width-1-2@m uk-width-3-5@l\">\r\n                                    <h3 class=\"uk-margin-top\">JANE BARDOT<\/h3>\r\n                                    <div class=\"details uk-text-small\">\r\n    \t\t\t\t\t\t\t\t<p>JANE BARDOT es el proyecto art\u00edstico de joyer\u00eda y moda fundado por Mar\u00eda Blanco, directora creativa de la marca, y Diego Rivera. La revista NEO2 les ha definido como \u201cla marca de joyas m\u00e1s creativa de Espa\u00f1a\u201d. Sus creaciones son aut\u00e9nticas piezas portable art que no dejan indiferente a nadie.<br \/>\nHan desfilado en pasarelas como la MBFW de Madrid o la 080 de Barcelona junto a marcas de moda espa\u00f1ola como Reparto, Acromatyx, Guillermo D\u00e9cimo. De la mano de Reparto, particip\u00f3 en el showroom de la MBFW 2022, donde lograron el premio Allianz EGO.<br \/>\nShowroom MBFW 2026. Y sus joyas las han lucido celebs como Marina Rivers, In\u00e9s Hernand, Los Javis y en videoclips de Emilia Mernes y Quevedo.<\/p>\n    \t\t\t\t\t\t\t\t\r\n    \t\t\t\t\t\t\t\t                    <ul class=\"uk-list uk-margin-remove-left\">\r\n                                              <li>\r\n                          <p>\r\n                            <b>Mar\u00eda Blanco<\/b>\r\n                                                    <\/p>\r\n                        <\/li>\r\n                                                                    <li>\r\n                          <p>\r\n                            <b>Diego Rivera<\/b>\r\n                                                    <\/p>\r\n                        <\/li>\r\n                                                                <\/ul>\r\n                        \t\t\t\t\t\t\t<\/div>\r\n    \t\t\t\t\t\t\t    \t\t\t\t\t\t\t<div>\r\n\t\t\t\t\t\t\t\t\t\t\t\t\t\t\t\t\t\t\t<div class=\"uk-flex brand_socials\" style=\"margin-top: 10px;\">\r\n\t\t\t\t\t\t\t\t\t\t  \t\t\t\t\t\t\t\t\t\t\t\t\t\t\t\t\t\t\t\t\t\t\t\t\t\t\t\t\t\t\t\t\t\t<a href=\"https:\/\/www.instagram.com\/janebardotstudio\" aria-label=\"instagram-link\"><span uk-icon=\"icon: instagram; ratio: 1.5\"><\/span><\/a>\r\n\t\t\t\t\t\t\t\t\t\t\t\t\t\t\t\t\t\t\t\t\t\t\t\t\t\t\t\t\t\t\t\t\t\t\t\t\t\t\t\t\t\t\t\t\t\t\t\t\t\t\t\t\t\t\t\t\t\t\t\t\t\t\t\t\t\t\t\t\t\t\t\t\t\t\t\t\t\t\t\t\t\t\t\t\t\t\t<\/div>\r\n\t\t\t\t\t\t\t\t\t\t\t\t\t\t\t\t\t<\/div>\r\n    \t\t\t\t\t\t\t\r\n  \t\t\t\t\t\t\t<\/div>\r\n  \t\t\t\t\t\t\t\r\n\t\t\t\t\t\t\t\r\n\t\t\t\t\t\t\t<\/div>\r\n            <\/div>\r\n            <hr>\r\n                      <div class=\"uk-margin-top\" id=\"33007\">\r\n              <div uk-grid>\r\n                \r\n                <div class=\"expo-media uk-width-1-2@m uk-width-2-5@l\" uk-lightbox=\"animation: scale\">\r\n                                    \r\n                                        <div class=\"uk-margin-top uk-grid-small\" uk-grid>\r\n                        <div class=\"uk-width-expand@m\">\r\n                          <a href=\"https:\/\/080barcelonafashion.cat\/wp-content\/uploads\/2026\/03\/Maria-Ruiz-foto-designer-scaled.jpg\">\r\n                            <div class=\"uk-cover-container square\">\r\n                              <img decoding=\"async\" src=\"https:\/\/080barcelonafashion.cat\/wp-content\/uploads\/2026\/03\/Maria-Ruiz-foto-designer-scaled.jpg\" uk-cover \/>\r\n                            <\/div>\r\n                          <\/a>\r\n                        <\/div>\r\n                                                                      <\/div>\r\n                                    <\/div>\r\n                \r\n                <div class=\"expo-texts uk-width-1-2@m uk-width-3-5@l\">\r\n                                    <h3 class=\"uk-margin-top\">M.R \/ Maria Ruiz<\/h3>\r\n                                    <div class=\"details uk-text-small\">\r\n    \t\t\t\t\t\t\t\t<p>M.R \/ Maria Ruiz es una marca de moda que reinventa los tejidos artesanales desde una mirada contempor\u00e1nea.<br \/>\nCada pieza est\u00e1 dise\u00f1ada y elaborada a mano por la propia dise\u00f1adora quien a pesar de ser profesional en dise\u00f1o de moda afirma haber aprendido todo de las mujeres tejedoras de su familia, fusionando tradici\u00f3n y vanguardia.<br \/>\nTras a\u00f1os de experiencia trabajando en firmas de moda lujo aporta en sus piezas una sensibilidad especial por el detalle, la calidad y la construcci\u00f3n de cada prenda.<br \/>\nEl resultado son piezas \u00fanicas que transforman t\u00e9cnicas artesanales en objetos de deseo actuales.<br \/>\nCreaciones pensadas para acompa\u00f1ar momentos especiales y convertirse en peque\u00f1os amuletos de estilo.<\/p>\n    \t\t\t\t\t\t\t\t\r\n    \t\t\t\t\t\t\t\t                    <ul class=\"uk-list uk-margin-remove-left\">\r\n                                                                                      <\/ul>\r\n                        \t\t\t\t\t\t\t<\/div>\r\n    \t\t\t\t\t\t\t    \t\t\t\t\t\t\t<div>\r\n\t\t\t\t\t\t\t\t\t\t\t\t\t\t\t\t\t\t\t<div class=\"uk-flex brand_socials\" style=\"margin-top: 10px;\">\r\n\t\t\t\t\t\t\t\t\t\t  \t\t\t\t\t\t\t\t\t\t\t\t\t\t\t\t\t\t\t\t\t\t\t\t\t\t\t\t\t\t\t\t\t\t<a href=\"https:\/\/www.instagram.com\/mariaruizbrand\" aria-label=\"instagram-link\"><span uk-icon=\"icon: instagram; ratio: 1.5\"><\/span><\/a>\r\n\t\t\t\t\t\t\t\t\t\t\t\t\t\t\t\t\t\t\t\t\t\t\t\t\t\t\t\t\t\t\t\t\t\t<a href=\"https:\/\/www.youtube.com\/@mariaruizbrand\" aria-label=\"youtube-link\"><span uk-icon=\"icon: youtube; ratio: 1.5\"><\/span><\/a>\r\n\t\t\t\t\t\t\t\t\t\t\t\t\t\t\t\t\t\t\t\t\t\t\t\t\t\t\t\t\t\t\t\t\t\t\t\t\t\t\t\t\t\t\t\t\t\t\t\t\t\t\t\t\t\t\t\t\t\t\t\t\t\t\t\t\t\t\t\t\t\t\t\t\t\t\t\t<\/div>\r\n\t\t\t\t\t\t\t\t\t\t\t\t\t\t\t\t\t<\/div>\r\n    \t\t\t\t\t\t\t\r\n  \t\t\t\t\t\t\t<\/div>\r\n  \t\t\t\t\t\t\t\r\n\t\t\t\t\t\t\t\r\n\t\t\t\t\t\t\t<\/div>\r\n            <\/div>\r\n            <hr>\r\n                      <div class=\"uk-margin-top\" id=\"ma%c2%b7gari\">\r\n              <div uk-grid>\r\n                \r\n                <div class=\"expo-media uk-width-1-2@m uk-width-2-5@l\" uk-lightbox=\"animation: scale\">\r\n                                    \r\n                                        <div class=\"uk-margin-top uk-grid-small\" uk-grid>\r\n                        <div class=\"uk-width-expand@m\">\r\n                          <a href=\"https:\/\/080barcelonafashion.cat\/wp-content\/uploads\/2026\/03\/Ma\u00b7Gari.jpg\">\r\n                            <div class=\"uk-cover-container square\">\r\n                              <img decoding=\"async\" src=\"https:\/\/080barcelonafashion.cat\/wp-content\/uploads\/2026\/03\/Ma\u00b7Gari.jpg\" uk-cover \/>\r\n                            <\/div>\r\n                          <\/a>\r\n                        <\/div>\r\n                                                                      <\/div>\r\n                                    <\/div>\r\n                \r\n                <div class=\"expo-texts uk-width-1-2@m uk-width-3-5@l\">\r\n                                    <h3 class=\"uk-margin-top\">Ma\u00b7Gari<\/h3>\r\n                                    <div class=\"details uk-text-small\">\r\n    \t\t\t\t\t\t\t\t<p>Ma\u00b7Gari es una marca de joyer\u00eda para el pelo que combina dise\u00f1o contempor\u00e1neo con una est\u00e9tica elegante y minimalista. 100% dise\u00f1ada y producida en espa\u00f1a cada pieza nace con la intenci\u00f3n de ofrecer un producto \u00fanico, transformando el gesto cotidiano de recogerse el pelo en un acto consciente de estilo.<br \/>\nSu nombre une la inspiraci\u00f3n de la palabra italiana \u201cmagari\u201d, \u201cojal\u00e1\u201d con un homenaje a la tradici\u00f3n familiar de lo hecho a mano. Cada pieza prioriza el dise\u00f1o, calidad y una personalidad sofisticada.<\/p>\n    \t\t\t\t\t\t\t\t\r\n    \t\t\t\t\t\t\t\t                    <ul class=\"uk-list uk-margin-remove-left\">\r\n                                                                                      <\/ul>\r\n                        \t\t\t\t\t\t\t<\/div>\r\n    \t\t\t\t\t\t\t    \t\t\t\t\t\t\t<div>\r\n\t\t\t\t\t\t\t\t\t\t\t\t\t\t\t\t\t\t\t<div class=\"uk-flex brand_socials\" style=\"margin-top: 10px;\">\r\n\t\t\t\t\t\t\t\t\t\t  \t\t\t\t\t\t\t\t\t\t\t\t\t\t\t\t\t\t\t\t\t\t\t\t\t\t\t\t\t\t\t\t\t\t<a href=\"https:\/\/www.instagram.com\/___ma.gari\" aria-label=\"instagram-link\"><span uk-icon=\"icon: instagram; ratio: 1.5\"><\/span><\/a>\r\n\t\t\t\t\t\t\t\t\t\t\t\t\t\t\t\t\t\t\t\t\t\t\t\t\t\t\t\t\t\t\t\t\t\t\t\t\t\t\t\t\t\t\t\t\t\t\t\t\t\t\t\t\t\t\t\t\t\t\t\t\t\t\t\t\t\t\t\t\t\t\t\t\t\t\t\t\t\t\t\t\t\t\t\t\t\t\t<\/div>\r\n\t\t\t\t\t\t\t\t\t\t\t\t\t\t\t\t\t<\/div>\r\n    \t\t\t\t\t\t\t\r\n  \t\t\t\t\t\t\t<\/div>\r\n  \t\t\t\t\t\t\t\r\n\t\t\t\t\t\t\t\r\n\t\t\t\t\t\t\t<\/div>\r\n            <\/div>\r\n            <hr>\r\n                      <div class=\"uk-margin-top\" id=\"maikarfi\">\r\n              <div uk-grid>\r\n                \r\n                <div class=\"expo-media uk-width-1-2@m uk-width-2-5@l\" uk-lightbox=\"animation: scale\">\r\n                                          <a href=\"https:\/\/080barcelonafashion.cat\/wp-content\/uploads\/2026\/03\/Maikarfi_.jpg\">\r\n                          <img decoding=\"async\" src=\"https:\/\/080barcelonafashion.cat\/wp-content\/uploads\/2026\/03\/Maikarfi_.jpg\" uk-img \/>\r\n                        <\/a>\r\n                                      \r\n                                  <\/div>\r\n                \r\n                <div class=\"expo-texts uk-width-1-2@m uk-width-3-5@l\">\r\n                                    <h3 class=\"uk-margin-top\">MAIKARFI<\/h3>\r\n                                    <div class=\"details uk-text-small\">\r\n    \t\t\t\t\t\t\t\t<p>MAIKARFI tiene una mirada vanguardista que crea su lenguaje a trav\u00e9s de la descontextualizaci\u00f3n de materiales y la reinterpretaci\u00f3n de c\u00f3digos estil\u00edsticos cl\u00e1sicos abordando conceptos propios de gran carga filos\u00f3fica.<\/p>\n    \t\t\t\t\t\t\t\t\r\n    \t\t\t\t\t\t\t\t                    <ul class=\"uk-list uk-margin-remove-left\">\r\n                                                                                      <\/ul>\r\n                        \t\t\t\t\t\t\t<\/div>\r\n    \t\t\t\t\t\t\t    \t\t\t\t\t\t\t<div>\r\n\t\t\t\t\t\t\t\t\t\t\t\t\t\t\t\t\t\t\t<div class=\"uk-flex brand_socials\" style=\"margin-top: 10px;\">\r\n\t\t\t\t\t\t\t\t\t\t  \t\t\t\t\t\t\t\t\t\t\t\t\t\t\t\t\t\t\t\t\t\t\t\t\t\t\t\t\t\t\t\t\t\t<a href=\"https:\/\/www.instagram.com\/maikvrfi\" aria-label=\"instagram-link\"><span uk-icon=\"icon: instagram; ratio: 1.5\"><\/span><\/a>\r\n\t\t\t\t\t\t\t\t\t\t\t\t\t\t\t\t\t\t\t\t\t\t\t\t\t\t\t\t\t\t\t\t\t\t\t\t\t\t\t\t\t\t\t\t\t\t\t\t\t\t\t\t\t\t\t\t\t\t\t\t\t\t\t\t\t\t\t\t\t\t\t\t\t\t\t\t\t\t\t\t\t\t\t\t\t\t\t<\/div>\r\n\t\t\t\t\t\t\t\t\t\t\t\t\t\t\t\t\t<\/div>\r\n    \t\t\t\t\t\t\t\r\n  \t\t\t\t\t\t\t<\/div>\r\n  \t\t\t\t\t\t\t\r\n\t\t\t\t\t\t\t\r\n\t\t\t\t\t\t\t<\/div>\r\n            <\/div>\r\n            <hr>\r\n                      <div class=\"uk-margin-top\" id=\"manemane\">\r\n              <div uk-grid>\r\n                \r\n                <div class=\"expo-media uk-width-1-2@m uk-width-2-5@l\" uk-lightbox=\"animation: scale\">\r\n                                    \r\n                                        <div class=\"uk-margin-top uk-grid-small\" uk-grid>\r\n                        <div class=\"uk-width-expand@m\">\r\n                          <a href=\"https:\/\/080barcelonafashion.cat\/wp-content\/uploads\/2026\/03\/manemane.jpeg\">\r\n                            <div class=\"uk-cover-container square\">\r\n                              <img decoding=\"async\" src=\"https:\/\/080barcelonafashion.cat\/wp-content\/uploads\/2026\/03\/manemane.jpeg\" uk-cover \/>\r\n                            <\/div>\r\n                          <\/a>\r\n                        <\/div>\r\n                                                                      <\/div>\r\n                                    <\/div>\r\n                \r\n                <div class=\"expo-texts uk-width-1-2@m uk-width-3-5@l\">\r\n                                    <h3 class=\"uk-margin-top\">Man\u00e9man\u00e9<\/h3>\r\n                                    <div class=\"details uk-text-small\">\r\n    \t\t\t\t\t\t\t\t<p>MAN\u00c9MAN\u00c9 es una firma de moda espa\u00f1ola vanguardista fundada en 2012 por el dise\u00f1ador Miguel Becer, caracterizada por fusionar arte, cultura pop y deconstrucci\u00f3n textil.<br \/>\nCon sede en Madrid y reconocida por su enfoque contempor\u00e1neo e inclusivo, la marca destaca por sus dise\u00f1os de g\u00e9nero neutro, sostenibilidad y una est\u00e9tica que reinterpreta el folclore con visi\u00f3n de futuro.<\/p>\n    \t\t\t\t\t\t\t\t\r\n    \t\t\t\t\t\t\t\t                    <ul class=\"uk-list uk-margin-remove-left\">\r\n                                              <li>\r\n                          <p>\r\n                            <b>Miguel Becer<\/b>\r\n                                                    <\/p>\r\n                        <\/li>\r\n                                                                                      <\/ul>\r\n                        \t\t\t\t\t\t\t<\/div>\r\n    \t\t\t\t\t\t\t    \t\t\t\t\t\t\t<div>\r\n\t\t\t\t\t\t\t\t\t\t\t\t\t\t\t\t\t\t\t<div class=\"uk-flex brand_socials\" style=\"margin-top: 10px;\">\r\n\t\t\t\t\t\t\t\t\t\t  \t\t\t\t\t\t\t\t\t\t\t\t\t\t\t\t\t\t\t\t\t\t\t\t\t\t\t\t\t\t\t\t\t\t<a href=\"https:\/\/www.instagram.com\/manemanestudio\" aria-label=\"instagram-link\"><span uk-icon=\"icon: instagram; ratio: 1.5\"><\/span><\/a>\r\n\t\t\t\t\t\t\t\t\t\t\t\t\t\t\t\t\t\t\t\t\t\t\t\t\t\t\t\t\t\t\t\t\t\t\t\t\t\t\t\t\t\t\t\t\t\t\t\t\t\t\t\t\t\t\t\t\t\t\t\t\t\t\t\t\t\t\t\t\t\t\t\t\t\t\t\t\t\t\t\t\t\t\t\t\t\t\t<\/div>\r\n\t\t\t\t\t\t\t\t\t\t\t\t\t\t\t\t\t<\/div>\r\n    \t\t\t\t\t\t\t\r\n  \t\t\t\t\t\t\t<\/div>\r\n  \t\t\t\t\t\t\t\r\n\t\t\t\t\t\t\t\r\n\t\t\t\t\t\t\t<\/div>\r\n            <\/div>\r\n            <hr>\r\n                      <div class=\"uk-margin-top\" id=\"paola-molet\">\r\n              <div uk-grid>\r\n                \r\n                <div class=\"expo-media uk-width-1-2@m uk-width-2-5@l\" uk-lightbox=\"animation: scale\">\r\n                                    \r\n                                        <div class=\"uk-margin-top uk-grid-small\" uk-grid>\r\n                        <div class=\"uk-width-expand@m\">\r\n                          <a href=\"https:\/\/080barcelonafashion.cat\/wp-content\/uploads\/2026\/03\/Paola-Molet-e1773848162685.jpg\">\r\n                            <div class=\"uk-cover-container square\">\r\n                              <img decoding=\"async\" src=\"https:\/\/080barcelonafashion.cat\/wp-content\/uploads\/2026\/03\/Paola-Molet-e1773848162685.jpg\" uk-cover \/>\r\n                            <\/div>\r\n                          <\/a>\r\n                        <\/div>\r\n                                                                      <\/div>\r\n                                    <\/div>\r\n                \r\n                <div class=\"expo-texts uk-width-1-2@m uk-width-3-5@l\">\r\n                                    <h3 class=\"uk-margin-top\">Paola Molet<\/h3>\r\n                                    <div class=\"details uk-text-small\">\r\n    \t\t\t\t\t\t\t\t<p>Paola Molet es una marca genderless nacida en Barcelona en el 2021, definida por un car\u00e1cter vanguardista y a la vez rom\u00e1ntico, con un patronaje marcado por las formas org\u00e1nicas, los juegos con el tejido y el oversize.<br \/>\nEl lema \u201cWearable art\u201d, es la filosof\u00eda de la marca. En Paola Molet, se entiende la moda como un arte en la que todos se pueden sentir c\u00f3modos, huyendo de las etiquetas cl\u00e1sicas.<br \/>\nEl principal objetivo es ofrecer prendas de gran calidad, vers\u00e1tiles y con un dise\u00f1o \u00fanico para que la personalidad de cada uno se vea a\u00fan m\u00e1s potenciada.<\/p>\n    \t\t\t\t\t\t\t\t\r\n    \t\t\t\t\t\t\t\t                    <ul class=\"uk-list uk-margin-remove-left\">\r\n                                                                                      <\/ul>\r\n                        \t\t\t\t\t\t\t<\/div>\r\n    \t\t\t\t\t\t\t    \t\t\t\t\t\t\t<div>\r\n\t\t\t\t\t\t\t\t\t\t\t\t\t\t\t\t\t\t\t<div class=\"uk-flex brand_socials\" style=\"margin-top: 10px;\">\r\n\t\t\t\t\t\t\t\t\t\t  \t\t\t\t\t\t\t\t\t\t\t\t\t\t\t\t\t\t\t\t\t\t\t\t\t\t\t\t\t\t\t\t\t\t<a href=\"https:\/\/www.instagram.com\/paolamolet_official\" aria-label=\"instagram-link\"><span uk-icon=\"icon: instagram; ratio: 1.5\"><\/span><\/a>\r\n\t\t\t\t\t\t\t\t\t\t\t\t\t\t\t\t\t\t\t\t\t\t\t\t\t\t\t\t\t\t\t\t\t\t\t\t\t\t\t\t\t\t\t\t\t\t\t\t\t\t\t\t\t\t\t\t\t\t\t\t\t\t\t\t\t\t\t\t\t\t\t\t\t\t\t\t\t\t\t\t\t\t\t\t\t\t\t<\/div>\r\n\t\t\t\t\t\t\t\t\t\t\t\t\t\t\t\t\t<\/div>\r\n    \t\t\t\t\t\t\t\r\n  \t\t\t\t\t\t\t<\/div>\r\n  \t\t\t\t\t\t\t\r\n\t\t\t\t\t\t\t\r\n\t\t\t\t\t\t\t<\/div>\r\n            <\/div>\r\n            <hr>\r\n                      <div class=\"uk-margin-top\" id=\"papi-mami\">\r\n              <div uk-grid>\r\n                \r\n                <div class=\"expo-media uk-width-1-2@m uk-width-2-5@l\" uk-lightbox=\"animation: scale\">\r\n                                          <a href=\"https:\/\/080barcelonafashion.cat\/wp-content\/uploads\/2026\/03\/Abel-Alvarez-Ramos-de-Papi-Mami.jpg\">\r\n                          <img decoding=\"async\" src=\"https:\/\/080barcelonafashion.cat\/wp-content\/uploads\/2026\/03\/Abel-Alvarez-Ramos-de-Papi-Mami.jpg\" uk-img \/>\r\n                        <\/a>\r\n                                      \r\n                                  <\/div>\r\n                \r\n                <div class=\"expo-texts uk-width-1-2@m uk-width-3-5@l\">\r\n                                    <h3 class=\"uk-margin-top\">PAPI &#038; MAMI<\/h3>\r\n                                    <div class=\"details uk-text-small\">\r\n    \t\t\t\t\t\t\t\t<p>PAPI &amp; MAMI es una marca de moda emergente de dise\u00f1o computacional y fabricaci\u00f3n aditiva con sede en Barcelona. El proyecto busca explorar nuevas formas de producci\u00f3n m\u00e1s flexibles y sostenibles dentro de la industria de la moda, permitiendo crear piezas innovadoras con procesos tecnol\u00f3gicos accesibles. La marca nace en Barcelona con el objetivo de posicionarse dentro del nuevo movimiento de fashion-tech europeo.<\/p>\n    \t\t\t\t\t\t\t\t\r\n    \t\t\t\t\t\t\t\t                    <ul class=\"uk-list uk-margin-remove-left\">\r\n                                                                                      <\/ul>\r\n                        \t\t\t\t\t\t\t<\/div>\r\n    \t\t\t\t\t\t\t    \t\t\t\t\t\t\t<div>\r\n\t\t\t\t\t\t\t\t\t\t\t\t\t\t\t\t\t\t\t<div class=\"uk-flex brand_socials\" style=\"margin-top: 10px;\">\r\n\t\t\t\t\t\t\t\t\t\t  \t\t\t\t\t\t\t\t\t\t\t\t<a style=\"color:#000\" href=\"https:\/\/papiymami.es\/\"><span uk-icon=\"icon: world; ratio: 1.3\"><\/span><\/a>\r\n\t\t\t\t\t\t\t\t\t\t\t\t\t\t\t\t\t\t\t\t\t\t\t\t\t\t\t\t\t\t\t\t\t\t\t\t\t\t\t\t\t\t\t\t\t<a href=\"https:\/\/www.instagram.com\/papiymami.es\" aria-label=\"instagram-link\"><span uk-icon=\"icon: instagram; ratio: 1.5\"><\/span><\/a>\r\n\t\t\t\t\t\t\t\t\t\t\t\t\t\t\t\t\t\t\t\t\t\t\t\t\t\t\t\t\t\t\t\t\t\t\t\t\t\t\t\t\t\t\t\t\t\t\t\t\t\t\t\t\t\t\t\t\t\t\t\t\t\t\t\t\t\t\t\t\t\t\t\t\t\t\t\t\t\t\t\t\t\t\t\t\t\t\t<\/div>\r\n\t\t\t\t\t\t\t\t\t\t\t\t\t\t\t\t\t<\/div>\r\n    \t\t\t\t\t\t\t\r\n  \t\t\t\t\t\t\t<\/div>\r\n  \t\t\t\t\t\t\t\r\n\t\t\t\t\t\t\t\r\n\t\t\t\t\t\t\t<\/div>\r\n            <\/div>\r\n            <hr>\r\n                      <div class=\"uk-margin-top\" id=\"pringa-studio\">\r\n              <div uk-grid>\r\n                \r\n                <div class=\"expo-media uk-width-1-2@m uk-width-2-5@l\" uk-lightbox=\"animation: scale\">\r\n                                    \r\n                                        <div class=\"uk-margin-top uk-grid-small\" uk-grid>\r\n                        <div class=\"uk-width-expand@m\">\r\n                          <a href=\"https:\/\/080barcelonafashion.cat\/wp-content\/uploads\/2026\/03\/foto-pringa-byn.jpg\">\r\n                            <div class=\"uk-cover-container square\">\r\n                              <img decoding=\"async\" src=\"https:\/\/080barcelonafashion.cat\/wp-content\/uploads\/2026\/03\/foto-pringa-byn.jpg\" uk-cover \/>\r\n                            <\/div>\r\n                          <\/a>\r\n                        <\/div>\r\n                                                                      <\/div>\r\n                                    <\/div>\r\n                \r\n                <div class=\"expo-texts uk-width-1-2@m uk-width-3-5@l\">\r\n                                    <h3 class=\"uk-margin-top\">Pringa Studio<\/h3>\r\n                                    <div class=\"details uk-text-small\">\r\n    \t\t\t\t\t\t\t\t<p>Pringa Studio es un proyecto de moda autoral que se mueve entre el dise\u00f1o experimental y la pieza-objeto. La marca explora el volumen, la materialidad y la construcci\u00f3n casi escult\u00f3rica de la prenda, con un enfoque cercano a otras disciplinas art\u00edsticas.<br \/>\nSu imaginario dialoga con la escena cultural y la experimentaci\u00f3n material, posicion\u00e1ndose dentro de una nueva generaci\u00f3n de propuestas conceptuales del panorama espa\u00f1ol.<\/p>\n    \t\t\t\t\t\t\t\t\r\n    \t\t\t\t\t\t\t\t                    <ul class=\"uk-list uk-margin-remove-left\">\r\n                                                                                      <\/ul>\r\n                        \t\t\t\t\t\t\t<\/div>\r\n    \t\t\t\t\t\t\t    \t\t\t\t\t\t\t<div>\r\n\t\t\t\t\t\t\t\t\t\t\t\t\t\t\t\t\t\t\t<div class=\"uk-flex brand_socials\" style=\"margin-top: 10px;\">\r\n\t\t\t\t\t\t\t\t\t\t  \t\t\t\t\t\t\t\t\t\t\t\t\t\t\t\t\t\t\t\t\t\t\t\t\t\t\t\t\t\t\t\t\t\t<a href=\"https:\/\/www.instagram.com\/pringastudio\" aria-label=\"instagram-link\"><span uk-icon=\"icon: instagram; ratio: 1.5\"><\/span><\/a>\r\n\t\t\t\t\t\t\t\t\t\t\t\t\t\t\t\t\t\t\t\t\t\t\t\t\t\t\t\t\t\t\t\t\t\t\t\t\t\t\t\t\t\t\t\t\t\t\t\t\t\t\t\t\t\t\t\t\t\t\t\t\t\t\t\t\t\t\t\t\t\t\t\t\t\t\t\t\t\t\t\t\t\t\t\t\t\t\t<\/div>\r\n\t\t\t\t\t\t\t\t\t\t\t\t\t\t\t\t\t<\/div>\r\n    \t\t\t\t\t\t\t\r\n  \t\t\t\t\t\t\t<\/div>\r\n  \t\t\t\t\t\t\t\r\n\t\t\t\t\t\t\t\r\n\t\t\t\t\t\t\t<\/div>\r\n            <\/div>\r\n            <hr>\r\n                      <div class=\"uk-margin-top\" id=\"salazar-studios\">\r\n              <div uk-grid>\r\n                \r\n                <div class=\"expo-media uk-width-1-2@m uk-width-2-5@l\" uk-lightbox=\"animation: scale\">\r\n                                    \r\n                                        <div class=\"uk-margin-top uk-grid-small\" uk-grid>\r\n                        <div class=\"uk-width-expand@m\">\r\n                          <a href=\"https:\/\/080barcelonafashion.cat\/wp-content\/uploads\/2026\/03\/Marta-Salazar-scaled.jpeg\">\r\n                            <div class=\"uk-cover-container square\">\r\n                              <img decoding=\"async\" src=\"https:\/\/080barcelonafashion.cat\/wp-content\/uploads\/2026\/03\/Marta-Salazar-scaled.jpeg\" uk-cover \/>\r\n                            <\/div>\r\n                          <\/a>\r\n                        <\/div>\r\n                                                                      <\/div>\r\n                                    <\/div>\r\n                \r\n                <div class=\"expo-texts uk-width-1-2@m uk-width-3-5@l\">\r\n                                    <h3 class=\"uk-margin-top\">Salazar Studios<\/h3>\r\n                                    <div class=\"details uk-text-small\">\r\n    \t\t\t\t\t\t\t\t<p>Salazar Studios es una marca de moda independiente fundada en Barcelona en 2023 por la dise\u00f1adora Marta Salazar. Basada en un proceso artesanal, cada prenda es dise\u00f1ada y confeccionada a mano, explorando el equilibrio entre estructura, fluidez y movimiento. A trav\u00e9s de sus colecciones, la marca propone una forma de vestir contempor\u00e1nea que combina elegancia, comodidad y car\u00e1cter. Salazar Studios entiende la moda como un proceso creativo continuo, donde el dise\u00f1o transforma lo cotidiano en una experiencia est\u00e9tica consciente.<\/p>\n    \t\t\t\t\t\t\t\t\r\n    \t\t\t\t\t\t\t\t                    <ul class=\"uk-list uk-margin-remove-left\">\r\n                                              <li>\r\n                          <p>\r\n                            <b>Marta Salazar<\/b>\r\n                                                    <\/p>\r\n                        <\/li>\r\n                                                                                      <\/ul>\r\n                        \t\t\t\t\t\t\t<\/div>\r\n    \t\t\t\t\t\t\t    \t\t\t\t\t\t\t<div>\r\n\t\t\t\t\t\t\t\t\t\t\t\t\t\t\t\t\t\t\t<div class=\"uk-flex brand_socials\" style=\"margin-top: 10px;\">\r\n\t\t\t\t\t\t\t\t\t\t  \t\t\t\t\t\t\t\t\t\t\t\t\t\t\t\t\t\t\t\t\t\t\t\t\t\t\t\t\t\t\t\t\t\t\t\t\t\t\t\t\t\t\t\t\t\t\t\t\t\t\t\t\t\t\t\t\t\t\t\t\t\t\t\t\t\t\t\t\t\t\t\t\t\t\t\t\t\t\t\t\t\t\t\t\t\t\t\t\t\t\t\t\t\t\t\t\t\t<\/div>\r\n\t\t\t\t\t\t\t\t\t\t\t\t\t\t\t\t\t<\/div>\r\n    \t\t\t\t\t\t\t\r\n  \t\t\t\t\t\t\t<\/div>\r\n  \t\t\t\t\t\t\t\r\n\t\t\t\t\t\t\t\r\n\t\t\t\t\t\t\t<\/div>\r\n            <\/div>\r\n            <hr>\r\n                      <div class=\"uk-margin-top\" id=\"tarti\">\r\n              <div uk-grid>\r\n                \r\n                <div class=\"expo-media uk-width-1-2@m uk-width-2-5@l\" uk-lightbox=\"animation: scale\">\r\n                                    \r\n                                        <div class=\"uk-margin-top uk-grid-small\" uk-grid>\r\n                        <div class=\"uk-width-expand@m\">\r\n                          <a href=\"https:\/\/080barcelonafashion.cat\/wp-content\/uploads\/2026\/03\/Elena-Salvador.jpg\">\r\n                            <div class=\"uk-cover-container square\">\r\n                              <img decoding=\"async\" src=\"https:\/\/080barcelonafashion.cat\/wp-content\/uploads\/2026\/03\/Elena-Salvador.jpg\" uk-cover \/>\r\n                            <\/div>\r\n                          <\/a>\r\n                        <\/div>\r\n                                                                      <\/div>\r\n                                    <\/div>\r\n                \r\n                <div class=\"expo-texts uk-width-1-2@m uk-width-3-5@l\">\r\n                                    <h3 class=\"uk-margin-top\">Tarti Tailored<\/h3>\r\n                                    <div class=\"details uk-text-small\">\r\n    \t\t\t\t\t\t\t\t<p>Tarti es un viaje al imaginario de tu ni\u00f1o interior. Nuestra misi\u00f3n es impulsar a nuestra comunidad a conectar con la creatividad con la que nacemos y despertar las ganas de jugar sin importar la edad. Hacer de la vida adulta, un lugar menos serio.<br \/>\nEste nuevo universo ha comenzado con anillos hechos a mano por Elena Salvador, desde Almer\u00eda. Cada pieza tiene un proceso de creaci\u00f3n que dura 4 d\u00edas de ejecuci\u00f3n pero que arranca mucho antes, en la imaginaci\u00f3n.<br \/>\nEs un proceso lento, sin prisa, hecho desde el cari\u00f1o y respetando la grandeza de la artesan\u00eda, por eso, cada pieza es \u00fanica y no hay dos iguales.<\/p>\n    \t\t\t\t\t\t\t\t\r\n    \t\t\t\t\t\t\t\t                    <ul class=\"uk-list uk-margin-remove-left\">\r\n                                              <li>\r\n                          <p>\r\n                            <b>Elena Salvador<\/b>\r\n                                                    <\/p>\r\n                        <\/li>\r\n                                                                                      <\/ul>\r\n                        \t\t\t\t\t\t\t<\/div>\r\n    \t\t\t\t\t\t\t    \t\t\t\t\t\t\t<div>\r\n\t\t\t\t\t\t\t\t\t\t\t\t\t\t\t\t\t\t\t<div class=\"uk-flex brand_socials\" style=\"margin-top: 10px;\">\r\n\t\t\t\t\t\t\t\t\t\t  \t\t\t\t\t\t\t\t\t\t\t\t\t\t\t\t\t\t\t\t\t\t\t\t\t\t\t\t\t\t\t\t\t\t<a href=\"https:\/\/www.instagram.com\/tarti.tailored\" aria-label=\"instagram-link\"><span uk-icon=\"icon: instagram; ratio: 1.5\"><\/span><\/a>\r\n\t\t\t\t\t\t\t\t\t\t\t\t\t\t\t\t\t\t\t\t\t\t\t\t\t\t\t\t\t\t\t\t\t\t\t\t\t\t\t\t\t\t\t\t\t\t\t\t\t\t\t\t\t\t\t\t\t\t\t\t\t\t\t\t\t\t\t\t\t\t\t\t\t\t\t\t\t\t\t\t\t\t\t\t\t\t\t<\/div>\r\n\t\t\t\t\t\t\t\t\t\t\t\t\t\t\t\t\t<\/div>\r\n    \t\t\t\t\t\t\t\r\n  \t\t\t\t\t\t\t<\/div>\r\n  \t\t\t\t\t\t\t\r\n\t\t\t\t\t\t\t\r\n\t\t\t\t\t\t\t<\/div>\r\n            <\/div>\r\n            <hr>\r\n                      <div class=\"uk-margin-top\" id=\"utahia\">\r\n              <div uk-grid>\r\n                \r\n                <div class=\"expo-media uk-width-1-2@m uk-width-2-5@l\" uk-lightbox=\"animation: scale\">\r\n                                    \r\n                                        <div class=\"uk-margin-top uk-grid-small\" uk-grid>\r\n                        <div class=\"uk-width-expand@m\">\r\n                          <a href=\"https:\/\/080barcelonafashion.cat\/wp-content\/uploads\/2026\/03\/utahia-buscando-el-latido-@dela.puente-264.jpg\">\r\n                            <div class=\"uk-cover-container square\">\r\n                              <img decoding=\"async\" src=\"https:\/\/080barcelonafashion.cat\/wp-content\/uploads\/2026\/03\/utahia-buscando-el-latido-@dela.puente-264.jpg\" uk-cover \/>\r\n                            <\/div>\r\n                          <\/a>\r\n                        <\/div>\r\n                                                                      <\/div>\r\n                                    <\/div>\r\n                \r\n                <div class=\"expo-texts uk-width-1-2@m uk-width-3-5@l\">\r\n                                    <h3 class=\"uk-margin-top\">Utahia<\/h3>\r\n                                    <div class=\"details uk-text-small\">\r\n    \t\t\t\t\t\t\t\t<p>Utahia es un universo que nace de las ganas de hacer moda con sentido y mucho color en un mundo cada vez m\u00e1s beige. Creemos que vestirse puede ser algo guay, una forma de expresar qui\u00e9n eres y de conectar con otros. Utahia es una se\u00f1a de identidad y un s\u00edmbolo de comunidad. Nuestra manera de crear parte del tejido: lo manipulamos, investigamos texturas y damos nueva vida a materiales existentes. Cada pieza surge de un proceso cuidado entre Espa\u00f1a y Portugal, con una mirada artesanal y contempor\u00e1nea.<\/p>\n    \t\t\t\t\t\t\t\t\r\n    \t\t\t\t\t\t\t\t                    <ul class=\"uk-list uk-margin-remove-left\">\r\n                                                                                      <\/ul>\r\n                        \t\t\t\t\t\t\t<\/div>\r\n    \t\t\t\t\t\t\t    \t\t\t\t\t\t\t<div>\r\n\t\t\t\t\t\t\t\t\t\t\t\t\t\t\t\t\t\t\t<div class=\"uk-flex brand_socials\" style=\"margin-top: 10px;\">\r\n\t\t\t\t\t\t\t\t\t\t  \t\t\t\t\t\t\t\t\t\t\t\t\t\t\t\t\t\t\t\t\t\t\t\t\t\t\t\t\t\t\t\t\t\t<a href=\"https:\/\/www.instagram.com\/utahia_\" aria-label=\"instagram-link\"><span uk-icon=\"icon: instagram; ratio: 1.5\"><\/span><\/a>\r\n\t\t\t\t\t\t\t\t\t\t\t\t\t\t\t\t\t\t\t\t\t\t\t\t\t\t\t\t\t\t\t\t\t\t\t\t\t\t\t\t\t\t\t\t\t\t\t\t\t\t\t\t\t\t\t\t\t\t\t\t\t\t\t\t\t\t\t\t\t\t\t\t\t\t\t\t\t\t\t\t\t\t\t\t\t\t\t<\/div>\r\n\t\t\t\t\t\t\t\t\t\t\t\t\t\t\t\t\t<\/div>\r\n    \t\t\t\t\t\t\t\r\n  \t\t\t\t\t\t\t<\/div>\r\n  \t\t\t\t\t\t\t\r\n\t\t\t\t\t\t\t\r\n\t\t\t\t\t\t\t<\/div>\r\n            <\/div>\r\n            <hr>\r\n          <\/div>  <\/div>\r\n<\/section><\/div>\n\n\n<div class=\"wp-block-buttons is-content-justification-center is-nowrap is-layout-flex wp-container-core-buttons-is-layout-1fb9aab6 wp-block-buttons-is-layout-flex\">\n<div class=\"wp-block-button has-custom-width wp-block-button__width-50\"><a class=\"wp-block-button__link has-black-background-color has-background wp-element-button\" href=\"https:\/\/docs.google.com\/forms\/d\/e\/1FAIpQLSf2tTsBW88v2R_KG5FYtQ2I9k62WTX46PBMaGDc9obE7re70g\/viewform\" style=\"border-radius:0px\">REGISTER&nbsp;TO ATTEND<\/a><\/div>\n<\/div>\n\n\n\n<style>\n.simple-page h1 {\n    line-height: 100% !important;\n}\n.wp-element-button {\n    color: #fff;\n}\n.wp-element-button:hover {\n    color: #fff;\n    background-color: #333;\n}\n<\/style>\n","protected":false},"excerpt":{"rendered":"<p><!-- wp:lazyblock\/button-scroll {\"scroll-buttons\":\"%5B%7B%22anchor%22:%22talks%22,%22title%22:%22Talks%22%7D,%7B%22anchor%22:%22workshops%22,%22title%22:%22Workshops%22%7D,%7B%22anchor%22:%22exhibitors%22,%22title%22:%22Exhibitors%22%7D%5D\",\"make-sti...\n<\/p>\n","protected":false},"author":1,"featured_media":0,"parent":0,"menu_order":0,"comment_status":"closed","ping_status":"closed","template":"","meta":{"_acf_changed":false,"today-dj-active":false,"todays-dj-list":"%5B%5D","lookbook-gallery":"","show-list":"%5B%5D","display-name":"","date":"","video-id":"","video-file":"","video-file-thumbnail":"","designer-images":"","images-editorial":"","images-athmosphere":"","images-front-row":"","images-photocall":"","designer-image":"","designer-name":"","collection-name":"","cs-coleccion":"","cs-biografia":"","es-coleccion":"","es-biografia":"","en-coleccion":"","en-biografia":"","localizacion":"","time":"","contact-data":"","zip-file":"","posted-date":"","twitter":"","facebook":"","twitch":"","youtube":"","instagram":"","linkedin":"","tiktok":"","website":"","agenda-event":"%5B%5D","agenda-bg":"","pdf_version_of_the_agenda":"","mo-backstage":"","mo-beauty":"","mo-athmosphere":"","mo-streetstyle":"","footnotes":""},"class_list":["post-33000","page","type-page","status-publish","hentry"],"acf":[],"_links":{"self":[{"href":"https:\/\/080barcelonafashion.cat\/en_US\/wp-json\/wp\/v2\/pages\/33000","targetHints":{"allow":["GET"]}}],"collection":[{"href":"https:\/\/080barcelonafashion.cat\/en_US\/wp-json\/wp\/v2\/pages"}],"about":[{"href":"https:\/\/080barcelonafashion.cat\/en_US\/wp-json\/wp\/v2\/types\/page"}],"author":[{"embeddable":true,"href":"https:\/\/080barcelonafashion.cat\/en_US\/wp-json\/wp\/v2\/users\/1"}],"replies":[{"embeddable":true,"href":"https:\/\/080barcelonafashion.cat\/en_US\/wp-json\/wp\/v2\/comments?post=33000"}],"version-history":[{"count":20,"href":"https:\/\/080barcelonafashion.cat\/en_US\/wp-json\/wp\/v2\/pages\/33000\/revisions"}],"predecessor-version":[{"id":33290,"href":"https:\/\/080barcelonafashion.cat\/en_US\/wp-json\/wp\/v2\/pages\/33000\/revisions\/33290"}],"wp:attachment":[{"href":"https:\/\/080barcelonafashion.cat\/en_US\/wp-json\/wp\/v2\/media?parent=33000"}],"curies":[{"name":"wp","href":"https:\/\/api.w.org\/{rel}","templated":true}]}}