{"id":384,"date":"2023-05-02T09:38:02","date_gmt":"2023-05-02T09:38:02","guid":{"rendered":"https:\/\/080barcelonafashion.cat?post_type=designer&#038;p=384"},"modified":"2023-08-21T06:26:26","modified_gmt":"2023-08-21T06:26:26","slug":"nathalie-chandler-2","status":"publish","type":"designer","link":"https:\/\/080barcelonafashion.cat\/en_US\/designer\/nathalie-chandler-2\/","title":{"rendered":"NATHALIE CHANDLER"},"excerpt":{"rendered":"","protected":false},"featured_media":0,"menu_order":0,"template":"","format":"standard","meta":{"_acf_changed":false,"today-dj-active":false,"todays-dj-list":"%5B%5D","lookbook-gallery":"","show-list":"%5B%5D","display-name":"","date":"","video-id":"roJRSeJ_9Gs","video-file":"","video-file-thumbnail":"","designer-images":"%5B%7B%22alt%22:%22%22,%22title%22:%22Chandler-110016%22,%22caption%22:%22%22,%22description%22:%7B%22raw%22:%22%22,%22rendered%22:%22%3Cp%20class=%5C%22attachment%5C%22%3E%3Ca%20href='https:\/\/080barcelonafashion.catwp-content\/uploads\/2023\/05\/Chandler-110016.jpg'%3E%3Cimg%20width=%5C%22200%5C%22%20height=%5C%22300%5C%22%20src=%5C%22https:\/\/080barcelonafashion.catwp-content\/uploads\/2023\/05\/Chandler-110016-200x300.jpg%5C%22%20class=%5C%22attachment-medium%20size-medium%5C%22%20alt=%5C%22%5C%22%20decoding=%5C%22async%5C%22%20loading=%5C%22lazy%5C%22%20srcset=%5C%22https:\/\/080barcelonafashion.catwp-content\/uploads\/2023\/05\/Chandler-110016-200x300.jpg%20200w,%20https:\/\/080barcelonafashion.catwp-content\/uploads\/2023\/05\/Chandler-110016-683x1024.jpg%20683w,%20https:\/\/080barcelonafashion.catwp-content\/uploads\/2023\/05\/Chandler-110016-768x1151.jpg%20768w,%20https:\/\/080barcelonafashion.catwp-content\/uploads\/2023\/05\/Chandler-110016.jpg%20934w%5C%22%20sizes=%5C%22(max-width:%20200px)%20100vw,%20200px%5C%22%20\/%3E%3C\/a%3E%3C\/p%3E%5Cn%22%7D,%22id%22:1545,%22link%22:%22https:\/\/080barcelonafashion.catdesigner\/nathalie-chandler-2\/chandler-110016\/%22,%22url%22:%22https:\/\/080barcelonafashion.catwp-content\/uploads\/2023\/05\/Chandler-110016.jpg%22,%22sizes%22:%22%22%7D,%7B%22alt%22:%22%22,%22title%22:%22Chandler-110021%22,%22caption%22:%22%22,%22description%22:%7B%22raw%22:%22%22,%22rendered%22:%22%3Cp%20class=%5C%22attachment%5C%22%3E%3Ca%20href='https:\/\/080barcelonafashion.catwp-content\/uploads\/2023\/05\/Chandler-110021.jpg'%3E%3Cimg%20width=%5C%22200%5C%22%20height=%5C%22300%5C%22%20src=%5C%22https:\/\/080barcelonafashion.catwp-content\/uploads\/2023\/05\/Chandler-110021-200x300.jpg%5C%22%20class=%5C%22attachment-medium%20size-medium%5C%22%20alt=%5C%22%5C%22%20decoding=%5C%22async%5C%22%20loading=%5C%22lazy%5C%22%20srcset=%5C%22https:\/\/080barcelonafashion.catwp-content\/uploads\/2023\/05\/Chandler-110021-200x300.jpg%20200w,%20https:\/\/080barcelonafashion.catwp-content\/uploads\/2023\/05\/Chandler-110021-683x1024.jpg%20683w,%20https:\/\/080barcelonafashion.catwp-content\/uploads\/2023\/05\/Chandler-110021-768x1151.jpg%20768w,%20https:\/\/080barcelonafashion.catwp-content\/uploads\/2023\/05\/Chandler-110021.jpg%20934w%5C%22%20sizes=%5C%22(max-width:%20200px)%20100vw,%20200px%5C%22%20\/%3E%3C\/a%3E%3C\/p%3E%5Cn%22%7D,%22id%22:1546,%22link%22:%22https:\/\/080barcelonafashion.catdesigner\/nathalie-chandler-2\/chandler-110021\/%22,%22url%22:%22https:\/\/080barcelonafashion.catwp-content\/uploads\/2023\/05\/Chandler-110021.jpg%22,%22sizes%22:%22%22%7D,%7B%22alt%22:%22%22,%22title%22:%22Chandler-110028%22,%22caption%22:%22%22,%22description%22:%7B%22raw%22:%22%22,%22rendered%22:%22%3Cp%20class=%5C%22attachment%5C%22%3E%3Ca%20href='https:\/\/080barcelonafashion.catwp-content\/uploads\/2023\/05\/Chandler-110028.jpg'%3E%3Cimg%20width=%5C%22200%5C%22%20height=%5C%22300%5C%22%20src=%5C%22https:\/\/080barcelonafashion.catwp-content\/uploads\/2023\/05\/Chandler-110028-200x300.jpg%5C%22%20class=%5C%22attachment-medium%20size-medium%5C%22%20alt=%5C%22%5C%22%20decoding=%5C%22async%5C%22%20loading=%5C%22lazy%5C%22%20srcset=%5C%22https:\/\/080barcelonafashion.catwp-content\/uploads\/2023\/05\/Chandler-110028-200x300.jpg%20200w,%20https:\/\/080barcelonafashion.catwp-content\/uploads\/2023\/05\/Chandler-110028-683x1024.jpg%20683w,%20https:\/\/080barcelonafashion.catwp-content\/uploads\/2023\/05\/Chandler-110028-768x1151.jpg%20768w,%20https:\/\/080barcelonafashion.catwp-content\/uploads\/2023\/05\/Chandler-110028.jpg%20934w%5C%22%20sizes=%5C%22(max-width:%20200px)%20100vw,%20200px%5C%22%20\/%3E%3C\/a%3E%3C\/p%3E%5Cn%22%7D,%22id%22:1547,%22link%22:%22https:\/\/080barcelonafashion.catdesigner\/nathalie-chandler-2\/chandler-110028\/%22,%22url%22:%22https:\/\/080barcelonafashion.catwp-content\/uploads\/2023\/05\/Chandler-110028.jpg%22,%22sizes%22:%22%22%7D,%7B%22alt%22:%22%22,%22title%22:%22Chandler-110045%22,%22caption%22:%22%22,%22description%22:%7B%22raw%22:%22%22,%22rendered%22:%22%3Cp%20class=%5C%22attachment%5C%22%3E%3Ca%20href='https:\/\/080barcelonafashion.catwp-content\/uploads\/2023\/05\/Chandler-110045.jpg'%3E%3Cimg%20width=%5C%22200%5C%22%20height=%5C%22300%5C%22%20src=%5C%22https:\/\/080barcelonafashion.catwp-content\/uploads\/2023\/05\/Chandler-110045-200x300.jpg%5C%22%20class=%5C%22attachment-medium%20size-medium%5C%22%20alt=%5C%22%5C%22%20decoding=%5C%22async%5C%22%20loading=%5C%22lazy%5C%22%20srcset=%5C%22https:\/\/080barcelonafashion.catwp-content\/uploads\/2023\/05\/Chandler-110045-200x300.jpg%20200w,%20https:\/\/080barcelonafashion.catwp-content\/uploads\/2023\/05\/Chandler-110045-683x1024.jpg%20683w,%20https:\/\/080barcelonafashion.catwp-content\/uploads\/2023\/05\/Chandler-110045-768x1151.jpg%20768w,%20https:\/\/080barcelonafashion.catwp-content\/uploads\/2023\/05\/Chandler-110045.jpg%20934w%5C%22%20sizes=%5C%22(max-width:%20200px)%20100vw,%20200px%5C%22%20\/%3E%3C\/a%3E%3C\/p%3E%5Cn%22%7D,%22id%22:1548,%22link%22:%22https:\/\/080barcelonafashion.catdesigner\/nathalie-chandler-2\/chandler-110045\/%22,%22url%22:%22https:\/\/080barcelonafashion.catwp-content\/uploads\/2023\/05\/Chandler-110045.jpg%22,%22sizes%22:%22%22%7D,%7B%22alt%22:%22%22,%22title%22:%22Chandler-110055%22,%22caption%22:%22%22,%22description%22:%7B%22raw%22:%22%22,%22rendered%22:%22%3Cp%20class=%5C%22attachment%5C%22%3E%3Ca%20href='https:\/\/080barcelonafashion.catwp-content\/uploads\/2023\/05\/Chandler-110055.jpg'%3E%3Cimg%20width=%5C%22200%5C%22%20height=%5C%22300%5C%22%20src=%5C%22https:\/\/080barcelonafashion.catwp-content\/uploads\/2023\/05\/Chandler-110055-200x300.jpg%5C%22%20class=%5C%22attachment-medium%20size-medium%5C%22%20alt=%5C%22%5C%22%20decoding=%5C%22async%5C%22%20loading=%5C%22lazy%5C%22%20srcset=%5C%22https:\/\/080barcelonafashion.catwp-content\/uploads\/2023\/05\/Chandler-110055-200x300.jpg%20200w,%20https:\/\/080barcelonafashion.catwp-content\/uploads\/2023\/05\/Chandler-110055-683x1024.jpg%20683w,%20https:\/\/080barcelonafashion.catwp-content\/uploads\/2023\/05\/Chandler-110055-768x1151.jpg%20768w,%20https:\/\/080barcelonafashion.catwp-content\/uploads\/2023\/05\/Chandler-110055.jpg%20934w%5C%22%20sizes=%5C%22(max-width:%20200px)%20100vw,%20200px%5C%22%20\/%3E%3C\/a%3E%3C\/p%3E%5Cn%22%7D,%22id%22:1549,%22link%22:%22https:\/\/080barcelonafashion.catdesigner\/nathalie-chandler-2\/chandler-110055\/%22,%22url%22:%22https:\/\/080barcelonafashion.catwp-content\/uploads\/2023\/05\/Chandler-110055.jpg%22,%22sizes%22:%22%22%7D,%7B%22alt%22:%22%22,%22title%22:%22Chandler-110080%22,%22caption%22:%22%22,%22description%22:%7B%22raw%22:%22%22,%22rendered%22:%22%3Cp%20class=%5C%22attachment%5C%22%3E%3Ca%20href='https:\/\/080barcelonafashion.catwp-content\/uploads\/2023\/05\/Chandler-110080.jpg'%3E%3Cimg%20width=%5C%22200%5C%22%20height=%5C%22300%5C%22%20src=%5C%22https:\/\/080barcelonafashion.catwp-content\/uploads\/2023\/05\/Chandler-110080-200x300.jpg%5C%22%20class=%5C%22attachment-medium%20size-medium%5C%22%20alt=%5C%22%5C%22%20decoding=%5C%22async%5C%22%20loading=%5C%22lazy%5C%22%20srcset=%5C%22https:\/\/080barcelonafashion.catwp-content\/uploads\/2023\/05\/Chandler-110080-200x300.jpg%20200w,%20https:\/\/080barcelonafashion.catwp-content\/uploads\/2023\/05\/Chandler-110080-683x1024.jpg%20683w,%20https:\/\/080barcelonafashion.catwp-content\/uploads\/2023\/05\/Chandler-110080-768x1151.jpg%20768w,%20https:\/\/080barcelonafashion.catwp-content\/uploads\/2023\/05\/Chandler-110080.jpg%20934w%5C%22%20sizes=%5C%22(max-width:%20200px)%20100vw,%20200px%5C%22%20\/%3E%3C\/a%3E%3C\/p%3E%5Cn%22%7D,%22id%22:1550,%22link%22:%22https:\/\/080barcelonafashion.catdesigner\/nathalie-chandler-2\/chandler-110080\/%22,%22url%22:%22https:\/\/080barcelonafashion.catwp-content\/uploads\/2023\/05\/Chandler-110080.jpg%22,%22sizes%22:%22%22%7D,%7B%22alt%22:%22%22,%22title%22:%22Chandler-110091%22,%22caption%22:%22%22,%22description%22:%7B%22raw%22:%22%22,%22rendered%22:%22%3Cp%20class=%5C%22attachment%5C%22%3E%3Ca%20href='https:\/\/080barcelonafashion.catwp-content\/uploads\/2023\/05\/Chandler-110091.jpg'%3E%3Cimg%20width=%5C%22200%5C%22%20height=%5C%22300%5C%22%20src=%5C%22https:\/\/080barcelonafashion.catwp-content\/uploads\/2023\/05\/Chandler-110091-200x300.jpg%5C%22%20class=%5C%22attachment-medium%20size-medium%5C%22%20alt=%5C%22%5C%22%20decoding=%5C%22async%5C%22%20loading=%5C%22lazy%5C%22%20srcset=%5C%22https:\/\/080barcelonafashion.catwp-content\/uploads\/2023\/05\/Chandler-110091-200x300.jpg%20200w,%20https:\/\/080barcelonafashion.catwp-content\/uploads\/2023\/05\/Chandler-110091-683x1024.jpg%20683w,%20https:\/\/080barcelonafashion.catwp-content\/uploads\/2023\/05\/Chandler-110091-768x1151.jpg%20768w,%20https:\/\/080barcelonafashion.catwp-content\/uploads\/2023\/05\/Chandler-110091.jpg%20934w%5C%22%20sizes=%5C%22(max-width:%20200px)%20100vw,%20200px%5C%22%20\/%3E%3C\/a%3E%3C\/p%3E%5Cn%22%7D,%22id%22:1551,%22link%22:%22https:\/\/080barcelonafashion.catdesigner\/nathalie-chandler-2\/chandler-110091\/%22,%22url%22:%22https:\/\/080barcelonafashion.catwp-content\/uploads\/2023\/05\/Chandler-110091.jpg%22,%22sizes%22:%22%22%7D,%7B%22alt%22:%22%22,%22title%22:%22Chandler-110114%22,%22caption%22:%22%22,%22description%22:%7B%22raw%22:%22%22,%22rendered%22:%22%3Cp%20class=%5C%22attachment%5C%22%3E%3Ca%20href='https:\/\/080barcelonafashion.catwp-content\/uploads\/2023\/05\/Chandler-110114.jpg'%3E%3Cimg%20width=%5C%22200%5C%22%20height=%5C%22300%5C%22%20src=%5C%22https:\/\/080barcelonafashion.catwp-content\/uploads\/2023\/05\/Chandler-110114-200x300.jpg%5C%22%20class=%5C%22attachment-medium%20size-medium%5C%22%20alt=%5C%22%5C%22%20decoding=%5C%22async%5C%22%20loading=%5C%22lazy%5C%22%20srcset=%5C%22https:\/\/080barcelonafashion.catwp-content\/uploads\/2023\/05\/Chandler-110114-200x300.jpg%20200w,%20https:\/\/080barcelonafashion.catwp-content\/uploads\/2023\/05\/Chandler-110114-683x1024.jpg%20683w,%20https:\/\/080barcelonafashion.catwp-content\/uploads\/2023\/05\/Chandler-110114-768x1151.jpg%20768w,%20https:\/\/080barcelonafashion.catwp-content\/uploads\/2023\/05\/Chandler-110114.jpg%20934w%5C%22%20sizes=%5C%22(max-width:%20200px)%20100vw,%20200px%5C%22%20\/%3E%3C\/a%3E%3C\/p%3E%5Cn%22%7D,%22id%22:1552,%22link%22:%22https:\/\/080barcelonafashion.catdesigner\/nathalie-chandler-2\/chandler-110114\/%22,%22url%22:%22https:\/\/080barcelonafashion.catwp-content\/uploads\/2023\/05\/Chandler-110114.jpg%22,%22sizes%22:%22%22%7D,%7B%22alt%22:%22%22,%22title%22:%22Chandler-110121%22,%22caption%22:%22%22,%22description%22:%7B%22raw%22:%22%22,%22rendered%22:%22%3Cp%20class=%5C%22attachment%5C%22%3E%3Ca%20href='https:\/\/080barcelonafashion.catwp-content\/uploads\/2023\/05\/Chandler-110121.jpg'%3E%3Cimg%20width=%5C%22200%5C%22%20height=%5C%22300%5C%22%20src=%5C%22https:\/\/080barcelonafashion.catwp-content\/uploads\/2023\/05\/Chandler-110121-200x300.jpg%5C%22%20class=%5C%22attachment-medium%20size-medium%5C%22%20alt=%5C%22%5C%22%20decoding=%5C%22async%5C%22%20loading=%5C%22lazy%5C%22%20srcset=%5C%22https:\/\/080barcelonafashion.catwp-content\/uploads\/2023\/05\/Chandler-110121-200x300.jpg%20200w,%20https:\/\/080barcelonafashion.catwp-content\/uploads\/2023\/05\/Chandler-110121-683x1024.jpg%20683w,%20https:\/\/080barcelonafashion.catwp-content\/uploads\/2023\/05\/Chandler-110121-768x1151.jpg%20768w,%20https:\/\/080barcelonafashion.catwp-content\/uploads\/2023\/05\/Chandler-110121.jpg%20934w%5C%22%20sizes=%5C%22(max-width:%20200px)%20100vw,%20200px%5C%22%20\/%3E%3C\/a%3E%3C\/p%3E%5Cn%22%7D,%22id%22:1553,%22link%22:%22https:\/\/080barcelonafashion.catdesigner\/nathalie-chandler-2\/chandler-110121\/%22,%22url%22:%22https:\/\/080barcelonafashion.catwp-content\/uploads\/2023\/05\/Chandler-110121.jpg%22,%22sizes%22:%22%22%7D,%7B%22alt%22:%22%22,%22title%22:%22Chandler-110127%22,%22caption%22:%22%22,%22description%22:%7B%22raw%22:%22%22,%22rendered%22:%22%3Cp%20class=%5C%22attachment%5C%22%3E%3Ca%20href='https:\/\/080barcelonafashion.catwp-content\/uploads\/2023\/05\/Chandler-110127.jpg'%3E%3Cimg%20width=%5C%22200%5C%22%20height=%5C%22300%5C%22%20src=%5C%22https:\/\/080barcelonafashion.catwp-content\/uploads\/2023\/05\/Chandler-110127-200x300.jpg%5C%22%20class=%5C%22attachment-medium%20size-medium%5C%22%20alt=%5C%22%5C%22%20decoding=%5C%22async%5C%22%20loading=%5C%22lazy%5C%22%20srcset=%5C%22https:\/\/080barcelonafashion.catwp-content\/uploads\/2023\/05\/Chandler-110127-200x300.jpg%20200w,%20https:\/\/080barcelonafashion.catwp-content\/uploads\/2023\/05\/Chandler-110127-683x1024.jpg%20683w,%20https:\/\/080barcelonafashion.catwp-content\/uploads\/2023\/05\/Chandler-110127-768x1151.jpg%20768w,%20https:\/\/080barcelonafashion.catwp-content\/uploads\/2023\/05\/Chandler-110127.jpg%20934w%5C%22%20sizes=%5C%22(max-width:%20200px)%20100vw,%20200px%5C%22%20\/%3E%3C\/a%3E%3C\/p%3E%5Cn%22%7D,%22id%22:1554,%22link%22:%22https:\/\/080barcelonafashion.catdesigner\/nathalie-chandler-2\/chandler-110127\/%22,%22url%22:%22https:\/\/080barcelonafashion.catwp-content\/uploads\/2023\/05\/Chandler-110127.jpg%22,%22sizes%22:%22%22%7D,%7B%22alt%22:%22%22,%22title%22:%22Chandler-110145%22,%22caption%22:%22%22,%22description%22:%7B%22raw%22:%22%22,%22rendered%22:%22%3Cp%20class=%5C%22attachment%5C%22%3E%3Ca%20href='https:\/\/080barcelonafashion.catwp-content\/uploads\/2023\/05\/Chandler-110145.jpg'%3E%3Cimg%20width=%5C%22200%5C%22%20height=%5C%22300%5C%22%20src=%5C%22https:\/\/080barcelonafashion.catwp-content\/uploads\/2023\/05\/Chandler-110145-200x300.jpg%5C%22%20class=%5C%22attachment-medium%20size-medium%5C%22%20alt=%5C%22%5C%22%20decoding=%5C%22async%5C%22%20loading=%5C%22lazy%5C%22%20srcset=%5C%22https:\/\/080barcelonafashion.catwp-content\/uploads\/2023\/05\/Chandler-110145-200x300.jpg%20200w,%20https:\/\/080barcelonafashion.catwp-content\/uploads\/2023\/05\/Chandler-110145-683x1024.jpg%20683w,%20https:\/\/080barcelonafashion.catwp-content\/uploads\/2023\/05\/Chandler-110145-768x1151.jpg%20768w,%20https:\/\/080barcelonafashion.catwp-content\/uploads\/2023\/05\/Chandler-110145.jpg%20934w%5C%22%20sizes=%5C%22(max-width:%20200px)%20100vw,%20200px%5C%22%20\/%3E%3C\/a%3E%3C\/p%3E%5Cn%22%7D,%22id%22:1556,%22link%22:%22https:\/\/080barcelonafashion.catdesigner\/nathalie-chandler-2\/chandler-110145\/%22,%22url%22:%22https:\/\/080barcelonafashion.catwp-content\/uploads\/2023\/05\/Chandler-110145.jpg%22,%22sizes%22:%22%22%7D,%7B%22alt%22:%22%22,%22title%22:%22Chandler-110156%22,%22caption%22:%22%22,%22description%22:%7B%22raw%22:%22%22,%22rendered%22:%22%3Cp%20class=%5C%22attachment%5C%22%3E%3Ca%20href='https:\/\/080barcelonafashion.catwp-content\/uploads\/2023\/05\/Chandler-110156.jpg'%3E%3Cimg%20width=%5C%22200%5C%22%20height=%5C%22300%5C%22%20src=%5C%22https:\/\/080barcelonafashion.catwp-content\/uploads\/2023\/05\/Chandler-110156-200x300.jpg%5C%22%20class=%5C%22attachment-medium%20size-medium%5C%22%20alt=%5C%22%5C%22%20decoding=%5C%22async%5C%22%20loading=%5C%22lazy%5C%22%20srcset=%5C%22https:\/\/080barcelonafashion.catwp-content\/uploads\/2023\/05\/Chandler-110156-200x300.jpg%20200w,%20https:\/\/080barcelonafashion.catwp-content\/uploads\/2023\/05\/Chandler-110156-683x1024.jpg%20683w,%20https:\/\/080barcelonafashion.catwp-content\/uploads\/2023\/05\/Chandler-110156-768x1151.jpg%20768w,%20https:\/\/080barcelonafashion.catwp-content\/uploads\/2023\/05\/Chandler-110156.jpg%20934w%5C%22%20sizes=%5C%22(max-width:%20200px)%20100vw,%20200px%5C%22%20\/%3E%3C\/a%3E%3C\/p%3E%5Cn%22%7D,%22id%22:1557,%22link%22:%22https:\/\/080barcelonafashion.catdesigner\/nathalie-chandler-2\/chandler-110156\/%22,%22url%22:%22https:\/\/080barcelonafashion.catwp-content\/uploads\/2023\/05\/Chandler-110156.jpg%22,%22sizes%22:%22%22%7D,%7B%22alt%22:%22%22,%22title%22:%22Chandler-110193%22,%22caption%22:%22%22,%22description%22:%7B%22raw%22:%22%22,%22rendered%22:%22%3Cp%20class=%5C%22attachment%5C%22%3E%3Ca%20href='https:\/\/080barcelonafashion.catwp-content\/uploads\/2023\/05\/Chandler-110193.jpg'%3E%3Cimg%20width=%5C%22200%5C%22%20height=%5C%22300%5C%22%20src=%5C%22https:\/\/080barcelonafashion.catwp-content\/uploads\/2023\/05\/Chandler-110193-200x300.jpg%5C%22%20class=%5C%22attachment-medium%20size-medium%5C%22%20alt=%5C%22%5C%22%20decoding=%5C%22async%5C%22%20loading=%5C%22lazy%5C%22%20srcset=%5C%22https:\/\/080barcelonafashion.catwp-content\/uploads\/2023\/05\/Chandler-110193-200x300.jpg%20200w,%20https:\/\/080barcelonafashion.catwp-content\/uploads\/2023\/05\/Chandler-110193-683x1024.jpg%20683w,%20https:\/\/080barcelonafashion.catwp-content\/uploads\/2023\/05\/Chandler-110193-768x1151.jpg%20768w,%20https:\/\/080barcelonafashion.catwp-content\/uploads\/2023\/05\/Chandler-110193.jpg%20934w%5C%22%20sizes=%5C%22(max-width:%20200px)%20100vw,%20200px%5C%22%20\/%3E%3C\/a%3E%3C\/p%3E%5Cn%22%7D,%22id%22:1558,%22link%22:%22https:\/\/080barcelonafashion.catdesigner\/nathalie-chandler-2\/chandler-110193\/%22,%22url%22:%22https:\/\/080barcelonafashion.catwp-content\/uploads\/2023\/05\/Chandler-110193.jpg%22,%22sizes%22:%22%22%7D,%7B%22alt%22:%22%22,%22title%22:%22Chandler-110198%22,%22caption%22:%22%22,%22description%22:%7B%22raw%22:%22%22,%22rendered%22:%22%3Cp%20class=%5C%22attachment%5C%22%3E%3Ca%20href='https:\/\/080barcelonafashion.catwp-content\/uploads\/2023\/05\/Chandler-110198.jpg'%3E%3Cimg%20width=%5C%22200%5C%22%20height=%5C%22300%5C%22%20src=%5C%22https:\/\/080barcelonafashion.catwp-content\/uploads\/2023\/05\/Chandler-110198-200x300.jpg%5C%22%20class=%5C%22attachment-medium%20size-medium%5C%22%20alt=%5C%22%5C%22%20decoding=%5C%22async%5C%22%20loading=%5C%22lazy%5C%22%20srcset=%5C%22https:\/\/080barcelonafashion.catwp-content\/uploads\/2023\/05\/Chandler-110198-200x300.jpg%20200w,%20https:\/\/080barcelonafashion.catwp-content\/uploads\/2023\/05\/Chandler-110198-683x1024.jpg%20683w,%20https:\/\/080barcelonafashion.catwp-content\/uploads\/2023\/05\/Chandler-110198-768x1151.jpg%20768w,%20https:\/\/080barcelonafashion.catwp-content\/uploads\/2023\/05\/Chandler-110198.jpg%20934w%5C%22%20sizes=%5C%22(max-width:%20200px)%20100vw,%20200px%5C%22%20\/%3E%3C\/a%3E%3C\/p%3E%5Cn%22%7D,%22id%22:1559,%22link%22:%22https:\/\/080barcelonafashion.catdesigner\/nathalie-chandler-2\/chandler-110198\/%22,%22url%22:%22https:\/\/080barcelonafashion.catwp-content\/uploads\/2023\/05\/Chandler-110198.jpg%22,%22sizes%22:%22%22%7D,%7B%22alt%22:%22%22,%22title%22:%22Chandler-110204%22,%22caption%22:%22%22,%22description%22:%7B%22raw%22:%22%22,%22rendered%22:%22%3Cp%20class=%5C%22attachment%5C%22%3E%3Ca%20href='https:\/\/080barcelonafashion.catwp-content\/uploads\/2023\/05\/Chandler-110204.jpg'%3E%3Cimg%20width=%5C%22200%5C%22%20height=%5C%22300%5C%22%20src=%5C%22https:\/\/080barcelonafashion.catwp-content\/uploads\/2023\/05\/Chandler-110204-200x300.jpg%5C%22%20class=%5C%22attachment-medium%20size-medium%5C%22%20alt=%5C%22%5C%22%20decoding=%5C%22async%5C%22%20loading=%5C%22lazy%5C%22%20srcset=%5C%22https:\/\/080barcelonafashion.catwp-content\/uploads\/2023\/05\/Chandler-110204-200x300.jpg%20200w,%20https:\/\/080barcelonafashion.catwp-content\/uploads\/2023\/05\/Chandler-110204-683x1024.jpg%20683w,%20https:\/\/080barcelonafashion.catwp-content\/uploads\/2023\/05\/Chandler-110204-768x1151.jpg%20768w,%20https:\/\/080barcelonafashion.catwp-content\/uploads\/2023\/05\/Chandler-110204.jpg%20934w%5C%22%20sizes=%5C%22(max-width:%20200px)%20100vw,%20200px%5C%22%20\/%3E%3C\/a%3E%3C\/p%3E%5Cn%22%7D,%22id%22:1560,%22link%22:%22https:\/\/080barcelonafashion.catdesigner\/nathalie-chandler-2\/chandler-110204\/%22,%22url%22:%22https:\/\/080barcelonafashion.catwp-content\/uploads\/2023\/05\/Chandler-110204.jpg%22,%22sizes%22:%22%22%7D,%7B%22alt%22:%22%22,%22title%22:%22Chandler-110220%22,%22caption%22:%22%22,%22description%22:%7B%22raw%22:%22%22,%22rendered%22:%22%3Cp%20class=%5C%22attachment%5C%22%3E%3Ca%20href='https:\/\/080barcelonafashion.catwp-content\/uploads\/2023\/05\/Chandler-110220.jpg'%3E%3Cimg%20width=%5C%22200%5C%22%20height=%5C%22300%5C%22%20src=%5C%22https:\/\/080barcelonafashion.catwp-content\/uploads\/2023\/05\/Chandler-110220-200x300.jpg%5C%22%20class=%5C%22attachment-medium%20size-medium%5C%22%20alt=%5C%22%5C%22%20decoding=%5C%22async%5C%22%20loading=%5C%22lazy%5C%22%20srcset=%5C%22https:\/\/080barcelonafashion.catwp-content\/uploads\/2023\/05\/Chandler-110220-200x300.jpg%20200w,%20https:\/\/080barcelonafashion.catwp-content\/uploads\/2023\/05\/Chandler-110220-683x1024.jpg%20683w,%20https:\/\/080barcelonafashion.catwp-content\/uploads\/2023\/05\/Chandler-110220-768x1151.jpg%20768w,%20https:\/\/080barcelonafashion.catwp-content\/uploads\/2023\/05\/Chandler-110220.jpg%20934w%5C%22%20sizes=%5C%22(max-width:%20200px)%20100vw,%20200px%5C%22%20\/%3E%3C\/a%3E%3C\/p%3E%5Cn%22%7D,%22id%22:1561,%22link%22:%22https:\/\/080barcelonafashion.catdesigner\/nathalie-chandler-2\/chandler-110220\/%22,%22url%22:%22https:\/\/080barcelonafashion.catwp-content\/uploads\/2023\/05\/Chandler-110220.jpg%22,%22sizes%22:%22%22%7D,%7B%22alt%22:%22%22,%22title%22:%22Chandler-110229%22,%22caption%22:%22%22,%22description%22:%7B%22raw%22:%22%22,%22rendered%22:%22%3Cp%20class=%5C%22attachment%5C%22%3E%3Ca%20href='https:\/\/080barcelonafashion.catwp-content\/uploads\/2023\/05\/Chandler-110229.jpg'%3E%3Cimg%20width=%5C%22200%5C%22%20height=%5C%22300%5C%22%20src=%5C%22https:\/\/080barcelonafashion.catwp-content\/uploads\/2023\/05\/Chandler-110229-200x300.jpg%5C%22%20class=%5C%22attachment-medium%20size-medium%5C%22%20alt=%5C%22%5C%22%20decoding=%5C%22async%5C%22%20loading=%5C%22lazy%5C%22%20srcset=%5C%22https:\/\/080barcelonafashion.catwp-content\/uploads\/2023\/05\/Chandler-110229-200x300.jpg%20200w,%20https:\/\/080barcelonafashion.catwp-content\/uploads\/2023\/05\/Chandler-110229-683x1024.jpg%20683w,%20https:\/\/080barcelonafashion.catwp-content\/uploads\/2023\/05\/Chandler-110229-768x1151.jpg%20768w,%20https:\/\/080barcelonafashion.catwp-content\/uploads\/2023\/05\/Chandler-110229.jpg%20934w%5C%22%20sizes=%5C%22(max-width:%20200px)%20100vw,%20200px%5C%22%20\/%3E%3C\/a%3E%3C\/p%3E%5Cn%22%7D,%22id%22:1562,%22link%22:%22https:\/\/080barcelonafashion.catdesigner\/nathalie-chandler-2\/chandler-110229\/%22,%22url%22:%22https:\/\/080barcelonafashion.catwp-content\/uploads\/2023\/05\/Chandler-110229.jpg%22,%22sizes%22:%22%22%7D,%7B%22alt%22:%22%22,%22title%22:%22Chandler-110253%22,%22caption%22:%22%22,%22description%22:%7B%22raw%22:%22%22,%22rendered%22:%22%3Cp%20class=%5C%22attachment%5C%22%3E%3Ca%20href='https:\/\/080barcelonafashion.catwp-content\/uploads\/2023\/05\/Chandler-110253.jpg'%3E%3Cimg%20width=%5C%22200%5C%22%20height=%5C%22300%5C%22%20src=%5C%22https:\/\/080barcelonafashion.catwp-content\/uploads\/2023\/05\/Chandler-110253-200x300.jpg%5C%22%20class=%5C%22attachment-medium%20size-medium%5C%22%20alt=%5C%22%5C%22%20decoding=%5C%22async%5C%22%20loading=%5C%22lazy%5C%22%20srcset=%5C%22https:\/\/080barcelonafashion.catwp-content\/uploads\/2023\/05\/Chandler-110253-200x300.jpg%20200w,%20https:\/\/080barcelonafashion.catwp-content\/uploads\/2023\/05\/Chandler-110253-683x1024.jpg%20683w,%20https:\/\/080barcelonafashion.catwp-content\/uploads\/2023\/05\/Chandler-110253-768x1151.jpg%20768w,%20https:\/\/080barcelonafashion.catwp-content\/uploads\/2023\/05\/Chandler-110253.jpg%20934w%5C%22%20sizes=%5C%22(max-width:%20200px)%20100vw,%20200px%5C%22%20\/%3E%3C\/a%3E%3C\/p%3E%5Cn%22%7D,%22id%22:1563,%22link%22:%22https:\/\/080barcelonafashion.catdesigner\/nathalie-chandler-2\/chandler-110253\/%22,%22url%22:%22https:\/\/080barcelonafashion.catwp-content\/uploads\/2023\/05\/Chandler-110253.jpg%22,%22sizes%22:%22%22%7D,%7B%22alt%22:%22%22,%22title%22:%22Chandler-110264%22,%22caption%22:%22%22,%22description%22:%7B%22raw%22:%22%22,%22rendered%22:%22%3Cp%20class=%5C%22attachment%5C%22%3E%3Ca%20href='https:\/\/080barcelonafashion.catwp-content\/uploads\/2023\/05\/Chandler-110264.jpg'%3E%3Cimg%20width=%5C%22200%5C%22%20height=%5C%22300%5C%22%20src=%5C%22https:\/\/080barcelonafashion.catwp-content\/uploads\/2023\/05\/Chandler-110264-200x300.jpg%5C%22%20class=%5C%22attachment-medium%20size-medium%5C%22%20alt=%5C%22%5C%22%20decoding=%5C%22async%5C%22%20loading=%5C%22lazy%5C%22%20srcset=%5C%22https:\/\/080barcelonafashion.catwp-content\/uploads\/2023\/05\/Chandler-110264-200x300.jpg%20200w,%20https:\/\/080barcelonafashion.catwp-content\/uploads\/2023\/05\/Chandler-110264-683x1024.jpg%20683w,%20https:\/\/080barcelonafashion.catwp-content\/uploads\/2023\/05\/Chandler-110264-768x1151.jpg%20768w,%20https:\/\/080barcelonafashion.catwp-content\/uploads\/2023\/05\/Chandler-110264.jpg%20934w%5C%22%20sizes=%5C%22(max-width:%20200px)%20100vw,%20200px%5C%22%20\/%3E%3C\/a%3E%3C\/p%3E%5Cn%22%7D,%22id%22:1564,%22link%22:%22https:\/\/080barcelonafashion.catdesigner\/nathalie-chandler-2\/chandler-110264\/%22,%22url%22:%22https:\/\/080barcelonafashion.catwp-content\/uploads\/2023\/05\/Chandler-110264.jpg%22,%22sizes%22:%22%22%7D,%7B%22alt%22:%22%22,%22title%22:%22Chandler-110286%22,%22caption%22:%22%22,%22description%22:%7B%22raw%22:%22%22,%22rendered%22:%22%3Cp%20class=%5C%22attachment%5C%22%3E%3Ca%20href='https:\/\/080barcelonafashion.catwp-content\/uploads\/2023\/05\/Chandler-110286.jpg'%3E%3Cimg%20width=%5C%22200%5C%22%20height=%5C%22300%5C%22%20src=%5C%22https:\/\/080barcelonafashion.catwp-content\/uploads\/2023\/05\/Chandler-110286-200x300.jpg%5C%22%20class=%5C%22attachment-medium%20size-medium%5C%22%20alt=%5C%22%5C%22%20decoding=%5C%22async%5C%22%20loading=%5C%22lazy%5C%22%20srcset=%5C%22https:\/\/080barcelonafashion.catwp-content\/uploads\/2023\/05\/Chandler-110286-200x300.jpg%20200w,%20https:\/\/080barcelonafashion.catwp-content\/uploads\/2023\/05\/Chandler-110286-683x1024.jpg%20683w,%20https:\/\/080barcelonafashion.catwp-content\/uploads\/2023\/05\/Chandler-110286-768x1151.jpg%20768w,%20https:\/\/080barcelonafashion.catwp-content\/uploads\/2023\/05\/Chandler-110286.jpg%20934w%5C%22%20sizes=%5C%22(max-width:%20200px)%20100vw,%20200px%5C%22%20\/%3E%3C\/a%3E%3C\/p%3E%5Cn%22%7D,%22id%22:1565,%22link%22:%22https:\/\/080barcelonafashion.catdesigner\/nathalie-chandler-2\/chandler-110286\/%22,%22url%22:%22https:\/\/080barcelonafashion.catwp-content\/uploads\/2023\/05\/Chandler-110286.jpg%22,%22sizes%22:%22%22%7D,%7B%22alt%22:%22%22,%22title%22:%22Chandler-110297%22,%22caption%22:%22%22,%22description%22:%7B%22raw%22:%22%22,%22rendered%22:%22%3Cp%20class=%5C%22attachment%5C%22%3E%3Ca%20href='https:\/\/080barcelonafashion.catwp-content\/uploads\/2023\/05\/Chandler-110297.jpg'%3E%3Cimg%20width=%5C%22200%5C%22%20height=%5C%22300%5C%22%20src=%5C%22https:\/\/080barcelonafashion.catwp-content\/uploads\/2023\/05\/Chandler-110297-200x300.jpg%5C%22%20class=%5C%22attachment-medium%20size-medium%5C%22%20alt=%5C%22%5C%22%20decoding=%5C%22async%5C%22%20loading=%5C%22lazy%5C%22%20srcset=%5C%22https:\/\/080barcelonafashion.catwp-content\/uploads\/2023\/05\/Chandler-110297-200x300.jpg%20200w,%20https:\/\/080barcelonafashion.catwp-content\/uploads\/2023\/05\/Chandler-110297-683x1024.jpg%20683w,%20https:\/\/080barcelonafashion.catwp-content\/uploads\/2023\/05\/Chandler-110297-768x1151.jpg%20768w,%20https:\/\/080barcelonafashion.catwp-content\/uploads\/2023\/05\/Chandler-110297.jpg%20934w%5C%22%20sizes=%5C%22(max-width:%20200px)%20100vw,%20200px%5C%22%20\/%3E%3C\/a%3E%3C\/p%3E%5Cn%22%7D,%22id%22:1566,%22link%22:%22https:\/\/080barcelonafashion.catdesigner\/nathalie-chandler-2\/chandler-110297\/%22,%22url%22:%22https:\/\/080barcelonafashion.catwp-content\/uploads\/2023\/05\/Chandler-110297.jpg%22,%22sizes%22:%22%22%7D,%7B%22alt%22:%22%22,%22title%22:%22Chandler-110309%22,%22caption%22:%22%22,%22description%22:%7B%22raw%22:%22%22,%22rendered%22:%22%3Cp%20class=%5C%22attachment%5C%22%3E%3Ca%20href='https:\/\/080barcelonafashion.catwp-content\/uploads\/2023\/05\/Chandler-110309.jpg'%3E%3Cimg%20width=%5C%22200%5C%22%20height=%5C%22300%5C%22%20src=%5C%22https:\/\/080barcelonafashion.catwp-content\/uploads\/2023\/05\/Chandler-110309-200x300.jpg%5C%22%20class=%5C%22attachment-medium%20size-medium%5C%22%20alt=%5C%22%5C%22%20decoding=%5C%22async%5C%22%20loading=%5C%22lazy%5C%22%20srcset=%5C%22https:\/\/080barcelonafashion.catwp-content\/uploads\/2023\/05\/Chandler-110309-200x300.jpg%20200w,%20https:\/\/080barcelonafashion.catwp-content\/uploads\/2023\/05\/Chandler-110309-683x1024.jpg%20683w,%20https:\/\/080barcelonafashion.catwp-content\/uploads\/2023\/05\/Chandler-110309-768x1151.jpg%20768w,%20https:\/\/080barcelonafashion.catwp-content\/uploads\/2023\/05\/Chandler-110309.jpg%20934w%5C%22%20sizes=%5C%22(max-width:%20200px)%20100vw,%20200px%5C%22%20\/%3E%3C\/a%3E%3C\/p%3E%5Cn%22%7D,%22id%22:1567,%22link%22:%22https:\/\/080barcelonafashion.catdesigner\/nathalie-chandler-2\/chandler-110309\/%22,%22url%22:%22https:\/\/080barcelonafashion.catwp-content\/uploads\/2023\/05\/Chandler-110309.jpg%22,%22sizes%22:%22%22%7D,%7B%22alt%22:%22%22,%22title%22:%22Chandler-110328%22,%22caption%22:%22%22,%22description%22:%7B%22raw%22:%22%22,%22rendered%22:%22%3Cp%20class=%5C%22attachment%5C%22%3E%3Ca%20href='https:\/\/080barcelonafashion.catwp-content\/uploads\/2023\/05\/Chandler-110328.jpg'%3E%3Cimg%20width=%5C%22200%5C%22%20height=%5C%22300%5C%22%20src=%5C%22https:\/\/080barcelonafashion.catwp-content\/uploads\/2023\/05\/Chandler-110328-200x300.jpg%5C%22%20class=%5C%22attachment-medium%20size-medium%5C%22%20alt=%5C%22%5C%22%20decoding=%5C%22async%5C%22%20loading=%5C%22lazy%5C%22%20srcset=%5C%22https:\/\/080barcelonafashion.catwp-content\/uploads\/2023\/05\/Chandler-110328-200x300.jpg%20200w,%20https:\/\/080barcelonafashion.catwp-content\/uploads\/2023\/05\/Chandler-110328-683x1024.jpg%20683w,%20https:\/\/080barcelonafashion.catwp-content\/uploads\/2023\/05\/Chandler-110328-768x1151.jpg%20768w,%20https:\/\/080barcelonafashion.catwp-content\/uploads\/2023\/05\/Chandler-110328.jpg%20934w%5C%22%20sizes=%5C%22(max-width:%20200px)%20100vw,%20200px%5C%22%20\/%3E%3C\/a%3E%3C\/p%3E%5Cn%22%7D,%22id%22:1568,%22link%22:%22https:\/\/080barcelonafashion.catdesigner\/nathalie-chandler-2\/chandler-110328\/%22,%22url%22:%22https:\/\/080barcelonafashion.catwp-content\/uploads\/2023\/05\/Chandler-110328.jpg%22,%22sizes%22:%22%22%7D,%7B%22alt%22:%22%22,%22title%22:%22Chandler-110336%22,%22caption%22:%22%22,%22description%22:%7B%22raw%22:%22%22,%22rendered%22:%22%3Cp%20class=%5C%22attachment%5C%22%3E%3Ca%20href='https:\/\/080barcelonafashion.catwp-content\/uploads\/2023\/05\/Chandler-110336.jpg'%3E%3Cimg%20width=%5C%22200%5C%22%20height=%5C%22300%5C%22%20src=%5C%22https:\/\/080barcelonafashion.catwp-content\/uploads\/2023\/05\/Chandler-110336-200x300.jpg%5C%22%20class=%5C%22attachment-medium%20size-medium%5C%22%20alt=%5C%22%5C%22%20decoding=%5C%22async%5C%22%20loading=%5C%22lazy%5C%22%20srcset=%5C%22https:\/\/080barcelonafashion.catwp-content\/uploads\/2023\/05\/Chandler-110336-200x300.jpg%20200w,%20https:\/\/080barcelonafashion.catwp-content\/uploads\/2023\/05\/Chandler-110336-683x1024.jpg%20683w,%20https:\/\/080barcelonafashion.catwp-content\/uploads\/2023\/05\/Chandler-110336-768x1151.jpg%20768w,%20https:\/\/080barcelonafashion.catwp-content\/uploads\/2023\/05\/Chandler-110336.jpg%20934w%5C%22%20sizes=%5C%22(max-width:%20200px)%20100vw,%20200px%5C%22%20\/%3E%3C\/a%3E%3C\/p%3E%5Cn%22%7D,%22id%22:1569,%22link%22:%22https:\/\/080barcelonafashion.catdesigner\/nathalie-chandler-2\/chandler-110336\/%22,%22url%22:%22https:\/\/080barcelonafashion.catwp-content\/uploads\/2023\/05\/Chandler-110336.jpg%22,%22sizes%22:%22%22%7D,%7B%22alt%22:%22%22,%22title%22:%22Chandler-110343%22,%22caption%22:%22%22,%22description%22:%7B%22raw%22:%22%22,%22rendered%22:%22%3Cp%20class=%5C%22attachment%5C%22%3E%3Ca%20href='https:\/\/080barcelonafashion.catwp-content\/uploads\/2023\/05\/Chandler-110343.jpg'%3E%3Cimg%20width=%5C%22200%5C%22%20height=%5C%22300%5C%22%20src=%5C%22https:\/\/080barcelonafashion.catwp-content\/uploads\/2023\/05\/Chandler-110343-200x300.jpg%5C%22%20class=%5C%22attachment-medium%20size-medium%5C%22%20alt=%5C%22%5C%22%20decoding=%5C%22async%5C%22%20loading=%5C%22lazy%5C%22%20srcset=%5C%22https:\/\/080barcelonafashion.catwp-content\/uploads\/2023\/05\/Chandler-110343-200x300.jpg%20200w,%20https:\/\/080barcelonafashion.catwp-content\/uploads\/2023\/05\/Chandler-110343-683x1024.jpg%20683w,%20https:\/\/080barcelonafashion.catwp-content\/uploads\/2023\/05\/Chandler-110343-768x1151.jpg%20768w,%20https:\/\/080barcelonafashion.catwp-content\/uploads\/2023\/05\/Chandler-110343.jpg%20934w%5C%22%20sizes=%5C%22(max-width:%20200px)%20100vw,%20200px%5C%22%20\/%3E%3C\/a%3E%3C\/p%3E%5Cn%22%7D,%22id%22:1570,%22link%22:%22https:\/\/080barcelonafashion.catdesigner\/nathalie-chandler-2\/chandler-110343\/%22,%22url%22:%22https:\/\/080barcelonafashion.catwp-content\/uploads\/2023\/05\/Chandler-110343.jpg%22,%22sizes%22:%22%22%7D,%7B%22alt%22:%22%22,%22title%22:%22Chandler-110359%22,%22caption%22:%22%22,%22description%22:%7B%22raw%22:%22%22,%22rendered%22:%22%3Cp%20class=%5C%22attachment%5C%22%3E%3Ca%20href='https:\/\/080barcelonafashion.catwp-content\/uploads\/2023\/05\/Chandler-110359.jpg'%3E%3Cimg%20width=%5C%22200%5C%22%20height=%5C%22300%5C%22%20src=%5C%22https:\/\/080barcelonafashion.catwp-content\/uploads\/2023\/05\/Chandler-110359-200x300.jpg%5C%22%20class=%5C%22attachment-medium%20size-medium%5C%22%20alt=%5C%22%5C%22%20decoding=%5C%22async%5C%22%20loading=%5C%22lazy%5C%22%20srcset=%5C%22https:\/\/080barcelonafashion.catwp-content\/uploads\/2023\/05\/Chandler-110359-200x300.jpg%20200w,%20https:\/\/080barcelonafashion.catwp-content\/uploads\/2023\/05\/Chandler-110359-683x1024.jpg%20683w,%20https:\/\/080barcelonafashion.catwp-content\/uploads\/2023\/05\/Chandler-110359-768x1151.jpg%20768w,%20https:\/\/080barcelonafashion.catwp-content\/uploads\/2023\/05\/Chandler-110359.jpg%20934w%5C%22%20sizes=%5C%22(max-width:%20200px)%20100vw,%20200px%5C%22%20\/%3E%3C\/a%3E%3C\/p%3E%5Cn%22%7D,%22id%22:1571,%22link%22:%22https:\/\/080barcelonafashion.catdesigner\/nathalie-chandler-2\/chandler-110359\/%22,%22url%22:%22https:\/\/080barcelonafashion.catwp-content\/uploads\/2023\/05\/Chandler-110359.jpg%22,%22sizes%22:%22%22%7D,%7B%22alt%22:%22%22,%22title%22:%22Chandler-110368%22,%22caption%22:%22%22,%22description%22:%7B%22raw%22:%22%22,%22rendered%22:%22%3Cp%20class=%5C%22attachment%5C%22%3E%3Ca%20href='https:\/\/080barcelonafashion.catwp-content\/uploads\/2023\/05\/Chandler-110368.jpg'%3E%3Cimg%20width=%5C%22200%5C%22%20height=%5C%22300%5C%22%20src=%5C%22https:\/\/080barcelonafashion.catwp-content\/uploads\/2023\/05\/Chandler-110368-200x300.jpg%5C%22%20class=%5C%22attachment-medium%20size-medium%5C%22%20alt=%5C%22%5C%22%20decoding=%5C%22async%5C%22%20loading=%5C%22lazy%5C%22%20srcset=%5C%22https:\/\/080barcelonafashion.catwp-content\/uploads\/2023\/05\/Chandler-110368-200x300.jpg%20200w,%20https:\/\/080barcelonafashion.catwp-content\/uploads\/2023\/05\/Chandler-110368-683x1024.jpg%20683w,%20https:\/\/080barcelonafashion.catwp-content\/uploads\/2023\/05\/Chandler-110368-768x1151.jpg%20768w,%20https:\/\/080barcelonafashion.catwp-content\/uploads\/2023\/05\/Chandler-110368.jpg%20934w%5C%22%20sizes=%5C%22(max-width:%20200px)%20100vw,%20200px%5C%22%20\/%3E%3C\/a%3E%3C\/p%3E%5Cn%22%7D,%22id%22:1572,%22link%22:%22https:\/\/080barcelonafashion.catdesigner\/nathalie-chandler-2\/chandler-110368\/%22,%22url%22:%22https:\/\/080barcelonafashion.catwp-content\/uploads\/2023\/05\/Chandler-110368.jpg%22,%22sizes%22:%22%22%7D,%7B%22alt%22:%22%22,%22title%22:%22Chandler-110393%22,%22caption%22:%22%22,%22description%22:%7B%22raw%22:%22%22,%22rendered%22:%22%3Cp%20class=%5C%22attachment%5C%22%3E%3Ca%20href='https:\/\/080barcelonafashion.catwp-content\/uploads\/2023\/05\/Chandler-110393.jpg'%3E%3Cimg%20width=%5C%22200%5C%22%20height=%5C%22300%5C%22%20src=%5C%22https:\/\/080barcelonafashion.catwp-content\/uploads\/2023\/05\/Chandler-110393-200x300.jpg%5C%22%20class=%5C%22attachment-medium%20size-medium%5C%22%20alt=%5C%22%5C%22%20decoding=%5C%22async%5C%22%20loading=%5C%22lazy%5C%22%20srcset=%5C%22https:\/\/080barcelonafashion.catwp-content\/uploads\/2023\/05\/Chandler-110393-200x300.jpg%20200w,%20https:\/\/080barcelonafashion.catwp-content\/uploads\/2023\/05\/Chandler-110393-683x1024.jpg%20683w,%20https:\/\/080barcelonafashion.catwp-content\/uploads\/2023\/05\/Chandler-110393-768x1151.jpg%20768w,%20https:\/\/080barcelonafashion.catwp-content\/uploads\/2023\/05\/Chandler-110393.jpg%20934w%5C%22%20sizes=%5C%22(max-width:%20200px)%20100vw,%20200px%5C%22%20\/%3E%3C\/a%3E%3C\/p%3E%5Cn%22%7D,%22id%22:1573,%22link%22:%22https:\/\/080barcelonafashion.catdesigner\/nathalie-chandler-2\/chandler-110393\/%22,%22url%22:%22https:\/\/080barcelonafashion.catwp-content\/uploads\/2023\/05\/Chandler-110393.jpg%22,%22sizes%22:%22%22%7D,%7B%22alt%22:%22%22,%22title%22:%22Chandler-110399%22,%22caption%22:%22%22,%22description%22:%7B%22raw%22:%22%22,%22rendered%22:%22%3Cp%20class=%5C%22attachment%5C%22%3E%3Ca%20href='https:\/\/080barcelonafashion.catwp-content\/uploads\/2023\/05\/Chandler-110399.jpg'%3E%3Cimg%20width=%5C%22200%5C%22%20height=%5C%22300%5C%22%20src=%5C%22https:\/\/080barcelonafashion.catwp-content\/uploads\/2023\/05\/Chandler-110399-200x300.jpg%5C%22%20class=%5C%22attachment-medium%20size-medium%5C%22%20alt=%5C%22%5C%22%20decoding=%5C%22async%5C%22%20loading=%5C%22lazy%5C%22%20srcset=%5C%22https:\/\/080barcelonafashion.catwp-content\/uploads\/2023\/05\/Chandler-110399-200x300.jpg%20200w,%20https:\/\/080barcelonafashion.catwp-content\/uploads\/2023\/05\/Chandler-110399-683x1024.jpg%20683w,%20https:\/\/080barcelonafashion.catwp-content\/uploads\/2023\/05\/Chandler-110399-768x1151.jpg%20768w,%20https:\/\/080barcelonafashion.catwp-content\/uploads\/2023\/05\/Chandler-110399.jpg%20934w%5C%22%20sizes=%5C%22(max-width:%20200px)%20100vw,%20200px%5C%22%20\/%3E%3C\/a%3E%3C\/p%3E%5Cn%22%7D,%22id%22:1574,%22link%22:%22https:\/\/080barcelonafashion.catdesigner\/nathalie-chandler-2\/chandler-110399\/%22,%22url%22:%22https:\/\/080barcelonafashion.catwp-content\/uploads\/2023\/05\/Chandler-110399.jpg%22,%22sizes%22:%22%22%7D,%7B%22alt%22:%22%22,%22title%22:%22Chandler-110425%22,%22caption%22:%22%22,%22description%22:%7B%22raw%22:%22%22,%22rendered%22:%22%3Cp%20class=%5C%22attachment%5C%22%3E%3Ca%20href='https:\/\/080barcelonafashion.catwp-content\/uploads\/2023\/05\/Chandler-110425.jpg'%3E%3Cimg%20width=%5C%22200%5C%22%20height=%5C%22300%5C%22%20src=%5C%22https:\/\/080barcelonafashion.catwp-content\/uploads\/2023\/05\/Chandler-110425-200x300.jpg%5C%22%20class=%5C%22attachment-medium%20size-medium%5C%22%20alt=%5C%22%5C%22%20decoding=%5C%22async%5C%22%20loading=%5C%22lazy%5C%22%20srcset=%5C%22https:\/\/080barcelonafashion.catwp-content\/uploads\/2023\/05\/Chandler-110425-200x300.jpg%20200w,%20https:\/\/080barcelonafashion.catwp-content\/uploads\/2023\/05\/Chandler-110425-683x1024.jpg%20683w,%20https:\/\/080barcelonafashion.catwp-content\/uploads\/2023\/05\/Chandler-110425-768x1151.jpg%20768w,%20https:\/\/080barcelonafashion.catwp-content\/uploads\/2023\/05\/Chandler-110425.jpg%20934w%5C%22%20sizes=%5C%22(max-width:%20200px)%20100vw,%20200px%5C%22%20\/%3E%3C\/a%3E%3C\/p%3E%5Cn%22%7D,%22id%22:1575,%22link%22:%22https:\/\/080barcelonafashion.catdesigner\/nathalie-chandler-2\/chandler-110425\/%22,%22url%22:%22https:\/\/080barcelonafashion.catwp-content\/uploads\/2023\/05\/Chandler-110425.jpg%22,%22sizes%22:%22%22%7D,%7B%22alt%22:%22%22,%22title%22:%22Chandler-110429%22,%22caption%22:%22%22,%22description%22:%7B%22raw%22:%22%22,%22rendered%22:%22%3Cp%20class=%5C%22attachment%5C%22%3E%3Ca%20href='https:\/\/080barcelonafashion.catwp-content\/uploads\/2023\/05\/Chandler-110429.jpg'%3E%3Cimg%20width=%5C%22200%5C%22%20height=%5C%22300%5C%22%20src=%5C%22https:\/\/080barcelonafashion.catwp-content\/uploads\/2023\/05\/Chandler-110429-200x300.jpg%5C%22%20class=%5C%22attachment-medium%20size-medium%5C%22%20alt=%5C%22%5C%22%20decoding=%5C%22async%5C%22%20loading=%5C%22lazy%5C%22%20srcset=%5C%22https:\/\/080barcelonafashion.catwp-content\/uploads\/2023\/05\/Chandler-110429-200x300.jpg%20200w,%20https:\/\/080barcelonafashion.catwp-content\/uploads\/2023\/05\/Chandler-110429-683x1024.jpg%20683w,%20https:\/\/080barcelonafashion.catwp-content\/uploads\/2023\/05\/Chandler-110429-768x1151.jpg%20768w,%20https:\/\/080barcelonafashion.catwp-content\/uploads\/2023\/05\/Chandler-110429.jpg%20934w%5C%22%20sizes=%5C%22(max-width:%20200px)%20100vw,%20200px%5C%22%20\/%3E%3C\/a%3E%3C\/p%3E%5Cn%22%7D,%22id%22:1576,%22link%22:%22https:\/\/080barcelonafashion.catdesigner\/nathalie-chandler-2\/chandler-110429\/%22,%22url%22:%22https:\/\/080barcelonafashion.catwp-content\/uploads\/2023\/05\/Chandler-110429.jpg%22,%22sizes%22:%22%22%7D,%7B%22alt%22:%22%22,%22title%22:%22Chandler-110454%22,%22caption%22:%22%22,%22description%22:%7B%22raw%22:%22%22,%22rendered%22:%22%3Cp%20class=%5C%22attachment%5C%22%3E%3Ca%20href='https:\/\/080barcelonafashion.catwp-content\/uploads\/2023\/05\/Chandler-110454.jpg'%3E%3Cimg%20width=%5C%22200%5C%22%20height=%5C%22300%5C%22%20src=%5C%22https:\/\/080barcelonafashion.catwp-content\/uploads\/2023\/05\/Chandler-110454-200x300.jpg%5C%22%20class=%5C%22attachment-medium%20size-medium%5C%22%20alt=%5C%22%5C%22%20decoding=%5C%22async%5C%22%20loading=%5C%22lazy%5C%22%20srcset=%5C%22https:\/\/080barcelonafashion.catwp-content\/uploads\/2023\/05\/Chandler-110454-200x300.jpg%20200w,%20https:\/\/080barcelonafashion.catwp-content\/uploads\/2023\/05\/Chandler-110454-683x1024.jpg%20683w,%20https:\/\/080barcelonafashion.catwp-content\/uploads\/2023\/05\/Chandler-110454-768x1151.jpg%20768w,%20https:\/\/080barcelonafashion.catwp-content\/uploads\/2023\/05\/Chandler-110454.jpg%20934w%5C%22%20sizes=%5C%22(max-width:%20200px)%20100vw,%20200px%5C%22%20\/%3E%3C\/a%3E%3C\/p%3E%5Cn%22%7D,%22id%22:1577,%22link%22:%22https:\/\/080barcelonafashion.catdesigner\/nathalie-chandler-2\/chandler-110454\/%22,%22url%22:%22https:\/\/080barcelonafashion.catwp-content\/uploads\/2023\/05\/Chandler-110454.jpg%22,%22sizes%22:%22%22%7D,%7B%22alt%22:%22%22,%22title%22:%22Chandler-110465%22,%22caption%22:%22%22,%22description%22:%7B%22raw%22:%22%22,%22rendered%22:%22%3Cp%20class=%5C%22attachment%5C%22%3E%3Ca%20href='https:\/\/080barcelonafashion.catwp-content\/uploads\/2023\/05\/Chandler-110465.jpg'%3E%3Cimg%20width=%5C%22200%5C%22%20height=%5C%22300%5C%22%20src=%5C%22https:\/\/080barcelonafashion.catwp-content\/uploads\/2023\/05\/Chandler-110465-200x300.jpg%5C%22%20class=%5C%22attachment-medium%20size-medium%5C%22%20alt=%5C%22%5C%22%20decoding=%5C%22async%5C%22%20loading=%5C%22lazy%5C%22%20srcset=%5C%22https:\/\/080barcelonafashion.catwp-content\/uploads\/2023\/05\/Chandler-110465-200x300.jpg%20200w,%20https:\/\/080barcelonafashion.catwp-content\/uploads\/2023\/05\/Chandler-110465-683x1024.jpg%20683w,%20https:\/\/080barcelonafashion.catwp-content\/uploads\/2023\/05\/Chandler-110465-768x1151.jpg%20768w,%20https:\/\/080barcelonafashion.catwp-content\/uploads\/2023\/05\/Chandler-110465.jpg%20934w%5C%22%20sizes=%5C%22(max-width:%20200px)%20100vw,%20200px%5C%22%20\/%3E%3C\/a%3E%3C\/p%3E%5Cn%22%7D,%22id%22:1578,%22link%22:%22https:\/\/080barcelonafashion.catdesigner\/nathalie-chandler-2\/chandler-110465\/%22,%22url%22:%22https:\/\/080barcelonafashion.catwp-content\/uploads\/2023\/05\/Chandler-110465.jpg%22,%22sizes%22:%22%22%7D,%7B%22alt%22:%22%22,%22title%22:%22Chandler-110483%22,%22caption%22:%22%22,%22description%22:%7B%22raw%22:%22%22,%22rendered%22:%22%3Cp%20class=%5C%22attachment%5C%22%3E%3Ca%20href='https:\/\/080barcelonafashion.catwp-content\/uploads\/2023\/05\/Chandler-110483.jpg'%3E%3Cimg%20width=%5C%22200%5C%22%20height=%5C%22300%5C%22%20src=%5C%22https:\/\/080barcelonafashion.catwp-content\/uploads\/2023\/05\/Chandler-110483-200x300.jpg%5C%22%20class=%5C%22attachment-medium%20size-medium%5C%22%20alt=%5C%22%5C%22%20decoding=%5C%22async%5C%22%20loading=%5C%22lazy%5C%22%20srcset=%5C%22https:\/\/080barcelonafashion.catwp-content\/uploads\/2023\/05\/Chandler-110483-200x300.jpg%20200w,%20https:\/\/080barcelonafashion.catwp-content\/uploads\/2023\/05\/Chandler-110483-683x1024.jpg%20683w,%20https:\/\/080barcelonafashion.catwp-content\/uploads\/2023\/05\/Chandler-110483-768x1151.jpg%20768w,%20https:\/\/080barcelonafashion.catwp-content\/uploads\/2023\/05\/Chandler-110483.jpg%20934w%5C%22%20sizes=%5C%22(max-width:%20200px)%20100vw,%20200px%5C%22%20\/%3E%3C\/a%3E%3C\/p%3E%5Cn%22%7D,%22id%22:1579,%22link%22:%22https:\/\/080barcelonafashion.catdesigner\/nathalie-chandler-2\/chandler-110483\/%22,%22url%22:%22https:\/\/080barcelonafashion.catwp-content\/uploads\/2023\/05\/Chandler-110483.jpg%22,%22sizes%22:%22%22%7D,%7B%22alt%22:%22%22,%22title%22:%22Chandler-110495%22,%22caption%22:%22%22,%22description%22:%7B%22raw%22:%22%22,%22rendered%22:%22%3Cp%20class=%5C%22attachment%5C%22%3E%3Ca%20href='https:\/\/080barcelonafashion.catwp-content\/uploads\/2023\/05\/Chandler-110495.jpg'%3E%3Cimg%20width=%5C%22200%5C%22%20height=%5C%22300%5C%22%20src=%5C%22https:\/\/080barcelonafashion.catwp-content\/uploads\/2023\/05\/Chandler-110495-200x300.jpg%5C%22%20class=%5C%22attachment-medium%20size-medium%5C%22%20alt=%5C%22%5C%22%20decoding=%5C%22async%5C%22%20loading=%5C%22lazy%5C%22%20srcset=%5C%22https:\/\/080barcelonafashion.catwp-content\/uploads\/2023\/05\/Chandler-110495-200x300.jpg%20200w,%20https:\/\/080barcelonafashion.catwp-content\/uploads\/2023\/05\/Chandler-110495-683x1024.jpg%20683w,%20https:\/\/080barcelonafashion.catwp-content\/uploads\/2023\/05\/Chandler-110495-768x1151.jpg%20768w,%20https:\/\/080barcelonafashion.catwp-content\/uploads\/2023\/05\/Chandler-110495.jpg%20934w%5C%22%20sizes=%5C%22(max-width:%20200px)%20100vw,%20200px%5C%22%20\/%3E%3C\/a%3E%3C\/p%3E%5Cn%22%7D,%22id%22:1580,%22link%22:%22https:\/\/080barcelonafashion.catdesigner\/nathalie-chandler-2\/chandler-110495\/%22,%22url%22:%22https:\/\/080barcelonafashion.catwp-content\/uploads\/2023\/05\/Chandler-110495.jpg%22,%22sizes%22:%22%22%7D,%7B%22alt%22:%22%22,%22title%22:%22Chandler-110505%22,%22caption%22:%22%22,%22description%22:%7B%22raw%22:%22%22,%22rendered%22:%22%3Cp%20class=%5C%22attachment%5C%22%3E%3Ca%20href='https:\/\/080barcelonafashion.catwp-content\/uploads\/2023\/05\/Chandler-110505.jpg'%3E%3Cimg%20width=%5C%22200%5C%22%20height=%5C%22300%5C%22%20src=%5C%22https:\/\/080barcelonafashion.catwp-content\/uploads\/2023\/05\/Chandler-110505-200x300.jpg%5C%22%20class=%5C%22attachment-medium%20size-medium%5C%22%20alt=%5C%22%5C%22%20decoding=%5C%22async%5C%22%20loading=%5C%22lazy%5C%22%20srcset=%5C%22https:\/\/080barcelonafashion.catwp-content\/uploads\/2023\/05\/Chandler-110505-200x300.jpg%20200w,%20https:\/\/080barcelonafashion.catwp-content\/uploads\/2023\/05\/Chandler-110505-683x1024.jpg%20683w,%20https:\/\/080barcelonafashion.catwp-content\/uploads\/2023\/05\/Chandler-110505-768x1151.jpg%20768w,%20https:\/\/080barcelonafashion.catwp-content\/uploads\/2023\/05\/Chandler-110505.jpg%20934w%5C%22%20sizes=%5C%22(max-width:%20200px)%20100vw,%20200px%5C%22%20\/%3E%3C\/a%3E%3C\/p%3E%5Cn%22%7D,%22id%22:1581,%22link%22:%22https:\/\/080barcelonafashion.catdesigner\/nathalie-chandler-2\/chandler-110505\/%22,%22url%22:%22https:\/\/080barcelonafashion.catwp-content\/uploads\/2023\/05\/Chandler-110505.jpg%22,%22sizes%22:%22%22%7D,%7B%22alt%22:%22%22,%22title%22:%22Chandler-110516%22,%22caption%22:%22%22,%22description%22:%7B%22raw%22:%22%22,%22rendered%22:%22%3Cp%20class=%5C%22attachment%5C%22%3E%3Ca%20href='https:\/\/080barcelonafashion.catwp-content\/uploads\/2023\/05\/Chandler-110516.jpg'%3E%3Cimg%20width=%5C%22200%5C%22%20height=%5C%22300%5C%22%20src=%5C%22https:\/\/080barcelonafashion.catwp-content\/uploads\/2023\/05\/Chandler-110516-200x300.jpg%5C%22%20class=%5C%22attachment-medium%20size-medium%5C%22%20alt=%5C%22%5C%22%20decoding=%5C%22async%5C%22%20loading=%5C%22lazy%5C%22%20srcset=%5C%22https:\/\/080barcelonafashion.catwp-content\/uploads\/2023\/05\/Chandler-110516-200x300.jpg%20200w,%20https:\/\/080barcelonafashion.catwp-content\/uploads\/2023\/05\/Chandler-110516-683x1024.jpg%20683w,%20https:\/\/080barcelonafashion.catwp-content\/uploads\/2023\/05\/Chandler-110516-768x1151.jpg%20768w,%20https:\/\/080barcelonafashion.catwp-content\/uploads\/2023\/05\/Chandler-110516.jpg%20934w%5C%22%20sizes=%5C%22(max-width:%20200px)%20100vw,%20200px%5C%22%20\/%3E%3C\/a%3E%3C\/p%3E%5Cn%22%7D,%22id%22:1582,%22link%22:%22https:\/\/080barcelonafashion.catdesigner\/nathalie-chandler-2\/chandler-110516\/%22,%22url%22:%22https:\/\/080barcelonafashion.catwp-content\/uploads\/2023\/05\/Chandler-110516.jpg%22,%22sizes%22:%22%22%7D,%7B%22alt%22:%22%22,%22title%22:%22Chandler-110528%22,%22caption%22:%22%22,%22description%22:%7B%22raw%22:%22%22,%22rendered%22:%22%3Cp%20class=%5C%22attachment%5C%22%3E%3Ca%20href='https:\/\/080barcelonafashion.catwp-content\/uploads\/2023\/05\/Chandler-110528.jpg'%3E%3Cimg%20width=%5C%22200%5C%22%20height=%5C%22300%5C%22%20src=%5C%22https:\/\/080barcelonafashion.catwp-content\/uploads\/2023\/05\/Chandler-110528-200x300.jpg%5C%22%20class=%5C%22attachment-medium%20size-medium%5C%22%20alt=%5C%22%5C%22%20decoding=%5C%22async%5C%22%20loading=%5C%22lazy%5C%22%20srcset=%5C%22https:\/\/080barcelonafashion.catwp-content\/uploads\/2023\/05\/Chandler-110528-200x300.jpg%20200w,%20https:\/\/080barcelonafashion.catwp-content\/uploads\/2023\/05\/Chandler-110528-683x1024.jpg%20683w,%20https:\/\/080barcelonafashion.catwp-content\/uploads\/2023\/05\/Chandler-110528-768x1151.jpg%20768w,%20https:\/\/080barcelonafashion.catwp-content\/uploads\/2023\/05\/Chandler-110528.jpg%20934w%5C%22%20sizes=%5C%22(max-width:%20200px)%20100vw,%20200px%5C%22%20\/%3E%3C\/a%3E%3C\/p%3E%5Cn%22%7D,%22id%22:1583,%22link%22:%22https:\/\/080barcelonafashion.catdesigner\/nathalie-chandler-2\/chandler-110528\/%22,%22url%22:%22https:\/\/080barcelonafashion.catwp-content\/uploads\/2023\/05\/Chandler-110528.jpg%22,%22sizes%22:%22%22%7D,%7B%22alt%22:%22%22,%22title%22:%22Chandler-110553%22,%22caption%22:%22%22,%22description%22:%7B%22raw%22:%22%22,%22rendered%22:%22%3Cp%20class=%5C%22attachment%5C%22%3E%3Ca%20href='https:\/\/080barcelonafashion.catwp-content\/uploads\/2023\/05\/Chandler-110553.jpg'%3E%3Cimg%20width=%5C%22200%5C%22%20height=%5C%22300%5C%22%20src=%5C%22https:\/\/080barcelonafashion.catwp-content\/uploads\/2023\/05\/Chandler-110553-200x300.jpg%5C%22%20class=%5C%22attachment-medium%20size-medium%5C%22%20alt=%5C%22%5C%22%20decoding=%5C%22async%5C%22%20loading=%5C%22lazy%5C%22%20srcset=%5C%22https:\/\/080barcelonafashion.catwp-content\/uploads\/2023\/05\/Chandler-110553-200x300.jpg%20200w,%20https:\/\/080barcelonafashion.catwp-content\/uploads\/2023\/05\/Chandler-110553-683x1024.jpg%20683w,%20https:\/\/080barcelonafashion.catwp-content\/uploads\/2023\/05\/Chandler-110553-768x1151.jpg%20768w,%20https:\/\/080barcelonafashion.catwp-content\/uploads\/2023\/05\/Chandler-110553.jpg%20934w%5C%22%20sizes=%5C%22(max-width:%20200px)%20100vw,%20200px%5C%22%20\/%3E%3C\/a%3E%3C\/p%3E%5Cn%22%7D,%22id%22:1584,%22link%22:%22https:\/\/080barcelonafashion.catdesigner\/nathalie-chandler-2\/chandler-110553\/%22,%22url%22:%22https:\/\/080barcelonafashion.catwp-content\/uploads\/2023\/05\/Chandler-110553.jpg%22,%22sizes%22:%22%22%7D,%7B%22alt%22:%22%22,%22title%22:%22Chandler-110557%22,%22caption%22:%22%22,%22description%22:%7B%22raw%22:%22%22,%22rendered%22:%22%3Cp%20class=%5C%22attachment%5C%22%3E%3Ca%20href='https:\/\/080barcelonafashion.catwp-content\/uploads\/2023\/05\/Chandler-110557.jpg'%3E%3Cimg%20width=%5C%22200%5C%22%20height=%5C%22300%5C%22%20src=%5C%22https:\/\/080barcelonafashion.catwp-content\/uploads\/2023\/05\/Chandler-110557-200x300.jpg%5C%22%20class=%5C%22attachment-medium%20size-medium%5C%22%20alt=%5C%22%5C%22%20decoding=%5C%22async%5C%22%20loading=%5C%22lazy%5C%22%20srcset=%5C%22https:\/\/080barcelonafashion.catwp-content\/uploads\/2023\/05\/Chandler-110557-200x300.jpg%20200w,%20https:\/\/080barcelonafashion.catwp-content\/uploads\/2023\/05\/Chandler-110557-683x1024.jpg%20683w,%20https:\/\/080barcelonafashion.catwp-content\/uploads\/2023\/05\/Chandler-110557-768x1151.jpg%20768w,%20https:\/\/080barcelonafashion.catwp-content\/uploads\/2023\/05\/Chandler-110557.jpg%20934w%5C%22%20sizes=%5C%22(max-width:%20200px)%20100vw,%20200px%5C%22%20\/%3E%3C\/a%3E%3C\/p%3E%5Cn%22%7D,%22id%22:1585,%22link%22:%22https:\/\/080barcelonafashion.catdesigner\/nathalie-chandler-2\/chandler-110557\/%22,%22url%22:%22https:\/\/080barcelonafashion.catwp-content\/uploads\/2023\/05\/Chandler-110557.jpg%22,%22sizes%22:%22%22%7D,%7B%22alt%22:%22%22,%22title%22:%22Chandler-110588%22,%22caption%22:%22%22,%22description%22:%7B%22raw%22:%22%22,%22rendered%22:%22%3Cp%20class=%5C%22attachment%5C%22%3E%3Ca%20href='https:\/\/080barcelonafashion.catwp-content\/uploads\/2023\/05\/Chandler-110588.jpg'%3E%3Cimg%20width=%5C%22200%5C%22%20height=%5C%22300%5C%22%20src=%5C%22https:\/\/080barcelonafashion.catwp-content\/uploads\/2023\/05\/Chandler-110588-200x300.jpg%5C%22%20class=%5C%22attachment-medium%20size-medium%5C%22%20alt=%5C%22%5C%22%20decoding=%5C%22async%5C%22%20loading=%5C%22lazy%5C%22%20srcset=%5C%22https:\/\/080barcelonafashion.catwp-content\/uploads\/2023\/05\/Chandler-110588-200x300.jpg%20200w,%20https:\/\/080barcelonafashion.catwp-content\/uploads\/2023\/05\/Chandler-110588-683x1024.jpg%20683w,%20https:\/\/080barcelonafashion.catwp-content\/uploads\/2023\/05\/Chandler-110588-768x1151.jpg%20768w,%20https:\/\/080barcelonafashion.catwp-content\/uploads\/2023\/05\/Chandler-110588.jpg%20934w%5C%22%20sizes=%5C%22(max-width:%20200px)%20100vw,%20200px%5C%22%20\/%3E%3C\/a%3E%3C\/p%3E%5Cn%22%7D,%22id%22:1586,%22link%22:%22https:\/\/080barcelonafashion.catdesigner\/nathalie-chandler-2\/chandler-110588\/%22,%22url%22:%22https:\/\/080barcelonafashion.catwp-content\/uploads\/2023\/05\/Chandler-110588.jpg%22,%22sizes%22:%22%22%7D,%7B%22alt%22:%22%22,%22title%22:%22Chandler-110593%22,%22caption%22:%22%22,%22description%22:%7B%22raw%22:%22%22,%22rendered%22:%22%3Cp%20class=%5C%22attachment%5C%22%3E%3Ca%20href='https:\/\/080barcelonafashion.catwp-content\/uploads\/2023\/05\/Chandler-110593.jpg'%3E%3Cimg%20width=%5C%22200%5C%22%20height=%5C%22300%5C%22%20src=%5C%22https:\/\/080barcelonafashion.catwp-content\/uploads\/2023\/05\/Chandler-110593-200x300.jpg%5C%22%20class=%5C%22attachment-medium%20size-medium%5C%22%20alt=%5C%22%5C%22%20decoding=%5C%22async%5C%22%20loading=%5C%22lazy%5C%22%20srcset=%5C%22https:\/\/080barcelonafashion.catwp-content\/uploads\/2023\/05\/Chandler-110593-200x300.jpg%20200w,%20https:\/\/080barcelonafashion.catwp-content\/uploads\/2023\/05\/Chandler-110593-683x1024.jpg%20683w,%20https:\/\/080barcelonafashion.catwp-content\/uploads\/2023\/05\/Chandler-110593-768x1151.jpg%20768w,%20https:\/\/080barcelonafashion.catwp-content\/uploads\/2023\/05\/Chandler-110593.jpg%20934w%5C%22%20sizes=%5C%22(max-width:%20200px)%20100vw,%20200px%5C%22%20\/%3E%3C\/a%3E%3C\/p%3E%5Cn%22%7D,%22id%22:1587,%22link%22:%22https:\/\/080barcelonafashion.catdesigner\/nathalie-chandler-2\/chandler-110593\/%22,%22url%22:%22https:\/\/080barcelonafashion.catwp-content\/uploads\/2023\/05\/Chandler-110593.jpg%22,%22sizes%22:%22%22%7D,%7B%22alt%22:%22%22,%22title%22:%22Chandler-110601%22,%22caption%22:%22%22,%22description%22:%7B%22raw%22:%22%22,%22rendered%22:%22%3Cp%20class=%5C%22attachment%5C%22%3E%3Ca%20href='https:\/\/080barcelonafashion.catwp-content\/uploads\/2023\/05\/Chandler-110601.jpg'%3E%3Cimg%20width=%5C%22200%5C%22%20height=%5C%22300%5C%22%20src=%5C%22https:\/\/080barcelonafashion.catwp-content\/uploads\/2023\/05\/Chandler-110601-200x300.jpg%5C%22%20class=%5C%22attachment-medium%20size-medium%5C%22%20alt=%5C%22%5C%22%20decoding=%5C%22async%5C%22%20loading=%5C%22lazy%5C%22%20srcset=%5C%22https:\/\/080barcelonafashion.catwp-content\/uploads\/2023\/05\/Chandler-110601-200x300.jpg%20200w,%20https:\/\/080barcelonafashion.catwp-content\/uploads\/2023\/05\/Chandler-110601-683x1024.jpg%20683w,%20https:\/\/080barcelonafashion.catwp-content\/uploads\/2023\/05\/Chandler-110601-768x1151.jpg%20768w,%20https:\/\/080barcelonafashion.catwp-content\/uploads\/2023\/05\/Chandler-110601.jpg%20934w%5C%22%20sizes=%5C%22(max-width:%20200px)%20100vw,%20200px%5C%22%20\/%3E%3C\/a%3E%3C\/p%3E%5Cn%22%7D,%22id%22:1588,%22link%22:%22https:\/\/080barcelonafashion.catdesigner\/nathalie-chandler-2\/chandler-110601\/%22,%22url%22:%22https:\/\/080barcelonafashion.catwp-content\/uploads\/2023\/05\/Chandler-110601.jpg%22,%22sizes%22:%22%22%7D,%7B%22alt%22:%22%22,%22title%22:%22Chandler-110620%22,%22caption%22:%22%22,%22description%22:%7B%22raw%22:%22%22,%22rendered%22:%22%3Cp%20class=%5C%22attachment%5C%22%3E%3Ca%20href='https:\/\/080barcelonafashion.catwp-content\/uploads\/2023\/05\/Chandler-110620.jpg'%3E%3Cimg%20width=%5C%22200%5C%22%20height=%5C%22300%5C%22%20src=%5C%22https:\/\/080barcelonafashion.catwp-content\/uploads\/2023\/05\/Chandler-110620-200x300.jpg%5C%22%20class=%5C%22attachment-medium%20size-medium%5C%22%20alt=%5C%22%5C%22%20decoding=%5C%22async%5C%22%20loading=%5C%22lazy%5C%22%20srcset=%5C%22https:\/\/080barcelonafashion.catwp-content\/uploads\/2023\/05\/Chandler-110620-200x300.jpg%20200w,%20https:\/\/080barcelonafashion.catwp-content\/uploads\/2023\/05\/Chandler-110620-683x1024.jpg%20683w,%20https:\/\/080barcelonafashion.catwp-content\/uploads\/2023\/05\/Chandler-110620-768x1151.jpg%20768w,%20https:\/\/080barcelonafashion.catwp-content\/uploads\/2023\/05\/Chandler-110620.jpg%20934w%5C%22%20sizes=%5C%22(max-width:%20200px)%20100vw,%20200px%5C%22%20\/%3E%3C\/a%3E%3C\/p%3E%5Cn%22%7D,%22id%22:1589,%22link%22:%22https:\/\/080barcelonafashion.catdesigner\/nathalie-chandler-2\/chandler-110620\/%22,%22url%22:%22https:\/\/080barcelonafashion.catwp-content\/uploads\/2023\/05\/Chandler-110620.jpg%22,%22sizes%22:%22%22%7D,%7B%22alt%22:%22%22,%22title%22:%22Chandler-110632%22,%22caption%22:%22%22,%22description%22:%7B%22raw%22:%22%22,%22rendered%22:%22%3Cp%20class=%5C%22attachment%5C%22%3E%3Ca%20href='https:\/\/080barcelonafashion.catwp-content\/uploads\/2023\/05\/Chandler-110632.jpg'%3E%3Cimg%20width=%5C%22200%5C%22%20height=%5C%22300%5C%22%20src=%5C%22https:\/\/080barcelonafashion.catwp-content\/uploads\/2023\/05\/Chandler-110632-200x300.jpg%5C%22%20class=%5C%22attachment-medium%20size-medium%5C%22%20alt=%5C%22%5C%22%20decoding=%5C%22async%5C%22%20loading=%5C%22lazy%5C%22%20srcset=%5C%22https:\/\/080barcelonafashion.catwp-content\/uploads\/2023\/05\/Chandler-110632-200x300.jpg%20200w,%20https:\/\/080barcelonafashion.catwp-content\/uploads\/2023\/05\/Chandler-110632-683x1024.jpg%20683w,%20https:\/\/080barcelonafashion.catwp-content\/uploads\/2023\/05\/Chandler-110632-768x1151.jpg%20768w,%20https:\/\/080barcelonafashion.catwp-content\/uploads\/2023\/05\/Chandler-110632.jpg%20934w%5C%22%20sizes=%5C%22(max-width:%20200px)%20100vw,%20200px%5C%22%20\/%3E%3C\/a%3E%3C\/p%3E%5Cn%22%7D,%22id%22:1590,%22link%22:%22https:\/\/080barcelonafashion.catdesigner\/nathalie-chandler-2\/chandler-110632\/%22,%22url%22:%22https:\/\/080barcelonafashion.catwp-content\/uploads\/2023\/05\/Chandler-110632.jpg%22,%22sizes%22:%22%22%7D,%7B%22alt%22:%22%22,%22title%22:%22Chandler-110638%22,%22caption%22:%22%22,%22description%22:%7B%22raw%22:%22%22,%22rendered%22:%22%3Cp%20class=%5C%22attachment%5C%22%3E%3Ca%20href='https:\/\/080barcelonafashion.catwp-content\/uploads\/2023\/05\/Chandler-110638.jpg'%3E%3Cimg%20width=%5C%22200%5C%22%20height=%5C%22300%5C%22%20src=%5C%22https:\/\/080barcelonafashion.catwp-content\/uploads\/2023\/05\/Chandler-110638-200x300.jpg%5C%22%20class=%5C%22attachment-medium%20size-medium%5C%22%20alt=%5C%22%5C%22%20decoding=%5C%22async%5C%22%20loading=%5C%22lazy%5C%22%20srcset=%5C%22https:\/\/080barcelonafashion.catwp-content\/uploads\/2023\/05\/Chandler-110638-200x300.jpg%20200w,%20https:\/\/080barcelonafashion.catwp-content\/uploads\/2023\/05\/Chandler-110638-683x1024.jpg%20683w,%20https:\/\/080barcelonafashion.catwp-content\/uploads\/2023\/05\/Chandler-110638-768x1151.jpg%20768w,%20https:\/\/080barcelonafashion.catwp-content\/uploads\/2023\/05\/Chandler-110638.jpg%20934w%5C%22%20sizes=%5C%22(max-width:%20200px)%20100vw,%20200px%5C%22%20\/%3E%3C\/a%3E%3C\/p%3E%5Cn%22%7D,%22id%22:1591,%22link%22:%22https:\/\/080barcelonafashion.catdesigner\/nathalie-chandler-2\/chandler-110638\/%22,%22url%22:%22https:\/\/080barcelonafashion.catwp-content\/uploads\/2023\/05\/Chandler-110638.jpg%22,%22sizes%22:%22%22%7D,%7B%22alt%22:%22%22,%22title%22:%22Chandler-110658%22,%22caption%22:%22%22,%22description%22:%7B%22raw%22:%22%22,%22rendered%22:%22%3Cp%20class=%5C%22attachment%5C%22%3E%3Ca%20href='https:\/\/080barcelonafashion.catwp-content\/uploads\/2023\/05\/Chandler-110658.jpg'%3E%3Cimg%20width=%5C%22200%5C%22%20height=%5C%22300%5C%22%20src=%5C%22https:\/\/080barcelonafashion.catwp-content\/uploads\/2023\/05\/Chandler-110658-200x300.jpg%5C%22%20class=%5C%22attachment-medium%20size-medium%5C%22%20alt=%5C%22%5C%22%20decoding=%5C%22async%5C%22%20loading=%5C%22lazy%5C%22%20srcset=%5C%22https:\/\/080barcelonafashion.catwp-content\/uploads\/2023\/05\/Chandler-110658-200x300.jpg%20200w,%20https:\/\/080barcelonafashion.catwp-content\/uploads\/2023\/05\/Chandler-110658-683x1024.jpg%20683w,%20https:\/\/080barcelonafashion.catwp-content\/uploads\/2023\/05\/Chandler-110658-768x1151.jpg%20768w,%20https:\/\/080barcelonafashion.catwp-content\/uploads\/2023\/05\/Chandler-110658.jpg%20934w%5C%22%20sizes=%5C%22(max-width:%20200px)%20100vw,%20200px%5C%22%20\/%3E%3C\/a%3E%3C\/p%3E%5Cn%22%7D,%22id%22:1592,%22link%22:%22https:\/\/080barcelonafashion.catdesigner\/nathalie-chandler-2\/chandler-110658\/%22,%22url%22:%22https:\/\/080barcelonafashion.catwp-content\/uploads\/2023\/05\/Chandler-110658.jpg%22,%22sizes%22:%22%22%7D,%7B%22alt%22:%22%22,%22title%22:%22Chandler-110664%22,%22caption%22:%22%22,%22description%22:%7B%22raw%22:%22%22,%22rendered%22:%22%3Cp%20class=%5C%22attachment%5C%22%3E%3Ca%20href='https:\/\/080barcelonafashion.catwp-content\/uploads\/2023\/05\/Chandler-110664.jpg'%3E%3Cimg%20width=%5C%22200%5C%22%20height=%5C%22300%5C%22%20src=%5C%22https:\/\/080barcelonafashion.catwp-content\/uploads\/2023\/05\/Chandler-110664-200x300.jpg%5C%22%20class=%5C%22attachment-medium%20size-medium%5C%22%20alt=%5C%22%5C%22%20decoding=%5C%22async%5C%22%20loading=%5C%22lazy%5C%22%20srcset=%5C%22https:\/\/080barcelonafashion.catwp-content\/uploads\/2023\/05\/Chandler-110664-200x300.jpg%20200w,%20https:\/\/080barcelonafashion.catwp-content\/uploads\/2023\/05\/Chandler-110664-683x1024.jpg%20683w,%20https:\/\/080barcelonafashion.catwp-content\/uploads\/2023\/05\/Chandler-110664-768x1151.jpg%20768w,%20https:\/\/080barcelonafashion.catwp-content\/uploads\/2023\/05\/Chandler-110664.jpg%20934w%5C%22%20sizes=%5C%22(max-width:%20200px)%20100vw,%20200px%5C%22%20\/%3E%3C\/a%3E%3C\/p%3E%5Cn%22%7D,%22id%22:1593,%22link%22:%22https:\/\/080barcelonafashion.catdesigner\/nathalie-chandler-2\/chandler-110664\/%22,%22url%22:%22https:\/\/080barcelonafashion.catwp-content\/uploads\/2023\/05\/Chandler-110664.jpg%22,%22sizes%22:%22%22%7D,%7B%22alt%22:%22%22,%22title%22:%22Chandler-110688%22,%22caption%22:%22%22,%22description%22:%7B%22raw%22:%22%22,%22rendered%22:%22%3Cp%20class=%5C%22attachment%5C%22%3E%3Ca%20href='https:\/\/080barcelonafashion.catwp-content\/uploads\/2023\/05\/Chandler-110688.jpg'%3E%3Cimg%20width=%5C%22200%5C%22%20height=%5C%22300%5C%22%20src=%5C%22https:\/\/080barcelonafashion.catwp-content\/uploads\/2023\/05\/Chandler-110688-200x300.jpg%5C%22%20class=%5C%22attachment-medium%20size-medium%5C%22%20alt=%5C%22%5C%22%20decoding=%5C%22async%5C%22%20loading=%5C%22lazy%5C%22%20srcset=%5C%22https:\/\/080barcelonafashion.catwp-content\/uploads\/2023\/05\/Chandler-110688-200x300.jpg%20200w,%20https:\/\/080barcelonafashion.catwp-content\/uploads\/2023\/05\/Chandler-110688-683x1024.jpg%20683w,%20https:\/\/080barcelonafashion.catwp-content\/uploads\/2023\/05\/Chandler-110688-768x1151.jpg%20768w,%20https:\/\/080barcelonafashion.catwp-content\/uploads\/2023\/05\/Chandler-110688.jpg%20934w%5C%22%20sizes=%5C%22(max-width:%20200px)%20100vw,%20200px%5C%22%20\/%3E%3C\/a%3E%3C\/p%3E%5Cn%22%7D,%22id%22:1594,%22link%22:%22https:\/\/080barcelonafashion.catdesigner\/nathalie-chandler-2\/chandler-110688\/%22,%22url%22:%22https:\/\/080barcelonafashion.catwp-content\/uploads\/2023\/05\/Chandler-110688.jpg%22,%22sizes%22:%22%22%7D,%7B%22alt%22:%22%22,%22title%22:%22Chandler-110699%22,%22caption%22:%22%22,%22description%22:%7B%22raw%22:%22%22,%22rendered%22:%22%3Cp%20class=%5C%22attachment%5C%22%3E%3Ca%20href='https:\/\/080barcelonafashion.catwp-content\/uploads\/2023\/05\/Chandler-110699.jpg'%3E%3Cimg%20width=%5C%22200%5C%22%20height=%5C%22300%5C%22%20src=%5C%22https:\/\/080barcelonafashion.catwp-content\/uploads\/2023\/05\/Chandler-110699-200x300.jpg%5C%22%20class=%5C%22attachment-medium%20size-medium%5C%22%20alt=%5C%22%5C%22%20decoding=%5C%22async%5C%22%20loading=%5C%22lazy%5C%22%20srcset=%5C%22https:\/\/080barcelonafashion.catwp-content\/uploads\/2023\/05\/Chandler-110699-200x300.jpg%20200w,%20https:\/\/080barcelonafashion.catwp-content\/uploads\/2023\/05\/Chandler-110699-683x1024.jpg%20683w,%20https:\/\/080barcelonafashion.catwp-content\/uploads\/2023\/05\/Chandler-110699-768x1151.jpg%20768w,%20https:\/\/080barcelonafashion.catwp-content\/uploads\/2023\/05\/Chandler-110699.jpg%20934w%5C%22%20sizes=%5C%22(max-width:%20200px)%20100vw,%20200px%5C%22%20\/%3E%3C\/a%3E%3C\/p%3E%5Cn%22%7D,%22id%22:1595,%22link%22:%22https:\/\/080barcelonafashion.catdesigner\/nathalie-chandler-2\/chandler-110699\/%22,%22url%22:%22https:\/\/080barcelonafashion.catwp-content\/uploads\/2023\/05\/Chandler-110699.jpg%22,%22sizes%22:%22%22%7D,%7B%22alt%22:%22%22,%22title%22:%22Chandler-110720%22,%22caption%22:%22%22,%22description%22:%7B%22raw%22:%22%22,%22rendered%22:%22%3Cp%20class=%5C%22attachment%5C%22%3E%3Ca%20href='https:\/\/080barcelonafashion.catwp-content\/uploads\/2023\/05\/Chandler-110720.jpg'%3E%3Cimg%20width=%5C%22200%5C%22%20height=%5C%22300%5C%22%20src=%5C%22https:\/\/080barcelonafashion.catwp-content\/uploads\/2023\/05\/Chandler-110720-200x300.jpg%5C%22%20class=%5C%22attachment-medium%20size-medium%5C%22%20alt=%5C%22%5C%22%20decoding=%5C%22async%5C%22%20loading=%5C%22lazy%5C%22%20srcset=%5C%22https:\/\/080barcelonafashion.catwp-content\/uploads\/2023\/05\/Chandler-110720-200x300.jpg%20200w,%20https:\/\/080barcelonafashion.catwp-content\/uploads\/2023\/05\/Chandler-110720-683x1024.jpg%20683w,%20https:\/\/080barcelonafashion.catwp-content\/uploads\/2023\/05\/Chandler-110720-768x1151.jpg%20768w,%20https:\/\/080barcelonafashion.catwp-content\/uploads\/2023\/05\/Chandler-110720.jpg%20934w%5C%22%20sizes=%5C%22(max-width:%20200px)%20100vw,%20200px%5C%22%20\/%3E%3C\/a%3E%3C\/p%3E%5Cn%22%7D,%22id%22:1596,%22link%22:%22https:\/\/080barcelonafashion.catdesigner\/nathalie-chandler-2\/chandler-110720\/%22,%22url%22:%22https:\/\/080barcelonafashion.catwp-content\/uploads\/2023\/05\/Chandler-110720.jpg%22,%22sizes%22:%22%22%7D,%7B%22alt%22:%22%22,%22title%22:%22Chandler-110731%22,%22caption%22:%22%22,%22description%22:%7B%22raw%22:%22%22,%22rendered%22:%22%3Cp%20class=%5C%22attachment%5C%22%3E%3Ca%20href='https:\/\/080barcelonafashion.catwp-content\/uploads\/2023\/05\/Chandler-110731.jpg'%3E%3Cimg%20width=%5C%22200%5C%22%20height=%5C%22300%5C%22%20src=%5C%22https:\/\/080barcelonafashion.catwp-content\/uploads\/2023\/05\/Chandler-110731-200x300.jpg%5C%22%20class=%5C%22attachment-medium%20size-medium%5C%22%20alt=%5C%22%5C%22%20decoding=%5C%22async%5C%22%20loading=%5C%22lazy%5C%22%20srcset=%5C%22https:\/\/080barcelonafashion.catwp-content\/uploads\/2023\/05\/Chandler-110731-200x300.jpg%20200w,%20https:\/\/080barcelonafashion.catwp-content\/uploads\/2023\/05\/Chandler-110731-683x1024.jpg%20683w,%20https:\/\/080barcelonafashion.catwp-content\/uploads\/2023\/05\/Chandler-110731-768x1151.jpg%20768w,%20https:\/\/080barcelonafashion.catwp-content\/uploads\/2023\/05\/Chandler-110731.jpg%20934w%5C%22%20sizes=%5C%22(max-width:%20200px)%20100vw,%20200px%5C%22%20\/%3E%3C\/a%3E%3C\/p%3E%5Cn%22%7D,%22id%22:1597,%22link%22:%22https:\/\/080barcelonafashion.catdesigner\/nathalie-chandler-2\/chandler-110731\/%22,%22url%22:%22https:\/\/080barcelonafashion.catwp-content\/uploads\/2023\/05\/Chandler-110731.jpg%22,%22sizes%22:%22%22%7D,%7B%22alt%22:%22%22,%22title%22:%22Chandler-110750%22,%22caption%22:%22%22,%22description%22:%7B%22raw%22:%22%22,%22rendered%22:%22%3Cp%20class=%5C%22attachment%5C%22%3E%3Ca%20href='https:\/\/080barcelonafashion.catwp-content\/uploads\/2023\/05\/Chandler-110750.jpg'%3E%3Cimg%20width=%5C%22200%5C%22%20height=%5C%22300%5C%22%20src=%5C%22https:\/\/080barcelonafashion.catwp-content\/uploads\/2023\/05\/Chandler-110750-200x300.jpg%5C%22%20class=%5C%22attachment-medium%20size-medium%5C%22%20alt=%5C%22%5C%22%20decoding=%5C%22async%5C%22%20loading=%5C%22lazy%5C%22%20srcset=%5C%22https:\/\/080barcelonafashion.catwp-content\/uploads\/2023\/05\/Chandler-110750-200x300.jpg%20200w,%20https:\/\/080barcelonafashion.catwp-content\/uploads\/2023\/05\/Chandler-110750-683x1024.jpg%20683w,%20https:\/\/080barcelonafashion.catwp-content\/uploads\/2023\/05\/Chandler-110750-768x1151.jpg%20768w,%20https:\/\/080barcelonafashion.catwp-content\/uploads\/2023\/05\/Chandler-110750.jpg%20934w%5C%22%20sizes=%5C%22(max-width:%20200px)%20100vw,%20200px%5C%22%20\/%3E%3C\/a%3E%3C\/p%3E%5Cn%22%7D,%22id%22:1598,%22link%22:%22https:\/\/080barcelonafashion.catdesigner\/nathalie-chandler-2\/chandler-110750\/%22,%22url%22:%22https:\/\/080barcelonafashion.catwp-content\/uploads\/2023\/05\/Chandler-110750.jpg%22,%22sizes%22:%22%22%7D,%7B%22alt%22:%22%22,%22title%22:%22Chandler-110760%22,%22caption%22:%22%22,%22description%22:%7B%22raw%22:%22%22,%22rendered%22:%22%3Cp%20class=%5C%22attachment%5C%22%3E%3Ca%20href='https:\/\/080barcelonafashion.catwp-content\/uploads\/2023\/05\/Chandler-110760.jpg'%3E%3Cimg%20width=%5C%22200%5C%22%20height=%5C%22300%5C%22%20src=%5C%22https:\/\/080barcelonafashion.catwp-content\/uploads\/2023\/05\/Chandler-110760-200x300.jpg%5C%22%20class=%5C%22attachment-medium%20size-medium%5C%22%20alt=%5C%22%5C%22%20decoding=%5C%22async%5C%22%20loading=%5C%22lazy%5C%22%20srcset=%5C%22https:\/\/080barcelonafashion.catwp-content\/uploads\/2023\/05\/Chandler-110760-200x300.jpg%20200w,%20https:\/\/080barcelonafashion.catwp-content\/uploads\/2023\/05\/Chandler-110760-683x1024.jpg%20683w,%20https:\/\/080barcelonafashion.catwp-content\/uploads\/2023\/05\/Chandler-110760-768x1151.jpg%20768w,%20https:\/\/080barcelonafashion.catwp-content\/uploads\/2023\/05\/Chandler-110760.jpg%20934w%5C%22%20sizes=%5C%22(max-width:%20200px)%20100vw,%20200px%5C%22%20\/%3E%3C\/a%3E%3C\/p%3E%5Cn%22%7D,%22id%22:1599,%22link%22:%22https:\/\/080barcelonafashion.catdesigner\/nathalie-chandler-2\/chandler-110760\/%22,%22url%22:%22https:\/\/080barcelonafashion.catwp-content\/uploads\/2023\/05\/Chandler-110760.jpg%22,%22sizes%22:%22%22%7D,%7B%22alt%22:%22%22,%22title%22:%22Chandler-110782%22,%22caption%22:%22%22,%22description%22:%7B%22raw%22:%22%22,%22rendered%22:%22%3Cp%20class=%5C%22attachment%5C%22%3E%3Ca%20href='https:\/\/080barcelonafashion.catwp-content\/uploads\/2023\/05\/Chandler-110782.jpg'%3E%3Cimg%20width=%5C%22200%5C%22%20height=%5C%22300%5C%22%20src=%5C%22https:\/\/080barcelonafashion.catwp-content\/uploads\/2023\/05\/Chandler-110782-200x300.jpg%5C%22%20class=%5C%22attachment-medium%20size-medium%5C%22%20alt=%5C%22%5C%22%20decoding=%5C%22async%5C%22%20loading=%5C%22lazy%5C%22%20srcset=%5C%22https:\/\/080barcelonafashion.catwp-content\/uploads\/2023\/05\/Chandler-110782-200x300.jpg%20200w,%20https:\/\/080barcelonafashion.catwp-content\/uploads\/2023\/05\/Chandler-110782-683x1024.jpg%20683w,%20https:\/\/080barcelonafashion.catwp-content\/uploads\/2023\/05\/Chandler-110782-768x1151.jpg%20768w,%20https:\/\/080barcelonafashion.catwp-content\/uploads\/2023\/05\/Chandler-110782.jpg%20934w%5C%22%20sizes=%5C%22(max-width:%20200px)%20100vw,%20200px%5C%22%20\/%3E%3C\/a%3E%3C\/p%3E%5Cn%22%7D,%22id%22:1600,%22link%22:%22https:\/\/080barcelonafashion.catdesigner\/nathalie-chandler-2\/chandler-110782\/%22,%22url%22:%22https:\/\/080barcelonafashion.catwp-content\/uploads\/2023\/05\/Chandler-110782.jpg%22,%22sizes%22:%22%22%7D,%7B%22alt%22:%22%22,%22title%22:%22Chandler-110792%22,%22caption%22:%22%22,%22description%22:%7B%22raw%22:%22%22,%22rendered%22:%22%3Cp%20class=%5C%22attachment%5C%22%3E%3Ca%20href='https:\/\/080barcelonafashion.catwp-content\/uploads\/2023\/05\/Chandler-110792.jpg'%3E%3Cimg%20width=%5C%22200%5C%22%20height=%5C%22300%5C%22%20src=%5C%22https:\/\/080barcelonafashion.catwp-content\/uploads\/2023\/05\/Chandler-110792-200x300.jpg%5C%22%20class=%5C%22attachment-medium%20size-medium%5C%22%20alt=%5C%22%5C%22%20decoding=%5C%22async%5C%22%20loading=%5C%22lazy%5C%22%20srcset=%5C%22https:\/\/080barcelonafashion.catwp-content\/uploads\/2023\/05\/Chandler-110792-200x300.jpg%20200w,%20https:\/\/080barcelonafashion.catwp-content\/uploads\/2023\/05\/Chandler-110792-683x1024.jpg%20683w,%20https:\/\/080barcelonafashion.catwp-content\/uploads\/2023\/05\/Chandler-110792-768x1151.jpg%20768w,%20https:\/\/080barcelonafashion.catwp-content\/uploads\/2023\/05\/Chandler-110792.jpg%20934w%5C%22%20sizes=%5C%22(max-width:%20200px)%20100vw,%20200px%5C%22%20\/%3E%3C\/a%3E%3C\/p%3E%5Cn%22%7D,%22id%22:1601,%22link%22:%22https:\/\/080barcelonafashion.catdesigner\/nathalie-chandler-2\/chandler-110792\/%22,%22url%22:%22https:\/\/080barcelonafashion.catwp-content\/uploads\/2023\/05\/Chandler-110792.jpg%22,%22sizes%22:%22%22%7D,%7B%22alt%22:%22%22,%22title%22:%22Chandler-110811%22,%22caption%22:%22%22,%22description%22:%7B%22raw%22:%22%22,%22rendered%22:%22%3Cp%20class=%5C%22attachment%5C%22%3E%3Ca%20href='https:\/\/080barcelonafashion.catwp-content\/uploads\/2023\/05\/Chandler-110811.jpg'%3E%3Cimg%20width=%5C%22200%5C%22%20height=%5C%22300%5C%22%20src=%5C%22https:\/\/080barcelonafashion.catwp-content\/uploads\/2023\/05\/Chandler-110811-200x300.jpg%5C%22%20class=%5C%22attachment-medium%20size-medium%5C%22%20alt=%5C%22%5C%22%20decoding=%5C%22async%5C%22%20loading=%5C%22lazy%5C%22%20srcset=%5C%22https:\/\/080barcelonafashion.catwp-content\/uploads\/2023\/05\/Chandler-110811-200x300.jpg%20200w,%20https:\/\/080barcelonafashion.catwp-content\/uploads\/2023\/05\/Chandler-110811-683x1024.jpg%20683w,%20https:\/\/080barcelonafashion.catwp-content\/uploads\/2023\/05\/Chandler-110811-768x1151.jpg%20768w,%20https:\/\/080barcelonafashion.catwp-content\/uploads\/2023\/05\/Chandler-110811.jpg%20934w%5C%22%20sizes=%5C%22(max-width:%20200px)%20100vw,%20200px%5C%22%20\/%3E%3C\/a%3E%3C\/p%3E%5Cn%22%7D,%22id%22:1602,%22link%22:%22https:\/\/080barcelonafashion.catdesigner\/nathalie-chandler-2\/chandler-110811\/%22,%22url%22:%22https:\/\/080barcelonafashion.catwp-content\/uploads\/2023\/05\/Chandler-110811.jpg%22,%22sizes%22:%22%22%7D,%7B%22alt%22:%22%22,%22title%22:%22Chandler-110824%22,%22caption%22:%22%22,%22description%22:%7B%22raw%22:%22%22,%22rendered%22:%22%3Cp%20class=%5C%22attachment%5C%22%3E%3Ca%20href='https:\/\/080barcelonafashion.catwp-content\/uploads\/2023\/05\/Chandler-110824.jpg'%3E%3Cimg%20width=%5C%22200%5C%22%20height=%5C%22300%5C%22%20src=%5C%22https:\/\/080barcelonafashion.catwp-content\/uploads\/2023\/05\/Chandler-110824-200x300.jpg%5C%22%20class=%5C%22attachment-medium%20size-medium%5C%22%20alt=%5C%22%5C%22%20decoding=%5C%22async%5C%22%20loading=%5C%22lazy%5C%22%20srcset=%5C%22https:\/\/080barcelonafashion.catwp-content\/uploads\/2023\/05\/Chandler-110824-200x300.jpg%20200w,%20https:\/\/080barcelonafashion.catwp-content\/uploads\/2023\/05\/Chandler-110824-683x1024.jpg%20683w,%20https:\/\/080barcelonafashion.catwp-content\/uploads\/2023\/05\/Chandler-110824-768x1151.jpg%20768w,%20https:\/\/080barcelonafashion.catwp-content\/uploads\/2023\/05\/Chandler-110824.jpg%20934w%5C%22%20sizes=%5C%22(max-width:%20200px)%20100vw,%20200px%5C%22%20\/%3E%3C\/a%3E%3C\/p%3E%5Cn%22%7D,%22id%22:1603,%22link%22:%22https:\/\/080barcelonafashion.catdesigner\/nathalie-chandler-2\/chandler-110824\/%22,%22url%22:%22https:\/\/080barcelonafashion.catwp-content\/uploads\/2023\/05\/Chandler-110824.jpg%22,%22sizes%22:%22%22%7D,%7B%22alt%22:%22%22,%22title%22:%22Chandler-110827%22,%22caption%22:%22%22,%22description%22:%7B%22raw%22:%22%22,%22rendered%22:%22%3Cp%20class=%5C%22attachment%5C%22%3E%3Ca%20href='https:\/\/080barcelonafashion.catwp-content\/uploads\/2023\/05\/Chandler-110827.jpg'%3E%3Cimg%20width=%5C%22200%5C%22%20height=%5C%22300%5C%22%20src=%5C%22https:\/\/080barcelonafashion.catwp-content\/uploads\/2023\/05\/Chandler-110827-200x300.jpg%5C%22%20class=%5C%22attachment-medium%20size-medium%5C%22%20alt=%5C%22%5C%22%20decoding=%5C%22async%5C%22%20loading=%5C%22lazy%5C%22%20srcset=%5C%22https:\/\/080barcelonafashion.catwp-content\/uploads\/2023\/05\/Chandler-110827-200x300.jpg%20200w,%20https:\/\/080barcelonafashion.catwp-content\/uploads\/2023\/05\/Chandler-110827-683x1024.jpg%20683w,%20https:\/\/080barcelonafashion.catwp-content\/uploads\/2023\/05\/Chandler-110827-768x1151.jpg%20768w,%20https:\/\/080barcelonafashion.catwp-content\/uploads\/2023\/05\/Chandler-110827.jpg%20934w%5C%22%20sizes=%5C%22(max-width:%20200px)%20100vw,%20200px%5C%22%20\/%3E%3C\/a%3E%3C\/p%3E%5Cn%22%7D,%22id%22:1604,%22link%22:%22https:\/\/080barcelonafashion.catdesigner\/nathalie-chandler-2\/chandler-110827\/%22,%22url%22:%22https:\/\/080barcelonafashion.catwp-content\/uploads\/2023\/05\/Chandler-110827.jpg%22,%22sizes%22:%22%22%7D,%7B%22alt%22:%22%22,%22title%22:%22Chandler-110843%22,%22caption%22:%22%22,%22description%22:%7B%22raw%22:%22%22,%22rendered%22:%22%3Cp%20class=%5C%22attachment%5C%22%3E%3Ca%20href='https:\/\/080barcelonafashion.catwp-content\/uploads\/2023\/05\/Chandler-110843.jpg'%3E%3Cimg%20width=%5C%22200%5C%22%20height=%5C%22300%5C%22%20src=%5C%22https:\/\/080barcelonafashion.catwp-content\/uploads\/2023\/05\/Chandler-110843-200x300.jpg%5C%22%20class=%5C%22attachment-medium%20size-medium%5C%22%20alt=%5C%22%5C%22%20decoding=%5C%22async%5C%22%20loading=%5C%22lazy%5C%22%20srcset=%5C%22https:\/\/080barcelonafashion.catwp-content\/uploads\/2023\/05\/Chandler-110843-200x300.jpg%20200w,%20https:\/\/080barcelonafashion.catwp-content\/uploads\/2023\/05\/Chandler-110843-683x1024.jpg%20683w,%20https:\/\/080barcelonafashion.catwp-content\/uploads\/2023\/05\/Chandler-110843-768x1151.jpg%20768w,%20https:\/\/080barcelonafashion.catwp-content\/uploads\/2023\/05\/Chandler-110843.jpg%20934w%5C%22%20sizes=%5C%22(max-width:%20200px)%20100vw,%20200px%5C%22%20\/%3E%3C\/a%3E%3C\/p%3E%5Cn%22%7D,%22id%22:1605,%22link%22:%22https:\/\/080barcelonafashion.catdesigner\/nathalie-chandler-2\/chandler-110843\/%22,%22url%22:%22https:\/\/080barcelonafashion.catwp-content\/uploads\/2023\/05\/Chandler-110843.jpg%22,%22sizes%22:%22%22%7D,%7B%22alt%22:%22%22,%22title%22:%22Chandler-110846%22,%22caption%22:%22%22,%22description%22:%7B%22raw%22:%22%22,%22rendered%22:%22%3Cp%20class=%5C%22attachment%5C%22%3E%3Ca%20href='https:\/\/080barcelonafashion.catwp-content\/uploads\/2023\/05\/Chandler-110846.jpg'%3E%3Cimg%20width=%5C%22200%5C%22%20height=%5C%22300%5C%22%20src=%5C%22https:\/\/080barcelonafashion.catwp-content\/uploads\/2023\/05\/Chandler-110846-200x300.jpg%5C%22%20class=%5C%22attachment-medium%20size-medium%5C%22%20alt=%5C%22%5C%22%20decoding=%5C%22async%5C%22%20loading=%5C%22lazy%5C%22%20srcset=%5C%22https:\/\/080barcelonafashion.catwp-content\/uploads\/2023\/05\/Chandler-110846-200x300.jpg%20200w,%20https:\/\/080barcelonafashion.catwp-content\/uploads\/2023\/05\/Chandler-110846-683x1024.jpg%20683w,%20https:\/\/080barcelonafashion.catwp-content\/uploads\/2023\/05\/Chandler-110846-768x1151.jpg%20768w,%20https:\/\/080barcelonafashion.catwp-content\/uploads\/2023\/05\/Chandler-110846.jpg%20934w%5C%22%20sizes=%5C%22(max-width:%20200px)%20100vw,%20200px%5C%22%20\/%3E%3C\/a%3E%3C\/p%3E%5Cn%22%7D,%22id%22:1606,%22link%22:%22https:\/\/080barcelonafashion.catdesigner\/nathalie-chandler-2\/chandler-110846\/%22,%22url%22:%22https:\/\/080barcelonafashion.catwp-content\/uploads\/2023\/05\/Chandler-110846.jpg%22,%22sizes%22:%22%22%7D,%7B%22alt%22:%22%22,%22title%22:%22Chandler-110872%22,%22caption%22:%22%22,%22description%22:%7B%22raw%22:%22%22,%22rendered%22:%22%3Cp%20class=%5C%22attachment%5C%22%3E%3Ca%20href='https:\/\/080barcelonafashion.catwp-content\/uploads\/2023\/05\/Chandler-110872.jpg'%3E%3Cimg%20width=%5C%22200%5C%22%20height=%5C%22300%5C%22%20src=%5C%22https:\/\/080barcelonafashion.catwp-content\/uploads\/2023\/05\/Chandler-110872-200x300.jpg%5C%22%20class=%5C%22attachment-medium%20size-medium%5C%22%20alt=%5C%22%5C%22%20decoding=%5C%22async%5C%22%20loading=%5C%22lazy%5C%22%20srcset=%5C%22https:\/\/080barcelonafashion.catwp-content\/uploads\/2023\/05\/Chandler-110872-200x300.jpg%20200w,%20https:\/\/080barcelonafashion.catwp-content\/uploads\/2023\/05\/Chandler-110872-683x1024.jpg%20683w,%20https:\/\/080barcelonafashion.catwp-content\/uploads\/2023\/05\/Chandler-110872-768x1151.jpg%20768w,%20https:\/\/080barcelonafashion.catwp-content\/uploads\/2023\/05\/Chandler-110872.jpg%20934w%5C%22%20sizes=%5C%22(max-width:%20200px)%20100vw,%20200px%5C%22%20\/%3E%3C\/a%3E%3C\/p%3E%5Cn%22%7D,%22id%22:1607,%22link%22:%22https:\/\/080barcelonafashion.catdesigner\/nathalie-chandler-2\/chandler-110872\/%22,%22url%22:%22https:\/\/080barcelonafashion.catwp-content\/uploads\/2023\/05\/Chandler-110872.jpg%22,%22sizes%22:%22%22%7D,%7B%22alt%22:%22%22,%22title%22:%22Chandler-110881%22,%22caption%22:%22%22,%22description%22:%7B%22raw%22:%22%22,%22rendered%22:%22%3Cp%20class=%5C%22attachment%5C%22%3E%3Ca%20href='https:\/\/080barcelonafashion.catwp-content\/uploads\/2023\/05\/Chandler-110881.jpg'%3E%3Cimg%20width=%5C%22200%5C%22%20height=%5C%22300%5C%22%20src=%5C%22https:\/\/080barcelonafashion.catwp-content\/uploads\/2023\/05\/Chandler-110881-200x300.jpg%5C%22%20class=%5C%22attachment-medium%20size-medium%5C%22%20alt=%5C%22%5C%22%20decoding=%5C%22async%5C%22%20loading=%5C%22lazy%5C%22%20srcset=%5C%22https:\/\/080barcelonafashion.catwp-content\/uploads\/2023\/05\/Chandler-110881-200x300.jpg%20200w,%20https:\/\/080barcelonafashion.catwp-content\/uploads\/2023\/05\/Chandler-110881-683x1024.jpg%20683w,%20https:\/\/080barcelonafashion.catwp-content\/uploads\/2023\/05\/Chandler-110881-768x1151.jpg%20768w,%20https:\/\/080barcelonafashion.catwp-content\/uploads\/2023\/05\/Chandler-110881.jpg%20934w%5C%22%20sizes=%5C%22(max-width:%20200px)%20100vw,%20200px%5C%22%20\/%3E%3C\/a%3E%3C\/p%3E%5Cn%22%7D,%22id%22:1608,%22link%22:%22https:\/\/080barcelonafashion.catdesigner\/nathalie-chandler-2\/chandler-110881\/%22,%22url%22:%22https:\/\/080barcelonafashion.catwp-content\/uploads\/2023\/05\/Chandler-110881.jpg%22,%22sizes%22:%22%22%7D,%7B%22alt%22:%22%22,%22title%22:%22Chandler-110914%22,%22caption%22:%22%22,%22description%22:%7B%22raw%22:%22%22,%22rendered%22:%22%3Cp%20class=%5C%22attachment%5C%22%3E%3Ca%20href='https:\/\/080barcelonafashion.catwp-content\/uploads\/2023\/05\/Chandler-110914.jpg'%3E%3Cimg%20width=%5C%22200%5C%22%20height=%5C%22300%5C%22%20src=%5C%22https:\/\/080barcelonafashion.catwp-content\/uploads\/2023\/05\/Chandler-110914-200x300.jpg%5C%22%20class=%5C%22attachment-medium%20size-medium%5C%22%20alt=%5C%22%5C%22%20decoding=%5C%22async%5C%22%20loading=%5C%22lazy%5C%22%20srcset=%5C%22https:\/\/080barcelonafashion.catwp-content\/uploads\/2023\/05\/Chandler-110914-200x300.jpg%20200w,%20https:\/\/080barcelonafashion.catwp-content\/uploads\/2023\/05\/Chandler-110914-683x1024.jpg%20683w,%20https:\/\/080barcelonafashion.catwp-content\/uploads\/2023\/05\/Chandler-110914-768x1151.jpg%20768w,%20https:\/\/080barcelonafashion.catwp-content\/uploads\/2023\/05\/Chandler-110914.jpg%20934w%5C%22%20sizes=%5C%22(max-width:%20200px)%20100vw,%20200px%5C%22%20\/%3E%3C\/a%3E%3C\/p%3E%5Cn%22%7D,%22id%22:1609,%22link%22:%22https:\/\/080barcelonafashion.catdesigner\/nathalie-chandler-2\/chandler-110914\/%22,%22url%22:%22https:\/\/080barcelonafashion.catwp-content\/uploads\/2023\/05\/Chandler-110914.jpg%22,%22sizes%22:%22%22%7D,%7B%22alt%22:%22%22,%22title%22:%22Chandler-110917%22,%22caption%22:%22%22,%22description%22:%7B%22raw%22:%22%22,%22rendered%22:%22%3Cp%20class=%5C%22attachment%5C%22%3E%3Ca%20href='https:\/\/080barcelonafashion.catwp-content\/uploads\/2023\/05\/Chandler-110917.jpg'%3E%3Cimg%20width=%5C%22200%5C%22%20height=%5C%22300%5C%22%20src=%5C%22https:\/\/080barcelonafashion.catwp-content\/uploads\/2023\/05\/Chandler-110917-200x300.jpg%5C%22%20class=%5C%22attachment-medium%20size-medium%5C%22%20alt=%5C%22%5C%22%20decoding=%5C%22async%5C%22%20loading=%5C%22lazy%5C%22%20srcset=%5C%22https:\/\/080barcelonafashion.catwp-content\/uploads\/2023\/05\/Chandler-110917-200x300.jpg%20200w,%20https:\/\/080barcelonafashion.catwp-content\/uploads\/2023\/05\/Chandler-110917-683x1024.jpg%20683w,%20https:\/\/080barcelonafashion.catwp-content\/uploads\/2023\/05\/Chandler-110917-768x1151.jpg%20768w,%20https:\/\/080barcelonafashion.catwp-content\/uploads\/2023\/05\/Chandler-110917.jpg%20934w%5C%22%20sizes=%5C%22(max-width:%20200px)%20100vw,%20200px%5C%22%20\/%3E%3C\/a%3E%3C\/p%3E%5Cn%22%7D,%22id%22:1610,%22link%22:%22https:\/\/080barcelonafashion.catdesigner\/nathalie-chandler-2\/chandler-110917\/%22,%22url%22:%22https:\/\/080barcelonafashion.catwp-content\/uploads\/2023\/05\/Chandler-110917.jpg%22,%22sizes%22:%22%22%7D,%7B%22alt%22:%22%22,%22title%22:%22Chandler-110936%22,%22caption%22:%22%22,%22description%22:%7B%22raw%22:%22%22,%22rendered%22:%22%3Cp%20class=%5C%22attachment%5C%22%3E%3Ca%20href='https:\/\/080barcelonafashion.catwp-content\/uploads\/2023\/05\/Chandler-110936.jpg'%3E%3Cimg%20width=%5C%22200%5C%22%20height=%5C%22300%5C%22%20src=%5C%22https:\/\/080barcelonafashion.catwp-content\/uploads\/2023\/05\/Chandler-110936-200x300.jpg%5C%22%20class=%5C%22attachment-medium%20size-medium%5C%22%20alt=%5C%22%5C%22%20decoding=%5C%22async%5C%22%20loading=%5C%22lazy%5C%22%20srcset=%5C%22https:\/\/080barcelonafashion.catwp-content\/uploads\/2023\/05\/Chandler-110936-200x300.jpg%20200w,%20https:\/\/080barcelonafashion.catwp-content\/uploads\/2023\/05\/Chandler-110936-683x1024.jpg%20683w,%20https:\/\/080barcelonafashion.catwp-content\/uploads\/2023\/05\/Chandler-110936-768x1151.jpg%20768w,%20https:\/\/080barcelonafashion.catwp-content\/uploads\/2023\/05\/Chandler-110936.jpg%20934w%5C%22%20sizes=%5C%22(max-width:%20200px)%20100vw,%20200px%5C%22%20\/%3E%3C\/a%3E%3C\/p%3E%5Cn%22%7D,%22id%22:1611,%22link%22:%22https:\/\/080barcelonafashion.catdesigner\/nathalie-chandler-2\/chandler-110936\/%22,%22url%22:%22https:\/\/080barcelonafashion.catwp-content\/uploads\/2023\/05\/Chandler-110936.jpg%22,%22sizes%22:%22%22%7D,%7B%22alt%22:%22%22,%22title%22:%22Chandler-110947%22,%22caption%22:%22%22,%22description%22:%7B%22raw%22:%22%22,%22rendered%22:%22%3Cp%20class=%5C%22attachment%5C%22%3E%3Ca%20href='https:\/\/080barcelonafashion.catwp-content\/uploads\/2023\/05\/Chandler-110947.jpg'%3E%3Cimg%20width=%5C%22200%5C%22%20height=%5C%22300%5C%22%20src=%5C%22https:\/\/080barcelonafashion.catwp-content\/uploads\/2023\/05\/Chandler-110947-200x300.jpg%5C%22%20class=%5C%22attachment-medium%20size-medium%5C%22%20alt=%5C%22%5C%22%20decoding=%5C%22async%5C%22%20loading=%5C%22lazy%5C%22%20srcset=%5C%22https:\/\/080barcelonafashion.catwp-content\/uploads\/2023\/05\/Chandler-110947-200x300.jpg%20200w,%20https:\/\/080barcelonafashion.catwp-content\/uploads\/2023\/05\/Chandler-110947-683x1024.jpg%20683w,%20https:\/\/080barcelonafashion.catwp-content\/uploads\/2023\/05\/Chandler-110947-768x1151.jpg%20768w,%20https:\/\/080barcelonafashion.catwp-content\/uploads\/2023\/05\/Chandler-110947.jpg%20934w%5C%22%20sizes=%5C%22(max-width:%20200px)%20100vw,%20200px%5C%22%20\/%3E%3C\/a%3E%3C\/p%3E%5Cn%22%7D,%22id%22:1612,%22link%22:%22https:\/\/080barcelonafashion.catdesigner\/nathalie-chandler-2\/chandler-110947\/%22,%22url%22:%22https:\/\/080barcelonafashion.catwp-content\/uploads\/2023\/05\/Chandler-110947.jpg%22,%22sizes%22:%22%22%7D,%7B%22alt%22:%22%22,%22title%22:%22Chandler-110972%22,%22caption%22:%22%22,%22description%22:%7B%22raw%22:%22%22,%22rendered%22:%22%3Cp%20class=%5C%22attachment%5C%22%3E%3Ca%20href='https:\/\/080barcelonafashion.catwp-content\/uploads\/2023\/05\/Chandler-110972.jpg'%3E%3Cimg%20width=%5C%22200%5C%22%20height=%5C%22300%5C%22%20src=%5C%22https:\/\/080barcelonafashion.catwp-content\/uploads\/2023\/05\/Chandler-110972-200x300.jpg%5C%22%20class=%5C%22attachment-medium%20size-medium%5C%22%20alt=%5C%22%5C%22%20decoding=%5C%22async%5C%22%20loading=%5C%22lazy%5C%22%20srcset=%5C%22https:\/\/080barcelonafashion.catwp-content\/uploads\/2023\/05\/Chandler-110972-200x300.jpg%20200w,%20https:\/\/080barcelonafashion.catwp-content\/uploads\/2023\/05\/Chandler-110972-683x1024.jpg%20683w,%20https:\/\/080barcelonafashion.catwp-content\/uploads\/2023\/05\/Chandler-110972-768x1151.jpg%20768w,%20https:\/\/080barcelonafashion.catwp-content\/uploads\/2023\/05\/Chandler-110972.jpg%20934w%5C%22%20sizes=%5C%22(max-width:%20200px)%20100vw,%20200px%5C%22%20\/%3E%3C\/a%3E%3C\/p%3E%5Cn%22%7D,%22id%22:1613,%22link%22:%22https:\/\/080barcelonafashion.catdesigner\/nathalie-chandler-2\/chandler-110972\/%22,%22url%22:%22https:\/\/080barcelonafashion.catwp-content\/uploads\/2023\/05\/Chandler-110972.jpg%22,%22sizes%22:%22%22%7D,%7B%22alt%22:%22%22,%22title%22:%22Chandler-110980%22,%22caption%22:%22%22,%22description%22:%7B%22raw%22:%22%22,%22rendered%22:%22%3Cp%20class=%5C%22attachment%5C%22%3E%3Ca%20href='https:\/\/080barcelonafashion.catwp-content\/uploads\/2023\/05\/Chandler-110980.jpg'%3E%3Cimg%20width=%5C%22200%5C%22%20height=%5C%22300%5C%22%20src=%5C%22https:\/\/080barcelonafashion.catwp-content\/uploads\/2023\/05\/Chandler-110980-200x300.jpg%5C%22%20class=%5C%22attachment-medium%20size-medium%5C%22%20alt=%5C%22%5C%22%20decoding=%5C%22async%5C%22%20loading=%5C%22lazy%5C%22%20srcset=%5C%22https:\/\/080barcelonafashion.catwp-content\/uploads\/2023\/05\/Chandler-110980-200x300.jpg%20200w,%20https:\/\/080barcelonafashion.catwp-content\/uploads\/2023\/05\/Chandler-110980-683x1024.jpg%20683w,%20https:\/\/080barcelonafashion.catwp-content\/uploads\/2023\/05\/Chandler-110980-768x1151.jpg%20768w,%20https:\/\/080barcelonafashion.catwp-content\/uploads\/2023\/05\/Chandler-110980.jpg%20934w%5C%22%20sizes=%5C%22(max-width:%20200px)%20100vw,%20200px%5C%22%20\/%3E%3C\/a%3E%3C\/p%3E%5Cn%22%7D,%22id%22:1614,%22link%22:%22https:\/\/080barcelonafashion.catdesigner\/nathalie-chandler-2\/chandler-110980\/%22,%22url%22:%22https:\/\/080barcelonafashion.catwp-content\/uploads\/2023\/05\/Chandler-110980.jpg%22,%22sizes%22:%22%22%7D,%7B%22alt%22:%22%22,%22title%22:%22Chandler-111003%22,%22caption%22:%22%22,%22description%22:%7B%22raw%22:%22%22,%22rendered%22:%22%3Cp%20class=%5C%22attachment%5C%22%3E%3Ca%20href='https:\/\/080barcelonafashion.catwp-content\/uploads\/2023\/05\/Chandler-111003.jpg'%3E%3Cimg%20width=%5C%22200%5C%22%20height=%5C%22300%5C%22%20src=%5C%22https:\/\/080barcelonafashion.catwp-content\/uploads\/2023\/05\/Chandler-111003-200x300.jpg%5C%22%20class=%5C%22attachment-medium%20size-medium%5C%22%20alt=%5C%22%5C%22%20decoding=%5C%22async%5C%22%20loading=%5C%22lazy%5C%22%20srcset=%5C%22https:\/\/080barcelonafashion.catwp-content\/uploads\/2023\/05\/Chandler-111003-200x300.jpg%20200w,%20https:\/\/080barcelonafashion.catwp-content\/uploads\/2023\/05\/Chandler-111003-683x1024.jpg%20683w,%20https:\/\/080barcelonafashion.catwp-content\/uploads\/2023\/05\/Chandler-111003-768x1151.jpg%20768w,%20https:\/\/080barcelonafashion.catwp-content\/uploads\/2023\/05\/Chandler-111003.jpg%20934w%5C%22%20sizes=%5C%22(max-width:%20200px)%20100vw,%20200px%5C%22%20\/%3E%3C\/a%3E%3C\/p%3E%5Cn%22%7D,%22id%22:1615,%22link%22:%22https:\/\/080barcelonafashion.catdesigner\/nathalie-chandler-2\/chandler-111003\/%22,%22url%22:%22https:\/\/080barcelonafashion.catwp-content\/uploads\/2023\/05\/Chandler-111003.jpg%22,%22sizes%22:%22%22%7D,%7B%22alt%22:%22%22,%22title%22:%22Chandler-111012%22,%22caption%22:%22%22,%22description%22:%7B%22raw%22:%22%22,%22rendered%22:%22%3Cp%20class=%5C%22attachment%5C%22%3E%3Ca%20href='https:\/\/080barcelonafashion.catwp-content\/uploads\/2023\/05\/Chandler-111012.jpg'%3E%3Cimg%20width=%5C%22200%5C%22%20height=%5C%22300%5C%22%20src=%5C%22https:\/\/080barcelonafashion.catwp-content\/uploads\/2023\/05\/Chandler-111012-200x300.jpg%5C%22%20class=%5C%22attachment-medium%20size-medium%5C%22%20alt=%5C%22%5C%22%20decoding=%5C%22async%5C%22%20loading=%5C%22lazy%5C%22%20srcset=%5C%22https:\/\/080barcelonafashion.catwp-content\/uploads\/2023\/05\/Chandler-111012-200x300.jpg%20200w,%20https:\/\/080barcelonafashion.catwp-content\/uploads\/2023\/05\/Chandler-111012-683x1024.jpg%20683w,%20https:\/\/080barcelonafashion.catwp-content\/uploads\/2023\/05\/Chandler-111012-768x1151.jpg%20768w,%20https:\/\/080barcelonafashion.catwp-content\/uploads\/2023\/05\/Chandler-111012.jpg%20934w%5C%22%20sizes=%5C%22(max-width:%20200px)%20100vw,%20200px%5C%22%20\/%3E%3C\/a%3E%3C\/p%3E%5Cn%22%7D,%22id%22:1616,%22link%22:%22https:\/\/080barcelonafashion.catdesigner\/nathalie-chandler-2\/chandler-111012\/%22,%22url%22:%22https:\/\/080barcelonafashion.catwp-content\/uploads\/2023\/05\/Chandler-111012.jpg%22,%22sizes%22:%22%22%7D,%7B%22alt%22:%22%22,%22title%22:%22Chandler-111030%22,%22caption%22:%22%22,%22description%22:%7B%22raw%22:%22%22,%22rendered%22:%22%3Cp%20class=%5C%22attachment%5C%22%3E%3Ca%20href='https:\/\/080barcelonafashion.catwp-content\/uploads\/2023\/05\/Chandler-111030.jpg'%3E%3Cimg%20width=%5C%22200%5C%22%20height=%5C%22300%5C%22%20src=%5C%22https:\/\/080barcelonafashion.catwp-content\/uploads\/2023\/05\/Chandler-111030-200x300.jpg%5C%22%20class=%5C%22attachment-medium%20size-medium%5C%22%20alt=%5C%22%5C%22%20decoding=%5C%22async%5C%22%20loading=%5C%22lazy%5C%22%20srcset=%5C%22https:\/\/080barcelonafashion.catwp-content\/uploads\/2023\/05\/Chandler-111030-200x300.jpg%20200w,%20https:\/\/080barcelonafashion.catwp-content\/uploads\/2023\/05\/Chandler-111030-683x1024.jpg%20683w,%20https:\/\/080barcelonafashion.catwp-content\/uploads\/2023\/05\/Chandler-111030-768x1151.jpg%20768w,%20https:\/\/080barcelonafashion.catwp-content\/uploads\/2023\/05\/Chandler-111030.jpg%20934w%5C%22%20sizes=%5C%22(max-width:%20200px)%20100vw,%20200px%5C%22%20\/%3E%3C\/a%3E%3C\/p%3E%5Cn%22%7D,%22id%22:1617,%22link%22:%22https:\/\/080barcelonafashion.catdesigner\/nathalie-chandler-2\/chandler-111030\/%22,%22url%22:%22https:\/\/080barcelonafashion.catwp-content\/uploads\/2023\/05\/Chandler-111030.jpg%22,%22sizes%22:%22%22%7D,%7B%22alt%22:%22%22,%22title%22:%22Chandler-111040%22,%22caption%22:%22%22,%22description%22:%7B%22raw%22:%22%22,%22rendered%22:%22%3Cp%20class=%5C%22attachment%5C%22%3E%3Ca%20href='https:\/\/080barcelonafashion.catwp-content\/uploads\/2023\/05\/Chandler-111040.jpg'%3E%3Cimg%20width=%5C%22200%5C%22%20height=%5C%22300%5C%22%20src=%5C%22https:\/\/080barcelonafashion.catwp-content\/uploads\/2023\/05\/Chandler-111040-200x300.jpg%5C%22%20class=%5C%22attachment-medium%20size-medium%5C%22%20alt=%5C%22%5C%22%20decoding=%5C%22async%5C%22%20loading=%5C%22lazy%5C%22%20srcset=%5C%22https:\/\/080barcelonafashion.catwp-content\/uploads\/2023\/05\/Chandler-111040-200x300.jpg%20200w,%20https:\/\/080barcelonafashion.catwp-content\/uploads\/2023\/05\/Chandler-111040-683x1024.jpg%20683w,%20https:\/\/080barcelonafashion.catwp-content\/uploads\/2023\/05\/Chandler-111040-768x1151.jpg%20768w,%20https:\/\/080barcelonafashion.catwp-content\/uploads\/2023\/05\/Chandler-111040.jpg%20934w%5C%22%20sizes=%5C%22(max-width:%20200px)%20100vw,%20200px%5C%22%20\/%3E%3C\/a%3E%3C\/p%3E%5Cn%22%7D,%22id%22:1618,%22link%22:%22https:\/\/080barcelonafashion.catdesigner\/nathalie-chandler-2\/chandler-111040\/%22,%22url%22:%22https:\/\/080barcelonafashion.catwp-content\/uploads\/2023\/05\/Chandler-111040.jpg%22,%22sizes%22:%22%22%7D,%7B%22alt%22:%22%22,%22title%22:%22Chandler-111064%22,%22caption%22:%22%22,%22description%22:%7B%22raw%22:%22%22,%22rendered%22:%22%3Cp%20class=%5C%22attachment%5C%22%3E%3Ca%20href='https:\/\/080barcelonafashion.catwp-content\/uploads\/2023\/05\/Chandler-111064.jpg'%3E%3Cimg%20width=%5C%22200%5C%22%20height=%5C%22300%5C%22%20src=%5C%22https:\/\/080barcelonafashion.catwp-content\/uploads\/2023\/05\/Chandler-111064-200x300.jpg%5C%22%20class=%5C%22attachment-medium%20size-medium%5C%22%20alt=%5C%22%5C%22%20decoding=%5C%22async%5C%22%20loading=%5C%22lazy%5C%22%20srcset=%5C%22https:\/\/080barcelonafashion.catwp-content\/uploads\/2023\/05\/Chandler-111064-200x300.jpg%20200w,%20https:\/\/080barcelonafashion.catwp-content\/uploads\/2023\/05\/Chandler-111064-683x1024.jpg%20683w,%20https:\/\/080barcelonafashion.catwp-content\/uploads\/2023\/05\/Chandler-111064-768x1151.jpg%20768w,%20https:\/\/080barcelonafashion.catwp-content\/uploads\/2023\/05\/Chandler-111064.jpg%20934w%5C%22%20sizes=%5C%22(max-width:%20200px)%20100vw,%20200px%5C%22%20\/%3E%3C\/a%3E%3C\/p%3E%5Cn%22%7D,%22id%22:1619,%22link%22:%22https:\/\/080barcelonafashion.catdesigner\/nathalie-chandler-2\/chandler-111064\/%22,%22url%22:%22https:\/\/080barcelonafashion.catwp-content\/uploads\/2023\/05\/Chandler-111064.jpg%22,%22sizes%22:%22%22%7D,%7B%22alt%22:%22%22,%22title%22:%22Chandler-111071%22,%22caption%22:%22%22,%22description%22:%7B%22raw%22:%22%22,%22rendered%22:%22%3Cp%20class=%5C%22attachment%5C%22%3E%3Ca%20href='https:\/\/080barcelonafashion.catwp-content\/uploads\/2023\/05\/Chandler-111071.jpg'%3E%3Cimg%20width=%5C%22200%5C%22%20height=%5C%22300%5C%22%20src=%5C%22https:\/\/080barcelonafashion.catwp-content\/uploads\/2023\/05\/Chandler-111071-200x300.jpg%5C%22%20class=%5C%22attachment-medium%20size-medium%5C%22%20alt=%5C%22%5C%22%20decoding=%5C%22async%5C%22%20loading=%5C%22lazy%5C%22%20srcset=%5C%22https:\/\/080barcelonafashion.catwp-content\/uploads\/2023\/05\/Chandler-111071-200x300.jpg%20200w,%20https:\/\/080barcelonafashion.catwp-content\/uploads\/2023\/05\/Chandler-111071-683x1024.jpg%20683w,%20https:\/\/080barcelonafashion.catwp-content\/uploads\/2023\/05\/Chandler-111071-768x1151.jpg%20768w,%20https:\/\/080barcelonafashion.catwp-content\/uploads\/2023\/05\/Chandler-111071.jpg%20934w%5C%22%20sizes=%5C%22(max-width:%20200px)%20100vw,%20200px%5C%22%20\/%3E%3C\/a%3E%3C\/p%3E%5Cn%22%7D,%22id%22:1620,%22link%22:%22https:\/\/080barcelonafashion.catdesigner\/nathalie-chandler-2\/chandler-111071\/%22,%22url%22:%22https:\/\/080barcelonafashion.catwp-content\/uploads\/2023\/05\/Chandler-111071.jpg%22,%22sizes%22:%22%22%7D,%7B%22alt%22:%22%22,%22title%22:%22Chandler-111089%22,%22caption%22:%22%22,%22description%22:%7B%22raw%22:%22%22,%22rendered%22:%22%3Cp%20class=%5C%22attachment%5C%22%3E%3Ca%20href='https:\/\/080barcelonafashion.catwp-content\/uploads\/2023\/05\/Chandler-111089.jpg'%3E%3Cimg%20width=%5C%22200%5C%22%20height=%5C%22300%5C%22%20src=%5C%22https:\/\/080barcelonafashion.catwp-content\/uploads\/2023\/05\/Chandler-111089-200x300.jpg%5C%22%20class=%5C%22attachment-medium%20size-medium%5C%22%20alt=%5C%22%5C%22%20decoding=%5C%22async%5C%22%20loading=%5C%22lazy%5C%22%20srcset=%5C%22https:\/\/080barcelonafashion.catwp-content\/uploads\/2023\/05\/Chandler-111089-200x300.jpg%20200w,%20https:\/\/080barcelonafashion.catwp-content\/uploads\/2023\/05\/Chandler-111089-683x1024.jpg%20683w,%20https:\/\/080barcelonafashion.catwp-content\/uploads\/2023\/05\/Chandler-111089-768x1151.jpg%20768w,%20https:\/\/080barcelonafashion.catwp-content\/uploads\/2023\/05\/Chandler-111089.jpg%20934w%5C%22%20sizes=%5C%22(max-width:%20200px)%20100vw,%20200px%5C%22%20\/%3E%3C\/a%3E%3C\/p%3E%5Cn%22%7D,%22id%22:1621,%22link%22:%22https:\/\/080barcelonafashion.catdesigner\/nathalie-chandler-2\/chandler-111089\/%22,%22url%22:%22https:\/\/080barcelonafashion.catwp-content\/uploads\/2023\/05\/Chandler-111089.jpg%22,%22sizes%22:%22%22%7D,%7B%22alt%22:%22%22,%22title%22:%22Chandler-111098%22,%22caption%22:%22%22,%22description%22:%7B%22raw%22:%22%22,%22rendered%22:%22%3Cp%20class=%5C%22attachment%5C%22%3E%3Ca%20href='https:\/\/080barcelonafashion.catwp-content\/uploads\/2023\/05\/Chandler-111098.jpg'%3E%3Cimg%20width=%5C%22200%5C%22%20height=%5C%22300%5C%22%20src=%5C%22https:\/\/080barcelonafashion.catwp-content\/uploads\/2023\/05\/Chandler-111098-200x300.jpg%5C%22%20class=%5C%22attachment-medium%20size-medium%5C%22%20alt=%5C%22%5C%22%20decoding=%5C%22async%5C%22%20loading=%5C%22lazy%5C%22%20srcset=%5C%22https:\/\/080barcelonafashion.catwp-content\/uploads\/2023\/05\/Chandler-111098-200x300.jpg%20200w,%20https:\/\/080barcelonafashion.catwp-content\/uploads\/2023\/05\/Chandler-111098-683x1024.jpg%20683w,%20https:\/\/080barcelonafashion.catwp-content\/uploads\/2023\/05\/Chandler-111098-768x1151.jpg%20768w,%20https:\/\/080barcelonafashion.catwp-content\/uploads\/2023\/05\/Chandler-111098.jpg%20934w%5C%22%20sizes=%5C%22(max-width:%20200px)%20100vw,%20200px%5C%22%20\/%3E%3C\/a%3E%3C\/p%3E%5Cn%22%7D,%22id%22:1622,%22link%22:%22https:\/\/080barcelonafashion.catdesigner\/nathalie-chandler-2\/chandler-111098\/%22,%22url%22:%22https:\/\/080barcelonafashion.catwp-content\/uploads\/2023\/05\/Chandler-111098.jpg%22,%22sizes%22:%22%22%7D,%7B%22alt%22:%22%22,%22title%22:%22Chandler-111123%22,%22caption%22:%22%22,%22description%22:%7B%22raw%22:%22%22,%22rendered%22:%22%3Cp%20class=%5C%22attachment%5C%22%3E%3Ca%20href='https:\/\/080barcelonafashion.catwp-content\/uploads\/2023\/05\/Chandler-111123.jpg'%3E%3Cimg%20width=%5C%22200%5C%22%20height=%5C%22300%5C%22%20src=%5C%22https:\/\/080barcelonafashion.catwp-content\/uploads\/2023\/05\/Chandler-111123-200x300.jpg%5C%22%20class=%5C%22attachment-medium%20size-medium%5C%22%20alt=%5C%22%5C%22%20decoding=%5C%22async%5C%22%20loading=%5C%22lazy%5C%22%20srcset=%5C%22https:\/\/080barcelonafashion.catwp-content\/uploads\/2023\/05\/Chandler-111123-200x300.jpg%20200w,%20https:\/\/080barcelonafashion.catwp-content\/uploads\/2023\/05\/Chandler-111123-683x1024.jpg%20683w,%20https:\/\/080barcelonafashion.catwp-content\/uploads\/2023\/05\/Chandler-111123-768x1151.jpg%20768w,%20https:\/\/080barcelonafashion.catwp-content\/uploads\/2023\/05\/Chandler-111123.jpg%20934w%5C%22%20sizes=%5C%22(max-width:%20200px)%20100vw,%20200px%5C%22%20\/%3E%3C\/a%3E%3C\/p%3E%5Cn%22%7D,%22id%22:1623,%22link%22:%22https:\/\/080barcelonafashion.catdesigner\/nathalie-chandler-2\/chandler-111123\/%22,%22url%22:%22https:\/\/080barcelonafashion.catwp-content\/uploads\/2023\/05\/Chandler-111123.jpg%22,%22sizes%22:%22%22%7D,%7B%22alt%22:%22%22,%22title%22:%22Chandler-111133%22,%22caption%22:%22%22,%22description%22:%7B%22raw%22:%22%22,%22rendered%22:%22%3Cp%20class=%5C%22attachment%5C%22%3E%3Ca%20href='https:\/\/080barcelonafashion.catwp-content\/uploads\/2023\/05\/Chandler-111133.jpg'%3E%3Cimg%20width=%5C%22200%5C%22%20height=%5C%22300%5C%22%20src=%5C%22https:\/\/080barcelonafashion.catwp-content\/uploads\/2023\/05\/Chandler-111133-200x300.jpg%5C%22%20class=%5C%22attachment-medium%20size-medium%5C%22%20alt=%5C%22%5C%22%20decoding=%5C%22async%5C%22%20loading=%5C%22lazy%5C%22%20srcset=%5C%22https:\/\/080barcelonafashion.catwp-content\/uploads\/2023\/05\/Chandler-111133-200x300.jpg%20200w,%20https:\/\/080barcelonafashion.catwp-content\/uploads\/2023\/05\/Chandler-111133-683x1024.jpg%20683w,%20https:\/\/080barcelonafashion.catwp-content\/uploads\/2023\/05\/Chandler-111133-768x1151.jpg%20768w,%20https:\/\/080barcelonafashion.catwp-content\/uploads\/2023\/05\/Chandler-111133.jpg%20934w%5C%22%20sizes=%5C%22(max-width:%20200px)%20100vw,%20200px%5C%22%20\/%3E%3C\/a%3E%3C\/p%3E%5Cn%22%7D,%22id%22:1624,%22link%22:%22https:\/\/080barcelonafashion.catdesigner\/nathalie-chandler-2\/chandler-111133\/%22,%22url%22:%22https:\/\/080barcelonafashion.catwp-content\/uploads\/2023\/05\/Chandler-111133.jpg%22,%22sizes%22:%22%22%7D,%7B%22alt%22:%22%22,%22title%22:%22Chandler-111163%22,%22caption%22:%22%22,%22description%22:%7B%22raw%22:%22%22,%22rendered%22:%22%3Cp%20class=%5C%22attachment%5C%22%3E%3Ca%20href='https:\/\/080barcelonafashion.catwp-content\/uploads\/2023\/05\/Chandler-111163.jpg'%3E%3Cimg%20width=%5C%22200%5C%22%20height=%5C%22300%5C%22%20src=%5C%22https:\/\/080barcelonafashion.catwp-content\/uploads\/2023\/05\/Chandler-111163-200x300.jpg%5C%22%20class=%5C%22attachment-medium%20size-medium%5C%22%20alt=%5C%22%5C%22%20decoding=%5C%22async%5C%22%20loading=%5C%22lazy%5C%22%20srcset=%5C%22https:\/\/080barcelonafashion.catwp-content\/uploads\/2023\/05\/Chandler-111163-200x300.jpg%20200w,%20https:\/\/080barcelonafashion.catwp-content\/uploads\/2023\/05\/Chandler-111163-683x1024.jpg%20683w,%20https:\/\/080barcelonafashion.catwp-content\/uploads\/2023\/05\/Chandler-111163-768x1151.jpg%20768w,%20https:\/\/080barcelonafashion.catwp-content\/uploads\/2023\/05\/Chandler-111163.jpg%20934w%5C%22%20sizes=%5C%22(max-width:%20200px)%20100vw,%20200px%5C%22%20\/%3E%3C\/a%3E%3C\/p%3E%5Cn%22%7D,%22id%22:1625,%22link%22:%22https:\/\/080barcelonafashion.catdesigner\/nathalie-chandler-2\/chandler-111163\/%22,%22url%22:%22https:\/\/080barcelonafashion.catwp-content\/uploads\/2023\/05\/Chandler-111163.jpg%22,%22sizes%22:%22%22%7D,%7B%22alt%22:%22%22,%22title%22:%22Chandler-111168%22,%22caption%22:%22%22,%22description%22:%7B%22raw%22:%22%22,%22rendered%22:%22%3Cp%20class=%5C%22attachment%5C%22%3E%3Ca%20href='https:\/\/080barcelonafashion.catwp-content\/uploads\/2023\/05\/Chandler-111168.jpg'%3E%3Cimg%20width=%5C%22200%5C%22%20height=%5C%22300%5C%22%20src=%5C%22https:\/\/080barcelonafashion.catwp-content\/uploads\/2023\/05\/Chandler-111168-200x300.jpg%5C%22%20class=%5C%22attachment-medium%20size-medium%5C%22%20alt=%5C%22%5C%22%20decoding=%5C%22async%5C%22%20loading=%5C%22lazy%5C%22%20srcset=%5C%22https:\/\/080barcelonafashion.catwp-content\/uploads\/2023\/05\/Chandler-111168-200x300.jpg%20200w,%20https:\/\/080barcelonafashion.catwp-content\/uploads\/2023\/05\/Chandler-111168-683x1024.jpg%20683w,%20https:\/\/080barcelonafashion.catwp-content\/uploads\/2023\/05\/Chandler-111168-768x1151.jpg%20768w,%20https:\/\/080barcelonafashion.catwp-content\/uploads\/2023\/05\/Chandler-111168.jpg%20934w%5C%22%20sizes=%5C%22(max-width:%20200px)%20100vw,%20200px%5C%22%20\/%3E%3C\/a%3E%3C\/p%3E%5Cn%22%7D,%22id%22:1626,%22link%22:%22https:\/\/080barcelonafashion.catdesigner\/nathalie-chandler-2\/chandler-111168\/%22,%22url%22:%22https:\/\/080barcelonafashion.catwp-content\/uploads\/2023\/05\/Chandler-111168.jpg%22,%22sizes%22:%22%22%7D,%7B%22alt%22:%22%22,%22title%22:%22Chandler-111188%22,%22caption%22:%22%22,%22description%22:%7B%22raw%22:%22%22,%22rendered%22:%22%3Cp%20class=%5C%22attachment%5C%22%3E%3Ca%20href='https:\/\/080barcelonafashion.catwp-content\/uploads\/2023\/05\/Chandler-111188.jpg'%3E%3Cimg%20width=%5C%22200%5C%22%20height=%5C%22300%5C%22%20src=%5C%22https:\/\/080barcelonafashion.catwp-content\/uploads\/2023\/05\/Chandler-111188-200x300.jpg%5C%22%20class=%5C%22attachment-medium%20size-medium%5C%22%20alt=%5C%22%5C%22%20decoding=%5C%22async%5C%22%20loading=%5C%22lazy%5C%22%20srcset=%5C%22https:\/\/080barcelonafashion.catwp-content\/uploads\/2023\/05\/Chandler-111188-200x300.jpg%20200w,%20https:\/\/080barcelonafashion.catwp-content\/uploads\/2023\/05\/Chandler-111188-683x1024.jpg%20683w,%20https:\/\/080barcelonafashion.catwp-content\/uploads\/2023\/05\/Chandler-111188-768x1151.jpg%20768w,%20https:\/\/080barcelonafashion.catwp-content\/uploads\/2023\/05\/Chandler-111188.jpg%20934w%5C%22%20sizes=%5C%22(max-width:%20200px)%20100vw,%20200px%5C%22%20\/%3E%3C\/a%3E%3C\/p%3E%5Cn%22%7D,%22id%22:1627,%22link%22:%22https:\/\/080barcelonafashion.catdesigner\/nathalie-chandler-2\/chandler-111188\/%22,%22url%22:%22https:\/\/080barcelonafashion.catwp-content\/uploads\/2023\/05\/Chandler-111188.jpg%22,%22sizes%22:%22%22%7D,%7B%22alt%22:%22%22,%22title%22:%22Chandler-111197%22,%22caption%22:%22%22,%22description%22:%7B%22raw%22:%22%22,%22rendered%22:%22%3Cp%20class=%5C%22attachment%5C%22%3E%3Ca%20href='https:\/\/080barcelonafashion.catwp-content\/uploads\/2023\/05\/Chandler-111197.jpg'%3E%3Cimg%20width=%5C%22200%5C%22%20height=%5C%22300%5C%22%20src=%5C%22https:\/\/080barcelonafashion.catwp-content\/uploads\/2023\/05\/Chandler-111197-200x300.jpg%5C%22%20class=%5C%22attachment-medium%20size-medium%5C%22%20alt=%5C%22%5C%22%20decoding=%5C%22async%5C%22%20loading=%5C%22lazy%5C%22%20srcset=%5C%22https:\/\/080barcelonafashion.catwp-content\/uploads\/2023\/05\/Chandler-111197-200x300.jpg%20200w,%20https:\/\/080barcelonafashion.catwp-content\/uploads\/2023\/05\/Chandler-111197-683x1024.jpg%20683w,%20https:\/\/080barcelonafashion.catwp-content\/uploads\/2023\/05\/Chandler-111197-768x1151.jpg%20768w,%20https:\/\/080barcelonafashion.catwp-content\/uploads\/2023\/05\/Chandler-111197.jpg%20934w%5C%22%20sizes=%5C%22(max-width:%20200px)%20100vw,%20200px%5C%22%20\/%3E%3C\/a%3E%3C\/p%3E%5Cn%22%7D,%22id%22:1628,%22link%22:%22https:\/\/080barcelonafashion.catdesigner\/nathalie-chandler-2\/chandler-111197\/%22,%22url%22:%22https:\/\/080barcelonafashion.catwp-content\/uploads\/2023\/05\/Chandler-111197.jpg%22,%22sizes%22:%22%22%7D,%7B%22alt%22:%22%22,%22title%22:%22Chandler-111217%22,%22caption%22:%22%22,%22description%22:%7B%22raw%22:%22%22,%22rendered%22:%22%3Cp%20class=%5C%22attachment%5C%22%3E%3Ca%20href='https:\/\/080barcelonafashion.catwp-content\/uploads\/2023\/05\/Chandler-111217.jpg'%3E%3Cimg%20width=%5C%22200%5C%22%20height=%5C%22300%5C%22%20src=%5C%22https:\/\/080barcelonafashion.catwp-content\/uploads\/2023\/05\/Chandler-111217-200x300.jpg%5C%22%20class=%5C%22attachment-medium%20size-medium%5C%22%20alt=%5C%22%5C%22%20decoding=%5C%22async%5C%22%20loading=%5C%22lazy%5C%22%20srcset=%5C%22https:\/\/080barcelonafashion.catwp-content\/uploads\/2023\/05\/Chandler-111217-200x300.jpg%20200w,%20https:\/\/080barcelonafashion.catwp-content\/uploads\/2023\/05\/Chandler-111217-683x1024.jpg%20683w,%20https:\/\/080barcelonafashion.catwp-content\/uploads\/2023\/05\/Chandler-111217-768x1151.jpg%20768w,%20https:\/\/080barcelonafashion.catwp-content\/uploads\/2023\/05\/Chandler-111217.jpg%20934w%5C%22%20sizes=%5C%22(max-width:%20200px)%20100vw,%20200px%5C%22%20\/%3E%3C\/a%3E%3C\/p%3E%5Cn%22%7D,%22id%22:1629,%22link%22:%22https:\/\/080barcelonafashion.catdesigner\/nathalie-chandler-2\/chandler-111217\/%22,%22url%22:%22https:\/\/080barcelonafashion.catwp-content\/uploads\/2023\/05\/Chandler-111217.jpg%22,%22sizes%22:%22%22%7D,%7B%22alt%22:%22%22,%22title%22:%22Chandler-111229%22,%22caption%22:%22%22,%22description%22:%7B%22raw%22:%22%22,%22rendered%22:%22%3Cp%20class=%5C%22attachment%5C%22%3E%3Ca%20href='https:\/\/080barcelonafashion.catwp-content\/uploads\/2023\/05\/Chandler-111229.jpg'%3E%3Cimg%20width=%5C%22200%5C%22%20height=%5C%22300%5C%22%20src=%5C%22https:\/\/080barcelonafashion.catwp-content\/uploads\/2023\/05\/Chandler-111229-200x300.jpg%5C%22%20class=%5C%22attachment-medium%20size-medium%5C%22%20alt=%5C%22%5C%22%20decoding=%5C%22async%5C%22%20loading=%5C%22lazy%5C%22%20srcset=%5C%22https:\/\/080barcelonafashion.catwp-content\/uploads\/2023\/05\/Chandler-111229-200x300.jpg%20200w,%20https:\/\/080barcelonafashion.catwp-content\/uploads\/2023\/05\/Chandler-111229-683x1024.jpg%20683w,%20https:\/\/080barcelonafashion.catwp-content\/uploads\/2023\/05\/Chandler-111229-768x1151.jpg%20768w,%20https:\/\/080barcelonafashion.catwp-content\/uploads\/2023\/05\/Chandler-111229.jpg%20934w%5C%22%20sizes=%5C%22(max-width:%20200px)%20100vw,%20200px%5C%22%20\/%3E%3C\/a%3E%3C\/p%3E%5Cn%22%7D,%22id%22:1630,%22link%22:%22https:\/\/080barcelonafashion.catdesigner\/nathalie-chandler-2\/chandler-111229\/%22,%22url%22:%22https:\/\/080barcelonafashion.catwp-content\/uploads\/2023\/05\/Chandler-111229.jpg%22,%22sizes%22:%22%22%7D,%7B%22alt%22:%22%22,%22title%22:%22Chandler-111246%22,%22caption%22:%22%22,%22description%22:%7B%22raw%22:%22%22,%22rendered%22:%22%3Cp%20class=%5C%22attachment%5C%22%3E%3Ca%20href='https:\/\/080barcelonafashion.catwp-content\/uploads\/2023\/05\/Chandler-111246.jpg'%3E%3Cimg%20width=%5C%22200%5C%22%20height=%5C%22300%5C%22%20src=%5C%22https:\/\/080barcelonafashion.catwp-content\/uploads\/2023\/05\/Chandler-111246-200x300.jpg%5C%22%20class=%5C%22attachment-medium%20size-medium%5C%22%20alt=%5C%22%5C%22%20decoding=%5C%22async%5C%22%20loading=%5C%22lazy%5C%22%20srcset=%5C%22https:\/\/080barcelonafashion.catwp-content\/uploads\/2023\/05\/Chandler-111246-200x300.jpg%20200w,%20https:\/\/080barcelonafashion.catwp-content\/uploads\/2023\/05\/Chandler-111246-683x1024.jpg%20683w,%20https:\/\/080barcelonafashion.catwp-content\/uploads\/2023\/05\/Chandler-111246-768x1151.jpg%20768w,%20https:\/\/080barcelonafashion.catwp-content\/uploads\/2023\/05\/Chandler-111246.jpg%20934w%5C%22%20sizes=%5C%22(max-width:%20200px)%20100vw,%20200px%5C%22%20\/%3E%3C\/a%3E%3C\/p%3E%5Cn%22%7D,%22id%22:1631,%22link%22:%22https:\/\/080barcelonafashion.catdesigner\/nathalie-chandler-2\/chandler-111246\/%22,%22url%22:%22https:\/\/080barcelonafashion.catwp-content\/uploads\/2023\/05\/Chandler-111246.jpg%22,%22sizes%22:%22%22%7D,%7B%22alt%22:%22%22,%22title%22:%22Chandler-111252%22,%22caption%22:%22%22,%22description%22:%7B%22raw%22:%22%22,%22rendered%22:%22%3Cp%20class=%5C%22attachment%5C%22%3E%3Ca%20href='https:\/\/080barcelonafashion.catwp-content\/uploads\/2023\/05\/Chandler-111252.jpg'%3E%3Cimg%20width=%5C%22200%5C%22%20height=%5C%22300%5C%22%20src=%5C%22https:\/\/080barcelonafashion.catwp-content\/uploads\/2023\/05\/Chandler-111252-200x300.jpg%5C%22%20class=%5C%22attachment-medium%20size-medium%5C%22%20alt=%5C%22%5C%22%20decoding=%5C%22async%5C%22%20loading=%5C%22lazy%5C%22%20srcset=%5C%22https:\/\/080barcelonafashion.catwp-content\/uploads\/2023\/05\/Chandler-111252-200x300.jpg%20200w,%20https:\/\/080barcelonafashion.catwp-content\/uploads\/2023\/05\/Chandler-111252-683x1024.jpg%20683w,%20https:\/\/080barcelonafashion.catwp-content\/uploads\/2023\/05\/Chandler-111252-768x1151.jpg%20768w,%20https:\/\/080barcelonafashion.catwp-content\/uploads\/2023\/05\/Chandler-111252.jpg%20934w%5C%22%20sizes=%5C%22(max-width:%20200px)%20100vw,%20200px%5C%22%20\/%3E%3C\/a%3E%3C\/p%3E%5Cn%22%7D,%22id%22:1632,%22link%22:%22https:\/\/080barcelonafashion.catdesigner\/nathalie-chandler-2\/chandler-111252\/%22,%22url%22:%22https:\/\/080barcelonafashion.catwp-content\/uploads\/2023\/05\/Chandler-111252.jpg%22,%22sizes%22:%22%22%7D,%7B%22alt%22:%22%22,%22title%22:%22Chandler-111261%22,%22caption%22:%22%22,%22description%22:%7B%22raw%22:%22%22,%22rendered%22:%22%3Cp%20class=%5C%22attachment%5C%22%3E%3Ca%20href='https:\/\/080barcelonafashion.catwp-content\/uploads\/2023\/05\/Chandler-111261.jpg'%3E%3Cimg%20width=%5C%22200%5C%22%20height=%5C%22300%5C%22%20src=%5C%22https:\/\/080barcelonafashion.catwp-content\/uploads\/2023\/05\/Chandler-111261-200x300.jpg%5C%22%20class=%5C%22attachment-medium%20size-medium%5C%22%20alt=%5C%22%5C%22%20decoding=%5C%22async%5C%22%20loading=%5C%22lazy%5C%22%20srcset=%5C%22https:\/\/080barcelonafashion.catwp-content\/uploads\/2023\/05\/Chandler-111261-200x300.jpg%20200w,%20https:\/\/080barcelonafashion.catwp-content\/uploads\/2023\/05\/Chandler-111261-683x1024.jpg%20683w,%20https:\/\/080barcelonafashion.catwp-content\/uploads\/2023\/05\/Chandler-111261-768x1151.jpg%20768w,%20https:\/\/080barcelonafashion.catwp-content\/uploads\/2023\/05\/Chandler-111261.jpg%20934w%5C%22%20sizes=%5C%22(max-width:%20200px)%20100vw,%20200px%5C%22%20\/%3E%3C\/a%3E%3C\/p%3E%5Cn%22%7D,%22id%22:1633,%22link%22:%22https:\/\/080barcelonafashion.catdesigner\/nathalie-chandler-2\/chandler-111261\/%22,%22url%22:%22https:\/\/080barcelonafashion.catwp-content\/uploads\/2023\/05\/Chandler-111261.jpg%22,%22sizes%22:%22%22%7D,%7B%22alt%22:%22%22,%22title%22:%22Chandler-111277%22,%22caption%22:%22%22,%22description%22:%7B%22raw%22:%22%22,%22rendered%22:%22%3Cp%20class=%5C%22attachment%5C%22%3E%3Ca%20href='https:\/\/080barcelonafashion.catwp-content\/uploads\/2023\/05\/Chandler-111277.jpg'%3E%3Cimg%20width=%5C%22200%5C%22%20height=%5C%22300%5C%22%20src=%5C%22https:\/\/080barcelonafashion.catwp-content\/uploads\/2023\/05\/Chandler-111277-200x300.jpg%5C%22%20class=%5C%22attachment-medium%20size-medium%5C%22%20alt=%5C%22%5C%22%20decoding=%5C%22async%5C%22%20loading=%5C%22lazy%5C%22%20srcset=%5C%22https:\/\/080barcelonafashion.catwp-content\/uploads\/2023\/05\/Chandler-111277-200x300.jpg%20200w,%20https:\/\/080barcelonafashion.catwp-content\/uploads\/2023\/05\/Chandler-111277-683x1024.jpg%20683w,%20https:\/\/080barcelonafashion.catwp-content\/uploads\/2023\/05\/Chandler-111277-768x1151.jpg%20768w,%20https:\/\/080barcelonafashion.catwp-content\/uploads\/2023\/05\/Chandler-111277.jpg%20934w%5C%22%20sizes=%5C%22(max-width:%20200px)%20100vw,%20200px%5C%22%20\/%3E%3C\/a%3E%3C\/p%3E%5Cn%22%7D,%22id%22:1634,%22link%22:%22https:\/\/080barcelonafashion.catdesigner\/nathalie-chandler-2\/chandler-111277\/%22,%22url%22:%22https:\/\/080barcelonafashion.catwp-content\/uploads\/2023\/05\/Chandler-111277.jpg%22,%22sizes%22:%22%22%7D,%7B%22alt%22:%22%22,%22title%22:%22Chandler-111285%22,%22caption%22:%22%22,%22description%22:%7B%22raw%22:%22%22,%22rendered%22:%22%3Cp%20class=%5C%22attachment%5C%22%3E%3Ca%20href='https:\/\/080barcelonafashion.catwp-content\/uploads\/2023\/05\/Chandler-111285.jpg'%3E%3Cimg%20width=%5C%22200%5C%22%20height=%5C%22300%5C%22%20src=%5C%22https:\/\/080barcelonafashion.catwp-content\/uploads\/2023\/05\/Chandler-111285-200x300.jpg%5C%22%20class=%5C%22attachment-medium%20size-medium%5C%22%20alt=%5C%22%5C%22%20decoding=%5C%22async%5C%22%20loading=%5C%22lazy%5C%22%20srcset=%5C%22https:\/\/080barcelonafashion.catwp-content\/uploads\/2023\/05\/Chandler-111285-200x300.jpg%20200w,%20https:\/\/080barcelonafashion.catwp-content\/uploads\/2023\/05\/Chandler-111285-683x1024.jpg%20683w,%20https:\/\/080barcelonafashion.catwp-content\/uploads\/2023\/05\/Chandler-111285-768x1151.jpg%20768w,%20https:\/\/080barcelonafashion.catwp-content\/uploads\/2023\/05\/Chandler-111285.jpg%20934w%5C%22%20sizes=%5C%22(max-width:%20200px)%20100vw,%20200px%5C%22%20\/%3E%3C\/a%3E%3C\/p%3E%5Cn%22%7D,%22id%22:1635,%22link%22:%22https:\/\/080barcelonafashion.catdesigner\/nathalie-chandler-2\/chandler-111285\/%22,%22url%22:%22https:\/\/080barcelonafashion.catwp-content\/uploads\/2023\/05\/Chandler-111285.jpg%22,%22sizes%22:%22%22%7D,%7B%22alt%22:%22%22,%22title%22:%22Chandler-111290%22,%22caption%22:%22%22,%22description%22:%7B%22raw%22:%22%22,%22rendered%22:%22%3Cp%20class=%5C%22attachment%5C%22%3E%3Ca%20href='https:\/\/080barcelonafashion.catwp-content\/uploads\/2023\/05\/Chandler-111290.jpg'%3E%3Cimg%20width=%5C%22200%5C%22%20height=%5C%22300%5C%22%20src=%5C%22https:\/\/080barcelonafashion.catwp-content\/uploads\/2023\/05\/Chandler-111290-200x300.jpg%5C%22%20class=%5C%22attachment-medium%20size-medium%5C%22%20alt=%5C%22%5C%22%20decoding=%5C%22async%5C%22%20loading=%5C%22lazy%5C%22%20srcset=%5C%22https:\/\/080barcelonafashion.catwp-content\/uploads\/2023\/05\/Chandler-111290-200x300.jpg%20200w,%20https:\/\/080barcelonafashion.catwp-content\/uploads\/2023\/05\/Chandler-111290-683x1024.jpg%20683w,%20https:\/\/080barcelonafashion.catwp-content\/uploads\/2023\/05\/Chandler-111290-768x1151.jpg%20768w,%20https:\/\/080barcelonafashion.catwp-content\/uploads\/2023\/05\/Chandler-111290.jpg%20934w%5C%22%20sizes=%5C%22(max-width:%20200px)%20100vw,%20200px%5C%22%20\/%3E%3C\/a%3E%3C\/p%3E%5Cn%22%7D,%22id%22:1636,%22link%22:%22https:\/\/080barcelonafashion.catdesigner\/nathalie-chandler-2\/chandler-111290\/%22,%22url%22:%22https:\/\/080barcelonafashion.catwp-content\/uploads\/2023\/05\/Chandler-111290.jpg%22,%22sizes%22:%22%22%7D%5D","images-editorial":"%5B%7B%22alt%22:%22%22,%22title%22:%22ABM0088%22,%22caption%22:%22%22,%22description%22:%7B%22raw%22:%22%22,%22rendered%22:%22%3Cp%20class=%5C%22attachment%5C%22%3E%3Ca%20href='https:\/\/080barcelonafashion.catwp-content\/uploads\/2023\/05\/ABM0088.jpg'%3E%3Cimg%20width=%5C%22225%5C%22%20height=%5C%22300%5C%22%20src=%5C%22https:\/\/080barcelonafashion.catwp-content\/uploads\/2023\/05\/ABM0088-225x300.jpg%5C%22%20class=%5C%22attachment-medium%20size-medium%5C%22%20alt=%5C%22%5C%22%20decoding=%5C%22async%5C%22%20loading=%5C%22lazy%5C%22%20srcset=%5C%22https:\/\/080barcelonafashion.catwp-content\/uploads\/2023\/05\/ABM0088-225x300.jpg%20225w,%20https:\/\/080barcelonafashion.catwp-content\/uploads\/2023\/05\/ABM0088-768x1024.jpg%20768w,%20https:\/\/080barcelonafashion.catwp-content\/uploads\/2023\/05\/ABM0088.jpg%201050w%5C%22%20sizes=%5C%22(max-width:%20225px)%20100vw,%20225px%5C%22%20\/%3E%3C\/a%3E%3C\/p%3E%5Cn%22%7D,%22id%22:1637,%22link%22:%22https:\/\/080barcelonafashion.catdesigner\/nathalie-chandler-2\/abm0088\/%22,%22url%22:%22https:\/\/080barcelonafashion.catwp-content\/uploads\/2023\/05\/ABM0088.jpg%22,%22sizes%22:%22%22%7D,%7B%22alt%22:%22%22,%22title%22:%22ABM0095%22,%22caption%22:%22%22,%22description%22:%7B%22raw%22:%22%22,%22rendered%22:%22%3Cp%20class=%5C%22attachment%5C%22%3E%3Ca%20href='https:\/\/080barcelonafashion.catwp-content\/uploads\/2023\/05\/ABM0095.jpg'%3E%3Cimg%20width=%5C%22240%5C%22%20height=%5C%22300%5C%22%20src=%5C%22https:\/\/080barcelonafashion.catwp-content\/uploads\/2023\/05\/ABM0095-240x300.jpg%5C%22%20class=%5C%22attachment-medium%20size-medium%5C%22%20alt=%5C%22%5C%22%20decoding=%5C%22async%5C%22%20loading=%5C%22lazy%5C%22%20srcset=%5C%22https:\/\/080barcelonafashion.catwp-content\/uploads\/2023\/05\/ABM0095-240x300.jpg%20240w,%20https:\/\/080barcelonafashion.catwp-content\/uploads\/2023\/05\/ABM0095-819x1024.jpg%20819w,%20https:\/\/080barcelonafashion.catwp-content\/uploads\/2023\/05\/ABM0095-768x960.jpg%20768w,%20https:\/\/080barcelonafashion.catwp-content\/uploads\/2023\/05\/ABM0095.jpg%201120w%5C%22%20sizes=%5C%22(max-width:%20240px)%20100vw,%20240px%5C%22%20\/%3E%3C\/a%3E%3C\/p%3E%5Cn%22%7D,%22id%22:1638,%22link%22:%22https:\/\/080barcelonafashion.catdesigner\/nathalie-chandler-2\/abm0095\/%22,%22url%22:%22https:\/\/080barcelonafashion.catwp-content\/uploads\/2023\/05\/ABM0095.jpg%22,%22sizes%22:%22%22%7D,%7B%22alt%22:%22%22,%22title%22:%22ABM0098%22,%22caption%22:%22%22,%22description%22:%7B%22raw%22:%22%22,%22rendered%22:%22%3Cp%20class=%5C%22attachment%5C%22%3E%3Ca%20href='https:\/\/080barcelonafashion.catwp-content\/uploads\/2023\/05\/ABM0098.jpg'%3E%3Cimg%20width=%5C%22240%5C%22%20height=%5C%22300%5C%22%20src=%5C%22https:\/\/080barcelonafashion.catwp-content\/uploads\/2023\/05\/ABM0098-240x300.jpg%5C%22%20class=%5C%22attachment-medium%20size-medium%5C%22%20alt=%5C%22%5C%22%20decoding=%5C%22async%5C%22%20loading=%5C%22lazy%5C%22%20srcset=%5C%22https:\/\/080barcelonafashion.catwp-content\/uploads\/2023\/05\/ABM0098-240x300.jpg%20240w,%20https:\/\/080barcelonafashion.catwp-content\/uploads\/2023\/05\/ABM0098-819x1024.jpg%20819w,%20https:\/\/080barcelonafashion.catwp-content\/uploads\/2023\/05\/ABM0098-768x960.jpg%20768w,%20https:\/\/080barcelonafashion.catwp-content\/uploads\/2023\/05\/ABM0098.jpg%201120w%5C%22%20sizes=%5C%22(max-width:%20240px)%20100vw,%20240px%5C%22%20\/%3E%3C\/a%3E%3C\/p%3E%5Cn%22%7D,%22id%22:1639,%22link%22:%22https:\/\/080barcelonafashion.catdesigner\/nathalie-chandler-2\/abm0098\/%22,%22url%22:%22https:\/\/080barcelonafashion.catwp-content\/uploads\/2023\/05\/ABM0098.jpg%22,%22sizes%22:%22%22%7D,%7B%22alt%22:%22%22,%22title%22:%22ABM0104%22,%22caption%22:%22%22,%22description%22:%7B%22raw%22:%22%22,%22rendered%22:%22%3Cp%20class=%5C%22attachment%5C%22%3E%3Ca%20href='https:\/\/080barcelonafashion.catwp-content\/uploads\/2023\/05\/ABM0104.jpg'%3E%3Cimg%20width=%5C%22240%5C%22%20height=%5C%22300%5C%22%20src=%5C%22https:\/\/080barcelonafashion.catwp-content\/uploads\/2023\/05\/ABM0104-240x300.jpg%5C%22%20class=%5C%22attachment-medium%20size-medium%5C%22%20alt=%5C%22%5C%22%20decoding=%5C%22async%5C%22%20loading=%5C%22lazy%5C%22%20srcset=%5C%22https:\/\/080barcelonafashion.catwp-content\/uploads\/2023\/05\/ABM0104-240x300.jpg%20240w,%20https:\/\/080barcelonafashion.catwp-content\/uploads\/2023\/05\/ABM0104-819x1024.jpg%20819w,%20https:\/\/080barcelonafashion.catwp-content\/uploads\/2023\/05\/ABM0104-768x960.jpg%20768w,%20https:\/\/080barcelonafashion.catwp-content\/uploads\/2023\/05\/ABM0104.jpg%201120w%5C%22%20sizes=%5C%22(max-width:%20240px)%20100vw,%20240px%5C%22%20\/%3E%3C\/a%3E%3C\/p%3E%5Cn%22%7D,%22id%22:1640,%22link%22:%22https:\/\/080barcelonafashion.catdesigner\/nathalie-chandler-2\/abm0104\/%22,%22url%22:%22https:\/\/080barcelonafashion.catwp-content\/uploads\/2023\/05\/ABM0104.jpg%22,%22sizes%22:%22%22%7D,%7B%22alt%22:%22%22,%22title%22:%22ABM0112%22,%22caption%22:%22%22,%22description%22:%7B%22raw%22:%22%22,%22rendered%22:%22%3Cp%20class=%5C%22attachment%5C%22%3E%3Ca%20href='https:\/\/080barcelonafashion.catwp-content\/uploads\/2023\/05\/ABM0112.jpg'%3E%3Cimg%20width=%5C%22240%5C%22%20height=%5C%22300%5C%22%20src=%5C%22https:\/\/080barcelonafashion.catwp-content\/uploads\/2023\/05\/ABM0112-240x300.jpg%5C%22%20class=%5C%22attachment-medium%20size-medium%5C%22%20alt=%5C%22%5C%22%20decoding=%5C%22async%5C%22%20loading=%5C%22lazy%5C%22%20srcset=%5C%22https:\/\/080barcelonafashion.catwp-content\/uploads\/2023\/05\/ABM0112-240x300.jpg%20240w,%20https:\/\/080barcelonafashion.catwp-content\/uploads\/2023\/05\/ABM0112-819x1024.jpg%20819w,%20https:\/\/080barcelonafashion.catwp-content\/uploads\/2023\/05\/ABM0112-768x960.jpg%20768w,%20https:\/\/080barcelonafashion.catwp-content\/uploads\/2023\/05\/ABM0112.jpg%201120w%5C%22%20sizes=%5C%22(max-width:%20240px)%20100vw,%20240px%5C%22%20\/%3E%3C\/a%3E%3C\/p%3E%5Cn%22%7D,%22id%22:1641,%22link%22:%22https:\/\/080barcelonafashion.catdesigner\/nathalie-chandler-2\/abm0112\/%22,%22url%22:%22https:\/\/080barcelonafashion.catwp-content\/uploads\/2023\/05\/ABM0112.jpg%22,%22sizes%22:%22%22%7D,%7B%22alt%22:%22%22,%22title%22:%22ABM0124%22,%22caption%22:%22%22,%22description%22:%7B%22raw%22:%22%22,%22rendered%22:%22%3Cp%20class=%5C%22attachment%5C%22%3E%3Ca%20href='https:\/\/080barcelonafashion.catwp-content\/uploads\/2023\/05\/ABM0124.jpg'%3E%3Cimg%20width=%5C%22240%5C%22%20height=%5C%22300%5C%22%20src=%5C%22https:\/\/080barcelonafashion.catwp-content\/uploads\/2023\/05\/ABM0124-240x300.jpg%5C%22%20class=%5C%22attachment-medium%20size-medium%5C%22%20alt=%5C%22%5C%22%20decoding=%5C%22async%5C%22%20loading=%5C%22lazy%5C%22%20srcset=%5C%22https:\/\/080barcelonafashion.catwp-content\/uploads\/2023\/05\/ABM0124-240x300.jpg%20240w,%20https:\/\/080barcelonafashion.catwp-content\/uploads\/2023\/05\/ABM0124-819x1024.jpg%20819w,%20https:\/\/080barcelonafashion.catwp-content\/uploads\/2023\/05\/ABM0124-768x960.jpg%20768w,%20https:\/\/080barcelonafashion.catwp-content\/uploads\/2023\/05\/ABM0124.jpg%201120w%5C%22%20sizes=%5C%22(max-width:%20240px)%20100vw,%20240px%5C%22%20\/%3E%3C\/a%3E%3C\/p%3E%5Cn%22%7D,%22id%22:1642,%22link%22:%22https:\/\/080barcelonafashion.catdesigner\/nathalie-chandler-2\/abm0124\/%22,%22url%22:%22https:\/\/080barcelonafashion.catwp-content\/uploads\/2023\/05\/ABM0124.jpg%22,%22sizes%22:%22%22%7D,%7B%22alt%22:%22%22,%22title%22:%22ABM0156%22,%22caption%22:%22%22,%22description%22:%7B%22raw%22:%22%22,%22rendered%22:%22%3Cp%20class=%5C%22attachment%5C%22%3E%3Ca%20href='https:\/\/080barcelonafashion.catwp-content\/uploads\/2023\/05\/ABM0156.jpg'%3E%3Cimg%20width=%5C%22240%5C%22%20height=%5C%22300%5C%22%20src=%5C%22https:\/\/080barcelonafashion.catwp-content\/uploads\/2023\/05\/ABM0156-240x300.jpg%5C%22%20class=%5C%22attachment-medium%20size-medium%5C%22%20alt=%5C%22%5C%22%20decoding=%5C%22async%5C%22%20loading=%5C%22lazy%5C%22%20srcset=%5C%22https:\/\/080barcelonafashion.catwp-content\/uploads\/2023\/05\/ABM0156-240x300.jpg%20240w,%20https:\/\/080barcelonafashion.catwp-content\/uploads\/2023\/05\/ABM0156-819x1024.jpg%20819w,%20https:\/\/080barcelonafashion.catwp-content\/uploads\/2023\/05\/ABM0156-768x960.jpg%20768w,%20https:\/\/080barcelonafashion.catwp-content\/uploads\/2023\/05\/ABM0156.jpg%201120w%5C%22%20sizes=%5C%22(max-width:%20240px)%20100vw,%20240px%5C%22%20\/%3E%3C\/a%3E%3C\/p%3E%5Cn%22%7D,%22id%22:1643,%22link%22:%22https:\/\/080barcelonafashion.catdesigner\/nathalie-chandler-2\/abm0156\/%22,%22url%22:%22https:\/\/080barcelonafashion.catwp-content\/uploads\/2023\/05\/ABM0156.jpg%22,%22sizes%22:%22%22%7D,%7B%22alt%22:%22%22,%22title%22:%22ABM0166%22,%22caption%22:%22%22,%22description%22:%7B%22raw%22:%22%22,%22rendered%22:%22%3Cp%20class=%5C%22attachment%5C%22%3E%3Ca%20href='https:\/\/080barcelonafashion.catwp-content\/uploads\/2023\/05\/ABM0166.jpg'%3E%3Cimg%20width=%5C%22240%5C%22%20height=%5C%22300%5C%22%20src=%5C%22https:\/\/080barcelonafashion.catwp-content\/uploads\/2023\/05\/ABM0166-240x300.jpg%5C%22%20class=%5C%22attachment-medium%20size-medium%5C%22%20alt=%5C%22%5C%22%20decoding=%5C%22async%5C%22%20loading=%5C%22lazy%5C%22%20srcset=%5C%22https:\/\/080barcelonafashion.catwp-content\/uploads\/2023\/05\/ABM0166-240x300.jpg%20240w,%20https:\/\/080barcelonafashion.catwp-content\/uploads\/2023\/05\/ABM0166-819x1024.jpg%20819w,%20https:\/\/080barcelonafashion.catwp-content\/uploads\/2023\/05\/ABM0166-768x960.jpg%20768w,%20https:\/\/080barcelonafashion.catwp-content\/uploads\/2023\/05\/ABM0166.jpg%201120w%5C%22%20sizes=%5C%22(max-width:%20240px)%20100vw,%20240px%5C%22%20\/%3E%3C\/a%3E%3C\/p%3E%5Cn%22%7D,%22id%22:1644,%22link%22:%22https:\/\/080barcelonafashion.catdesigner\/nathalie-chandler-2\/abm0166\/%22,%22url%22:%22https:\/\/080barcelonafashion.catwp-content\/uploads\/2023\/05\/ABM0166.jpg%22,%22sizes%22:%22%22%7D,%7B%22alt%22:%22%22,%22title%22:%22ABM0229%22,%22caption%22:%22%22,%22description%22:%7B%22raw%22:%22%22,%22rendered%22:%22%3Cp%20class=%5C%22attachment%5C%22%3E%3Ca%20href='https:\/\/080barcelonafashion.catwp-content\/uploads\/2023\/05\/ABM0229.jpg'%3E%3Cimg%20width=%5C%22240%5C%22%20height=%5C%22300%5C%22%20src=%5C%22https:\/\/080barcelonafashion.catwp-content\/uploads\/2023\/05\/ABM0229-240x300.jpg%5C%22%20class=%5C%22attachment-medium%20size-medium%5C%22%20alt=%5C%22%5C%22%20decoding=%5C%22async%5C%22%20loading=%5C%22lazy%5C%22%20srcset=%5C%22https:\/\/080barcelonafashion.catwp-content\/uploads\/2023\/05\/ABM0229-240x300.jpg%20240w,%20https:\/\/080barcelonafashion.catwp-content\/uploads\/2023\/05\/ABM0229-819x1024.jpg%20819w,%20https:\/\/080barcelonafashion.catwp-content\/uploads\/2023\/05\/ABM0229-768x960.jpg%20768w,%20https:\/\/080barcelonafashion.catwp-content\/uploads\/2023\/05\/ABM0229.jpg%201120w%5C%22%20sizes=%5C%22(max-width:%20240px)%20100vw,%20240px%5C%22%20\/%3E%3C\/a%3E%3C\/p%3E%5Cn%22%7D,%22id%22:1645,%22link%22:%22https:\/\/080barcelonafashion.catdesigner\/nathalie-chandler-2\/abm0229\/%22,%22url%22:%22https:\/\/080barcelonafashion.catwp-content\/uploads\/2023\/05\/ABM0229.jpg%22,%22sizes%22:%22%22%7D,%7B%22alt%22:%22%22,%22title%22:%22ABM0277%22,%22caption%22:%22%22,%22description%22:%7B%22raw%22:%22%22,%22rendered%22:%22%3Cp%20class=%5C%22attachment%5C%22%3E%3Ca%20href='https:\/\/080barcelonafashion.catwp-content\/uploads\/2023\/05\/ABM0277.jpg'%3E%3Cimg%20width=%5C%22240%5C%22%20height=%5C%22300%5C%22%20src=%5C%22https:\/\/080barcelonafashion.catwp-content\/uploads\/2023\/05\/ABM0277-240x300.jpg%5C%22%20class=%5C%22attachment-medium%20size-medium%5C%22%20alt=%5C%22%5C%22%20decoding=%5C%22async%5C%22%20loading=%5C%22lazy%5C%22%20srcset=%5C%22https:\/\/080barcelonafashion.catwp-content\/uploads\/2023\/05\/ABM0277-240x300.jpg%20240w,%20https:\/\/080barcelonafashion.catwp-content\/uploads\/2023\/05\/ABM0277-819x1024.jpg%20819w,%20https:\/\/080barcelonafashion.catwp-content\/uploads\/2023\/05\/ABM0277-768x960.jpg%20768w,%20https:\/\/080barcelonafashion.catwp-content\/uploads\/2023\/05\/ABM0277.jpg%201120w%5C%22%20sizes=%5C%22(max-width:%20240px)%20100vw,%20240px%5C%22%20\/%3E%3C\/a%3E%3C\/p%3E%5Cn%22%7D,%22id%22:1646,%22link%22:%22https:\/\/080barcelonafashion.catdesigner\/nathalie-chandler-2\/abm0277\/%22,%22url%22:%22https:\/\/080barcelonafashion.catwp-content\/uploads\/2023\/05\/ABM0277.jpg%22,%22sizes%22:%22%22%7D,%7B%22alt%22:%22%22,%22title%22:%22ABM0316%22,%22caption%22:%22%22,%22description%22:%7B%22raw%22:%22%22,%22rendered%22:%22%3Cp%20class=%5C%22attachment%5C%22%3E%3Ca%20href='https:\/\/080barcelonafashion.catwp-content\/uploads\/2023\/05\/ABM0316.jpg'%3E%3Cimg%20width=%5C%22225%5C%22%20height=%5C%22300%5C%22%20src=%5C%22https:\/\/080barcelonafashion.catwp-content\/uploads\/2023\/05\/ABM0316-225x300.jpg%5C%22%20class=%5C%22attachment-medium%20size-medium%5C%22%20alt=%5C%22%5C%22%20decoding=%5C%22async%5C%22%20loading=%5C%22lazy%5C%22%20srcset=%5C%22https:\/\/080barcelonafashion.catwp-content\/uploads\/2023\/05\/ABM0316-225x300.jpg%20225w,%20https:\/\/080barcelonafashion.catwp-content\/uploads\/2023\/05\/ABM0316-768x1024.jpg%20768w,%20https:\/\/080barcelonafashion.catwp-content\/uploads\/2023\/05\/ABM0316.jpg%201050w%5C%22%20sizes=%5C%22(max-width:%20225px)%20100vw,%20225px%5C%22%20\/%3E%3C\/a%3E%3C\/p%3E%5Cn%22%7D,%22id%22:1647,%22link%22:%22https:\/\/080barcelonafashion.catdesigner\/nathalie-chandler-2\/abm0316\/%22,%22url%22:%22https:\/\/080barcelonafashion.catwp-content\/uploads\/2023\/05\/ABM0316.jpg%22,%22sizes%22:%22%22%7D,%7B%22alt%22:%22%22,%22title%22:%22ABM0343%22,%22caption%22:%22%22,%22description%22:%7B%22raw%22:%22%22,%22rendered%22:%22%3Cp%20class=%5C%22attachment%5C%22%3E%3Ca%20href='https:\/\/080barcelonafashion.catwp-content\/uploads\/2023\/05\/ABM0343.jpg'%3E%3Cimg%20width=%5C%22240%5C%22%20height=%5C%22300%5C%22%20src=%5C%22https:\/\/080barcelonafashion.catwp-content\/uploads\/2023\/05\/ABM0343-240x300.jpg%5C%22%20class=%5C%22attachment-medium%20size-medium%5C%22%20alt=%5C%22%5C%22%20decoding=%5C%22async%5C%22%20loading=%5C%22lazy%5C%22%20srcset=%5C%22https:\/\/080barcelonafashion.catwp-content\/uploads\/2023\/05\/ABM0343-240x300.jpg%20240w,%20https:\/\/080barcelonafashion.catwp-content\/uploads\/2023\/05\/ABM0343-819x1024.jpg%20819w,%20https:\/\/080barcelonafashion.catwp-content\/uploads\/2023\/05\/ABM0343-768x960.jpg%20768w,%20https:\/\/080barcelonafashion.catwp-content\/uploads\/2023\/05\/ABM0343.jpg%201120w%5C%22%20sizes=%5C%22(max-width:%20240px)%20100vw,%20240px%5C%22%20\/%3E%3C\/a%3E%3C\/p%3E%5Cn%22%7D,%22id%22:1648,%22link%22:%22https:\/\/080barcelonafashion.catdesigner\/nathalie-chandler-2\/abm0343\/%22,%22url%22:%22https:\/\/080barcelonafashion.catwp-content\/uploads\/2023\/05\/ABM0343.jpg%22,%22sizes%22:%22%22%7D%5D","images-athmosphere":"%5B%7B%22alt%22:%22%22,%22title%22:%22Atmo_Nathalie-Chandler_Baixa_01%22,%22caption%22:%22%22,%22description%22:%7B%22raw%22:%22%22,%22rendered%22:%22%3Cp%20class=%5C%22attachment%5C%22%3E%3Ca%20href='https:\/\/080barcelonafashion.catwp-content\/uploads\/2023\/05\/Atmo_Nathalie-Chandler_Baixa_01.jpg'%3E%3Cimg%20width=%5C%22300%5C%22%20height=%5C%22200%5C%22%20src=%5C%22https:\/\/080barcelonafashion.catwp-content\/uploads\/2023\/05\/Atmo_Nathalie-Chandler_Baixa_01-300x200.jpg%5C%22%20class=%5C%22attachment-medium%20size-medium%5C%22%20alt=%5C%22%5C%22%20decoding=%5C%22async%5C%22%20loading=%5C%22lazy%5C%22%20srcset=%5C%22https:\/\/080barcelonafashion.catwp-content\/uploads\/2023\/05\/Atmo_Nathalie-Chandler_Baixa_01-300x200.jpg%20300w,%20https:\/\/080barcelonafashion.catwp-content\/uploads\/2023\/05\/Atmo_Nathalie-Chandler_Baixa_01-1024x682.jpg%201024w,%20https:\/\/080barcelonafashion.catwp-content\/uploads\/2023\/05\/Atmo_Nathalie-Chandler_Baixa_01-768x512.jpg%20768w,%20https:\/\/080barcelonafashion.catwp-content\/uploads\/2023\/05\/Atmo_Nathalie-Chandler_Baixa_01.jpg%201400w%5C%22%20sizes=%5C%22(max-width:%20300px)%20100vw,%20300px%5C%22%20\/%3E%3C\/a%3E%3C\/p%3E%5Cn%22%7D,%22id%22:1649,%22link%22:%22https:\/\/080barcelonafashion.catdesigner\/nathalie-chandler-2\/atmo_nathalie-chandler_baixa_01\/%22,%22url%22:%22https:\/\/080barcelonafashion.catwp-content\/uploads\/2023\/05\/Atmo_Nathalie-Chandler_Baixa_01.jpg%22,%22sizes%22:%22%22%7D,%7B%22alt%22:%22%22,%22title%22:%22Atmo_Nathalie-Chandler_Baixa_02%22,%22caption%22:%22%22,%22description%22:%7B%22raw%22:%22%22,%22rendered%22:%22%3Cp%20class=%5C%22attachment%5C%22%3E%3Ca%20href='https:\/\/080barcelonafashion.catwp-content\/uploads\/2023\/05\/Atmo_Nathalie-Chandler_Baixa_02.jpg'%3E%3Cimg%20width=%5C%22300%5C%22%20height=%5C%22200%5C%22%20src=%5C%22https:\/\/080barcelonafashion.catwp-content\/uploads\/2023\/05\/Atmo_Nathalie-Chandler_Baixa_02-300x200.jpg%5C%22%20class=%5C%22attachment-medium%20size-medium%5C%22%20alt=%5C%22%5C%22%20decoding=%5C%22async%5C%22%20loading=%5C%22lazy%5C%22%20srcset=%5C%22https:\/\/080barcelonafashion.catwp-content\/uploads\/2023\/05\/Atmo_Nathalie-Chandler_Baixa_02-300x200.jpg%20300w,%20https:\/\/080barcelonafashion.catwp-content\/uploads\/2023\/05\/Atmo_Nathalie-Chandler_Baixa_02-1024x682.jpg%201024w,%20https:\/\/080barcelonafashion.catwp-content\/uploads\/2023\/05\/Atmo_Nathalie-Chandler_Baixa_02-768x512.jpg%20768w,%20https:\/\/080barcelonafashion.catwp-content\/uploads\/2023\/05\/Atmo_Nathalie-Chandler_Baixa_02.jpg%201400w%5C%22%20sizes=%5C%22(max-width:%20300px)%20100vw,%20300px%5C%22%20\/%3E%3C\/a%3E%3C\/p%3E%5Cn%22%7D,%22id%22:1650,%22link%22:%22https:\/\/080barcelonafashion.catdesigner\/nathalie-chandler-2\/atmo_nathalie-chandler_baixa_02\/%22,%22url%22:%22https:\/\/080barcelonafashion.catwp-content\/uploads\/2023\/05\/Atmo_Nathalie-Chandler_Baixa_02.jpg%22,%22sizes%22:%22%22%7D,%7B%22alt%22:%22%22,%22title%22:%22Atmo_Nathalie-Chandler_Baixa_04%22,%22caption%22:%22%22,%22description%22:%7B%22raw%22:%22%22,%22rendered%22:%22%3Cp%20class=%5C%22attachment%5C%22%3E%3Ca%20href='https:\/\/080barcelonafashion.catwp-content\/uploads\/2023\/05\/Atmo_Nathalie-Chandler_Baixa_04.jpg'%3E%3Cimg%20width=%5C%22300%5C%22%20height=%5C%22200%5C%22%20src=%5C%22https:\/\/080barcelonafashion.catwp-content\/uploads\/2023\/05\/Atmo_Nathalie-Chandler_Baixa_04-300x200.jpg%5C%22%20class=%5C%22attachment-medium%20size-medium%5C%22%20alt=%5C%22%5C%22%20decoding=%5C%22async%5C%22%20loading=%5C%22lazy%5C%22%20srcset=%5C%22https:\/\/080barcelonafashion.catwp-content\/uploads\/2023\/05\/Atmo_Nathalie-Chandler_Baixa_04-300x200.jpg%20300w,%20https:\/\/080barcelonafashion.catwp-content\/uploads\/2023\/05\/Atmo_Nathalie-Chandler_Baixa_04-1024x682.jpg%201024w,%20https:\/\/080barcelonafashion.catwp-content\/uploads\/2023\/05\/Atmo_Nathalie-Chandler_Baixa_04-768x512.jpg%20768w,%20https:\/\/080barcelonafashion.catwp-content\/uploads\/2023\/05\/Atmo_Nathalie-Chandler_Baixa_04.jpg%201400w%5C%22%20sizes=%5C%22(max-width:%20300px)%20100vw,%20300px%5C%22%20\/%3E%3C\/a%3E%3C\/p%3E%5Cn%22%7D,%22id%22:1651,%22link%22:%22https:\/\/080barcelonafashion.catdesigner\/nathalie-chandler-2\/atmo_nathalie-chandler_baixa_04\/%22,%22url%22:%22https:\/\/080barcelonafashion.catwp-content\/uploads\/2023\/05\/Atmo_Nathalie-Chandler_Baixa_04.jpg%22,%22sizes%22:%22%22%7D,%7B%22alt%22:%22%22,%22title%22:%22Atmo_Nathalie-Chandler_Baixa_05%22,%22caption%22:%22%22,%22description%22:%7B%22raw%22:%22%22,%22rendered%22:%22%3Cp%20class=%5C%22attachment%5C%22%3E%3Ca%20href='https:\/\/080barcelonafashion.catwp-content\/uploads\/2023\/05\/Atmo_Nathalie-Chandler_Baixa_05.jpg'%3E%3Cimg%20width=%5C%22300%5C%22%20height=%5C%22200%5C%22%20src=%5C%22https:\/\/080barcelonafashion.catwp-content\/uploads\/2023\/05\/Atmo_Nathalie-Chandler_Baixa_05-300x200.jpg%5C%22%20class=%5C%22attachment-medium%20size-medium%5C%22%20alt=%5C%22%5C%22%20decoding=%5C%22async%5C%22%20loading=%5C%22lazy%5C%22%20srcset=%5C%22https:\/\/080barcelonafashion.catwp-content\/uploads\/2023\/05\/Atmo_Nathalie-Chandler_Baixa_05-300x200.jpg%20300w,%20https:\/\/080barcelonafashion.catwp-content\/uploads\/2023\/05\/Atmo_Nathalie-Chandler_Baixa_05-1024x682.jpg%201024w,%20https:\/\/080barcelonafashion.catwp-content\/uploads\/2023\/05\/Atmo_Nathalie-Chandler_Baixa_05-768x512.jpg%20768w,%20https:\/\/080barcelonafashion.catwp-content\/uploads\/2023\/05\/Atmo_Nathalie-Chandler_Baixa_05.jpg%201400w%5C%22%20sizes=%5C%22(max-width:%20300px)%20100vw,%20300px%5C%22%20\/%3E%3C\/a%3E%3C\/p%3E%5Cn%22%7D,%22id%22:1652,%22link%22:%22https:\/\/080barcelonafashion.catdesigner\/nathalie-chandler-2\/atmo_nathalie-chandler_baixa_05\/%22,%22url%22:%22https:\/\/080barcelonafashion.catwp-content\/uploads\/2023\/05\/Atmo_Nathalie-Chandler_Baixa_05.jpg%22,%22sizes%22:%22%22%7D,%7B%22alt%22:%22%22,%22title%22:%22Atmo_Nathalie-Chandler_Baixa_06%22,%22caption%22:%22%22,%22description%22:%7B%22raw%22:%22%22,%22rendered%22:%22%3Cp%20class=%5C%22attachment%5C%22%3E%3Ca%20href='https:\/\/080barcelonafashion.catwp-content\/uploads\/2023\/05\/Atmo_Nathalie-Chandler_Baixa_06.jpg'%3E%3Cimg%20width=%5C%22300%5C%22%20height=%5C%22200%5C%22%20src=%5C%22https:\/\/080barcelonafashion.catwp-content\/uploads\/2023\/05\/Atmo_Nathalie-Chandler_Baixa_06-300x200.jpg%5C%22%20class=%5C%22attachment-medium%20size-medium%5C%22%20alt=%5C%22%5C%22%20decoding=%5C%22async%5C%22%20loading=%5C%22lazy%5C%22%20srcset=%5C%22https:\/\/080barcelonafashion.catwp-content\/uploads\/2023\/05\/Atmo_Nathalie-Chandler_Baixa_06-300x200.jpg%20300w,%20https:\/\/080barcelonafashion.catwp-content\/uploads\/2023\/05\/Atmo_Nathalie-Chandler_Baixa_06-1024x682.jpg%201024w,%20https:\/\/080barcelonafashion.catwp-content\/uploads\/2023\/05\/Atmo_Nathalie-Chandler_Baixa_06-768x512.jpg%20768w,%20https:\/\/080barcelonafashion.catwp-content\/uploads\/2023\/05\/Atmo_Nathalie-Chandler_Baixa_06.jpg%201400w%5C%22%20sizes=%5C%22(max-width:%20300px)%20100vw,%20300px%5C%22%20\/%3E%3C\/a%3E%3C\/p%3E%5Cn%22%7D,%22id%22:1653,%22link%22:%22https:\/\/080barcelonafashion.catdesigner\/nathalie-chandler-2\/atmo_nathalie-chandler_baixa_06\/%22,%22url%22:%22https:\/\/080barcelonafashion.catwp-content\/uploads\/2023\/05\/Atmo_Nathalie-Chandler_Baixa_06.jpg%22,%22sizes%22:%22%22%7D,%7B%22alt%22:%22%22,%22title%22:%22Atmo_Nathalie-Chandler_Baixa_07%22,%22caption%22:%22%22,%22description%22:%7B%22raw%22:%22%22,%22rendered%22:%22%3Cp%20class=%5C%22attachment%5C%22%3E%3Ca%20href='https:\/\/080barcelonafashion.catwp-content\/uploads\/2023\/05\/Atmo_Nathalie-Chandler_Baixa_07.jpg'%3E%3Cimg%20width=%5C%22300%5C%22%20height=%5C%22200%5C%22%20src=%5C%22https:\/\/080barcelonafashion.catwp-content\/uploads\/2023\/05\/Atmo_Nathalie-Chandler_Baixa_07-300x200.jpg%5C%22%20class=%5C%22attachment-medium%20size-medium%5C%22%20alt=%5C%22%5C%22%20decoding=%5C%22async%5C%22%20loading=%5C%22lazy%5C%22%20srcset=%5C%22https:\/\/080barcelonafashion.catwp-content\/uploads\/2023\/05\/Atmo_Nathalie-Chandler_Baixa_07-300x200.jpg%20300w,%20https:\/\/080barcelonafashion.catwp-content\/uploads\/2023\/05\/Atmo_Nathalie-Chandler_Baixa_07-1024x682.jpg%201024w,%20https:\/\/080barcelonafashion.catwp-content\/uploads\/2023\/05\/Atmo_Nathalie-Chandler_Baixa_07-768x512.jpg%20768w,%20https:\/\/080barcelonafashion.catwp-content\/uploads\/2023\/05\/Atmo_Nathalie-Chandler_Baixa_07.jpg%201400w%5C%22%20sizes=%5C%22(max-width:%20300px)%20100vw,%20300px%5C%22%20\/%3E%3C\/a%3E%3C\/p%3E%5Cn%22%7D,%22id%22:1654,%22link%22:%22https:\/\/080barcelonafashion.catdesigner\/nathalie-chandler-2\/atmo_nathalie-chandler_baixa_07\/%22,%22url%22:%22https:\/\/080barcelonafashion.catwp-content\/uploads\/2023\/05\/Atmo_Nathalie-Chandler_Baixa_07.jpg%22,%22sizes%22:%22%22%7D,%7B%22alt%22:%22%22,%22title%22:%22Atmo_Nathalie-Chandler_Baixa_08%22,%22caption%22:%22%22,%22description%22:%7B%22raw%22:%22%22,%22rendered%22:%22%3Cp%20class=%5C%22attachment%5C%22%3E%3Ca%20href='https:\/\/080barcelonafashion.catwp-content\/uploads\/2023\/05\/Atmo_Nathalie-Chandler_Baixa_08.jpg'%3E%3Cimg%20width=%5C%22300%5C%22%20height=%5C%22200%5C%22%20src=%5C%22https:\/\/080barcelonafashion.catwp-content\/uploads\/2023\/05\/Atmo_Nathalie-Chandler_Baixa_08-300x200.jpg%5C%22%20class=%5C%22attachment-medium%20size-medium%5C%22%20alt=%5C%22%5C%22%20decoding=%5C%22async%5C%22%20loading=%5C%22lazy%5C%22%20srcset=%5C%22https:\/\/080barcelonafashion.catwp-content\/uploads\/2023\/05\/Atmo_Nathalie-Chandler_Baixa_08-300x200.jpg%20300w,%20https:\/\/080barcelonafashion.catwp-content\/uploads\/2023\/05\/Atmo_Nathalie-Chandler_Baixa_08-1024x682.jpg%201024w,%20https:\/\/080barcelonafashion.catwp-content\/uploads\/2023\/05\/Atmo_Nathalie-Chandler_Baixa_08-768x512.jpg%20768w,%20https:\/\/080barcelonafashion.catwp-content\/uploads\/2023\/05\/Atmo_Nathalie-Chandler_Baixa_08.jpg%201400w%5C%22%20sizes=%5C%22(max-width:%20300px)%20100vw,%20300px%5C%22%20\/%3E%3C\/a%3E%3C\/p%3E%5Cn%22%7D,%22id%22:1655,%22link%22:%22https:\/\/080barcelonafashion.catdesigner\/nathalie-chandler-2\/atmo_nathalie-chandler_baixa_08\/%22,%22url%22:%22https:\/\/080barcelonafashion.catwp-content\/uploads\/2023\/05\/Atmo_Nathalie-Chandler_Baixa_08.jpg%22,%22sizes%22:%22%22%7D,%7B%22alt%22:%22%22,%22title%22:%22Atmo_Nathalie-Chandler_Baixa_09%22,%22caption%22:%22%22,%22description%22:%7B%22raw%22:%22%22,%22rendered%22:%22%3Cp%20class=%5C%22attachment%5C%22%3E%3Ca%20href='https:\/\/080barcelonafashion.catwp-content\/uploads\/2023\/05\/Atmo_Nathalie-Chandler_Baixa_09.jpg'%3E%3Cimg%20width=%5C%22300%5C%22%20height=%5C%22200%5C%22%20src=%5C%22https:\/\/080barcelonafashion.catwp-content\/uploads\/2023\/05\/Atmo_Nathalie-Chandler_Baixa_09-300x200.jpg%5C%22%20class=%5C%22attachment-medium%20size-medium%5C%22%20alt=%5C%22%5C%22%20decoding=%5C%22async%5C%22%20loading=%5C%22lazy%5C%22%20srcset=%5C%22https:\/\/080barcelonafashion.catwp-content\/uploads\/2023\/05\/Atmo_Nathalie-Chandler_Baixa_09-300x200.jpg%20300w,%20https:\/\/080barcelonafashion.catwp-content\/uploads\/2023\/05\/Atmo_Nathalie-Chandler_Baixa_09-1024x682.jpg%201024w,%20https:\/\/080barcelonafashion.catwp-content\/uploads\/2023\/05\/Atmo_Nathalie-Chandler_Baixa_09-768x512.jpg%20768w,%20https:\/\/080barcelonafashion.catwp-content\/uploads\/2023\/05\/Atmo_Nathalie-Chandler_Baixa_09.jpg%201400w%5C%22%20sizes=%5C%22(max-width:%20300px)%20100vw,%20300px%5C%22%20\/%3E%3C\/a%3E%3C\/p%3E%5Cn%22%7D,%22id%22:1656,%22link%22:%22https:\/\/080barcelonafashion.catdesigner\/nathalie-chandler-2\/atmo_nathalie-chandler_baixa_09\/%22,%22url%22:%22https:\/\/080barcelonafashion.catwp-content\/uploads\/2023\/05\/Atmo_Nathalie-Chandler_Baixa_09.jpg%22,%22sizes%22:%22%22%7D,%7B%22alt%22:%22%22,%22title%22:%22Atmo_Nathalie-Chandler_Baixa_10%22,%22caption%22:%22%22,%22description%22:%7B%22raw%22:%22%22,%22rendered%22:%22%3Cp%20class=%5C%22attachment%5C%22%3E%3Ca%20href='https:\/\/080barcelonafashion.catwp-content\/uploads\/2023\/05\/Atmo_Nathalie-Chandler_Baixa_10.jpg'%3E%3Cimg%20width=%5C%22300%5C%22%20height=%5C%22200%5C%22%20src=%5C%22https:\/\/080barcelonafashion.catwp-content\/uploads\/2023\/05\/Atmo_Nathalie-Chandler_Baixa_10-300x200.jpg%5C%22%20class=%5C%22attachment-medium%20size-medium%5C%22%20alt=%5C%22%5C%22%20decoding=%5C%22async%5C%22%20loading=%5C%22lazy%5C%22%20srcset=%5C%22https:\/\/080barcelonafashion.catwp-content\/uploads\/2023\/05\/Atmo_Nathalie-Chandler_Baixa_10-300x200.jpg%20300w,%20https:\/\/080barcelonafashion.catwp-content\/uploads\/2023\/05\/Atmo_Nathalie-Chandler_Baixa_10-1024x682.jpg%201024w,%20https:\/\/080barcelonafashion.catwp-content\/uploads\/2023\/05\/Atmo_Nathalie-Chandler_Baixa_10-768x512.jpg%20768w,%20https:\/\/080barcelonafashion.catwp-content\/uploads\/2023\/05\/Atmo_Nathalie-Chandler_Baixa_10.jpg%201400w%5C%22%20sizes=%5C%22(max-width:%20300px)%20100vw,%20300px%5C%22%20\/%3E%3C\/a%3E%3C\/p%3E%5Cn%22%7D,%22id%22:1657,%22link%22:%22https:\/\/080barcelonafashion.catdesigner\/nathalie-chandler-2\/atmo_nathalie-chandler_baixa_10\/%22,%22url%22:%22https:\/\/080barcelonafashion.catwp-content\/uploads\/2023\/05\/Atmo_Nathalie-Chandler_Baixa_10.jpg%22,%22sizes%22:%22%22%7D,%7B%22alt%22:%22%22,%22title%22:%22Atmo_Nathalie-Chandler_Baixa_11%22,%22caption%22:%22%22,%22description%22:%7B%22raw%22:%22%22,%22rendered%22:%22%3Cp%20class=%5C%22attachment%5C%22%3E%3Ca%20href='https:\/\/080barcelonafashion.catwp-content\/uploads\/2023\/05\/Atmo_Nathalie-Chandler_Baixa_11.jpg'%3E%3Cimg%20width=%5C%22300%5C%22%20height=%5C%22200%5C%22%20src=%5C%22https:\/\/080barcelonafashion.catwp-content\/uploads\/2023\/05\/Atmo_Nathalie-Chandler_Baixa_11-300x200.jpg%5C%22%20class=%5C%22attachment-medium%20size-medium%5C%22%20alt=%5C%22%5C%22%20decoding=%5C%22async%5C%22%20loading=%5C%22lazy%5C%22%20srcset=%5C%22https:\/\/080barcelonafashion.catwp-content\/uploads\/2023\/05\/Atmo_Nathalie-Chandler_Baixa_11-300x200.jpg%20300w,%20https:\/\/080barcelonafashion.catwp-content\/uploads\/2023\/05\/Atmo_Nathalie-Chandler_Baixa_11-1024x682.jpg%201024w,%20https:\/\/080barcelonafashion.catwp-content\/uploads\/2023\/05\/Atmo_Nathalie-Chandler_Baixa_11-768x512.jpg%20768w,%20https:\/\/080barcelonafashion.catwp-content\/uploads\/2023\/05\/Atmo_Nathalie-Chandler_Baixa_11.jpg%201400w%5C%22%20sizes=%5C%22(max-width:%20300px)%20100vw,%20300px%5C%22%20\/%3E%3C\/a%3E%3C\/p%3E%5Cn%22%7D,%22id%22:1658,%22link%22:%22https:\/\/080barcelonafashion.catdesigner\/nathalie-chandler-2\/atmo_nathalie-chandler_baixa_11\/%22,%22url%22:%22https:\/\/080barcelonafashion.catwp-content\/uploads\/2023\/05\/Atmo_Nathalie-Chandler_Baixa_11.jpg%22,%22sizes%22:%22%22%7D,%7B%22alt%22:%22%22,%22title%22:%22Atmo_Nathalie-Chandler_Baixa_12%22,%22caption%22:%22%22,%22description%22:%7B%22raw%22:%22%22,%22rendered%22:%22%3Cp%20class=%5C%22attachment%5C%22%3E%3Ca%20href='https:\/\/080barcelonafashion.catwp-content\/uploads\/2023\/05\/Atmo_Nathalie-Chandler_Baixa_12.jpg'%3E%3Cimg%20width=%5C%22300%5C%22%20height=%5C%22200%5C%22%20src=%5C%22https:\/\/080barcelonafashion.catwp-content\/uploads\/2023\/05\/Atmo_Nathalie-Chandler_Baixa_12-300x200.jpg%5C%22%20class=%5C%22attachment-medium%20size-medium%5C%22%20alt=%5C%22%5C%22%20decoding=%5C%22async%5C%22%20loading=%5C%22lazy%5C%22%20srcset=%5C%22https:\/\/080barcelonafashion.catwp-content\/uploads\/2023\/05\/Atmo_Nathalie-Chandler_Baixa_12-300x200.jpg%20300w,%20https:\/\/080barcelonafashion.catwp-content\/uploads\/2023\/05\/Atmo_Nathalie-Chandler_Baixa_12-1024x682.jpg%201024w,%20https:\/\/080barcelonafashion.catwp-content\/uploads\/2023\/05\/Atmo_Nathalie-Chandler_Baixa_12-768x512.jpg%20768w,%20https:\/\/080barcelonafashion.catwp-content\/uploads\/2023\/05\/Atmo_Nathalie-Chandler_Baixa_12.jpg%201400w%5C%22%20sizes=%5C%22(max-width:%20300px)%20100vw,%20300px%5C%22%20\/%3E%3C\/a%3E%3C\/p%3E%5Cn%22%7D,%22id%22:1659,%22link%22:%22https:\/\/080barcelonafashion.catdesigner\/nathalie-chandler-2\/atmo_nathalie-chandler_baixa_12\/%22,%22url%22:%22https:\/\/080barcelonafashion.catwp-content\/uploads\/2023\/05\/Atmo_Nathalie-Chandler_Baixa_12.jpg%22,%22sizes%22:%22%22%7D,%7B%22alt%22:%22%22,%22title%22:%22Atmo_Nathalie-Chandler_Baixa_13%22,%22caption%22:%22%22,%22description%22:%7B%22raw%22:%22%22,%22rendered%22:%22%3Cp%20class=%5C%22attachment%5C%22%3E%3Ca%20href='https:\/\/080barcelonafashion.catwp-content\/uploads\/2023\/05\/Atmo_Nathalie-Chandler_Baixa_13.jpg'%3E%3Cimg%20width=%5C%22300%5C%22%20height=%5C%22200%5C%22%20src=%5C%22https:\/\/080barcelonafashion.catwp-content\/uploads\/2023\/05\/Atmo_Nathalie-Chandler_Baixa_13-300x200.jpg%5C%22%20class=%5C%22attachment-medium%20size-medium%5C%22%20alt=%5C%22%5C%22%20decoding=%5C%22async%5C%22%20loading=%5C%22lazy%5C%22%20srcset=%5C%22https:\/\/080barcelonafashion.catwp-content\/uploads\/2023\/05\/Atmo_Nathalie-Chandler_Baixa_13-300x200.jpg%20300w,%20https:\/\/080barcelonafashion.catwp-content\/uploads\/2023\/05\/Atmo_Nathalie-Chandler_Baixa_13-1024x682.jpg%201024w,%20https:\/\/080barcelonafashion.catwp-content\/uploads\/2023\/05\/Atmo_Nathalie-Chandler_Baixa_13-768x512.jpg%20768w,%20https:\/\/080barcelonafashion.catwp-content\/uploads\/2023\/05\/Atmo_Nathalie-Chandler_Baixa_13.jpg%201400w%5C%22%20sizes=%5C%22(max-width:%20300px)%20100vw,%20300px%5C%22%20\/%3E%3C\/a%3E%3C\/p%3E%5Cn%22%7D,%22id%22:1660,%22link%22:%22https:\/\/080barcelonafashion.catdesigner\/nathalie-chandler-2\/atmo_nathalie-chandler_baixa_13\/%22,%22url%22:%22https:\/\/080barcelonafashion.catwp-content\/uploads\/2023\/05\/Atmo_Nathalie-Chandler_Baixa_13.jpg%22,%22sizes%22:%22%22%7D,%7B%22alt%22:%22%22,%22title%22:%22Atmo_Nathalie-Chandler_Baixa_14%22,%22caption%22:%22%22,%22description%22:%7B%22raw%22:%22%22,%22rendered%22:%22%3Cp%20class=%5C%22attachment%5C%22%3E%3Ca%20href='https:\/\/080barcelonafashion.catwp-content\/uploads\/2023\/05\/Atmo_Nathalie-Chandler_Baixa_14.jpg'%3E%3Cimg%20width=%5C%22300%5C%22%20height=%5C%22200%5C%22%20src=%5C%22https:\/\/080barcelonafashion.catwp-content\/uploads\/2023\/05\/Atmo_Nathalie-Chandler_Baixa_14-300x200.jpg%5C%22%20class=%5C%22attachment-medium%20size-medium%5C%22%20alt=%5C%22%5C%22%20decoding=%5C%22async%5C%22%20loading=%5C%22lazy%5C%22%20srcset=%5C%22https:\/\/080barcelonafashion.catwp-content\/uploads\/2023\/05\/Atmo_Nathalie-Chandler_Baixa_14-300x200.jpg%20300w,%20https:\/\/080barcelonafashion.catwp-content\/uploads\/2023\/05\/Atmo_Nathalie-Chandler_Baixa_14-1024x682.jpg%201024w,%20https:\/\/080barcelonafashion.catwp-content\/uploads\/2023\/05\/Atmo_Nathalie-Chandler_Baixa_14-768x512.jpg%20768w,%20https:\/\/080barcelonafashion.catwp-content\/uploads\/2023\/05\/Atmo_Nathalie-Chandler_Baixa_14.jpg%201400w%5C%22%20sizes=%5C%22(max-width:%20300px)%20100vw,%20300px%5C%22%20\/%3E%3C\/a%3E%3C\/p%3E%5Cn%22%7D,%22id%22:1661,%22link%22:%22https:\/\/080barcelonafashion.catdesigner\/nathalie-chandler-2\/atmo_nathalie-chandler_baixa_14\/%22,%22url%22:%22https:\/\/080barcelonafashion.catwp-content\/uploads\/2023\/05\/Atmo_Nathalie-Chandler_Baixa_14.jpg%22,%22sizes%22:%22%22%7D,%7B%22alt%22:%22%22,%22title%22:%22Atmo_Nathalie-Chandler_Baixa_15%22,%22caption%22:%22%22,%22description%22:%7B%22raw%22:%22%22,%22rendered%22:%22%3Cp%20class=%5C%22attachment%5C%22%3E%3Ca%20href='https:\/\/080barcelonafashion.catwp-content\/uploads\/2023\/05\/Atmo_Nathalie-Chandler_Baixa_15.jpg'%3E%3Cimg%20width=%5C%22300%5C%22%20height=%5C%22200%5C%22%20src=%5C%22https:\/\/080barcelonafashion.catwp-content\/uploads\/2023\/05\/Atmo_Nathalie-Chandler_Baixa_15-300x200.jpg%5C%22%20class=%5C%22attachment-medium%20size-medium%5C%22%20alt=%5C%22%5C%22%20decoding=%5C%22async%5C%22%20loading=%5C%22lazy%5C%22%20srcset=%5C%22https:\/\/080barcelonafashion.catwp-content\/uploads\/2023\/05\/Atmo_Nathalie-Chandler_Baixa_15-300x200.jpg%20300w,%20https:\/\/080barcelonafashion.catwp-content\/uploads\/2023\/05\/Atmo_Nathalie-Chandler_Baixa_15-1024x682.jpg%201024w,%20https:\/\/080barcelonafashion.catwp-content\/uploads\/2023\/05\/Atmo_Nathalie-Chandler_Baixa_15-768x512.jpg%20768w,%20https:\/\/080barcelonafashion.catwp-content\/uploads\/2023\/05\/Atmo_Nathalie-Chandler_Baixa_15.jpg%201400w%5C%22%20sizes=%5C%22(max-width:%20300px)%20100vw,%20300px%5C%22%20\/%3E%3C\/a%3E%3C\/p%3E%5Cn%22%7D,%22id%22:1662,%22link%22:%22https:\/\/080barcelonafashion.catdesigner\/nathalie-chandler-2\/atmo_nathalie-chandler_baixa_15\/%22,%22url%22:%22https:\/\/080barcelonafashion.catwp-content\/uploads\/2023\/05\/Atmo_Nathalie-Chandler_Baixa_15.jpg%22,%22sizes%22:%22%22%7D,%7B%22alt%22:%22%22,%22title%22:%22Atmo_Nathalie-Chandler_Baixa_16%22,%22caption%22:%22%22,%22description%22:%7B%22raw%22:%22%22,%22rendered%22:%22%3Cp%20class=%5C%22attachment%5C%22%3E%3Ca%20href='https:\/\/080barcelonafashion.catwp-content\/uploads\/2023\/05\/Atmo_Nathalie-Chandler_Baixa_16.jpg'%3E%3Cimg%20width=%5C%22300%5C%22%20height=%5C%22200%5C%22%20src=%5C%22https:\/\/080barcelonafashion.catwp-content\/uploads\/2023\/05\/Atmo_Nathalie-Chandler_Baixa_16-300x200.jpg%5C%22%20class=%5C%22attachment-medium%20size-medium%5C%22%20alt=%5C%22%5C%22%20decoding=%5C%22async%5C%22%20loading=%5C%22lazy%5C%22%20srcset=%5C%22https:\/\/080barcelonafashion.catwp-content\/uploads\/2023\/05\/Atmo_Nathalie-Chandler_Baixa_16-300x200.jpg%20300w,%20https:\/\/080barcelonafashion.catwp-content\/uploads\/2023\/05\/Atmo_Nathalie-Chandler_Baixa_16-1024x682.jpg%201024w,%20https:\/\/080barcelonafashion.catwp-content\/uploads\/2023\/05\/Atmo_Nathalie-Chandler_Baixa_16-768x512.jpg%20768w,%20https:\/\/080barcelonafashion.catwp-content\/uploads\/2023\/05\/Atmo_Nathalie-Chandler_Baixa_16.jpg%201400w%5C%22%20sizes=%5C%22(max-width:%20300px)%20100vw,%20300px%5C%22%20\/%3E%3C\/a%3E%3C\/p%3E%5Cn%22%7D,%22id%22:1663,%22link%22:%22https:\/\/080barcelonafashion.catdesigner\/nathalie-chandler-2\/atmo_nathalie-chandler_baixa_16\/%22,%22url%22:%22https:\/\/080barcelonafashion.catwp-content\/uploads\/2023\/05\/Atmo_Nathalie-Chandler_Baixa_16.jpg%22,%22sizes%22:%22%22%7D,%7B%22alt%22:%22%22,%22title%22:%22Atmo_Nathalie-Chandler_Baixa_17%22,%22caption%22:%22%22,%22description%22:%7B%22raw%22:%22%22,%22rendered%22:%22%3Cp%20class=%5C%22attachment%5C%22%3E%3Ca%20href='https:\/\/080barcelonafashion.catwp-content\/uploads\/2023\/05\/Atmo_Nathalie-Chandler_Baixa_17.jpg'%3E%3Cimg%20width=%5C%22300%5C%22%20height=%5C%22200%5C%22%20src=%5C%22https:\/\/080barcelonafashion.catwp-content\/uploads\/2023\/05\/Atmo_Nathalie-Chandler_Baixa_17-300x200.jpg%5C%22%20class=%5C%22attachment-medium%20size-medium%5C%22%20alt=%5C%22%5C%22%20decoding=%5C%22async%5C%22%20loading=%5C%22lazy%5C%22%20srcset=%5C%22https:\/\/080barcelonafashion.catwp-content\/uploads\/2023\/05\/Atmo_Nathalie-Chandler_Baixa_17-300x200.jpg%20300w,%20https:\/\/080barcelonafashion.catwp-content\/uploads\/2023\/05\/Atmo_Nathalie-Chandler_Baixa_17-1024x682.jpg%201024w,%20https:\/\/080barcelonafashion.catwp-content\/uploads\/2023\/05\/Atmo_Nathalie-Chandler_Baixa_17-768x512.jpg%20768w,%20https:\/\/080barcelonafashion.catwp-content\/uploads\/2023\/05\/Atmo_Nathalie-Chandler_Baixa_17.jpg%201400w%5C%22%20sizes=%5C%22(max-width:%20300px)%20100vw,%20300px%5C%22%20\/%3E%3C\/a%3E%3C\/p%3E%5Cn%22%7D,%22id%22:1664,%22link%22:%22https:\/\/080barcelonafashion.catdesigner\/nathalie-chandler-2\/atmo_nathalie-chandler_baixa_17\/%22,%22url%22:%22https:\/\/080barcelonafashion.catwp-content\/uploads\/2023\/05\/Atmo_Nathalie-Chandler_Baixa_17.jpg%22,%22sizes%22:%22%22%7D,%7B%22alt%22:%22%22,%22title%22:%22Atmo_Nathalie-Chandler_Baixa_18%22,%22caption%22:%22%22,%22description%22:%7B%22raw%22:%22%22,%22rendered%22:%22%3Cp%20class=%5C%22attachment%5C%22%3E%3Ca%20href='https:\/\/080barcelonafashion.catwp-content\/uploads\/2023\/05\/Atmo_Nathalie-Chandler_Baixa_18.jpg'%3E%3Cimg%20width=%5C%22300%5C%22%20height=%5C%22200%5C%22%20src=%5C%22https:\/\/080barcelonafashion.catwp-content\/uploads\/2023\/05\/Atmo_Nathalie-Chandler_Baixa_18-300x200.jpg%5C%22%20class=%5C%22attachment-medium%20size-medium%5C%22%20alt=%5C%22%5C%22%20decoding=%5C%22async%5C%22%20loading=%5C%22lazy%5C%22%20srcset=%5C%22https:\/\/080barcelonafashion.catwp-content\/uploads\/2023\/05\/Atmo_Nathalie-Chandler_Baixa_18-300x200.jpg%20300w,%20https:\/\/080barcelonafashion.catwp-content\/uploads\/2023\/05\/Atmo_Nathalie-Chandler_Baixa_18-1024x682.jpg%201024w,%20https:\/\/080barcelonafashion.catwp-content\/uploads\/2023\/05\/Atmo_Nathalie-Chandler_Baixa_18-768x512.jpg%20768w,%20https:\/\/080barcelonafashion.catwp-content\/uploads\/2023\/05\/Atmo_Nathalie-Chandler_Baixa_18.jpg%201400w%5C%22%20sizes=%5C%22(max-width:%20300px)%20100vw,%20300px%5C%22%20\/%3E%3C\/a%3E%3C\/p%3E%5Cn%22%7D,%22id%22:1665,%22link%22:%22https:\/\/080barcelonafashion.catdesigner\/nathalie-chandler-2\/atmo_nathalie-chandler_baixa_18\/%22,%22url%22:%22https:\/\/080barcelonafashion.catwp-content\/uploads\/2023\/05\/Atmo_Nathalie-Chandler_Baixa_18.jpg%22,%22sizes%22:%22%22%7D,%7B%22alt%22:%22%22,%22title%22:%22Atmo_Nathalie-Chandler_Baixa_19%22,%22caption%22:%22%22,%22description%22:%7B%22raw%22:%22%22,%22rendered%22:%22%3Cp%20class=%5C%22attachment%5C%22%3E%3Ca%20href='https:\/\/080barcelonafashion.catwp-content\/uploads\/2023\/05\/Atmo_Nathalie-Chandler_Baixa_19.jpg'%3E%3Cimg%20width=%5C%22300%5C%22%20height=%5C%22200%5C%22%20src=%5C%22https:\/\/080barcelonafashion.catwp-content\/uploads\/2023\/05\/Atmo_Nathalie-Chandler_Baixa_19-300x200.jpg%5C%22%20class=%5C%22attachment-medium%20size-medium%5C%22%20alt=%5C%22%5C%22%20decoding=%5C%22async%5C%22%20loading=%5C%22lazy%5C%22%20srcset=%5C%22https:\/\/080barcelonafashion.catwp-content\/uploads\/2023\/05\/Atmo_Nathalie-Chandler_Baixa_19-300x200.jpg%20300w,%20https:\/\/080barcelonafashion.catwp-content\/uploads\/2023\/05\/Atmo_Nathalie-Chandler_Baixa_19-1024x682.jpg%201024w,%20https:\/\/080barcelonafashion.catwp-content\/uploads\/2023\/05\/Atmo_Nathalie-Chandler_Baixa_19-768x512.jpg%20768w,%20https:\/\/080barcelonafashion.catwp-content\/uploads\/2023\/05\/Atmo_Nathalie-Chandler_Baixa_19.jpg%201400w%5C%22%20sizes=%5C%22(max-width:%20300px)%20100vw,%20300px%5C%22%20\/%3E%3C\/a%3E%3C\/p%3E%5Cn%22%7D,%22id%22:1666,%22link%22:%22https:\/\/080barcelonafashion.catdesigner\/nathalie-chandler-2\/atmo_nathalie-chandler_baixa_19\/%22,%22url%22:%22https:\/\/080barcelonafashion.catwp-content\/uploads\/2023\/05\/Atmo_Nathalie-Chandler_Baixa_19.jpg%22,%22sizes%22:%22%22%7D,%7B%22alt%22:%22%22,%22title%22:%22Atmo_Nathalie-Chandler_Baixa_21%22,%22caption%22:%22%22,%22description%22:%7B%22raw%22:%22%22,%22rendered%22:%22%3Cp%20class=%5C%22attachment%5C%22%3E%3Ca%20href='https:\/\/080barcelonafashion.catwp-content\/uploads\/2023\/05\/Atmo_Nathalie-Chandler_Baixa_21.jpg'%3E%3Cimg%20width=%5C%22300%5C%22%20height=%5C%22200%5C%22%20src=%5C%22https:\/\/080barcelonafashion.catwp-content\/uploads\/2023\/05\/Atmo_Nathalie-Chandler_Baixa_21-300x200.jpg%5C%22%20class=%5C%22attachment-medium%20size-medium%5C%22%20alt=%5C%22%5C%22%20decoding=%5C%22async%5C%22%20loading=%5C%22lazy%5C%22%20srcset=%5C%22https:\/\/080barcelonafashion.catwp-content\/uploads\/2023\/05\/Atmo_Nathalie-Chandler_Baixa_21-300x200.jpg%20300w,%20https:\/\/080barcelonafashion.catwp-content\/uploads\/2023\/05\/Atmo_Nathalie-Chandler_Baixa_21-1024x682.jpg%201024w,%20https:\/\/080barcelonafashion.catwp-content\/uploads\/2023\/05\/Atmo_Nathalie-Chandler_Baixa_21-768x512.jpg%20768w,%20https:\/\/080barcelonafashion.catwp-content\/uploads\/2023\/05\/Atmo_Nathalie-Chandler_Baixa_21.jpg%201400w%5C%22%20sizes=%5C%22(max-width:%20300px)%20100vw,%20300px%5C%22%20\/%3E%3C\/a%3E%3C\/p%3E%5Cn%22%7D,%22id%22:1667,%22link%22:%22https:\/\/080barcelonafashion.catdesigner\/nathalie-chandler-2\/atmo_nathalie-chandler_baixa_21\/%22,%22url%22:%22https:\/\/080barcelonafashion.catwp-content\/uploads\/2023\/05\/Atmo_Nathalie-Chandler_Baixa_21.jpg%22,%22sizes%22:%22%22%7D,%7B%22alt%22:%22%22,%22title%22:%22Atmo_Nathalie-Chandler_Baixa_22%22,%22caption%22:%22%22,%22description%22:%7B%22raw%22:%22%22,%22rendered%22:%22%3Cp%20class=%5C%22attachment%5C%22%3E%3Ca%20href='https:\/\/080barcelonafashion.catwp-content\/uploads\/2023\/05\/Atmo_Nathalie-Chandler_Baixa_22.jpg'%3E%3Cimg%20width=%5C%22300%5C%22%20height=%5C%22200%5C%22%20src=%5C%22https:\/\/080barcelonafashion.catwp-content\/uploads\/2023\/05\/Atmo_Nathalie-Chandler_Baixa_22-300x200.jpg%5C%22%20class=%5C%22attachment-medium%20size-medium%5C%22%20alt=%5C%22%5C%22%20decoding=%5C%22async%5C%22%20loading=%5C%22lazy%5C%22%20srcset=%5C%22https:\/\/080barcelonafashion.catwp-content\/uploads\/2023\/05\/Atmo_Nathalie-Chandler_Baixa_22-300x200.jpg%20300w,%20https:\/\/080barcelonafashion.catwp-content\/uploads\/2023\/05\/Atmo_Nathalie-Chandler_Baixa_22-1024x682.jpg%201024w,%20https:\/\/080barcelonafashion.catwp-content\/uploads\/2023\/05\/Atmo_Nathalie-Chandler_Baixa_22-768x512.jpg%20768w,%20https:\/\/080barcelonafashion.catwp-content\/uploads\/2023\/05\/Atmo_Nathalie-Chandler_Baixa_22.jpg%201400w%5C%22%20sizes=%5C%22(max-width:%20300px)%20100vw,%20300px%5C%22%20\/%3E%3C\/a%3E%3C\/p%3E%5Cn%22%7D,%22id%22:1668,%22link%22:%22https:\/\/080barcelonafashion.catdesigner\/nathalie-chandler-2\/atmo_nathalie-chandler_baixa_22\/%22,%22url%22:%22https:\/\/080barcelonafashion.catwp-content\/uploads\/2023\/05\/Atmo_Nathalie-Chandler_Baixa_22.jpg%22,%22sizes%22:%22%22%7D,%7B%22alt%22:%22%22,%22title%22:%22Atmo_Nathalie-Chandler_Baixa_24%22,%22caption%22:%22%22,%22description%22:%7B%22raw%22:%22%22,%22rendered%22:%22%3Cp%20class=%5C%22attachment%5C%22%3E%3Ca%20href='https:\/\/080barcelonafashion.catwp-content\/uploads\/2023\/05\/Atmo_Nathalie-Chandler_Baixa_24.jpg'%3E%3Cimg%20width=%5C%22300%5C%22%20height=%5C%22200%5C%22%20src=%5C%22https:\/\/080barcelonafashion.catwp-content\/uploads\/2023\/05\/Atmo_Nathalie-Chandler_Baixa_24-300x200.jpg%5C%22%20class=%5C%22attachment-medium%20size-medium%5C%22%20alt=%5C%22%5C%22%20decoding=%5C%22async%5C%22%20loading=%5C%22lazy%5C%22%20srcset=%5C%22https:\/\/080barcelonafashion.catwp-content\/uploads\/2023\/05\/Atmo_Nathalie-Chandler_Baixa_24-300x200.jpg%20300w,%20https:\/\/080barcelonafashion.catwp-content\/uploads\/2023\/05\/Atmo_Nathalie-Chandler_Baixa_24-1024x682.jpg%201024w,%20https:\/\/080barcelonafashion.catwp-content\/uploads\/2023\/05\/Atmo_Nathalie-Chandler_Baixa_24-768x512.jpg%20768w,%20https:\/\/080barcelonafashion.catwp-content\/uploads\/2023\/05\/Atmo_Nathalie-Chandler_Baixa_24.jpg%201400w%5C%22%20sizes=%5C%22(max-width:%20300px)%20100vw,%20300px%5C%22%20\/%3E%3C\/a%3E%3C\/p%3E%5Cn%22%7D,%22id%22:1669,%22link%22:%22https:\/\/080barcelonafashion.catdesigner\/nathalie-chandler-2\/atmo_nathalie-chandler_baixa_24\/%22,%22url%22:%22https:\/\/080barcelonafashion.catwp-content\/uploads\/2023\/05\/Atmo_Nathalie-Chandler_Baixa_24.jpg%22,%22sizes%22:%22%22%7D,%7B%22alt%22:%22%22,%22title%22:%22Atmo_Nathalie-Chandler_Baixa_25%22,%22caption%22:%22%22,%22description%22:%7B%22raw%22:%22%22,%22rendered%22:%22%3Cp%20class=%5C%22attachment%5C%22%3E%3Ca%20href='https:\/\/080barcelonafashion.catwp-content\/uploads\/2023\/05\/Atmo_Nathalie-Chandler_Baixa_25.jpg'%3E%3Cimg%20width=%5C%22300%5C%22%20height=%5C%22200%5C%22%20src=%5C%22https:\/\/080barcelonafashion.catwp-content\/uploads\/2023\/05\/Atmo_Nathalie-Chandler_Baixa_25-300x200.jpg%5C%22%20class=%5C%22attachment-medium%20size-medium%5C%22%20alt=%5C%22%5C%22%20decoding=%5C%22async%5C%22%20loading=%5C%22lazy%5C%22%20srcset=%5C%22https:\/\/080barcelonafashion.catwp-content\/uploads\/2023\/05\/Atmo_Nathalie-Chandler_Baixa_25-300x200.jpg%20300w,%20https:\/\/080barcelonafashion.catwp-content\/uploads\/2023\/05\/Atmo_Nathalie-Chandler_Baixa_25-1024x682.jpg%201024w,%20https:\/\/080barcelonafashion.catwp-content\/uploads\/2023\/05\/Atmo_Nathalie-Chandler_Baixa_25-768x512.jpg%20768w,%20https:\/\/080barcelonafashion.catwp-content\/uploads\/2023\/05\/Atmo_Nathalie-Chandler_Baixa_25.jpg%201400w%5C%22%20sizes=%5C%22(max-width:%20300px)%20100vw,%20300px%5C%22%20\/%3E%3C\/a%3E%3C\/p%3E%5Cn%22%7D,%22id%22:1670,%22link%22:%22https:\/\/080barcelonafashion.catdesigner\/nathalie-chandler-2\/atmo_nathalie-chandler_baixa_25\/%22,%22url%22:%22https:\/\/080barcelonafashion.catwp-content\/uploads\/2023\/05\/Atmo_Nathalie-Chandler_Baixa_25.jpg%22,%22sizes%22:%22%22%7D,%7B%22alt%22:%22%22,%22title%22:%22Atmo_Nathalie-Chandler_Baixa_26%22,%22caption%22:%22%22,%22description%22:%7B%22raw%22:%22%22,%22rendered%22:%22%3Cp%20class=%5C%22attachment%5C%22%3E%3Ca%20href='https:\/\/080barcelonafashion.catwp-content\/uploads\/2023\/05\/Atmo_Nathalie-Chandler_Baixa_26.jpg'%3E%3Cimg%20width=%5C%22300%5C%22%20height=%5C%22200%5C%22%20src=%5C%22https:\/\/080barcelonafashion.catwp-content\/uploads\/2023\/05\/Atmo_Nathalie-Chandler_Baixa_26-300x200.jpg%5C%22%20class=%5C%22attachment-medium%20size-medium%5C%22%20alt=%5C%22%5C%22%20decoding=%5C%22async%5C%22%20loading=%5C%22lazy%5C%22%20srcset=%5C%22https:\/\/080barcelonafashion.catwp-content\/uploads\/2023\/05\/Atmo_Nathalie-Chandler_Baixa_26-300x200.jpg%20300w,%20https:\/\/080barcelonafashion.catwp-content\/uploads\/2023\/05\/Atmo_Nathalie-Chandler_Baixa_26-1024x682.jpg%201024w,%20https:\/\/080barcelonafashion.catwp-content\/uploads\/2023\/05\/Atmo_Nathalie-Chandler_Baixa_26-768x512.jpg%20768w,%20https:\/\/080barcelonafashion.catwp-content\/uploads\/2023\/05\/Atmo_Nathalie-Chandler_Baixa_26.jpg%201400w%5C%22%20sizes=%5C%22(max-width:%20300px)%20100vw,%20300px%5C%22%20\/%3E%3C\/a%3E%3C\/p%3E%5Cn%22%7D,%22id%22:1671,%22link%22:%22https:\/\/080barcelonafashion.catdesigner\/nathalie-chandler-2\/atmo_nathalie-chandler_baixa_26\/%22,%22url%22:%22https:\/\/080barcelonafashion.catwp-content\/uploads\/2023\/05\/Atmo_Nathalie-Chandler_Baixa_26.jpg%22,%22sizes%22:%22%22%7D,%7B%22alt%22:%22%22,%22title%22:%22Atmo_Nathalie-Chandler_Baixa_27%22,%22caption%22:%22%22,%22description%22:%7B%22raw%22:%22%22,%22rendered%22:%22%3Cp%20class=%5C%22attachment%5C%22%3E%3Ca%20href='https:\/\/080barcelonafashion.catwp-content\/uploads\/2023\/05\/Atmo_Nathalie-Chandler_Baixa_27.jpg'%3E%3Cimg%20width=%5C%22300%5C%22%20height=%5C%22200%5C%22%20src=%5C%22https:\/\/080barcelonafashion.catwp-content\/uploads\/2023\/05\/Atmo_Nathalie-Chandler_Baixa_27-300x200.jpg%5C%22%20class=%5C%22attachment-medium%20size-medium%5C%22%20alt=%5C%22%5C%22%20decoding=%5C%22async%5C%22%20loading=%5C%22lazy%5C%22%20srcset=%5C%22https:\/\/080barcelonafashion.catwp-content\/uploads\/2023\/05\/Atmo_Nathalie-Chandler_Baixa_27-300x200.jpg%20300w,%20https:\/\/080barcelonafashion.catwp-content\/uploads\/2023\/05\/Atmo_Nathalie-Chandler_Baixa_27-1024x682.jpg%201024w,%20https:\/\/080barcelonafashion.catwp-content\/uploads\/2023\/05\/Atmo_Nathalie-Chandler_Baixa_27-768x512.jpg%20768w,%20https:\/\/080barcelonafashion.catwp-content\/uploads\/2023\/05\/Atmo_Nathalie-Chandler_Baixa_27.jpg%201400w%5C%22%20sizes=%5C%22(max-width:%20300px)%20100vw,%20300px%5C%22%20\/%3E%3C\/a%3E%3C\/p%3E%5Cn%22%7D,%22id%22:1672,%22link%22:%22https:\/\/080barcelonafashion.catdesigner\/nathalie-chandler-2\/atmo_nathalie-chandler_baixa_27\/%22,%22url%22:%22https:\/\/080barcelonafashion.catwp-content\/uploads\/2023\/05\/Atmo_Nathalie-Chandler_Baixa_27.jpg%22,%22sizes%22:%22%22%7D,%7B%22alt%22:%22%22,%22title%22:%22Atmo_Nathalie-Chandler_Baixa_28%22,%22caption%22:%22%22,%22description%22:%7B%22raw%22:%22%22,%22rendered%22:%22%3Cp%20class=%5C%22attachment%5C%22%3E%3Ca%20href='https:\/\/080barcelonafashion.catwp-content\/uploads\/2023\/05\/Atmo_Nathalie-Chandler_Baixa_28.jpg'%3E%3Cimg%20width=%5C%22300%5C%22%20height=%5C%22200%5C%22%20src=%5C%22https:\/\/080barcelonafashion.catwp-content\/uploads\/2023\/05\/Atmo_Nathalie-Chandler_Baixa_28-300x200.jpg%5C%22%20class=%5C%22attachment-medium%20size-medium%5C%22%20alt=%5C%22%5C%22%20decoding=%5C%22async%5C%22%20loading=%5C%22lazy%5C%22%20srcset=%5C%22https:\/\/080barcelonafashion.catwp-content\/uploads\/2023\/05\/Atmo_Nathalie-Chandler_Baixa_28-300x200.jpg%20300w,%20https:\/\/080barcelonafashion.catwp-content\/uploads\/2023\/05\/Atmo_Nathalie-Chandler_Baixa_28-1024x682.jpg%201024w,%20https:\/\/080barcelonafashion.catwp-content\/uploads\/2023\/05\/Atmo_Nathalie-Chandler_Baixa_28-768x512.jpg%20768w,%20https:\/\/080barcelonafashion.catwp-content\/uploads\/2023\/05\/Atmo_Nathalie-Chandler_Baixa_28.jpg%201400w%5C%22%20sizes=%5C%22(max-width:%20300px)%20100vw,%20300px%5C%22%20\/%3E%3C\/a%3E%3C\/p%3E%5Cn%22%7D,%22id%22:1673,%22link%22:%22https:\/\/080barcelonafashion.catdesigner\/nathalie-chandler-2\/atmo_nathalie-chandler_baixa_28\/%22,%22url%22:%22https:\/\/080barcelonafashion.catwp-content\/uploads\/2023\/05\/Atmo_Nathalie-Chandler_Baixa_28.jpg%22,%22sizes%22:%22%22%7D,%7B%22alt%22:%22%22,%22title%22:%22Atmo_Nathalie-Chandler_Baixa_29%22,%22caption%22:%22%22,%22description%22:%7B%22raw%22:%22%22,%22rendered%22:%22%3Cp%20class=%5C%22attachment%5C%22%3E%3Ca%20href='https:\/\/080barcelonafashion.catwp-content\/uploads\/2023\/05\/Atmo_Nathalie-Chandler_Baixa_29.jpg'%3E%3Cimg%20width=%5C%22300%5C%22%20height=%5C%22200%5C%22%20src=%5C%22https:\/\/080barcelonafashion.catwp-content\/uploads\/2023\/05\/Atmo_Nathalie-Chandler_Baixa_29-300x200.jpg%5C%22%20class=%5C%22attachment-medium%20size-medium%5C%22%20alt=%5C%22%5C%22%20decoding=%5C%22async%5C%22%20loading=%5C%22lazy%5C%22%20srcset=%5C%22https:\/\/080barcelonafashion.catwp-content\/uploads\/2023\/05\/Atmo_Nathalie-Chandler_Baixa_29-300x200.jpg%20300w,%20https:\/\/080barcelonafashion.catwp-content\/uploads\/2023\/05\/Atmo_Nathalie-Chandler_Baixa_29-1024x682.jpg%201024w,%20https:\/\/080barcelonafashion.catwp-content\/uploads\/2023\/05\/Atmo_Nathalie-Chandler_Baixa_29-768x512.jpg%20768w,%20https:\/\/080barcelonafashion.catwp-content\/uploads\/2023\/05\/Atmo_Nathalie-Chandler_Baixa_29.jpg%201400w%5C%22%20sizes=%5C%22(max-width:%20300px)%20100vw,%20300px%5C%22%20\/%3E%3C\/a%3E%3C\/p%3E%5Cn%22%7D,%22id%22:1674,%22link%22:%22https:\/\/080barcelonafashion.catdesigner\/nathalie-chandler-2\/atmo_nathalie-chandler_baixa_29\/%22,%22url%22:%22https:\/\/080barcelonafashion.catwp-content\/uploads\/2023\/05\/Atmo_Nathalie-Chandler_Baixa_29.jpg%22,%22sizes%22:%22%22%7D,%7B%22alt%22:%22%22,%22title%22:%22Atmo_Nathalie-Chandler_Baixa_30%22,%22caption%22:%22%22,%22description%22:%7B%22raw%22:%22%22,%22rendered%22:%22%3Cp%20class=%5C%22attachment%5C%22%3E%3Ca%20href='https:\/\/080barcelonafashion.catwp-content\/uploads\/2023\/05\/Atmo_Nathalie-Chandler_Baixa_30.jpg'%3E%3Cimg%20width=%5C%22300%5C%22%20height=%5C%22200%5C%22%20src=%5C%22https:\/\/080barcelonafashion.catwp-content\/uploads\/2023\/05\/Atmo_Nathalie-Chandler_Baixa_30-300x200.jpg%5C%22%20class=%5C%22attachment-medium%20size-medium%5C%22%20alt=%5C%22%5C%22%20decoding=%5C%22async%5C%22%20loading=%5C%22lazy%5C%22%20srcset=%5C%22https:\/\/080barcelonafashion.catwp-content\/uploads\/2023\/05\/Atmo_Nathalie-Chandler_Baixa_30-300x200.jpg%20300w,%20https:\/\/080barcelonafashion.catwp-content\/uploads\/2023\/05\/Atmo_Nathalie-Chandler_Baixa_30-1024x682.jpg%201024w,%20https:\/\/080barcelonafashion.catwp-content\/uploads\/2023\/05\/Atmo_Nathalie-Chandler_Baixa_30-768x512.jpg%20768w,%20https:\/\/080barcelonafashion.catwp-content\/uploads\/2023\/05\/Atmo_Nathalie-Chandler_Baixa_30.jpg%201400w%5C%22%20sizes=%5C%22(max-width:%20300px)%20100vw,%20300px%5C%22%20\/%3E%3C\/a%3E%3C\/p%3E%5Cn%22%7D,%22id%22:1675,%22link%22:%22https:\/\/080barcelonafashion.catdesigner\/nathalie-chandler-2\/atmo_nathalie-chandler_baixa_30\/%22,%22url%22:%22https:\/\/080barcelonafashion.catwp-content\/uploads\/2023\/05\/Atmo_Nathalie-Chandler_Baixa_30.jpg%22,%22sizes%22:%22%22%7D,%7B%22alt%22:%22%22,%22title%22:%22Atmo_Nathalie-Chandler_Baixa_33%22,%22caption%22:%22%22,%22description%22:%7B%22raw%22:%22%22,%22rendered%22:%22%3Cp%20class=%5C%22attachment%5C%22%3E%3Ca%20href='https:\/\/080barcelonafashion.catwp-content\/uploads\/2023\/05\/Atmo_Nathalie-Chandler_Baixa_33.jpg'%3E%3Cimg%20width=%5C%22300%5C%22%20height=%5C%22200%5C%22%20src=%5C%22https:\/\/080barcelonafashion.catwp-content\/uploads\/2023\/05\/Atmo_Nathalie-Chandler_Baixa_33-300x200.jpg%5C%22%20class=%5C%22attachment-medium%20size-medium%5C%22%20alt=%5C%22%5C%22%20decoding=%5C%22async%5C%22%20loading=%5C%22lazy%5C%22%20srcset=%5C%22https:\/\/080barcelonafashion.catwp-content\/uploads\/2023\/05\/Atmo_Nathalie-Chandler_Baixa_33-300x200.jpg%20300w,%20https:\/\/080barcelonafashion.catwp-content\/uploads\/2023\/05\/Atmo_Nathalie-Chandler_Baixa_33-1024x682.jpg%201024w,%20https:\/\/080barcelonafashion.catwp-content\/uploads\/2023\/05\/Atmo_Nathalie-Chandler_Baixa_33-768x512.jpg%20768w,%20https:\/\/080barcelonafashion.catwp-content\/uploads\/2023\/05\/Atmo_Nathalie-Chandler_Baixa_33.jpg%201400w%5C%22%20sizes=%5C%22(max-width:%20300px)%20100vw,%20300px%5C%22%20\/%3E%3C\/a%3E%3C\/p%3E%5Cn%22%7D,%22id%22:1676,%22link%22:%22https:\/\/080barcelonafashion.catdesigner\/nathalie-chandler-2\/atmo_nathalie-chandler_baixa_33\/%22,%22url%22:%22https:\/\/080barcelonafashion.catwp-content\/uploads\/2023\/05\/Atmo_Nathalie-Chandler_Baixa_33.jpg%22,%22sizes%22:%22%22%7D,%7B%22alt%22:%22%22,%22title%22:%22Atmo_Nathalie-Chandler_Baixa_34%22,%22caption%22:%22%22,%22description%22:%7B%22raw%22:%22%22,%22rendered%22:%22%3Cp%20class=%5C%22attachment%5C%22%3E%3Ca%20href='https:\/\/080barcelonafashion.catwp-content\/uploads\/2023\/05\/Atmo_Nathalie-Chandler_Baixa_34.jpg'%3E%3Cimg%20width=%5C%22300%5C%22%20height=%5C%22200%5C%22%20src=%5C%22https:\/\/080barcelonafashion.catwp-content\/uploads\/2023\/05\/Atmo_Nathalie-Chandler_Baixa_34-300x200.jpg%5C%22%20class=%5C%22attachment-medium%20size-medium%5C%22%20alt=%5C%22%5C%22%20decoding=%5C%22async%5C%22%20loading=%5C%22lazy%5C%22%20srcset=%5C%22https:\/\/080barcelonafashion.catwp-content\/uploads\/2023\/05\/Atmo_Nathalie-Chandler_Baixa_34-300x200.jpg%20300w,%20https:\/\/080barcelonafashion.catwp-content\/uploads\/2023\/05\/Atmo_Nathalie-Chandler_Baixa_34-1024x682.jpg%201024w,%20https:\/\/080barcelonafashion.catwp-content\/uploads\/2023\/05\/Atmo_Nathalie-Chandler_Baixa_34-768x512.jpg%20768w,%20https:\/\/080barcelonafashion.catwp-content\/uploads\/2023\/05\/Atmo_Nathalie-Chandler_Baixa_34.jpg%201400w%5C%22%20sizes=%5C%22(max-width:%20300px)%20100vw,%20300px%5C%22%20\/%3E%3C\/a%3E%3C\/p%3E%5Cn%22%7D,%22id%22:1677,%22link%22:%22https:\/\/080barcelonafashion.catdesigner\/nathalie-chandler-2\/atmo_nathalie-chandler_baixa_34\/%22,%22url%22:%22https:\/\/080barcelonafashion.catwp-content\/uploads\/2023\/05\/Atmo_Nathalie-Chandler_Baixa_34.jpg%22,%22sizes%22:%22%22%7D,%7B%22alt%22:%22%22,%22title%22:%22Atmo_Nathalie-Chandler_Baixa_35%22,%22caption%22:%22%22,%22description%22:%7B%22raw%22:%22%22,%22rendered%22:%22%3Cp%20class=%5C%22attachment%5C%22%3E%3Ca%20href='https:\/\/080barcelonafashion.catwp-content\/uploads\/2023\/05\/Atmo_Nathalie-Chandler_Baixa_35.jpg'%3E%3Cimg%20width=%5C%22300%5C%22%20height=%5C%22200%5C%22%20src=%5C%22https:\/\/080barcelonafashion.catwp-content\/uploads\/2023\/05\/Atmo_Nathalie-Chandler_Baixa_35-300x200.jpg%5C%22%20class=%5C%22attachment-medium%20size-medium%5C%22%20alt=%5C%22%5C%22%20decoding=%5C%22async%5C%22%20loading=%5C%22lazy%5C%22%20srcset=%5C%22https:\/\/080barcelonafashion.catwp-content\/uploads\/2023\/05\/Atmo_Nathalie-Chandler_Baixa_35-300x200.jpg%20300w,%20https:\/\/080barcelonafashion.catwp-content\/uploads\/2023\/05\/Atmo_Nathalie-Chandler_Baixa_35-1024x682.jpg%201024w,%20https:\/\/080barcelonafashion.catwp-content\/uploads\/2023\/05\/Atmo_Nathalie-Chandler_Baixa_35-768x512.jpg%20768w,%20https:\/\/080barcelonafashion.catwp-content\/uploads\/2023\/05\/Atmo_Nathalie-Chandler_Baixa_35.jpg%201400w%5C%22%20sizes=%5C%22(max-width:%20300px)%20100vw,%20300px%5C%22%20\/%3E%3C\/a%3E%3C\/p%3E%5Cn%22%7D,%22id%22:1678,%22link%22:%22https:\/\/080barcelonafashion.catdesigner\/nathalie-chandler-2\/atmo_nathalie-chandler_baixa_35\/%22,%22url%22:%22https:\/\/080barcelonafashion.catwp-content\/uploads\/2023\/05\/Atmo_Nathalie-Chandler_Baixa_35.jpg%22,%22sizes%22:%22%22%7D,%7B%22alt%22:%22%22,%22title%22:%22Atmo_Nathalie-Chandler_Baixa_36%22,%22caption%22:%22%22,%22description%22:%7B%22raw%22:%22%22,%22rendered%22:%22%3Cp%20class=%5C%22attachment%5C%22%3E%3Ca%20href='https:\/\/080barcelonafashion.catwp-content\/uploads\/2023\/05\/Atmo_Nathalie-Chandler_Baixa_36.jpg'%3E%3Cimg%20width=%5C%22300%5C%22%20height=%5C%22200%5C%22%20src=%5C%22https:\/\/080barcelonafashion.catwp-content\/uploads\/2023\/05\/Atmo_Nathalie-Chandler_Baixa_36-300x200.jpg%5C%22%20class=%5C%22attachment-medium%20size-medium%5C%22%20alt=%5C%22%5C%22%20decoding=%5C%22async%5C%22%20loading=%5C%22lazy%5C%22%20srcset=%5C%22https:\/\/080barcelonafashion.catwp-content\/uploads\/2023\/05\/Atmo_Nathalie-Chandler_Baixa_36-300x200.jpg%20300w,%20https:\/\/080barcelonafashion.catwp-content\/uploads\/2023\/05\/Atmo_Nathalie-Chandler_Baixa_36-1024x682.jpg%201024w,%20https:\/\/080barcelonafashion.catwp-content\/uploads\/2023\/05\/Atmo_Nathalie-Chandler_Baixa_36-768x512.jpg%20768w,%20https:\/\/080barcelonafashion.catwp-content\/uploads\/2023\/05\/Atmo_Nathalie-Chandler_Baixa_36.jpg%201400w%5C%22%20sizes=%5C%22(max-width:%20300px)%20100vw,%20300px%5C%22%20\/%3E%3C\/a%3E%3C\/p%3E%5Cn%22%7D,%22id%22:1679,%22link%22:%22https:\/\/080barcelonafashion.catdesigner\/nathalie-chandler-2\/atmo_nathalie-chandler_baixa_36\/%22,%22url%22:%22https:\/\/080barcelonafashion.catwp-content\/uploads\/2023\/05\/Atmo_Nathalie-Chandler_Baixa_36.jpg%22,%22sizes%22:%22%22%7D,%7B%22alt%22:%22%22,%22title%22:%22Atmo_Nathalie-Chandler_Baixa_38%22,%22caption%22:%22%22,%22description%22:%7B%22raw%22:%22%22,%22rendered%22:%22%3Cp%20class=%5C%22attachment%5C%22%3E%3Ca%20href='https:\/\/080barcelonafashion.catwp-content\/uploads\/2023\/05\/Atmo_Nathalie-Chandler_Baixa_38.jpg'%3E%3Cimg%20width=%5C%22300%5C%22%20height=%5C%22200%5C%22%20src=%5C%22https:\/\/080barcelonafashion.catwp-content\/uploads\/2023\/05\/Atmo_Nathalie-Chandler_Baixa_38-300x200.jpg%5C%22%20class=%5C%22attachment-medium%20size-medium%5C%22%20alt=%5C%22%5C%22%20decoding=%5C%22async%5C%22%20loading=%5C%22lazy%5C%22%20srcset=%5C%22https:\/\/080barcelonafashion.catwp-content\/uploads\/2023\/05\/Atmo_Nathalie-Chandler_Baixa_38-300x200.jpg%20300w,%20https:\/\/080barcelonafashion.catwp-content\/uploads\/2023\/05\/Atmo_Nathalie-Chandler_Baixa_38-1024x682.jpg%201024w,%20https:\/\/080barcelonafashion.catwp-content\/uploads\/2023\/05\/Atmo_Nathalie-Chandler_Baixa_38-768x512.jpg%20768w,%20https:\/\/080barcelonafashion.catwp-content\/uploads\/2023\/05\/Atmo_Nathalie-Chandler_Baixa_38.jpg%201400w%5C%22%20sizes=%5C%22(max-width:%20300px)%20100vw,%20300px%5C%22%20\/%3E%3C\/a%3E%3C\/p%3E%5Cn%22%7D,%22id%22:1680,%22link%22:%22https:\/\/080barcelonafashion.catdesigner\/nathalie-chandler-2\/atmo_nathalie-chandler_baixa_38\/%22,%22url%22:%22https:\/\/080barcelonafashion.catwp-content\/uploads\/2023\/05\/Atmo_Nathalie-Chandler_Baixa_38.jpg%22,%22sizes%22:%22%22%7D,%7B%22alt%22:%22%22,%22title%22:%22Atmo_Nathalie-Chandler_Baixa_40%22,%22caption%22:%22%22,%22description%22:%7B%22raw%22:%22%22,%22rendered%22:%22%3Cp%20class=%5C%22attachment%5C%22%3E%3Ca%20href='https:\/\/080barcelonafashion.catwp-content\/uploads\/2023\/05\/Atmo_Nathalie-Chandler_Baixa_40.jpg'%3E%3Cimg%20width=%5C%22300%5C%22%20height=%5C%22200%5C%22%20src=%5C%22https:\/\/080barcelonafashion.catwp-content\/uploads\/2023\/05\/Atmo_Nathalie-Chandler_Baixa_40-300x200.jpg%5C%22%20class=%5C%22attachment-medium%20size-medium%5C%22%20alt=%5C%22%5C%22%20decoding=%5C%22async%5C%22%20loading=%5C%22lazy%5C%22%20srcset=%5C%22https:\/\/080barcelonafashion.catwp-content\/uploads\/2023\/05\/Atmo_Nathalie-Chandler_Baixa_40-300x200.jpg%20300w,%20https:\/\/080barcelonafashion.catwp-content\/uploads\/2023\/05\/Atmo_Nathalie-Chandler_Baixa_40-1024x682.jpg%201024w,%20https:\/\/080barcelonafashion.catwp-content\/uploads\/2023\/05\/Atmo_Nathalie-Chandler_Baixa_40-768x512.jpg%20768w,%20https:\/\/080barcelonafashion.catwp-content\/uploads\/2023\/05\/Atmo_Nathalie-Chandler_Baixa_40.jpg%201400w%5C%22%20sizes=%5C%22(max-width:%20300px)%20100vw,%20300px%5C%22%20\/%3E%3C\/a%3E%3C\/p%3E%5Cn%22%7D,%22id%22:1681,%22link%22:%22https:\/\/080barcelonafashion.catdesigner\/nathalie-chandler-2\/atmo_nathalie-chandler_baixa_40\/%22,%22url%22:%22https:\/\/080barcelonafashion.catwp-content\/uploads\/2023\/05\/Atmo_Nathalie-Chandler_Baixa_40.jpg%22,%22sizes%22:%22%22%7D,%7B%22alt%22:%22%22,%22title%22:%22Atmo_Nathalie-Chandler_Baixa_41%22,%22caption%22:%22%22,%22description%22:%7B%22raw%22:%22%22,%22rendered%22:%22%3Cp%20class=%5C%22attachment%5C%22%3E%3Ca%20href='https:\/\/080barcelonafashion.catwp-content\/uploads\/2023\/05\/Atmo_Nathalie-Chandler_Baixa_41.jpg'%3E%3Cimg%20width=%5C%22300%5C%22%20height=%5C%22200%5C%22%20src=%5C%22https:\/\/080barcelonafashion.catwp-content\/uploads\/2023\/05\/Atmo_Nathalie-Chandler_Baixa_41-300x200.jpg%5C%22%20class=%5C%22attachment-medium%20size-medium%5C%22%20alt=%5C%22%5C%22%20decoding=%5C%22async%5C%22%20loading=%5C%22lazy%5C%22%20srcset=%5C%22https:\/\/080barcelonafashion.catwp-content\/uploads\/2023\/05\/Atmo_Nathalie-Chandler_Baixa_41-300x200.jpg%20300w,%20https:\/\/080barcelonafashion.catwp-content\/uploads\/2023\/05\/Atmo_Nathalie-Chandler_Baixa_41-1024x682.jpg%201024w,%20https:\/\/080barcelonafashion.catwp-content\/uploads\/2023\/05\/Atmo_Nathalie-Chandler_Baixa_41-768x512.jpg%20768w,%20https:\/\/080barcelonafashion.catwp-content\/uploads\/2023\/05\/Atmo_Nathalie-Chandler_Baixa_41.jpg%201400w%5C%22%20sizes=%5C%22(max-width:%20300px)%20100vw,%20300px%5C%22%20\/%3E%3C\/a%3E%3C\/p%3E%5Cn%22%7D,%22id%22:1682,%22link%22:%22https:\/\/080barcelonafashion.catdesigner\/nathalie-chandler-2\/atmo_nathalie-chandler_baixa_41\/%22,%22url%22:%22https:\/\/080barcelonafashion.catwp-content\/uploads\/2023\/05\/Atmo_Nathalie-Chandler_Baixa_41.jpg%22,%22sizes%22:%22%22%7D,%7B%22alt%22:%22%22,%22title%22:%22Atmo_Nathalie-Chandler_Baixa_42%22,%22caption%22:%22%22,%22description%22:%7B%22raw%22:%22%22,%22rendered%22:%22%3Cp%20class=%5C%22attachment%5C%22%3E%3Ca%20href='https:\/\/080barcelonafashion.catwp-content\/uploads\/2023\/05\/Atmo_Nathalie-Chandler_Baixa_42.jpg'%3E%3Cimg%20width=%5C%22300%5C%22%20height=%5C%22200%5C%22%20src=%5C%22https:\/\/080barcelonafashion.catwp-content\/uploads\/2023\/05\/Atmo_Nathalie-Chandler_Baixa_42-300x200.jpg%5C%22%20class=%5C%22attachment-medium%20size-medium%5C%22%20alt=%5C%22%5C%22%20decoding=%5C%22async%5C%22%20loading=%5C%22lazy%5C%22%20srcset=%5C%22https:\/\/080barcelonafashion.catwp-content\/uploads\/2023\/05\/Atmo_Nathalie-Chandler_Baixa_42-300x200.jpg%20300w,%20https:\/\/080barcelonafashion.catwp-content\/uploads\/2023\/05\/Atmo_Nathalie-Chandler_Baixa_42-1024x682.jpg%201024w,%20https:\/\/080barcelonafashion.catwp-content\/uploads\/2023\/05\/Atmo_Nathalie-Chandler_Baixa_42-768x512.jpg%20768w,%20https:\/\/080barcelonafashion.catwp-content\/uploads\/2023\/05\/Atmo_Nathalie-Chandler_Baixa_42.jpg%201400w%5C%22%20sizes=%5C%22(max-width:%20300px)%20100vw,%20300px%5C%22%20\/%3E%3C\/a%3E%3C\/p%3E%5Cn%22%7D,%22id%22:1683,%22link%22:%22https:\/\/080barcelonafashion.catdesigner\/nathalie-chandler-2\/atmo_nathalie-chandler_baixa_42\/%22,%22url%22:%22https:\/\/080barcelonafashion.catwp-content\/uploads\/2023\/05\/Atmo_Nathalie-Chandler_Baixa_42.jpg%22,%22sizes%22:%22%22%7D,%7B%22alt%22:%22%22,%22title%22:%22Atmo_Nathalie-Chandler_Baixa_43%22,%22caption%22:%22%22,%22description%22:%7B%22raw%22:%22%22,%22rendered%22:%22%3Cp%20class=%5C%22attachment%5C%22%3E%3Ca%20href='https:\/\/080barcelonafashion.catwp-content\/uploads\/2023\/05\/Atmo_Nathalie-Chandler_Baixa_43.jpg'%3E%3Cimg%20width=%5C%22200%5C%22%20height=%5C%22300%5C%22%20src=%5C%22https:\/\/080barcelonafashion.catwp-content\/uploads\/2023\/05\/Atmo_Nathalie-Chandler_Baixa_43-200x300.jpg%5C%22%20class=%5C%22attachment-medium%20size-medium%5C%22%20alt=%5C%22%5C%22%20decoding=%5C%22async%5C%22%20loading=%5C%22lazy%5C%22%20srcset=%5C%22https:\/\/080barcelonafashion.catwp-content\/uploads\/2023\/05\/Atmo_Nathalie-Chandler_Baixa_43-200x300.jpg%20200w,%20https:\/\/080barcelonafashion.catwp-content\/uploads\/2023\/05\/Atmo_Nathalie-Chandler_Baixa_43-682x1024.jpg%20682w,%20https:\/\/080barcelonafashion.catwp-content\/uploads\/2023\/05\/Atmo_Nathalie-Chandler_Baixa_43-768x1152.jpg%20768w,%20https:\/\/080barcelonafashion.catwp-content\/uploads\/2023\/05\/Atmo_Nathalie-Chandler_Baixa_43.jpg%20933w%5C%22%20sizes=%5C%22(max-width:%20200px)%20100vw,%20200px%5C%22%20\/%3E%3C\/a%3E%3C\/p%3E%5Cn%22%7D,%22id%22:1684,%22link%22:%22https:\/\/080barcelonafashion.catdesigner\/nathalie-chandler-2\/atmo_nathalie-chandler_baixa_43\/%22,%22url%22:%22https:\/\/080barcelonafashion.catwp-content\/uploads\/2023\/05\/Atmo_Nathalie-Chandler_Baixa_43.jpg%22,%22sizes%22:%22%22%7D,%7B%22alt%22:%22%22,%22title%22:%22zAtmo_Nathalie-Chandler_Baixa_03%22,%22caption%22:%22%22,%22description%22:%7B%22raw%22:%22%22,%22rendered%22:%22%3Cp%20class=%5C%22attachment%5C%22%3E%3Ca%20href='https:\/\/080barcelonafashion.catwp-content\/uploads\/2023\/05\/zAtmo_Nathalie-Chandler_Baixa_03.jpg'%3E%3Cimg%20width=%5C%22200%5C%22%20height=%5C%22300%5C%22%20src=%5C%22https:\/\/080barcelonafashion.catwp-content\/uploads\/2023\/05\/zAtmo_Nathalie-Chandler_Baixa_03-200x300.jpg%5C%22%20class=%5C%22attachment-medium%20size-medium%5C%22%20alt=%5C%22%5C%22%20decoding=%5C%22async%5C%22%20loading=%5C%22lazy%5C%22%20srcset=%5C%22https:\/\/080barcelonafashion.catwp-content\/uploads\/2023\/05\/zAtmo_Nathalie-Chandler_Baixa_03-200x300.jpg%20200w,%20https:\/\/080barcelonafashion.catwp-content\/uploads\/2023\/05\/zAtmo_Nathalie-Chandler_Baixa_03-682x1024.jpg%20682w,%20https:\/\/080barcelonafashion.catwp-content\/uploads\/2023\/05\/zAtmo_Nathalie-Chandler_Baixa_03-768x1152.jpg%20768w,%20https:\/\/080barcelonafashion.catwp-content\/uploads\/2023\/05\/zAtmo_Nathalie-Chandler_Baixa_03.jpg%20933w%5C%22%20sizes=%5C%22(max-width:%20200px)%20100vw,%20200px%5C%22%20\/%3E%3C\/a%3E%3C\/p%3E%5Cn%22%7D,%22id%22:1685,%22link%22:%22https:\/\/080barcelonafashion.catdesigner\/nathalie-chandler-2\/zatmo_nathalie-chandler_baixa_03\/%22,%22url%22:%22https:\/\/080barcelonafashion.catwp-content\/uploads\/2023\/05\/zAtmo_Nathalie-Chandler_Baixa_03.jpg%22,%22sizes%22:%22%22%7D,%7B%22alt%22:%22%22,%22title%22:%22zAtmo_Nathalie-Chandler_Baixa_20%22,%22caption%22:%22%22,%22description%22:%7B%22raw%22:%22%22,%22rendered%22:%22%3Cp%20class=%5C%22attachment%5C%22%3E%3Ca%20href='https:\/\/080barcelonafashion.catwp-content\/uploads\/2023\/05\/zAtmo_Nathalie-Chandler_Baixa_20.jpg'%3E%3Cimg%20width=%5C%22200%5C%22%20height=%5C%22300%5C%22%20src=%5C%22https:\/\/080barcelonafashion.catwp-content\/uploads\/2023\/05\/zAtmo_Nathalie-Chandler_Baixa_20-200x300.jpg%5C%22%20class=%5C%22attachment-medium%20size-medium%5C%22%20alt=%5C%22%5C%22%20decoding=%5C%22async%5C%22%20loading=%5C%22lazy%5C%22%20srcset=%5C%22https:\/\/080barcelonafashion.catwp-content\/uploads\/2023\/05\/zAtmo_Nathalie-Chandler_Baixa_20-200x300.jpg%20200w,%20https:\/\/080barcelonafashion.catwp-content\/uploads\/2023\/05\/zAtmo_Nathalie-Chandler_Baixa_20-682x1024.jpg%20682w,%20https:\/\/080barcelonafashion.catwp-content\/uploads\/2023\/05\/zAtmo_Nathalie-Chandler_Baixa_20-768x1152.jpg%20768w,%20https:\/\/080barcelonafashion.catwp-content\/uploads\/2023\/05\/zAtmo_Nathalie-Chandler_Baixa_20.jpg%20933w%5C%22%20sizes=%5C%22(max-width:%20200px)%20100vw,%20200px%5C%22%20\/%3E%3C\/a%3E%3C\/p%3E%5Cn%22%7D,%22id%22:1686,%22link%22:%22https:\/\/080barcelonafashion.catdesigner\/nathalie-chandler-2\/zatmo_nathalie-chandler_baixa_20\/%22,%22url%22:%22https:\/\/080barcelonafashion.catwp-content\/uploads\/2023\/05\/zAtmo_Nathalie-Chandler_Baixa_20.jpg%22,%22sizes%22:%22%22%7D,%7B%22alt%22:%22%22,%22title%22:%22zAtmo_Nathalie-Chandler_Baixa_23%22,%22caption%22:%22%22,%22description%22:%7B%22raw%22:%22%22,%22rendered%22:%22%3Cp%20class=%5C%22attachment%5C%22%3E%3Ca%20href='https:\/\/080barcelonafashion.catwp-content\/uploads\/2023\/05\/zAtmo_Nathalie-Chandler_Baixa_23.jpg'%3E%3Cimg%20width=%5C%22200%5C%22%20height=%5C%22300%5C%22%20src=%5C%22https:\/\/080barcelonafashion.catwp-content\/uploads\/2023\/05\/zAtmo_Nathalie-Chandler_Baixa_23-200x300.jpg%5C%22%20class=%5C%22attachment-medium%20size-medium%5C%22%20alt=%5C%22%5C%22%20decoding=%5C%22async%5C%22%20loading=%5C%22lazy%5C%22%20srcset=%5C%22https:\/\/080barcelonafashion.catwp-content\/uploads\/2023\/05\/zAtmo_Nathalie-Chandler_Baixa_23-200x300.jpg%20200w,%20https:\/\/080barcelonafashion.catwp-content\/uploads\/2023\/05\/zAtmo_Nathalie-Chandler_Baixa_23-682x1024.jpg%20682w,%20https:\/\/080barcelonafashion.catwp-content\/uploads\/2023\/05\/zAtmo_Nathalie-Chandler_Baixa_23-768x1152.jpg%20768w,%20https:\/\/080barcelonafashion.catwp-content\/uploads\/2023\/05\/zAtmo_Nathalie-Chandler_Baixa_23.jpg%20933w%5C%22%20sizes=%5C%22(max-width:%20200px)%20100vw,%20200px%5C%22%20\/%3E%3C\/a%3E%3C\/p%3E%5Cn%22%7D,%22id%22:1687,%22link%22:%22https:\/\/080barcelonafashion.catdesigner\/nathalie-chandler-2\/zatmo_nathalie-chandler_baixa_23\/%22,%22url%22:%22https:\/\/080barcelonafashion.catwp-content\/uploads\/2023\/05\/zAtmo_Nathalie-Chandler_Baixa_23.jpg%22,%22sizes%22:%22%22%7D,%7B%22alt%22:%22%22,%22title%22:%22zAtmo_Nathalie-Chandler_Baixa_31%22,%22caption%22:%22%22,%22description%22:%7B%22raw%22:%22%22,%22rendered%22:%22%3Cp%20class=%5C%22attachment%5C%22%3E%3Ca%20href='https:\/\/080barcelonafashion.catwp-content\/uploads\/2023\/05\/zAtmo_Nathalie-Chandler_Baixa_31.jpg'%3E%3Cimg%20width=%5C%22200%5C%22%20height=%5C%22300%5C%22%20src=%5C%22https:\/\/080barcelonafashion.catwp-content\/uploads\/2023\/05\/zAtmo_Nathalie-Chandler_Baixa_31-200x300.jpg%5C%22%20class=%5C%22attachment-medium%20size-medium%5C%22%20alt=%5C%22%5C%22%20decoding=%5C%22async%5C%22%20loading=%5C%22lazy%5C%22%20srcset=%5C%22https:\/\/080barcelonafashion.catwp-content\/uploads\/2023\/05\/zAtmo_Nathalie-Chandler_Baixa_31-200x300.jpg%20200w,%20https:\/\/080barcelonafashion.catwp-content\/uploads\/2023\/05\/zAtmo_Nathalie-Chandler_Baixa_31-682x1024.jpg%20682w,%20https:\/\/080barcelonafashion.catwp-content\/uploads\/2023\/05\/zAtmo_Nathalie-Chandler_Baixa_31-768x1152.jpg%20768w,%20https:\/\/080barcelonafashion.catwp-content\/uploads\/2023\/05\/zAtmo_Nathalie-Chandler_Baixa_31.jpg%20933w%5C%22%20sizes=%5C%22(max-width:%20200px)%20100vw,%20200px%5C%22%20\/%3E%3C\/a%3E%3C\/p%3E%5Cn%22%7D,%22id%22:1688,%22link%22:%22https:\/\/080barcelonafashion.catdesigner\/nathalie-chandler-2\/zatmo_nathalie-chandler_baixa_31\/%22,%22url%22:%22https:\/\/080barcelonafashion.catwp-content\/uploads\/2023\/05\/zAtmo_Nathalie-Chandler_Baixa_31.jpg%22,%22sizes%22:%22%22%7D,%7B%22alt%22:%22%22,%22title%22:%22zAtmo_Nathalie-Chandler_Baixa_32%22,%22caption%22:%22%22,%22description%22:%7B%22raw%22:%22%22,%22rendered%22:%22%3Cp%20class=%5C%22attachment%5C%22%3E%3Ca%20href='https:\/\/080barcelonafashion.catwp-content\/uploads\/2023\/05\/zAtmo_Nathalie-Chandler_Baixa_32.jpg'%3E%3Cimg%20width=%5C%22200%5C%22%20height=%5C%22300%5C%22%20src=%5C%22https:\/\/080barcelonafashion.catwp-content\/uploads\/2023\/05\/zAtmo_Nathalie-Chandler_Baixa_32-200x300.jpg%5C%22%20class=%5C%22attachment-medium%20size-medium%5C%22%20alt=%5C%22%5C%22%20decoding=%5C%22async%5C%22%20loading=%5C%22lazy%5C%22%20srcset=%5C%22https:\/\/080barcelonafashion.catwp-content\/uploads\/2023\/05\/zAtmo_Nathalie-Chandler_Baixa_32-200x300.jpg%20200w,%20https:\/\/080barcelonafashion.catwp-content\/uploads\/2023\/05\/zAtmo_Nathalie-Chandler_Baixa_32-682x1024.jpg%20682w,%20https:\/\/080barcelonafashion.catwp-content\/uploads\/2023\/05\/zAtmo_Nathalie-Chandler_Baixa_32-768x1152.jpg%20768w,%20https:\/\/080barcelonafashion.catwp-content\/uploads\/2023\/05\/zAtmo_Nathalie-Chandler_Baixa_32.jpg%20933w%5C%22%20sizes=%5C%22(max-width:%20200px)%20100vw,%20200px%5C%22%20\/%3E%3C\/a%3E%3C\/p%3E%5Cn%22%7D,%22id%22:1689,%22link%22:%22https:\/\/080barcelonafashion.catdesigner\/nathalie-chandler-2\/zatmo_nathalie-chandler_baixa_32\/%22,%22url%22:%22https:\/\/080barcelonafashion.catwp-content\/uploads\/2023\/05\/zAtmo_Nathalie-Chandler_Baixa_32.jpg%22,%22sizes%22:%22%22%7D,%7B%22alt%22:%22%22,%22title%22:%22zAtmo_Nathalie-Chandler_Baixa_37%22,%22caption%22:%22%22,%22description%22:%7B%22raw%22:%22%22,%22rendered%22:%22%3Cp%20class=%5C%22attachment%5C%22%3E%3Ca%20href='https:\/\/080barcelonafashion.catwp-content\/uploads\/2023\/05\/zAtmo_Nathalie-Chandler_Baixa_37.jpg'%3E%3Cimg%20width=%5C%22200%5C%22%20height=%5C%22300%5C%22%20src=%5C%22https:\/\/080barcelonafashion.catwp-content\/uploads\/2023\/05\/zAtmo_Nathalie-Chandler_Baixa_37-200x300.jpg%5C%22%20class=%5C%22attachment-medium%20size-medium%5C%22%20alt=%5C%22%5C%22%20decoding=%5C%22async%5C%22%20loading=%5C%22lazy%5C%22%20srcset=%5C%22https:\/\/080barcelonafashion.catwp-content\/uploads\/2023\/05\/zAtmo_Nathalie-Chandler_Baixa_37-200x300.jpg%20200w,%20https:\/\/080barcelonafashion.catwp-content\/uploads\/2023\/05\/zAtmo_Nathalie-Chandler_Baixa_37-682x1024.jpg%20682w,%20https:\/\/080barcelonafashion.catwp-content\/uploads\/2023\/05\/zAtmo_Nathalie-Chandler_Baixa_37-768x1152.jpg%20768w,%20https:\/\/080barcelonafashion.catwp-content\/uploads\/2023\/05\/zAtmo_Nathalie-Chandler_Baixa_37.jpg%20933w%5C%22%20sizes=%5C%22(max-width:%20200px)%20100vw,%20200px%5C%22%20\/%3E%3C\/a%3E%3C\/p%3E%5Cn%22%7D,%22id%22:1690,%22link%22:%22https:\/\/080barcelonafashion.catdesigner\/nathalie-chandler-2\/zatmo_nathalie-chandler_baixa_37\/%22,%22url%22:%22https:\/\/080barcelonafashion.catwp-content\/uploads\/2023\/05\/zAtmo_Nathalie-Chandler_Baixa_37.jpg%22,%22sizes%22:%22%22%7D,%7B%22alt%22:%22%22,%22title%22:%22zAtmo_Nathalie-Chandler_Baixa_39%22,%22caption%22:%22%22,%22description%22:%7B%22raw%22:%22%22,%22rendered%22:%22%3Cp%20class=%5C%22attachment%5C%22%3E%3Ca%20href='https:\/\/080barcelonafashion.catwp-content\/uploads\/2023\/05\/zAtmo_Nathalie-Chandler_Baixa_39.jpg'%3E%3Cimg%20width=%5C%22200%5C%22%20height=%5C%22300%5C%22%20src=%5C%22https:\/\/080barcelonafashion.catwp-content\/uploads\/2023\/05\/zAtmo_Nathalie-Chandler_Baixa_39-200x300.jpg%5C%22%20class=%5C%22attachment-medium%20size-medium%5C%22%20alt=%5C%22%5C%22%20decoding=%5C%22async%5C%22%20loading=%5C%22lazy%5C%22%20srcset=%5C%22https:\/\/080barcelonafashion.catwp-content\/uploads\/2023\/05\/zAtmo_Nathalie-Chandler_Baixa_39-200x300.jpg%20200w,%20https:\/\/080barcelonafashion.catwp-content\/uploads\/2023\/05\/zAtmo_Nathalie-Chandler_Baixa_39-682x1024.jpg%20682w,%20https:\/\/080barcelonafashion.catwp-content\/uploads\/2023\/05\/zAtmo_Nathalie-Chandler_Baixa_39-768x1152.jpg%20768w,%20https:\/\/080barcelonafashion.catwp-content\/uploads\/2023\/05\/zAtmo_Nathalie-Chandler_Baixa_39.jpg%20933w%5C%22%20sizes=%5C%22(max-width:%20200px)%20100vw,%20200px%5C%22%20\/%3E%3C\/a%3E%3C\/p%3E%5Cn%22%7D,%22id%22:1691,%22link%22:%22https:\/\/080barcelonafashion.catdesigner\/nathalie-chandler-2\/zatmo_nathalie-chandler_baixa_39\/%22,%22url%22:%22https:\/\/080barcelonafashion.catwp-content\/uploads\/2023\/05\/zAtmo_Nathalie-Chandler_Baixa_39.jpg%22,%22sizes%22:%22%22%7D%5D","images-front-row":"%5B%7B%22alt%22:%22%22,%22title%22:%225924_BAJA%22,%22caption%22:%22%22,%22description%22:%7B%22raw%22:%22%22,%22rendered%22:%22%3Cp%20class=%5C%22attachment%5C%22%3E%3Ca%20href='https:\/\/080barcelonafashion.catwp-content\/uploads\/2023\/05\/5924_BAJA.jpg'%3E%3Cimg%20width=%5C%22300%5C%22%20height=%5C%22200%5C%22%20src=%5C%22https:\/\/080barcelonafashion.catwp-content\/uploads\/2023\/05\/5924_BAJA-300x200.jpg%5C%22%20class=%5C%22attachment-medium%20size-medium%5C%22%20alt=%5C%22%5C%22%20decoding=%5C%22async%5C%22%20loading=%5C%22lazy%5C%22%20srcset=%5C%22https:\/\/080barcelonafashion.catwp-content\/uploads\/2023\/05\/5924_BAJA-300x200.jpg%20300w,%20https:\/\/080barcelonafashion.catwp-content\/uploads\/2023\/05\/5924_BAJA-1024x683.jpg%201024w,%20https:\/\/080barcelonafashion.catwp-content\/uploads\/2023\/05\/5924_BAJA-768x512.jpg%20768w,%20https:\/\/080barcelonafashion.catwp-content\/uploads\/2023\/05\/5924_BAJA.jpg%201125w%5C%22%20sizes=%5C%22(max-width:%20300px)%20100vw,%20300px%5C%22%20\/%3E%3C\/a%3E%3C\/p%3E%5Cn%22%7D,%22id%22:1692,%22link%22:%22https:\/\/080barcelonafashion.catdesigner\/nathalie-chandler-2\/5924_baja\/%22,%22url%22:%22https:\/\/080barcelonafashion.catwp-content\/uploads\/2023\/05\/5924_BAJA.jpg%22,%22sizes%22:%22%22%7D,%7B%22alt%22:%22%22,%22title%22:%225943_BAJA%22,%22caption%22:%22%22,%22description%22:%7B%22raw%22:%22%22,%22rendered%22:%22%3Cp%20class=%5C%22attachment%5C%22%3E%3Ca%20href='https:\/\/080barcelonafashion.catwp-content\/uploads\/2023\/05\/5943_BAJA.jpg'%3E%3Cimg%20width=%5C%22300%5C%22%20height=%5C%22236%5C%22%20src=%5C%22https:\/\/080barcelonafashion.catwp-content\/uploads\/2023\/05\/5943_BAJA-300x236.jpg%5C%22%20class=%5C%22attachment-medium%20size-medium%5C%22%20alt=%5C%22%5C%22%20decoding=%5C%22async%5C%22%20loading=%5C%22lazy%5C%22%20srcset=%5C%22https:\/\/080barcelonafashion.catwp-content\/uploads\/2023\/05\/5943_BAJA-300x236.jpg%20300w,%20https:\/\/080barcelonafashion.catwp-content\/uploads\/2023\/05\/5943_BAJA-768x605.jpg%20768w,%20https:\/\/080barcelonafashion.catwp-content\/uploads\/2023\/05\/5943_BAJA.jpg%20952w%5C%22%20sizes=%5C%22(max-width:%20300px)%20100vw,%20300px%5C%22%20\/%3E%3C\/a%3E%3C\/p%3E%5Cn%22%7D,%22id%22:1693,%22link%22:%22https:\/\/080barcelonafashion.catdesigner\/nathalie-chandler-2\/5943_baja\/%22,%22url%22:%22https:\/\/080barcelonafashion.catwp-content\/uploads\/2023\/05\/5943_BAJA.jpg%22,%22sizes%22:%22%22%7D,%7B%22alt%22:%22%22,%22title%22:%225950_BAJA%22,%22caption%22:%22%22,%22description%22:%7B%22raw%22:%22%22,%22rendered%22:%22%3Cp%20class=%5C%22attachment%5C%22%3E%3Ca%20href='https:\/\/080barcelonafashion.catwp-content\/uploads\/2023\/05\/5950_BAJA.jpg'%3E%3Cimg%20width=%5C%22300%5C%22%20height=%5C%22200%5C%22%20src=%5C%22https:\/\/080barcelonafashion.catwp-content\/uploads\/2023\/05\/5950_BAJA-300x200.jpg%5C%22%20class=%5C%22attachment-medium%20size-medium%5C%22%20alt=%5C%22%5C%22%20decoding=%5C%22async%5C%22%20loading=%5C%22lazy%5C%22%20srcset=%5C%22https:\/\/080barcelonafashion.catwp-content\/uploads\/2023\/05\/5950_BAJA-300x200.jpg%20300w,%20https:\/\/080barcelonafashion.catwp-content\/uploads\/2023\/05\/5950_BAJA-1024x683.jpg%201024w,%20https:\/\/080barcelonafashion.catwp-content\/uploads\/2023\/05\/5950_BAJA-768x512.jpg%20768w,%20https:\/\/080barcelonafashion.catwp-content\/uploads\/2023\/05\/5950_BAJA.jpg%201125w%5C%22%20sizes=%5C%22(max-width:%20300px)%20100vw,%20300px%5C%22%20\/%3E%3C\/a%3E%3C\/p%3E%5Cn%22%7D,%22id%22:1694,%22link%22:%22https:\/\/080barcelonafashion.catdesigner\/nathalie-chandler-2\/5950_baja\/%22,%22url%22:%22https:\/\/080barcelonafashion.catwp-content\/uploads\/2023\/05\/5950_BAJA.jpg%22,%22sizes%22:%22%22%7D,%7B%22alt%22:%22%22,%22title%22:%225957_BAJA%22,%22caption%22:%22%22,%22description%22:%7B%22raw%22:%22%22,%22rendered%22:%22%3Cp%20class=%5C%22attachment%5C%22%3E%3Ca%20href='https:\/\/080barcelonafashion.catwp-content\/uploads\/2023\/05\/5957_BAJA.jpg'%3E%3Cimg%20width=%5C%22300%5C%22%20height=%5C%22200%5C%22%20src=%5C%22https:\/\/080barcelonafashion.catwp-content\/uploads\/2023\/05\/5957_BAJA-300x200.jpg%5C%22%20class=%5C%22attachment-medium%20size-medium%5C%22%20alt=%5C%22%5C%22%20decoding=%5C%22async%5C%22%20loading=%5C%22lazy%5C%22%20srcset=%5C%22https:\/\/080barcelonafashion.catwp-content\/uploads\/2023\/05\/5957_BAJA-300x200.jpg%20300w,%20https:\/\/080barcelonafashion.catwp-content\/uploads\/2023\/05\/5957_BAJA-1024x683.jpg%201024w,%20https:\/\/080barcelonafashion.catwp-content\/uploads\/2023\/05\/5957_BAJA-768x512.jpg%20768w,%20https:\/\/080barcelonafashion.catwp-content\/uploads\/2023\/05\/5957_BAJA.jpg%201125w%5C%22%20sizes=%5C%22(max-width:%20300px)%20100vw,%20300px%5C%22%20\/%3E%3C\/a%3E%3C\/p%3E%5Cn%22%7D,%22id%22:1695,%22link%22:%22https:\/\/080barcelonafashion.catdesigner\/nathalie-chandler-2\/5957_baja\/%22,%22url%22:%22https:\/\/080barcelonafashion.catwp-content\/uploads\/2023\/05\/5957_BAJA.jpg%22,%22sizes%22:%22%22%7D,%7B%22alt%22:%22%22,%22title%22:%225961_BAJA%22,%22caption%22:%22%22,%22description%22:%7B%22raw%22:%22%22,%22rendered%22:%22%3Cp%20class=%5C%22attachment%5C%22%3E%3Ca%20href='https:\/\/080barcelonafashion.catwp-content\/uploads\/2023\/05\/5961_BAJA.jpg'%3E%3Cimg%20width=%5C%22200%5C%22%20height=%5C%22300%5C%22%20src=%5C%22https:\/\/080barcelonafashion.catwp-content\/uploads\/2023\/05\/5961_BAJA-200x300.jpg%5C%22%20class=%5C%22attachment-medium%20size-medium%5C%22%20alt=%5C%22%5C%22%20decoding=%5C%22async%5C%22%20loading=%5C%22lazy%5C%22%20srcset=%5C%22https:\/\/080barcelonafashion.catwp-content\/uploads\/2023\/05\/5961_BAJA-200x300.jpg%20200w,%20https:\/\/080barcelonafashion.catwp-content\/uploads\/2023\/05\/5961_BAJA.jpg%20500w%5C%22%20sizes=%5C%22(max-width:%20200px)%20100vw,%20200px%5C%22%20\/%3E%3C\/a%3E%3C\/p%3E%5Cn%22%7D,%22id%22:1697,%22link%22:%22https:\/\/080barcelonafashion.catdesigner\/nathalie-chandler-2\/5961_baja\/%22,%22url%22:%22https:\/\/080barcelonafashion.catwp-content\/uploads\/2023\/05\/5961_BAJA.jpg%22,%22sizes%22:%22%22%7D,%7B%22alt%22:%22%22,%22title%22:%225965_BAJA%22,%22caption%22:%22%22,%22description%22:%7B%22raw%22:%22%22,%22rendered%22:%22%3Cp%20class=%5C%22attachment%5C%22%3E%3Ca%20href='https:\/\/080barcelonafashion.catwp-content\/uploads\/2023\/05\/5965_BAJA.jpg'%3E%3Cimg%20width=%5C%22200%5C%22%20height=%5C%22300%5C%22%20src=%5C%22https:\/\/080barcelonafashion.catwp-content\/uploads\/2023\/05\/5965_BAJA-200x300.jpg%5C%22%20class=%5C%22attachment-medium%20size-medium%5C%22%20alt=%5C%22%5C%22%20decoding=%5C%22async%5C%22%20loading=%5C%22lazy%5C%22%20srcset=%5C%22https:\/\/080barcelonafashion.catwp-content\/uploads\/2023\/05\/5965_BAJA-200x300.jpg%20200w,%20https:\/\/080barcelonafashion.catwp-content\/uploads\/2023\/05\/5965_BAJA.jpg%20500w%5C%22%20sizes=%5C%22(max-width:%20200px)%20100vw,%20200px%5C%22%20\/%3E%3C\/a%3E%3C\/p%3E%5Cn%22%7D,%22id%22:1698,%22link%22:%22https:\/\/080barcelonafashion.catdesigner\/nathalie-chandler-2\/5965_baja\/%22,%22url%22:%22https:\/\/080barcelonafashion.catwp-content\/uploads\/2023\/05\/5965_BAJA.jpg%22,%22sizes%22:%22%22%7D,%7B%22alt%22:%22%22,%22title%22:%225968_BAJA%22,%22caption%22:%22%22,%22description%22:%7B%22raw%22:%22%22,%22rendered%22:%22%3Cp%20class=%5C%22attachment%5C%22%3E%3Ca%20href='https:\/\/080barcelonafashion.catwp-content\/uploads\/2023\/05\/5968_BAJA.jpg'%3E%3Cimg%20width=%5C%22200%5C%22%20height=%5C%22300%5C%22%20src=%5C%22https:\/\/080barcelonafashion.catwp-content\/uploads\/2023\/05\/5968_BAJA-200x300.jpg%5C%22%20class=%5C%22attachment-medium%20size-medium%5C%22%20alt=%5C%22%5C%22%20decoding=%5C%22async%5C%22%20loading=%5C%22lazy%5C%22%20srcset=%5C%22https:\/\/080barcelonafashion.catwp-content\/uploads\/2023\/05\/5968_BAJA-200x300.jpg%20200w,%20https:\/\/080barcelonafashion.catwp-content\/uploads\/2023\/05\/5968_BAJA.jpg%20500w%5C%22%20sizes=%5C%22(max-width:%20200px)%20100vw,%20200px%5C%22%20\/%3E%3C\/a%3E%3C\/p%3E%5Cn%22%7D,%22id%22:1699,%22link%22:%22https:\/\/080barcelonafashion.catdesigner\/nathalie-chandler-2\/5968_baja\/%22,%22url%22:%22https:\/\/080barcelonafashion.catwp-content\/uploads\/2023\/05\/5968_BAJA.jpg%22,%22sizes%22:%22%22%7D,%7B%22alt%22:%22%22,%22title%22:%2265933_BAJA%22,%22caption%22:%22%22,%22description%22:%7B%22raw%22:%22%22,%22rendered%22:%22%3Cp%20class=%5C%22attachment%5C%22%3E%3Ca%20href='https:\/\/080barcelonafashion.catwp-content\/uploads\/2023\/05\/65933_BAJA.jpg'%3E%3Cimg%20width=%5C%22200%5C%22%20height=%5C%22300%5C%22%20src=%5C%22https:\/\/080barcelonafashion.catwp-content\/uploads\/2023\/05\/65933_BAJA-200x300.jpg%5C%22%20class=%5C%22attachment-medium%20size-medium%5C%22%20alt=%5C%22%5C%22%20decoding=%5C%22async%5C%22%20loading=%5C%22lazy%5C%22%20srcset=%5C%22https:\/\/080barcelonafashion.catwp-content\/uploads\/2023\/05\/65933_BAJA-200x300.jpg%20200w,%20https:\/\/080barcelonafashion.catwp-content\/uploads\/2023\/05\/65933_BAJA.jpg%20500w%5C%22%20sizes=%5C%22(max-width:%20200px)%20100vw,%20200px%5C%22%20\/%3E%3C\/a%3E%3C\/p%3E%5Cn%22%7D,%22id%22:1700,%22link%22:%22https:\/\/080barcelonafashion.catdesigner\/nathalie-chandler-2\/65933_baja\/%22,%22url%22:%22https:\/\/080barcelonafashion.catwp-content\/uploads\/2023\/05\/65933_BAJA.jpg%22,%22sizes%22:%22%22%7D,%7B%22alt%22:%22%22,%22title%22:%2265937_BAJA%22,%22caption%22:%22%22,%22description%22:%7B%22raw%22:%22%22,%22rendered%22:%22%3Cp%20class=%5C%22attachment%5C%22%3E%3Ca%20href='https:\/\/080barcelonafashion.catwp-content\/uploads\/2023\/05\/65937_BAJA.jpg'%3E%3Cimg%20width=%5C%22200%5C%22%20height=%5C%22300%5C%22%20src=%5C%22https:\/\/080barcelonafashion.catwp-content\/uploads\/2023\/05\/65937_BAJA-200x300.jpg%5C%22%20class=%5C%22attachment-medium%20size-medium%5C%22%20alt=%5C%22%5C%22%20decoding=%5C%22async%5C%22%20loading=%5C%22lazy%5C%22%20srcset=%5C%22https:\/\/080barcelonafashion.catwp-content\/uploads\/2023\/05\/65937_BAJA-200x300.jpg%20200w,%20https:\/\/080barcelonafashion.catwp-content\/uploads\/2023\/05\/65937_BAJA.jpg%20500w%5C%22%20sizes=%5C%22(max-width:%20200px)%20100vw,%20200px%5C%22%20\/%3E%3C\/a%3E%3C\/p%3E%5Cn%22%7D,%22id%22:1701,%22link%22:%22https:\/\/080barcelonafashion.catdesigner\/nathalie-chandler-2\/65937_baja\/%22,%22url%22:%22https:\/\/080barcelonafashion.catwp-content\/uploads\/2023\/05\/65937_BAJA.jpg%22,%22sizes%22:%22%22%7D,%7B%22alt%22:%22%22,%22title%22:%2265939_BAJA%22,%22caption%22:%22%22,%22description%22:%7B%22raw%22:%22%22,%22rendered%22:%22%3Cp%20class=%5C%22attachment%5C%22%3E%3Ca%20href='https:\/\/080barcelonafashion.catwp-content\/uploads\/2023\/05\/65939_BAJA.jpg'%3E%3Cimg%20width=%5C%22200%5C%22%20height=%5C%22300%5C%22%20src=%5C%22https:\/\/080barcelonafashion.catwp-content\/uploads\/2023\/05\/65939_BAJA-200x300.jpg%5C%22%20class=%5C%22attachment-medium%20size-medium%5C%22%20alt=%5C%22%5C%22%20decoding=%5C%22async%5C%22%20loading=%5C%22lazy%5C%22%20srcset=%5C%22https:\/\/080barcelonafashion.catwp-content\/uploads\/2023\/05\/65939_BAJA-200x300.jpg%20200w,%20https:\/\/080barcelonafashion.catwp-content\/uploads\/2023\/05\/65939_BAJA.jpg%20500w%5C%22%20sizes=%5C%22(max-width:%20200px)%20100vw,%20200px%5C%22%20\/%3E%3C\/a%3E%3C\/p%3E%5Cn%22%7D,%22id%22:1702,%22link%22:%22https:\/\/080barcelonafashion.catdesigner\/nathalie-chandler-2\/65939_baja\/%22,%22url%22:%22https:\/\/080barcelonafashion.catwp-content\/uploads\/2023\/05\/65939_BAJA.jpg%22,%22sizes%22:%22%22%7D%5D","images-photocall":"%5B%7B%22alt%22:%22%22,%22title%22:%225991_BAJA%22,%22caption%22:%22%22,%22description%22:%7B%22raw%22:%22%22,%22rendered%22:%22%3Cp%20class=%5C%22attachment%5C%22%3E%3Ca%20href='https:\/\/080barcelonafashion.catwp-content\/uploads\/2023\/05\/5991_BAJA.jpg'%3E%3Cimg%20width=%5C%22200%5C%22%20height=%5C%22300%5C%22%20src=%5C%22https:\/\/080barcelonafashion.catwp-content\/uploads\/2023\/05\/5991_BAJA-200x300.jpg%5C%22%20class=%5C%22attachment-medium%20size-medium%5C%22%20alt=%5C%22%5C%22%20decoding=%5C%22async%5C%22%20loading=%5C%22lazy%5C%22%20srcset=%5C%22https:\/\/080barcelonafashion.catwp-content\/uploads\/2023\/05\/5991_BAJA-200x300.jpg%20200w,%20https:\/\/080barcelonafashion.catwp-content\/uploads\/2023\/05\/5991_BAJA.jpg%20500w%5C%22%20sizes=%5C%22(max-width:%20200px)%20100vw,%20200px%5C%22%20\/%3E%3C\/a%3E%3C\/p%3E%5Cn%22%7D,%22id%22:1703,%22link%22:%22https:\/\/080barcelonafashion.catdesigner\/nathalie-chandler-2\/5991_baja\/%22,%22url%22:%22https:\/\/080barcelonafashion.catwp-content\/uploads\/2023\/05\/5991_BAJA.jpg%22,%22sizes%22:%22%22%7D,%7B%22alt%22:%22%22,%22title%22:%225993_BAJA%22,%22caption%22:%22%22,%22description%22:%7B%22raw%22:%22%22,%22rendered%22:%22%3Cp%20class=%5C%22attachment%5C%22%3E%3Ca%20href='https:\/\/080barcelonafashion.catwp-content\/uploads\/2023\/05\/5993_BAJA.jpg'%3E%3Cimg%20width=%5C%22200%5C%22%20height=%5C%22300%5C%22%20src=%5C%22https:\/\/080barcelonafashion.catwp-content\/uploads\/2023\/05\/5993_BAJA-200x300.jpg%5C%22%20class=%5C%22attachment-medium%20size-medium%5C%22%20alt=%5C%22%5C%22%20decoding=%5C%22async%5C%22%20loading=%5C%22lazy%5C%22%20srcset=%5C%22https:\/\/080barcelonafashion.catwp-content\/uploads\/2023\/05\/5993_BAJA-200x300.jpg%20200w,%20https:\/\/080barcelonafashion.catwp-content\/uploads\/2023\/05\/5993_BAJA.jpg%20500w%5C%22%20sizes=%5C%22(max-width:%20200px)%20100vw,%20200px%5C%22%20\/%3E%3C\/a%3E%3C\/p%3E%5Cn%22%7D,%22id%22:1704,%22link%22:%22https:\/\/080barcelonafashion.catdesigner\/nathalie-chandler-2\/5993_baja\/%22,%22url%22:%22https:\/\/080barcelonafashion.catwp-content\/uploads\/2023\/05\/5993_BAJA.jpg%22,%22sizes%22:%22%22%7D,%7B%22alt%22:%22%22,%22title%22:%225994_BAJA%22,%22caption%22:%22%22,%22description%22:%7B%22raw%22:%22%22,%22rendered%22:%22%3Cp%20class=%5C%22attachment%5C%22%3E%3Ca%20href='https:\/\/080barcelonafashion.catwp-content\/uploads\/2023\/05\/5994_BAJA.jpg'%3E%3Cimg%20width=%5C%22200%5C%22%20height=%5C%22300%5C%22%20src=%5C%22https:\/\/080barcelonafashion.catwp-content\/uploads\/2023\/05\/5994_BAJA-200x300.jpg%5C%22%20class=%5C%22attachment-medium%20size-medium%5C%22%20alt=%5C%22%5C%22%20decoding=%5C%22async%5C%22%20loading=%5C%22lazy%5C%22%20srcset=%5C%22https:\/\/080barcelonafashion.catwp-content\/uploads\/2023\/05\/5994_BAJA-200x300.jpg%20200w,%20https:\/\/080barcelonafashion.catwp-content\/uploads\/2023\/05\/5994_BAJA.jpg%20500w%5C%22%20sizes=%5C%22(max-width:%20200px)%20100vw,%20200px%5C%22%20\/%3E%3C\/a%3E%3C\/p%3E%5Cn%22%7D,%22id%22:1705,%22link%22:%22https:\/\/080barcelonafashion.catdesigner\/nathalie-chandler-2\/5994_baja\/%22,%22url%22:%22https:\/\/080barcelonafashion.catwp-content\/uploads\/2023\/05\/5994_BAJA.jpg%22,%22sizes%22:%22%22%7D,%7B%22alt%22:%22%22,%22title%22:%225997_BAJA%22,%22caption%22:%22%22,%22description%22:%7B%22raw%22:%22%22,%22rendered%22:%22%3Cp%20class=%5C%22attachment%5C%22%3E%3Ca%20href='https:\/\/080barcelonafashion.catwp-content\/uploads\/2023\/05\/5997_BAJA.jpg'%3E%3Cimg%20width=%5C%22200%5C%22%20height=%5C%22300%5C%22%20src=%5C%22https:\/\/080barcelonafashion.catwp-content\/uploads\/2023\/05\/5997_BAJA-200x300.jpg%5C%22%20class=%5C%22attachment-medium%20size-medium%5C%22%20alt=%5C%22%5C%22%20decoding=%5C%22async%5C%22%20loading=%5C%22lazy%5C%22%20srcset=%5C%22https:\/\/080barcelonafashion.catwp-content\/uploads\/2023\/05\/5997_BAJA-200x300.jpg%20200w,%20https:\/\/080barcelonafashion.catwp-content\/uploads\/2023\/05\/5997_BAJA.jpg%20500w%5C%22%20sizes=%5C%22(max-width:%20200px)%20100vw,%20200px%5C%22%20\/%3E%3C\/a%3E%3C\/p%3E%5Cn%22%7D,%22id%22:1706,%22link%22:%22https:\/\/080barcelonafashion.catdesigner\/nathalie-chandler-2\/5997_baja\/%22,%22url%22:%22https:\/\/080barcelonafashion.catwp-content\/uploads\/2023\/05\/5997_BAJA.jpg%22,%22sizes%22:%22%22%7D,%7B%22alt%22:%22%22,%22title%22:%226000_BAJA%22,%22caption%22:%22%22,%22description%22:%7B%22raw%22:%22%22,%22rendered%22:%22%3Cp%20class=%5C%22attachment%5C%22%3E%3Ca%20href='https:\/\/080barcelonafashion.catwp-content\/uploads\/2023\/05\/6000_BAJA.jpg'%3E%3Cimg%20width=%5C%22200%5C%22%20height=%5C%22300%5C%22%20src=%5C%22https:\/\/080barcelonafashion.catwp-content\/uploads\/2023\/05\/6000_BAJA-200x300.jpg%5C%22%20class=%5C%22attachment-medium%20size-medium%5C%22%20alt=%5C%22%5C%22%20decoding=%5C%22async%5C%22%20loading=%5C%22lazy%5C%22%20srcset=%5C%22https:\/\/080barcelonafashion.catwp-content\/uploads\/2023\/05\/6000_BAJA-200x300.jpg%20200w,%20https:\/\/080barcelonafashion.catwp-content\/uploads\/2023\/05\/6000_BAJA.jpg%20500w%5C%22%20sizes=%5C%22(max-width:%20200px)%20100vw,%20200px%5C%22%20\/%3E%3C\/a%3E%3C\/p%3E%5Cn%22%7D,%22id%22:1707,%22link%22:%22https:\/\/080barcelonafashion.catdesigner\/nathalie-chandler-2\/6000_baja\/%22,%22url%22:%22https:\/\/080barcelonafashion.catwp-content\/uploads\/2023\/05\/6000_BAJA.jpg%22,%22sizes%22:%22%22%7D,%7B%22alt%22:%22%22,%22title%22:%226002_BAJA%22,%22caption%22:%22%22,%22description%22:%7B%22raw%22:%22%22,%22rendered%22:%22%3Cp%20class=%5C%22attachment%5C%22%3E%3Ca%20href='https:\/\/080barcelonafashion.catwp-content\/uploads\/2023\/05\/6002_BAJA.jpg'%3E%3Cimg%20width=%5C%22200%5C%22%20height=%5C%22300%5C%22%20src=%5C%22https:\/\/080barcelonafashion.catwp-content\/uploads\/2023\/05\/6002_BAJA-200x300.jpg%5C%22%20class=%5C%22attachment-medium%20size-medium%5C%22%20alt=%5C%22%5C%22%20decoding=%5C%22async%5C%22%20loading=%5C%22lazy%5C%22%20srcset=%5C%22https:\/\/080barcelonafashion.catwp-content\/uploads\/2023\/05\/6002_BAJA-200x300.jpg%20200w,%20https:\/\/080barcelonafashion.catwp-content\/uploads\/2023\/05\/6002_BAJA.jpg%20500w%5C%22%20sizes=%5C%22(max-width:%20200px)%20100vw,%20200px%5C%22%20\/%3E%3C\/a%3E%3C\/p%3E%5Cn%22%7D,%22id%22:1708,%22link%22:%22https:\/\/080barcelonafashion.catdesigner\/nathalie-chandler-2\/6002_baja\/%22,%22url%22:%22https:\/\/080barcelonafashion.catwp-content\/uploads\/2023\/05\/6002_BAJA.jpg%22,%22sizes%22:%22%22%7D,%7B%22alt%22:%22%22,%22title%22:%226009_BAJA%22,%22caption%22:%22%22,%22description%22:%7B%22raw%22:%22%22,%22rendered%22:%22%3Cp%20class=%5C%22attachment%5C%22%3E%3Ca%20href='https:\/\/080barcelonafashion.catwp-content\/uploads\/2023\/05\/6009_BAJA.jpg'%3E%3Cimg%20width=%5C%22200%5C%22%20height=%5C%22300%5C%22%20src=%5C%22https:\/\/080barcelonafashion.catwp-content\/uploads\/2023\/05\/6009_BAJA-200x300.jpg%5C%22%20class=%5C%22attachment-medium%20size-medium%5C%22%20alt=%5C%22%5C%22%20decoding=%5C%22async%5C%22%20loading=%5C%22lazy%5C%22%20srcset=%5C%22https:\/\/080barcelonafashion.catwp-content\/uploads\/2023\/05\/6009_BAJA-200x300.jpg%20200w,%20https:\/\/080barcelonafashion.catwp-content\/uploads\/2023\/05\/6009_BAJA.jpg%20500w%5C%22%20sizes=%5C%22(max-width:%20200px)%20100vw,%20200px%5C%22%20\/%3E%3C\/a%3E%3C\/p%3E%5Cn%22%7D,%22id%22:1709,%22link%22:%22https:\/\/080barcelonafashion.catdesigner\/nathalie-chandler-2\/6009_baja\/%22,%22url%22:%22https:\/\/080barcelonafashion.catwp-content\/uploads\/2023\/05\/6009_BAJA.jpg%22,%22sizes%22:%22%22%7D,%7B%22alt%22:%22%22,%22title%22:%226019_BAJA%22,%22caption%22:%22%22,%22description%22:%7B%22raw%22:%22%22,%22rendered%22:%22%3Cp%20class=%5C%22attachment%5C%22%3E%3Ca%20href='https:\/\/080barcelonafashion.catwp-content\/uploads\/2023\/05\/6019_BAJA.jpg'%3E%3Cimg%20width=%5C%22200%5C%22%20height=%5C%22300%5C%22%20src=%5C%22https:\/\/080barcelonafashion.catwp-content\/uploads\/2023\/05\/6019_BAJA-200x300.jpg%5C%22%20class=%5C%22attachment-medium%20size-medium%5C%22%20alt=%5C%22%5C%22%20decoding=%5C%22async%5C%22%20loading=%5C%22lazy%5C%22%20srcset=%5C%22https:\/\/080barcelonafashion.catwp-content\/uploads\/2023\/05\/6019_BAJA-200x300.jpg%20200w,%20https:\/\/080barcelonafashion.catwp-content\/uploads\/2023\/05\/6019_BAJA.jpg%20500w%5C%22%20sizes=%5C%22(max-width:%20200px)%20100vw,%20200px%5C%22%20\/%3E%3C\/a%3E%3C\/p%3E%5Cn%22%7D,%22id%22:1710,%22link%22:%22https:\/\/080barcelonafashion.catdesigner\/nathalie-chandler-2\/6019_baja\/%22,%22url%22:%22https:\/\/080barcelonafashion.catwp-content\/uploads\/2023\/05\/6019_BAJA.jpg%22,%22sizes%22:%22%22%7D,%7B%22alt%22:%22%22,%22title%22:%226023_BAJA%22,%22caption%22:%22%22,%22description%22:%7B%22raw%22:%22%22,%22rendered%22:%22%3Cp%20class=%5C%22attachment%5C%22%3E%3Ca%20href='https:\/\/080barcelonafashion.catwp-content\/uploads\/2023\/05\/6023_BAJA.jpg'%3E%3Cimg%20width=%5C%22200%5C%22%20height=%5C%22300%5C%22%20src=%5C%22https:\/\/080barcelonafashion.catwp-content\/uploads\/2023\/05\/6023_BAJA-200x300.jpg%5C%22%20class=%5C%22attachment-medium%20size-medium%5C%22%20alt=%5C%22%5C%22%20decoding=%5C%22async%5C%22%20loading=%5C%22lazy%5C%22%20srcset=%5C%22https:\/\/080barcelonafashion.catwp-content\/uploads\/2023\/05\/6023_BAJA-200x300.jpg%20200w,%20https:\/\/080barcelonafashion.catwp-content\/uploads\/2023\/05\/6023_BAJA.jpg%20500w%5C%22%20sizes=%5C%22(max-width:%20200px)%20100vw,%20200px%5C%22%20\/%3E%3C\/a%3E%3C\/p%3E%5Cn%22%7D,%22id%22:1711,%22link%22:%22https:\/\/080barcelonafashion.catdesigner\/nathalie-chandler-2\/6023_baja\/%22,%22url%22:%22https:\/\/080barcelonafashion.catwp-content\/uploads\/2023\/05\/6023_BAJA.jpg%22,%22sizes%22:%22%22%7D,%7B%22alt%22:%22%22,%22title%22:%226029_BAJA%22,%22caption%22:%22%22,%22description%22:%7B%22raw%22:%22%22,%22rendered%22:%22%3Cp%20class=%5C%22attachment%5C%22%3E%3Ca%20href='https:\/\/080barcelonafashion.catwp-content\/uploads\/2023\/05\/6029_BAJA.jpg'%3E%3Cimg%20width=%5C%22200%5C%22%20height=%5C%22300%5C%22%20src=%5C%22https:\/\/080barcelonafashion.catwp-content\/uploads\/2023\/05\/6029_BAJA-200x300.jpg%5C%22%20class=%5C%22attachment-medium%20size-medium%5C%22%20alt=%5C%22%5C%22%20decoding=%5C%22async%5C%22%20loading=%5C%22lazy%5C%22%20srcset=%5C%22https:\/\/080barcelonafashion.catwp-content\/uploads\/2023\/05\/6029_BAJA-200x300.jpg%20200w,%20https:\/\/080barcelonafashion.catwp-content\/uploads\/2023\/05\/6029_BAJA.jpg%20500w%5C%22%20sizes=%5C%22(max-width:%20200px)%20100vw,%20200px%5C%22%20\/%3E%3C\/a%3E%3C\/p%3E%5Cn%22%7D,%22id%22:1712,%22link%22:%22https:\/\/080barcelonafashion.catdesigner\/nathalie-chandler-2\/6029_baja\/%22,%22url%22:%22https:\/\/080barcelonafashion.catwp-content\/uploads\/2023\/05\/6029_BAJA.jpg%22,%22sizes%22:%22%22%7D,%7B%22alt%22:%22%22,%22title%22:%226031_BAJA%22,%22caption%22:%22%22,%22description%22:%7B%22raw%22:%22%22,%22rendered%22:%22%3Cp%20class=%5C%22attachment%5C%22%3E%3Ca%20href='https:\/\/080barcelonafashion.catwp-content\/uploads\/2023\/05\/6031_BAJA.jpg'%3E%3Cimg%20width=%5C%22200%5C%22%20height=%5C%22300%5C%22%20src=%5C%22https:\/\/080barcelonafashion.catwp-content\/uploads\/2023\/05\/6031_BAJA-200x300.jpg%5C%22%20class=%5C%22attachment-medium%20size-medium%5C%22%20alt=%5C%22%5C%22%20decoding=%5C%22async%5C%22%20loading=%5C%22lazy%5C%22%20srcset=%5C%22https:\/\/080barcelonafashion.catwp-content\/uploads\/2023\/05\/6031_BAJA-200x300.jpg%20200w,%20https:\/\/080barcelonafashion.catwp-content\/uploads\/2023\/05\/6031_BAJA.jpg%20500w%5C%22%20sizes=%5C%22(max-width:%20200px)%20100vw,%20200px%5C%22%20\/%3E%3C\/a%3E%3C\/p%3E%5Cn%22%7D,%22id%22:1714,%22link%22:%22https:\/\/080barcelonafashion.catdesigner\/nathalie-chandler-2\/6031_baja\/%22,%22url%22:%22https:\/\/080barcelonafashion.catwp-content\/uploads\/2023\/05\/6031_BAJA.jpg%22,%22sizes%22:%22%22%7D,%7B%22alt%22:%22%22,%22title%22:%226038_BAJA%22,%22caption%22:%22%22,%22description%22:%7B%22raw%22:%22%22,%22rendered%22:%22%3Cp%20class=%5C%22attachment%5C%22%3E%3Ca%20href='https:\/\/080barcelonafashion.catwp-content\/uploads\/2023\/05\/6038_BAJA.jpg'%3E%3Cimg%20width=%5C%22200%5C%22%20height=%5C%22300%5C%22%20src=%5C%22https:\/\/080barcelonafashion.catwp-content\/uploads\/2023\/05\/6038_BAJA-200x300.jpg%5C%22%20class=%5C%22attachment-medium%20size-medium%5C%22%20alt=%5C%22%5C%22%20decoding=%5C%22async%5C%22%20loading=%5C%22lazy%5C%22%20srcset=%5C%22https:\/\/080barcelonafashion.catwp-content\/uploads\/2023\/05\/6038_BAJA-200x300.jpg%20200w,%20https:\/\/080barcelonafashion.catwp-content\/uploads\/2023\/05\/6038_BAJA.jpg%20500w%5C%22%20sizes=%5C%22(max-width:%20200px)%20100vw,%20200px%5C%22%20\/%3E%3C\/a%3E%3C\/p%3E%5Cn%22%7D,%22id%22:1715,%22link%22:%22https:\/\/080barcelonafashion.catdesigner\/nathalie-chandler-2\/6038_baja\/%22,%22url%22:%22https:\/\/080barcelonafashion.catwp-content\/uploads\/2023\/05\/6038_BAJA.jpg%22,%22sizes%22:%22%22%7D,%7B%22alt%22:%22%22,%22title%22:%226041_BAJA%22,%22caption%22:%22%22,%22description%22:%7B%22raw%22:%22%22,%22rendered%22:%22%3Cp%20class=%5C%22attachment%5C%22%3E%3Ca%20href='https:\/\/080barcelonafashion.catwp-content\/uploads\/2023\/05\/6041_BAJA.jpg'%3E%3Cimg%20width=%5C%22200%5C%22%20height=%5C%22300%5C%22%20src=%5C%22https:\/\/080barcelonafashion.catwp-content\/uploads\/2023\/05\/6041_BAJA-200x300.jpg%5C%22%20class=%5C%22attachment-medium%20size-medium%5C%22%20alt=%5C%22%5C%22%20decoding=%5C%22async%5C%22%20loading=%5C%22lazy%5C%22%20srcset=%5C%22https:\/\/080barcelonafashion.catwp-content\/uploads\/2023\/05\/6041_BAJA-200x300.jpg%20200w,%20https:\/\/080barcelonafashion.catwp-content\/uploads\/2023\/05\/6041_BAJA.jpg%20500w%5C%22%20sizes=%5C%22(max-width:%20200px)%20100vw,%20200px%5C%22%20\/%3E%3C\/a%3E%3C\/p%3E%5Cn%22%7D,%22id%22:1716,%22link%22:%22https:\/\/080barcelonafashion.catdesigner\/nathalie-chandler-2\/6041_baja\/%22,%22url%22:%22https:\/\/080barcelonafashion.catwp-content\/uploads\/2023\/05\/6041_BAJA.jpg%22,%22sizes%22:%22%22%7D,%7B%22alt%22:%22%22,%22title%22:%226046_BAJA%22,%22caption%22:%22%22,%22description%22:%7B%22raw%22:%22%22,%22rendered%22:%22%3Cp%20class=%5C%22attachment%5C%22%3E%3Ca%20href='https:\/\/080barcelonafashion.catwp-content\/uploads\/2023\/05\/6046_BAJA.jpg'%3E%3Cimg%20width=%5C%22200%5C%22%20height=%5C%22300%5C%22%20src=%5C%22https:\/\/080barcelonafashion.catwp-content\/uploads\/2023\/05\/6046_BAJA-200x300.jpg%5C%22%20class=%5C%22attachment-medium%20size-medium%5C%22%20alt=%5C%22%5C%22%20decoding=%5C%22async%5C%22%20loading=%5C%22lazy%5C%22%20srcset=%5C%22https:\/\/080barcelonafashion.catwp-content\/uploads\/2023\/05\/6046_BAJA-200x300.jpg%20200w,%20https:\/\/080barcelonafashion.catwp-content\/uploads\/2023\/05\/6046_BAJA.jpg%20500w%5C%22%20sizes=%5C%22(max-width:%20200px)%20100vw,%20200px%5C%22%20\/%3E%3C\/a%3E%3C\/p%3E%5Cn%22%7D,%22id%22:1717,%22link%22:%22https:\/\/080barcelonafashion.catdesigner\/nathalie-chandler-2\/6046_baja\/%22,%22url%22:%22https:\/\/080barcelonafashion.catwp-content\/uploads\/2023\/05\/6046_BAJA.jpg%22,%22sizes%22:%22%22%7D,%7B%22alt%22:%22%22,%22title%22:%226048_BAJA%22,%22caption%22:%22%22,%22description%22:%7B%22raw%22:%22%22,%22rendered%22:%22%3Cp%20class=%5C%22attachment%5C%22%3E%3Ca%20href='https:\/\/080barcelonafashion.catwp-content\/uploads\/2023\/05\/6048_BAJA.jpg'%3E%3Cimg%20width=%5C%22200%5C%22%20height=%5C%22300%5C%22%20src=%5C%22https:\/\/080barcelonafashion.catwp-content\/uploads\/2023\/05\/6048_BAJA-200x300.jpg%5C%22%20class=%5C%22attachment-medium%20size-medium%5C%22%20alt=%5C%22%5C%22%20decoding=%5C%22async%5C%22%20loading=%5C%22lazy%5C%22%20srcset=%5C%22https:\/\/080barcelonafashion.catwp-content\/uploads\/2023\/05\/6048_BAJA-200x300.jpg%20200w,%20https:\/\/080barcelonafashion.catwp-content\/uploads\/2023\/05\/6048_BAJA.jpg%20500w%5C%22%20sizes=%5C%22(max-width:%20200px)%20100vw,%20200px%5C%22%20\/%3E%3C\/a%3E%3C\/p%3E%5Cn%22%7D,%22id%22:1718,%22link%22:%22https:\/\/080barcelonafashion.catdesigner\/nathalie-chandler-2\/6048_baja\/%22,%22url%22:%22https:\/\/080barcelonafashion.catwp-content\/uploads\/2023\/05\/6048_BAJA.jpg%22,%22sizes%22:%22%22%7D,%7B%22alt%22:%22%22,%22title%22:%226051_BAJA%22,%22caption%22:%22%22,%22description%22:%7B%22raw%22:%22%22,%22rendered%22:%22%3Cp%20class=%5C%22attachment%5C%22%3E%3Ca%20href='https:\/\/080barcelonafashion.catwp-content\/uploads\/2023\/05\/6051_BAJA.jpg'%3E%3Cimg%20width=%5C%22200%5C%22%20height=%5C%22300%5C%22%20src=%5C%22https:\/\/080barcelonafashion.catwp-content\/uploads\/2023\/05\/6051_BAJA-200x300.jpg%5C%22%20class=%5C%22attachment-medium%20size-medium%5C%22%20alt=%5C%22%5C%22%20decoding=%5C%22async%5C%22%20loading=%5C%22lazy%5C%22%20srcset=%5C%22https:\/\/080barcelonafashion.catwp-content\/uploads\/2023\/05\/6051_BAJA-200x300.jpg%20200w,%20https:\/\/080barcelonafashion.catwp-content\/uploads\/2023\/05\/6051_BAJA.jpg%20500w%5C%22%20sizes=%5C%22(max-width:%20200px)%20100vw,%20200px%5C%22%20\/%3E%3C\/a%3E%3C\/p%3E%5Cn%22%7D,%22id%22:1719,%22link%22:%22https:\/\/080barcelonafashion.catdesigner\/nathalie-chandler-2\/6051_baja\/%22,%22url%22:%22https:\/\/080barcelonafashion.catwp-content\/uploads\/2023\/05\/6051_BAJA.jpg%22,%22sizes%22:%22%22%7D,%7B%22alt%22:%22%22,%22title%22:%226057_BAJA%22,%22caption%22:%22%22,%22description%22:%7B%22raw%22:%22%22,%22rendered%22:%22%3Cp%20class=%5C%22attachment%5C%22%3E%3Ca%20href='https:\/\/080barcelonafashion.catwp-content\/uploads\/2023\/05\/6057_BAJA.jpg'%3E%3Cimg%20width=%5C%22200%5C%22%20height=%5C%22300%5C%22%20src=%5C%22https:\/\/080barcelonafashion.catwp-content\/uploads\/2023\/05\/6057_BAJA-200x300.jpg%5C%22%20class=%5C%22attachment-medium%20size-medium%5C%22%20alt=%5C%22%5C%22%20decoding=%5C%22async%5C%22%20loading=%5C%22lazy%5C%22%20srcset=%5C%22https:\/\/080barcelonafashion.catwp-content\/uploads\/2023\/05\/6057_BAJA-200x300.jpg%20200w,%20https:\/\/080barcelonafashion.catwp-content\/uploads\/2023\/05\/6057_BAJA.jpg%20500w%5C%22%20sizes=%5C%22(max-width:%20200px)%20100vw,%20200px%5C%22%20\/%3E%3C\/a%3E%3C\/p%3E%5Cn%22%7D,%22id%22:1720,%22link%22:%22https:\/\/080barcelonafashion.catdesigner\/nathalie-chandler-2\/6057_baja\/%22,%22url%22:%22https:\/\/080barcelonafashion.catwp-content\/uploads\/2023\/05\/6057_BAJA.jpg%22,%22sizes%22:%22%22%7D,%7B%22alt%22:%22%22,%22title%22:%226060_BAJA%22,%22caption%22:%22%22,%22description%22:%7B%22raw%22:%22%22,%22rendered%22:%22%3Cp%20class=%5C%22attachment%5C%22%3E%3Ca%20href='https:\/\/080barcelonafashion.catwp-content\/uploads\/2023\/05\/6060_BAJA.jpg'%3E%3Cimg%20width=%5C%22200%5C%22%20height=%5C%22300%5C%22%20src=%5C%22https:\/\/080barcelonafashion.catwp-content\/uploads\/2023\/05\/6060_BAJA-200x300.jpg%5C%22%20class=%5C%22attachment-medium%20size-medium%5C%22%20alt=%5C%22%5C%22%20decoding=%5C%22async%5C%22%20loading=%5C%22lazy%5C%22%20srcset=%5C%22https:\/\/080barcelonafashion.catwp-content\/uploads\/2023\/05\/6060_BAJA-200x300.jpg%20200w,%20https:\/\/080barcelonafashion.catwp-content\/uploads\/2023\/05\/6060_BAJA.jpg%20500w%5C%22%20sizes=%5C%22(max-width:%20200px)%20100vw,%20200px%5C%22%20\/%3E%3C\/a%3E%3C\/p%3E%5Cn%22%7D,%22id%22:1721,%22link%22:%22https:\/\/080barcelonafashion.catdesigner\/nathalie-chandler-2\/6060_baja\/%22,%22url%22:%22https:\/\/080barcelonafashion.catwp-content\/uploads\/2023\/05\/6060_BAJA.jpg%22,%22sizes%22:%22%22%7D,%7B%22alt%22:%22%22,%22title%22:%226065_BAJA%22,%22caption%22:%22%22,%22description%22:%7B%22raw%22:%22%22,%22rendered%22:%22%3Cp%20class=%5C%22attachment%5C%22%3E%3Ca%20href='https:\/\/080barcelonafashion.catwp-content\/uploads\/2023\/05\/6065_BAJA.jpg'%3E%3Cimg%20width=%5C%22200%5C%22%20height=%5C%22300%5C%22%20src=%5C%22https:\/\/080barcelonafashion.catwp-content\/uploads\/2023\/05\/6065_BAJA-200x300.jpg%5C%22%20class=%5C%22attachment-medium%20size-medium%5C%22%20alt=%5C%22%5C%22%20decoding=%5C%22async%5C%22%20loading=%5C%22lazy%5C%22%20srcset=%5C%22https:\/\/080barcelonafashion.catwp-content\/uploads\/2023\/05\/6065_BAJA-200x300.jpg%20200w,%20https:\/\/080barcelonafashion.catwp-content\/uploads\/2023\/05\/6065_BAJA.jpg%20500w%5C%22%20sizes=%5C%22(max-width:%20200px)%20100vw,%20200px%5C%22%20\/%3E%3C\/a%3E%3C\/p%3E%5Cn%22%7D,%22id%22:1722,%22link%22:%22https:\/\/080barcelonafashion.catdesigner\/nathalie-chandler-2\/6065_baja\/%22,%22url%22:%22https:\/\/080barcelonafashion.catwp-content\/uploads\/2023\/05\/6065_BAJA.jpg%22,%22sizes%22:%22%22%7D,%7B%22alt%22:%22%22,%22title%22:%226067_BAJA%22,%22caption%22:%22%22,%22description%22:%7B%22raw%22:%22%22,%22rendered%22:%22%3Cp%20class=%5C%22attachment%5C%22%3E%3Ca%20href='https:\/\/080barcelonafashion.catwp-content\/uploads\/2023\/05\/6067_BAJA.jpg'%3E%3Cimg%20width=%5C%22200%5C%22%20height=%5C%22300%5C%22%20src=%5C%22https:\/\/080barcelonafashion.catwp-content\/uploads\/2023\/05\/6067_BAJA-200x300.jpg%5C%22%20class=%5C%22attachment-medium%20size-medium%5C%22%20alt=%5C%22%5C%22%20decoding=%5C%22async%5C%22%20loading=%5C%22lazy%5C%22%20srcset=%5C%22https:\/\/080barcelonafashion.catwp-content\/uploads\/2023\/05\/6067_BAJA-200x300.jpg%20200w,%20https:\/\/080barcelonafashion.catwp-content\/uploads\/2023\/05\/6067_BAJA.jpg%20500w%5C%22%20sizes=%5C%22(max-width:%20200px)%20100vw,%20200px%5C%22%20\/%3E%3C\/a%3E%3C\/p%3E%5Cn%22%7D,%22id%22:1723,%22link%22:%22https:\/\/080barcelonafashion.catdesigner\/nathalie-chandler-2\/6067_baja\/%22,%22url%22:%22https:\/\/080barcelonafashion.catwp-content\/uploads\/2023\/05\/6067_BAJA.jpg%22,%22sizes%22:%22%22%7D,%7B%22alt%22:%22%22,%22title%22:%226074_BAJA%22,%22caption%22:%22%22,%22description%22:%7B%22raw%22:%22%22,%22rendered%22:%22%3Cp%20class=%5C%22attachment%5C%22%3E%3Ca%20href='https:\/\/080barcelonafashion.catwp-content\/uploads\/2023\/05\/6074_BAJA.jpg'%3E%3Cimg%20width=%5C%22200%5C%22%20height=%5C%22300%5C%22%20src=%5C%22https:\/\/080barcelonafashion.catwp-content\/uploads\/2023\/05\/6074_BAJA-200x300.jpg%5C%22%20class=%5C%22attachment-medium%20size-medium%5C%22%20alt=%5C%22%5C%22%20decoding=%5C%22async%5C%22%20loading=%5C%22lazy%5C%22%20srcset=%5C%22https:\/\/080barcelonafashion.catwp-content\/uploads\/2023\/05\/6074_BAJA-200x300.jpg%20200w,%20https:\/\/080barcelonafashion.catwp-content\/uploads\/2023\/05\/6074_BAJA.jpg%20500w%5C%22%20sizes=%5C%22(max-width:%20200px)%20100vw,%20200px%5C%22%20\/%3E%3C\/a%3E%3C\/p%3E%5Cn%22%7D,%22id%22:1724,%22link%22:%22https:\/\/080barcelonafashion.catdesigner\/nathalie-chandler-2\/6074_baja\/%22,%22url%22:%22https:\/\/080barcelonafashion.catwp-content\/uploads\/2023\/05\/6074_BAJA.jpg%22,%22sizes%22:%22%22%7D,%7B%22alt%22:%22%22,%22title%22:%226079_BAJA%22,%22caption%22:%22%22,%22description%22:%7B%22raw%22:%22%22,%22rendered%22:%22%3Cp%20class=%5C%22attachment%5C%22%3E%3Ca%20href='https:\/\/080barcelonafashion.catwp-content\/uploads\/2023\/05\/6079_BAJA.jpg'%3E%3Cimg%20width=%5C%22200%5C%22%20height=%5C%22300%5C%22%20src=%5C%22https:\/\/080barcelonafashion.catwp-content\/uploads\/2023\/05\/6079_BAJA-200x300.jpg%5C%22%20class=%5C%22attachment-medium%20size-medium%5C%22%20alt=%5C%22%5C%22%20decoding=%5C%22async%5C%22%20loading=%5C%22lazy%5C%22%20srcset=%5C%22https:\/\/080barcelonafashion.catwp-content\/uploads\/2023\/05\/6079_BAJA-200x300.jpg%20200w,%20https:\/\/080barcelonafashion.catwp-content\/uploads\/2023\/05\/6079_BAJA.jpg%20500w%5C%22%20sizes=%5C%22(max-width:%20200px)%20100vw,%20200px%5C%22%20\/%3E%3C\/a%3E%3C\/p%3E%5Cn%22%7D,%22id%22:1725,%22link%22:%22https:\/\/080barcelonafashion.catdesigner\/nathalie-chandler-2\/6079_baja\/%22,%22url%22:%22https:\/\/080barcelonafashion.catwp-content\/uploads\/2023\/05\/6079_BAJA.jpg%22,%22sizes%22:%22%22%7D,%7B%22alt%22:%22%22,%22title%22:%226079_BAJA2%22,%22caption%22:%22%22,%22description%22:%7B%22raw%22:%22%22,%22rendered%22:%22%3Cp%20class=%5C%22attachment%5C%22%3E%3Ca%20href='https:\/\/080barcelonafashion.catwp-content\/uploads\/2023\/05\/6079_BAJA2.jpg'%3E%3Cimg%20width=%5C%22200%5C%22%20height=%5C%22300%5C%22%20src=%5C%22https:\/\/080barcelonafashion.catwp-content\/uploads\/2023\/05\/6079_BAJA2-200x300.jpg%5C%22%20class=%5C%22attachment-medium%20size-medium%5C%22%20alt=%5C%22%5C%22%20decoding=%5C%22async%5C%22%20loading=%5C%22lazy%5C%22%20srcset=%5C%22https:\/\/080barcelonafashion.catwp-content\/uploads\/2023\/05\/6079_BAJA2-200x300.jpg%20200w,%20https:\/\/080barcelonafashion.catwp-content\/uploads\/2023\/05\/6079_BAJA2.jpg%20500w%5C%22%20sizes=%5C%22(max-width:%20200px)%20100vw,%20200px%5C%22%20\/%3E%3C\/a%3E%3C\/p%3E%5Cn%22%7D,%22id%22:1726,%22link%22:%22https:\/\/080barcelonafashion.catdesigner\/nathalie-chandler-2\/6079_baja2\/%22,%22url%22:%22https:\/\/080barcelonafashion.catwp-content\/uploads\/2023\/05\/6079_BAJA2.jpg%22,%22sizes%22:%22%22%7D,%7B%22alt%22:%22%22,%22title%22:%226082_BAJA%22,%22caption%22:%22%22,%22description%22:%7B%22raw%22:%22%22,%22rendered%22:%22%3Cp%20class=%5C%22attachment%5C%22%3E%3Ca%20href='https:\/\/080barcelonafashion.catwp-content\/uploads\/2023\/05\/6082_BAJA.jpg'%3E%3Cimg%20width=%5C%22300%5C%22%20height=%5C%22200%5C%22%20src=%5C%22https:\/\/080barcelonafashion.catwp-content\/uploads\/2023\/05\/6082_BAJA-300x200.jpg%5C%22%20class=%5C%22attachment-medium%20size-medium%5C%22%20alt=%5C%22%5C%22%20decoding=%5C%22async%5C%22%20loading=%5C%22lazy%5C%22%20srcset=%5C%22https:\/\/080barcelonafashion.catwp-content\/uploads\/2023\/05\/6082_BAJA-300x200.jpg%20300w,%20https:\/\/080barcelonafashion.catwp-content\/uploads\/2023\/05\/6082_BAJA-1024x683.jpg%201024w,%20https:\/\/080barcelonafashion.catwp-content\/uploads\/2023\/05\/6082_BAJA-768x512.jpg%20768w,%20https:\/\/080barcelonafashion.catwp-content\/uploads\/2023\/05\/6082_BAJA.jpg%201125w%5C%22%20sizes=%5C%22(max-width:%20300px)%20100vw,%20300px%5C%22%20\/%3E%3C\/a%3E%3C\/p%3E%5Cn%22%7D,%22id%22:1727,%22link%22:%22https:\/\/080barcelonafashion.catdesigner\/nathalie-chandler-2\/6082_baja\/%22,%22url%22:%22https:\/\/080barcelonafashion.catwp-content\/uploads\/2023\/05\/6082_BAJA.jpg%22,%22sizes%22:%22%22%7D,%7B%22alt%22:%22%22,%22title%22:%226085_BAJA%22,%22caption%22:%22%22,%22description%22:%7B%22raw%22:%22%22,%22rendered%22:%22%3Cp%20class=%5C%22attachment%5C%22%3E%3Ca%20href='https:\/\/080barcelonafashion.catwp-content\/uploads\/2023\/05\/6085_BAJA.jpg'%3E%3Cimg%20width=%5C%22300%5C%22%20height=%5C%22200%5C%22%20src=%5C%22https:\/\/080barcelonafashion.catwp-content\/uploads\/2023\/05\/6085_BAJA-300x200.jpg%5C%22%20class=%5C%22attachment-medium%20size-medium%5C%22%20alt=%5C%22%5C%22%20decoding=%5C%22async%5C%22%20loading=%5C%22lazy%5C%22%20srcset=%5C%22https:\/\/080barcelonafashion.catwp-content\/uploads\/2023\/05\/6085_BAJA-300x200.jpg%20300w,%20https:\/\/080barcelonafashion.catwp-content\/uploads\/2023\/05\/6085_BAJA-1024x683.jpg%201024w,%20https:\/\/080barcelonafashion.catwp-content\/uploads\/2023\/05\/6085_BAJA-768x512.jpg%20768w,%20https:\/\/080barcelonafashion.catwp-content\/uploads\/2023\/05\/6085_BAJA.jpg%201125w%5C%22%20sizes=%5C%22(max-width:%20300px)%20100vw,%20300px%5C%22%20\/%3E%3C\/a%3E%3C\/p%3E%5Cn%22%7D,%22id%22:1728,%22link%22:%22https:\/\/080barcelonafashion.catdesigner\/nathalie-chandler-2\/6085_baja\/%22,%22url%22:%22https:\/\/080barcelonafashion.catwp-content\/uploads\/2023\/05\/6085_BAJA.jpg%22,%22sizes%22:%22%22%7D,%7B%22alt%22:%22%22,%22title%22:%226087_BAJA%22,%22caption%22:%22%22,%22description%22:%7B%22raw%22:%22%22,%22rendered%22:%22%3Cp%20class=%5C%22attachment%5C%22%3E%3Ca%20href='https:\/\/080barcelonafashion.catwp-content\/uploads\/2023\/05\/6087_BAJA.jpg'%3E%3Cimg%20width=%5C%22300%5C%22%20height=%5C%22200%5C%22%20src=%5C%22https:\/\/080barcelonafashion.catwp-content\/uploads\/2023\/05\/6087_BAJA-300x200.jpg%5C%22%20class=%5C%22attachment-medium%20size-medium%5C%22%20alt=%5C%22%5C%22%20decoding=%5C%22async%5C%22%20loading=%5C%22lazy%5C%22%20srcset=%5C%22https:\/\/080barcelonafashion.catwp-content\/uploads\/2023\/05\/6087_BAJA-300x200.jpg%20300w,%20https:\/\/080barcelonafashion.catwp-content\/uploads\/2023\/05\/6087_BAJA-1024x683.jpg%201024w,%20https:\/\/080barcelonafashion.catwp-content\/uploads\/2023\/05\/6087_BAJA-768x512.jpg%20768w,%20https:\/\/080barcelonafashion.catwp-content\/uploads\/2023\/05\/6087_BAJA.jpg%201125w%5C%22%20sizes=%5C%22(max-width:%20300px)%20100vw,%20300px%5C%22%20\/%3E%3C\/a%3E%3C\/p%3E%5Cn%22%7D,%22id%22:1729,%22link%22:%22https:\/\/080barcelonafashion.catdesigner\/nathalie-chandler-2\/6087_baja\/%22,%22url%22:%22https:\/\/080barcelonafashion.catwp-content\/uploads\/2023\/05\/6087_BAJA.jpg%22,%22sizes%22:%22%22%7D,%7B%22alt%22:%22%22,%22title%22:%226090_BAJA%22,%22caption%22:%22%22,%22description%22:%7B%22raw%22:%22%22,%22rendered%22:%22%3Cp%20class=%5C%22attachment%5C%22%3E%3Ca%20href='https:\/\/080barcelonafashion.catwp-content\/uploads\/2023\/05\/6090_BAJA.jpg'%3E%3Cimg%20width=%5C%22300%5C%22%20height=%5C%22200%5C%22%20src=%5C%22https:\/\/080barcelonafashion.catwp-content\/uploads\/2023\/05\/6090_BAJA-300x200.jpg%5C%22%20class=%5C%22attachment-medium%20size-medium%5C%22%20alt=%5C%22%5C%22%20decoding=%5C%22async%5C%22%20loading=%5C%22lazy%5C%22%20srcset=%5C%22https:\/\/080barcelonafashion.catwp-content\/uploads\/2023\/05\/6090_BAJA-300x200.jpg%20300w,%20https:\/\/080barcelonafashion.catwp-content\/uploads\/2023\/05\/6090_BAJA-1024x683.jpg%201024w,%20https:\/\/080barcelonafashion.catwp-content\/uploads\/2023\/05\/6090_BAJA-768x512.jpg%20768w,%20https:\/\/080barcelonafashion.catwp-content\/uploads\/2023\/05\/6090_BAJA.jpg%201125w%5C%22%20sizes=%5C%22(max-width:%20300px)%20100vw,%20300px%5C%22%20\/%3E%3C\/a%3E%3C\/p%3E%5Cn%22%7D,%22id%22:1730,%22link%22:%22https:\/\/080barcelonafashion.catdesigner\/nathalie-chandler-2\/6090_baja\/%22,%22url%22:%22https:\/\/080barcelonafashion.catwp-content\/uploads\/2023\/05\/6090_BAJA.jpg%22,%22sizes%22:%22%22%7D,%7B%22alt%22:%22%22,%22title%22:%226094_BAJA%22,%22caption%22:%22%22,%22description%22:%7B%22raw%22:%22%22,%22rendered%22:%22%3Cp%20class=%5C%22attachment%5C%22%3E%3Ca%20href='https:\/\/080barcelonafashion.catwp-content\/uploads\/2023\/05\/6094_BAJA.jpg'%3E%3Cimg%20width=%5C%22300%5C%22%20height=%5C%22200%5C%22%20src=%5C%22https:\/\/080barcelonafashion.catwp-content\/uploads\/2023\/05\/6094_BAJA-300x200.jpg%5C%22%20class=%5C%22attachment-medium%20size-medium%5C%22%20alt=%5C%22%5C%22%20decoding=%5C%22async%5C%22%20loading=%5C%22lazy%5C%22%20srcset=%5C%22https:\/\/080barcelonafashion.catwp-content\/uploads\/2023\/05\/6094_BAJA-300x200.jpg%20300w,%20https:\/\/080barcelonafashion.catwp-content\/uploads\/2023\/05\/6094_BAJA-1024x683.jpg%201024w,%20https:\/\/080barcelonafashion.catwp-content\/uploads\/2023\/05\/6094_BAJA-768x512.jpg%20768w,%20https:\/\/080barcelonafashion.catwp-content\/uploads\/2023\/05\/6094_BAJA.jpg%201125w%5C%22%20sizes=%5C%22(max-width:%20300px)%20100vw,%20300px%5C%22%20\/%3E%3C\/a%3E%3C\/p%3E%5Cn%22%7D,%22id%22:1731,%22link%22:%22https:\/\/080barcelonafashion.catdesigner\/nathalie-chandler-2\/6094_baja\/%22,%22url%22:%22https:\/\/080barcelonafashion.catwp-content\/uploads\/2023\/05\/6094_BAJA.jpg%22,%22sizes%22:%22%22%7D,%7B%22alt%22:%22%22,%22title%22:%22x6004_BAJA%22,%22caption%22:%22%22,%22description%22:%7B%22raw%22:%22%22,%22rendered%22:%22%3Cp%20class=%5C%22attachment%5C%22%3E%3Ca%20href='https:\/\/080barcelonafashion.catwp-content\/uploads\/2023\/05\/x6004_BAJA.jpg'%3E%3Cimg%20width=%5C%22300%5C%22%20height=%5C%22200%5C%22%20src=%5C%22https:\/\/080barcelonafashion.catwp-content\/uploads\/2023\/05\/x6004_BAJA-300x200.jpg%5C%22%20class=%5C%22attachment-medium%20size-medium%5C%22%20alt=%5C%22%5C%22%20decoding=%5C%22async%5C%22%20loading=%5C%22lazy%5C%22%20srcset=%5C%22https:\/\/080barcelonafashion.catwp-content\/uploads\/2023\/05\/x6004_BAJA-300x200.jpg%20300w,%20https:\/\/080barcelonafashion.catwp-content\/uploads\/2023\/05\/x6004_BAJA-1024x683.jpg%201024w,%20https:\/\/080barcelonafashion.catwp-content\/uploads\/2023\/05\/x6004_BAJA-768x512.jpg%20768w,%20https:\/\/080barcelonafashion.catwp-content\/uploads\/2023\/05\/x6004_BAJA.jpg%201125w%5C%22%20sizes=%5C%22(max-width:%20300px)%20100vw,%20300px%5C%22%20\/%3E%3C\/a%3E%3C\/p%3E%5Cn%22%7D,%22id%22:1732,%22link%22:%22https:\/\/080barcelonafashion.catdesigner\/nathalie-chandler-2\/x6004_baja\/%22,%22url%22:%22https:\/\/080barcelonafashion.catwp-content\/uploads\/2023\/05\/x6004_BAJA.jpg%22,%22sizes%22:%22%22%7D,%7B%22alt%22:%22%22,%22title%22:%22x6015_BAJA%22,%22caption%22:%22%22,%22description%22:%7B%22raw%22:%22%22,%22rendered%22:%22%3Cp%20class=%5C%22attachment%5C%22%3E%3Ca%20href='https:\/\/080barcelonafashion.catwp-content\/uploads\/2023\/05\/x6015_BAJA.jpg'%3E%3Cimg%20width=%5C%22300%5C%22%20height=%5C%22200%5C%22%20src=%5C%22https:\/\/080barcelonafashion.catwp-content\/uploads\/2023\/05\/x6015_BAJA-300x200.jpg%5C%22%20class=%5C%22attachment-medium%20size-medium%5C%22%20alt=%5C%22%5C%22%20decoding=%5C%22async%5C%22%20loading=%5C%22lazy%5C%22%20srcset=%5C%22https:\/\/080barcelonafashion.catwp-content\/uploads\/2023\/05\/x6015_BAJA-300x200.jpg%20300w,%20https:\/\/080barcelonafashion.catwp-content\/uploads\/2023\/05\/x6015_BAJA-1024x683.jpg%201024w,%20https:\/\/080barcelonafashion.catwp-content\/uploads\/2023\/05\/x6015_BAJA-768x512.jpg%20768w,%20https:\/\/080barcelonafashion.catwp-content\/uploads\/2023\/05\/x6015_BAJA.jpg%201125w%5C%22%20sizes=%5C%22(max-width:%20300px)%20100vw,%20300px%5C%22%20\/%3E%3C\/a%3E%3C\/p%3E%5Cn%22%7D,%22id%22:1733,%22link%22:%22https:\/\/080barcelonafashion.catdesigner\/nathalie-chandler-2\/x6015_baja\/%22,%22url%22:%22https:\/\/080barcelonafashion.catwp-content\/uploads\/2023\/05\/x6015_BAJA.jpg%22,%22sizes%22:%22%22%7D,%7B%22alt%22:%22%22,%22title%22:%22x6017_BAJA%22,%22caption%22:%22%22,%22description%22:%7B%22raw%22:%22%22,%22rendered%22:%22%3Cp%20class=%5C%22attachment%5C%22%3E%3Ca%20href='https:\/\/080barcelonafashion.catwp-content\/uploads\/2023\/05\/x6017_BAJA.jpg'%3E%3Cimg%20width=%5C%22300%5C%22%20height=%5C%22200%5C%22%20src=%5C%22https:\/\/080barcelonafashion.catwp-content\/uploads\/2023\/05\/x6017_BAJA-300x200.jpg%5C%22%20class=%5C%22attachment-medium%20size-medium%5C%22%20alt=%5C%22%5C%22%20decoding=%5C%22async%5C%22%20loading=%5C%22lazy%5C%22%20srcset=%5C%22https:\/\/080barcelonafashion.catwp-content\/uploads\/2023\/05\/x6017_BAJA-300x200.jpg%20300w,%20https:\/\/080barcelonafashion.catwp-content\/uploads\/2023\/05\/x6017_BAJA-1024x683.jpg%201024w,%20https:\/\/080barcelonafashion.catwp-content\/uploads\/2023\/05\/x6017_BAJA-768x512.jpg%20768w,%20https:\/\/080barcelonafashion.catwp-content\/uploads\/2023\/05\/x6017_BAJA.jpg%201125w%5C%22%20sizes=%5C%22(max-width:%20300px)%20100vw,%20300px%5C%22%20\/%3E%3C\/a%3E%3C\/p%3E%5Cn%22%7D,%22id%22:1734,%22link%22:%22https:\/\/080barcelonafashion.catdesigner\/nathalie-chandler-2\/x6017_baja\/%22,%22url%22:%22https:\/\/080barcelonafashion.catwp-content\/uploads\/2023\/05\/x6017_BAJA.jpg%22,%22sizes%22:%22%22%7D,%7B%22alt%22:%22%22,%22title%22:%22x6027_BAJA%22,%22caption%22:%22%22,%22description%22:%7B%22raw%22:%22%22,%22rendered%22:%22%3Cp%20class=%5C%22attachment%5C%22%3E%3Ca%20href='https:\/\/080barcelonafashion.catwp-content\/uploads\/2023\/05\/x6027_BAJA.jpg'%3E%3Cimg%20width=%5C%22300%5C%22%20height=%5C%22200%5C%22%20src=%5C%22https:\/\/080barcelonafashion.catwp-content\/uploads\/2023\/05\/x6027_BAJA-300x200.jpg%5C%22%20class=%5C%22attachment-medium%20size-medium%5C%22%20alt=%5C%22%5C%22%20decoding=%5C%22async%5C%22%20loading=%5C%22lazy%5C%22%20srcset=%5C%22https:\/\/080barcelonafashion.catwp-content\/uploads\/2023\/05\/x6027_BAJA-300x200.jpg%20300w,%20https:\/\/080barcelonafashion.catwp-content\/uploads\/2023\/05\/x6027_BAJA-1024x683.jpg%201024w,%20https:\/\/080barcelonafashion.catwp-content\/uploads\/2023\/05\/x6027_BAJA-768x512.jpg%20768w,%20https:\/\/080barcelonafashion.catwp-content\/uploads\/2023\/05\/x6027_BAJA.jpg%201125w%5C%22%20sizes=%5C%22(max-width:%20300px)%20100vw,%20300px%5C%22%20\/%3E%3C\/a%3E%3C\/p%3E%5Cn%22%7D,%22id%22:1735,%22link%22:%22https:\/\/080barcelonafashion.catdesigner\/nathalie-chandler-2\/x6027_baja\/%22,%22url%22:%22https:\/\/080barcelonafashion.catwp-content\/uploads\/2023\/05\/x6027_BAJA.jpg%22,%22sizes%22:%22%22%7D,%7B%22alt%22:%22%22,%22title%22:%22x6034_BAJA%22,%22caption%22:%22%22,%22description%22:%7B%22raw%22:%22%22,%22rendered%22:%22%3Cp%20class=%5C%22attachment%5C%22%3E%3Ca%20href='https:\/\/080barcelonafashion.catwp-content\/uploads\/2023\/05\/x6034_BAJA.jpg'%3E%3Cimg%20width=%5C%22300%5C%22%20height=%5C%22200%5C%22%20src=%5C%22https:\/\/080barcelonafashion.catwp-content\/uploads\/2023\/05\/x6034_BAJA-300x200.jpg%5C%22%20class=%5C%22attachment-medium%20size-medium%5C%22%20alt=%5C%22%5C%22%20decoding=%5C%22async%5C%22%20loading=%5C%22lazy%5C%22%20srcset=%5C%22https:\/\/080barcelonafashion.catwp-content\/uploads\/2023\/05\/x6034_BAJA-300x200.jpg%20300w,%20https:\/\/080barcelonafashion.catwp-content\/uploads\/2023\/05\/x6034_BAJA-1024x683.jpg%201024w,%20https:\/\/080barcelonafashion.catwp-content\/uploads\/2023\/05\/x6034_BAJA-768x512.jpg%20768w,%20https:\/\/080barcelonafashion.catwp-content\/uploads\/2023\/05\/x6034_BAJA.jpg%201125w%5C%22%20sizes=%5C%22(max-width:%20300px)%20100vw,%20300px%5C%22%20\/%3E%3C\/a%3E%3C\/p%3E%5Cn%22%7D,%22id%22:1736,%22link%22:%22https:\/\/080barcelonafashion.catdesigner\/nathalie-chandler-2\/x6034_baja\/%22,%22url%22:%22https:\/\/080barcelonafashion.catwp-content\/uploads\/2023\/05\/x6034_BAJA.jpg%22,%22sizes%22:%22%22%7D,%7B%22alt%22:%22%22,%22title%22:%22x6054_BAJA%22,%22caption%22:%22%22,%22description%22:%7B%22raw%22:%22%22,%22rendered%22:%22%3Cp%20class=%5C%22attachment%5C%22%3E%3Ca%20href='https:\/\/080barcelonafashion.catwp-content\/uploads\/2023\/05\/x6054_BAJA.jpg'%3E%3Cimg%20width=%5C%22300%5C%22%20height=%5C%22200%5C%22%20src=%5C%22https:\/\/080barcelonafashion.catwp-content\/uploads\/2023\/05\/x6054_BAJA-300x200.jpg%5C%22%20class=%5C%22attachment-medium%20size-medium%5C%22%20alt=%5C%22%5C%22%20decoding=%5C%22async%5C%22%20loading=%5C%22lazy%5C%22%20srcset=%5C%22https:\/\/080barcelonafashion.catwp-content\/uploads\/2023\/05\/x6054_BAJA-300x200.jpg%20300w,%20https:\/\/080barcelonafashion.catwp-content\/uploads\/2023\/05\/x6054_BAJA-1024x683.jpg%201024w,%20https:\/\/080barcelonafashion.catwp-content\/uploads\/2023\/05\/x6054_BAJA-768x512.jpg%20768w,%20https:\/\/080barcelonafashion.catwp-content\/uploads\/2023\/05\/x6054_BAJA.jpg%201125w%5C%22%20sizes=%5C%22(max-width:%20300px)%20100vw,%20300px%5C%22%20\/%3E%3C\/a%3E%3C\/p%3E%5Cn%22%7D,%22id%22:1737,%22link%22:%22https:\/\/080barcelonafashion.catdesigner\/nathalie-chandler-2\/x6054_baja\/%22,%22url%22:%22https:\/\/080barcelonafashion.catwp-content\/uploads\/2023\/05\/x6054_BAJA.jpg%22,%22sizes%22:%22%22%7D,%7B%22alt%22:%22%22,%22title%22:%22x6055_BAJA%22,%22caption%22:%22%22,%22description%22:%7B%22raw%22:%22%22,%22rendered%22:%22%3Cp%20class=%5C%22attachment%5C%22%3E%3Ca%20href='https:\/\/080barcelonafashion.catwp-content\/uploads\/2023\/05\/x6055_BAJA.jpg'%3E%3Cimg%20width=%5C%22300%5C%22%20height=%5C%22200%5C%22%20src=%5C%22https:\/\/080barcelonafashion.catwp-content\/uploads\/2023\/05\/x6055_BAJA-300x200.jpg%5C%22%20class=%5C%22attachment-medium%20size-medium%5C%22%20alt=%5C%22%5C%22%20decoding=%5C%22async%5C%22%20loading=%5C%22lazy%5C%22%20srcset=%5C%22https:\/\/080barcelonafashion.catwp-content\/uploads\/2023\/05\/x6055_BAJA-300x200.jpg%20300w,%20https:\/\/080barcelonafashion.catwp-content\/uploads\/2023\/05\/x6055_BAJA-1024x683.jpg%201024w,%20https:\/\/080barcelonafashion.catwp-content\/uploads\/2023\/05\/x6055_BAJA-768x512.jpg%20768w,%20https:\/\/080barcelonafashion.catwp-content\/uploads\/2023\/05\/x6055_BAJA.jpg%201125w%5C%22%20sizes=%5C%22(max-width:%20300px)%20100vw,%20300px%5C%22%20\/%3E%3C\/a%3E%3C\/p%3E%5Cn%22%7D,%22id%22:1738,%22link%22:%22https:\/\/080barcelonafashion.catdesigner\/nathalie-chandler-2\/x6055_baja\/%22,%22url%22:%22https:\/\/080barcelonafashion.catwp-content\/uploads\/2023\/05\/x6055_BAJA.jpg%22,%22sizes%22:%22%22%7D,%7B%22alt%22:%22%22,%22title%22:%22x6070_BAJA%22,%22caption%22:%22%22,%22description%22:%7B%22raw%22:%22%22,%22rendered%22:%22%3Cp%20class=%5C%22attachment%5C%22%3E%3Ca%20href='https:\/\/080barcelonafashion.catwp-content\/uploads\/2023\/05\/x6070_BAJA.jpg'%3E%3Cimg%20width=%5C%22300%5C%22%20height=%5C%22270%5C%22%20src=%5C%22https:\/\/080barcelonafashion.catwp-content\/uploads\/2023\/05\/x6070_BAJA-300x270.jpg%5C%22%20class=%5C%22attachment-medium%20size-medium%5C%22%20alt=%5C%22%5C%22%20decoding=%5C%22async%5C%22%20loading=%5C%22lazy%5C%22%20srcset=%5C%22https:\/\/080barcelonafashion.catwp-content\/uploads\/2023\/05\/x6070_BAJA-300x270.jpg%20300w,%20https:\/\/080barcelonafashion.catwp-content\/uploads\/2023\/05\/x6070_BAJA-768x691.jpg%20768w,%20https:\/\/080barcelonafashion.catwp-content\/uploads\/2023\/05\/x6070_BAJA.jpg%20834w%5C%22%20sizes=%5C%22(max-width:%20300px)%20100vw,%20300px%5C%22%20\/%3E%3C\/a%3E%3C\/p%3E%5Cn%22%7D,%22id%22:1739,%22link%22:%22https:\/\/080barcelonafashion.catdesigner\/nathalie-chandler-2\/x6070_baja\/%22,%22url%22:%22https:\/\/080barcelonafashion.catwp-content\/uploads\/2023\/05\/x6070_BAJA.jpg%22,%22sizes%22:%22%22%7D%5D","designer-image":"%7B%22alt%22:%22%22,%22title%22:%22nathaliechandlermay23%22,%22caption%22:%22%22,%22description%22:%7B%22raw%22:%22%22,%22rendered%22:%22%3Cp%20class=%5C%22attachment%5C%22%3E%3Ca%20href='https:\/\/080barcelonafashion.catwp-content\/uploads\/2023\/05\/nathaliechandlermay23.jpg'%3E%3Cimg%20width=%5C%22200%5C%22%20height=%5C%22300%5C%22%20src=%5C%22https:\/\/080barcelonafashion.catwp-content\/uploads\/2023\/05\/nathaliechandlermay23-200x300.jpg%5C%22%20class=%5C%22attachment-medium%20size-medium%5C%22%20alt=%5C%22%5C%22%20decoding=%5C%22async%5C%22%20loading=%5C%22lazy%5C%22%20srcset=%5C%22https:\/\/080barcelonafashion.catwp-content\/uploads\/2023\/05\/nathaliechandlermay23-200x300.jpg%20200w,%20https:\/\/080barcelonafashion.catwp-content\/uploads\/2023\/05\/nathaliechandlermay23.jpg%20389w%5C%22%20sizes=%5C%22(max-width:%20200px)%20100vw,%20200px%5C%22%20\/%3E%3C\/a%3E%3C\/p%3E%5Cn%22%7D,%22id%22:385,%22link%22:%22https:\/\/080barcelonafashion.cat?attachment_id=385%22,%22url%22:%22https:\/\/080barcelonafashion.catwp-content\/uploads\/2023\/05\/nathaliechandlermay23.jpg%22,%22sizes%22:%22%22%7D","designer-name":"NATHALIE CHANDLER","collection-name":"BREAKS CODES","cs-coleccion":"La col\u00b7lecci\u00f3 de NATHALIE CHANDLER est\u00e0 inspirada en la burgesia parisenca dels anys 90 i la moda de l\u2019\u00e8poca, per\u00f2 de manera desconstru\u00efda, amb un toc rock destroy chic.\u00a0<br>D\u2019aqu\u00ed el nom de la col\u00b7lecci\u00f3, BREAKS CODES, que identifica la marca.","cs-biografia":"NATHALIE CHANDLER \u00e9s una dissenyadora belga establerta a Barcelona que viu per despertar el costat rebel d&amp;amp;#39;una dona elegant i trencar els codis de la societat.<br><br>Nathalie va comen\u00e7ar la seva carrera en el m\u00f3n de la moda com a estilista a Par\u00eds, a finals dels anys 90. Va desenvolupar una marca \u00fanica de rock i chic a trav\u00e9s de m\u00faltiples trobades i projectes a tot el m\u00f3n.","es-coleccion":"La colecci\u00f3n de NATHALIE CHANDLER est\u00e1 inspirada en la burgues\u00eda parisina de los a\u00f1os 90 y la moda de la \u00e9poca, pero de manera deconstruida con un toque rock destroy chic, por eso el nombre de la colecci\u00f3n BREAKS CODES, que identifica la marca.","es-biografia":"NATHALIE CHANDLER es una dise\u00f1adora belga establecida en Barcelona que existe para despertar el lado rebelde de una mujer elegante y romper los c\u00f3digos de la sociedad.<br><br>Nathalie comenz\u00f3 su carrera en la moda en Par\u00eds como estilista a finales de los 90. Desarroll\u00f3 una firma \u00fanica de rock y chic a trav\u00e9s de m\u00faltiples encuentros y proyectos en todo el mundo.","en-coleccion":"The NATHALIE CHANDLER collection is inspired by the Parisian bourgeoisie of the 90s and the fashion of that time, but in a deconstructed way with a rock destroy chic touch. This is why the collection is called BREAKS CODES, to identify the label.","en-biografia":"NATHALIE CHANDLER is a Belgian designer established in Barcelona who exists to awaken the rebellious side of an elegant woman and break the codes of society.<br><br>Nathalie began her fashion career in Paris as a stylist in the late 90s. She developed a one of a kind rock and chic signature through multiple encounters and projects around the world.","localizacion":"Recinte Modernista de Sant Pau","time":"2023-05-03T12:30:00","contact-data":"<a rel=\"noreferrer noopener\" href=\"https:\/\/www.nathaliechandler.com\/\" target=\"_blank\">https:\/\/www.nathaliechandler.com\/<\/a><br><a href=\"mailto:nathalie.chandler@nathaliechandler.com\">nathalie.chandler@nathaliechandler.com<\/a><br><br><a href=\"tel:+34 682 60 55 58\">+34 682 60 55 58<\/a>","zip-file":"%7B%22alt%22:%22%22,%22title%22:%22nathalie_hd%22,%22caption%22:%22%22,%22id%22:1544,%22link%22:%22https:\/\/080barcelonafashion.cates_ES\/nathalie_hd\/%22,%22url%22:%22https:\/\/080barcelonafashion.catwp-content\/uploads\/zips\/nathalie_hd.zip%22%7D","posted-date":"","twitter":"","facebook":"","twitch":"","youtube":"","instagram":"https:\/\/www.instagram.com\/menchentomas\/","linkedin":"","tiktok":"","website":"","agenda-event":"%5B%5D","agenda-bg":"","pdf_version_of_the_agenda":"","mo-backstage":"","mo-beauty":"","mo-athmosphere":"","mo-streetstyle":""},"edition":[23],"class_list":["post-384","designer","type-designer","status-publish","format-standard","hentry","edition-23"],"acf":[],"_links":{"self":[{"href":"https:\/\/080barcelonafashion.cat\/en_US\/wp-json\/wp\/v2\/designer\/384","targetHints":{"allow":["GET"]}}],"collection":[{"href":"https:\/\/080barcelonafashion.cat\/en_US\/wp-json\/wp\/v2\/designer"}],"about":[{"href":"https:\/\/080barcelonafashion.cat\/en_US\/wp-json\/wp\/v2\/types\/designer"}],"wp:attachment":[{"href":"https:\/\/080barcelonafashion.cat\/en_US\/wp-json\/wp\/v2\/media?parent=384"}],"wp:term":[{"taxonomy":"edition","embeddable":true,"href":"https:\/\/080barcelonafashion.cat\/en_US\/wp-json\/wp\/v2\/edition?post=384"}],"curies":[{"name":"wp","href":"https:\/\/api.w.org\/{rel}","templated":true}]}}